{"id":82673,"date":"2024-03-12T17:20:05","date_gmt":"2024-03-12T17:20:05","guid":{"rendered":"https:\/\/activeluxe-cosmetics.com\/sl\/?post_type=product&#038;p=82673"},"modified":"2026-03-19T13:56:42","modified_gmt":"2026-03-19T12:56:42","slug":"serum-za-rast-brade","status":"publish","type":"product","link":"https:\/\/activeluxe-cosmetics.com\/sl\/izdelek\/serum-za-rast-brade\/","title":{"rendered":"Serum za rast brade"},"content":{"rendered":"<p><img loading=\"lazy\" decoding=\"async\" class=\"wp-image-80711 alignright\" src=\"https:\/\/cdn.activeluxe-cosmetics.com\/sl\/wp-content\/uploads\/2024\/01\/28145931\/Group-342-21-460x589.jpg\" alt=\"\" width=\"458\" height=\"586\" srcset=\"https:\/\/cdn.activeluxe-cosmetics.com\/sl\/wp-content\/uploads\/2024\/01\/28145931\/Group-342-21-460x589.jpg 460w, https:\/\/cdn.activeluxe-cosmetics.com\/sl\/wp-content\/uploads\/2024\/01\/28145931\/Group-342-21.jpg 581w\" sizes=\"auto, (max-width: 458px) 100vw, 458px\" \/><\/p>\n<h2><strong>Prevzemi kontrolo<\/strong> nad svojo brado!<\/h2>\n<p>Tudi tvoja brada raste neenakomerno ali pa na dolo\u010denih mestih sploh ne raste? <strong>Aktiviraj rast brade<\/strong> na naraven na\u010din s koncentriranim Active Luxe serumom za rast brade!<\/p>\n<p><span style=\"font-weight: 400;\">Revolucionarna boosting formula s trojnim delovanjem stimulira rast brade, okrepi brado in neguje brado. <\/span><strong>Sedaj v novem, ve\u010djem pakiranju!<\/strong><\/p>\n<p>Klini\u010dno testirane sestavine <strong>aktivirajo rast brade<\/strong> in <strong>negujejo <\/strong>ko\u017eo pod njo. Prav tako pa zagotavljajo <strong>vsa potrebna hranila<\/strong> ter popolno <strong>navla\u017eenost ko\u017ee<\/strong> in brade.<\/p>\n<p><span style=\"font-weight: 400;\">Redna uporaba seruma zagotavlja <strong>bolj polno brado<\/strong> tako, da posamezne dlake okrepi od znotraj navzven \u2013 <strong>pove\u010da debelino brade<\/strong>:<\/span><\/p>\n<ul>\n<li>deluje <strong>neposredno na folikularno disfunkcijo<\/strong> (aktivira nedelujo\u010de dla\u010dne me\u0161i\u010dke),<\/li>\n<li>deluje kot <strong>naravni stimulator rasti<\/strong>, kot hranilo za dlako in gradnik bolj\u0161e strukture dlake,<\/li>\n<li><span data-sheets-root=\"1\" data-sheets-value=\"{&quot;1&quot;:2,&quot;2&quot;:&quot;Vla\u017ei i njeguje ko\u017eu ispod brade \u0161to sprje\u010dava svrbe\u017en&quot;}\" data-sheets-userformat=\"{&quot;2&quot;:897,&quot;3&quot;:{&quot;1&quot;:0},&quot;10&quot;:0,&quot;11&quot;:4,&quot;12&quot;:0}\" data-sheets-textstyleruns=\"{&quot;1&quot;:0}\uee10{&quot;1&quot;:6,&quot;2&quot;:{&quot;2&quot;:{&quot;1&quot;:2,&quot;2&quot;:16739585}}}\uee10{&quot;1&quot;:15}\uee10{&quot;1&quot;:26,&quot;2&quot;:{&quot;2&quot;:{&quot;1&quot;:2,&quot;2&quot;:16739585}}}\uee10{&quot;1&quot;:32}\uee10{&quot;1&quot;:37,&quot;2&quot;:{&quot;2&quot;:{&quot;1&quot;:2,&quot;2&quot;:16739585}}}\uee10{&quot;1&quot;:46}\">ko\u017eo <strong>vla\u017ei<\/strong> in prepre\u010duje neprijetno srbe\u010dico.<\/span><\/li>\n<\/ul>\n<h2 style=\"text-align: center; clear: both;\"><\/h2>\n<p><img loading=\"lazy\" decoding=\"async\" class=\" wp-image-95611 alignleft\" src=\"https:\/\/cdn.activeluxe-cosmetics.com\/sl\/wp-content\/uploads\/2024\/03\/07132740\/Izdelek-brez-naslova-460x575.png\" alt=\"\" width=\"458\" height=\"572\" srcset=\"https:\/\/cdn.activeluxe-cosmetics.com\/sl\/wp-content\/uploads\/2024\/03\/07132740\/Izdelek-brez-naslova-460x575.png 460w, https:\/\/cdn.activeluxe-cosmetics.com\/sl\/wp-content\/uploads\/2024\/03\/07132740\/Izdelek-brez-naslova-819x1024.png 819w, https:\/\/cdn.activeluxe-cosmetics.com\/sl\/wp-content\/uploads\/2024\/03\/07132740\/Izdelek-brez-naslova-768x960.png 768w, https:\/\/cdn.activeluxe-cosmetics.com\/sl\/wp-content\/uploads\/2024\/03\/07132740\/Izdelek-brez-naslova-600x750.png 600w, https:\/\/cdn.activeluxe-cosmetics.com\/sl\/wp-content\/uploads\/2024\/03\/07132740\/Izdelek-brez-naslova.png 1080w\" sizes=\"auto, (max-width: 458px) 100vw, 458px\" \/><\/p>\n<h2>Zakaj je <strong>Active Luxe serum za rast brade<\/strong> tako u\u010dinkovit?<\/h2>\n<p>Serum je rezultat skoraj <strong>dveh desetletji raziskav<\/strong> vzrokov za izpadanje las in neenakomerno rast brade. Strokovnjaki s podro\u010dja biokemije, farmacije in naravoslovja so skupaj poiskali glavni vzrok za izpadanje las in po\u010dasno rast las in brade.<\/p>\n<p>Tako je nastala formula s <strong>trojnim lipopeptidnim kompleksom<\/strong>, ki predstavlja popolno inovacijo pri rasti brade, saj deluje neposredno na sam dla\u010dni me\u0161i\u010dek. Torej deluje <strong>direktno na korenino ter<\/strong> krepi dlake \u017ee od samega za\u010detka uporabe. \u0160tudije, ki se ukvarjajo z rastjo dlak, so pokazale, da je ta formula <strong>ena najuspe\u0161nej\u0161ih<\/strong>, ko gre za spodbujanje ponovne rasti.<\/p>\n<p><span style=\"font-weight: 400;\">Edinstvena kombinacija molekul in aminokislin zagotavlja <strong>debelej\u0161e<\/strong> in<strong> polnej\u0161e dlake<\/strong> \u017ee od dla\u010dne korenine in upo\u010dasnjuje staranje dla\u010dnih me\u0161i\u010dkov. Zaradi tega je brada \u017ee na otip bolj <strong>pro\u017ena<\/strong>, <strong>mo\u010dna<\/strong> in <strong>zdrava<\/strong>. <\/span><span style=\"color: #333333; font-size: 14.4px;\">Klini\u010dno testirane in izbrane sestavine zagotavljajo <strong>vsa potrebna hranila<\/strong> ter<strong> popolno hidracijo<\/strong> ko\u017ee in brade. Ni\u010d ve\u010d neprijetnega srbenja, pordelih mest z vra\u0161\u010denimi dlakami in suhe ko\u017ee<\/span><\/p>\n<h2 style=\"text-align: center; clear: both;\"><\/h2>\n<p><img loading=\"lazy\" decoding=\"async\" class=\" wp-image-95612 alignright\" src=\"https:\/\/cdn.activeluxe-cosmetics.com\/sl\/wp-content\/uploads\/2024\/03\/07132834\/Izdelek-brez-naslova-1-460x575.png\" alt=\"\" width=\"452\" height=\"565\" srcset=\"https:\/\/cdn.activeluxe-cosmetics.com\/sl\/wp-content\/uploads\/2024\/03\/07132834\/Izdelek-brez-naslova-1-460x575.png 460w, https:\/\/cdn.activeluxe-cosmetics.com\/sl\/wp-content\/uploads\/2024\/03\/07132834\/Izdelek-brez-naslova-1-819x1024.png 819w, https:\/\/cdn.activeluxe-cosmetics.com\/sl\/wp-content\/uploads\/2024\/03\/07132834\/Izdelek-brez-naslova-1-768x960.png 768w, https:\/\/cdn.activeluxe-cosmetics.com\/sl\/wp-content\/uploads\/2024\/03\/07132834\/Izdelek-brez-naslova-1-600x750.png 600w, https:\/\/cdn.activeluxe-cosmetics.com\/sl\/wp-content\/uploads\/2024\/03\/07132834\/Izdelek-brez-naslova-1.png 1080w\" sizes=\"auto, (max-width: 452px) 100vw, 452px\" \/><\/p>\n<h2>Za <strong>dolgo, gosto in mehko<\/strong> brado!<\/h2>\n<p><strong>Kon\u010dno lahko zmaga\u0161<\/strong> v bitki za enakomerno in gosto rast brade. Prve vidne rezultate bo\u0161 opazil \u017ee v nekaj tednih.<\/p>\n<p>Priporo\u010damo so\u010dasno uporabo derma rollerja za masa\u017ee brade, saj bo tako serum<strong> globlje prodrl v dla\u010dne me\u0161i\u010dke<\/strong> in <strong>hitreje aktiviral samo rast<\/strong> brade.<\/p>\n<p>Nanos seruma je <strong>popolnoma enostaven<\/strong> &#8211; nanese\u0161 ga enkrat na dan, zve\u010der pred spanjem, saj je rast dlak pono\u010di najhitrej\u0161a.<\/p>\n<p>Za vidne rezultate nana\u0161aj serum vsak dan vsaj 40 dni. <span style=\"font-weight: 400;\"><strong>Zajam\u010den rezultat<\/strong> ob redni uporabi le 1x dnevno:<\/span><\/p>\n<ul>\n<li style=\"font-weight: 400;\" aria-level=\"1\"><span style=\"font-weight: 400;\">gostej\u0161a brada,<\/span><\/li>\n<li style=\"font-weight: 400;\" aria-level=\"1\"><span style=\"font-weight: 400;\">enakomerno pora\u0161\u010dena brada,<\/span><\/li>\n<li style=\"font-weight: 400;\" aria-level=\"1\"><span style=\"font-weight: 400;\">dalj\u0161a brada,<\/span><\/li>\n<li style=\"font-weight: 400;\" aria-level=\"1\"><span style=\"font-weight: 400;\">negovana brada,<\/span><\/li>\n<li style=\"font-weight: 400;\" aria-level=\"1\"><span style=\"font-weight: 400;\">na otip pro\u017enej\u0161a in mo\u010dnej\u0161a brada.<\/span><\/li>\n<\/ul>\n","protected":false},"excerpt":{"rendered":"<p>Revolucionarna boosting formula s trojnim delovanjem stimulira rast brade, okrepi brado in neguje brado.<\/p>\n","protected":false},"featured_media":95614,"comment_status":"open","ping_status":"closed","template":"","meta":[],"product_brand":[],"product_cat":[107,42],"product_tag":[],"class_list":{"0":"post-82673","1":"product","2":"type-product","3":"status-publish","4":"has-post-thumbnail","6":"product_cat-nega-brade","7":"product_cat-nega-za-moske","9":"first","10":"instock","11":"taxable","12":"shipping-taxable","13":"purchasable","14":"product-type-simple"},"bundled_by":[],"bundle_stock_status":"instock","bundle_stock_quantity":null,"bundle_virtual":false,"bundle_layout":"","bundle_add_to_cart_form_location":"","bundle_editable_in_cart":false,"bundle_sold_individually_context":"","bundle_item_grouping":"","bundle_min_size":"","bundle_max_size":"","bundle_price":[],"bundled_items":[],"bundle_sell_ids":[],"acf":[],"yoast_head":"<!-- This site is optimized with the Yoast SEO plugin v26.6 - https:\/\/yoast.com\/wordpress\/plugins\/seo\/ -->\n<title>Serum za rast brade - Active Luxe Cosmetics<\/title>\n<meta name=\"description\" content=\"Active Luxe serum za rast brade stimulira mirujo\u010de dla\u010dne me\u0161i\u010dke. Pospe\u010di mikrocirkulacijo. \u2611\ufe0f Klini\u010dno testirano \u2611\ufe0f U\u010dinkovito \u2611\ufe0f Varno za uporabo\" \/>\n<meta name=\"robots\" content=\"index, follow, max-snippet:-1, max-image-preview:large, max-video-preview:-1\" \/>\n<link rel=\"canonical\" href=\"https:\/\/activeluxe-cosmetics.com\/sl\/izdelek\/serum-za-rast-brade\/\" \/>\n<meta property=\"og:locale\" content=\"sl_SI\" \/>\n<meta property=\"og:type\" content=\"article\" \/>\n<meta property=\"og:title\" content=\"Serum za rast brade - Active Luxe Cosmetics\" \/>\n<meta property=\"og:description\" content=\"Active Luxe serum za rast brade stimulira mirujo\u010de dla\u010dne me\u0161i\u010dke. Pospe\u010di mikrocirkulacijo. \u2611\ufe0f Klini\u010dno testirano \u2611\ufe0f U\u010dinkovito \u2611\ufe0f Varno za uporabo\" \/>\n<meta property=\"og:url\" content=\"https:\/\/activeluxe-cosmetics.com\/sl\/izdelek\/serum-za-rast-brade\/\" \/>\n<meta property=\"og:site_name\" content=\"Active Luxe Cosmetics\" \/>\n<meta property=\"article:modified_time\" content=\"2026-03-19T12:56:42+00:00\" \/>\n<meta property=\"og:image\" content=\"https:\/\/cdn.activeluxe-cosmetics.com\/sl\/wp-content\/uploads\/2024\/03\/07132923\/AL-_Beard-Serum.jpg\" \/>\n\t<meta property=\"og:image:width\" content=\"1104\" \/>\n\t<meta property=\"og:image:height\" content=\"1326\" \/>\n\t<meta property=\"og:image:type\" content=\"image\/jpeg\" \/>\n<meta name=\"twitter:card\" content=\"summary_large_image\" \/>\n<meta name=\"twitter:label1\" content=\"Est. reading time\" \/>\n\t<meta name=\"twitter:data1\" content=\"3 minute\" \/>\n<script type=\"application\/ld+json\" class=\"yoast-schema-graph\">{\"@context\":\"https:\/\/schema.org\",\"@graph\":[{\"@type\":\"WebPage\",\"@id\":\"https:\/\/activeluxe-cosmetics.com\/sl\/izdelek\/serum-za-rast-brade\/\",\"url\":\"https:\/\/activeluxe-cosmetics.com\/sl\/izdelek\/serum-za-rast-brade\/\",\"name\":\"Serum za rast brade - Active Luxe Cosmetics\",\"isPartOf\":{\"@id\":\"https:\/\/activeluxe-cosmetics.com\/sl\/#website\"},\"primaryImageOfPage\":{\"@id\":\"https:\/\/activeluxe-cosmetics.com\/sl\/izdelek\/serum-za-rast-brade\/#primaryimage\"},\"image\":{\"@id\":\"https:\/\/activeluxe-cosmetics.com\/sl\/izdelek\/serum-za-rast-brade\/#primaryimage\"},\"thumbnailUrl\":\"https:\/\/cdn.activeluxe-cosmetics.com\/sl\/wp-content\/uploads\/2024\/03\/07132923\/AL-_Beard-Serum.jpg\",\"datePublished\":\"2024-03-12T17:20:05+00:00\",\"dateModified\":\"2026-03-19T12:56:42+00:00\",\"description\":\"Active Luxe serum za rast brade stimulira mirujo\u010de dla\u010dne me\u0161i\u010dke. Pospe\u010di mikrocirkulacijo. \u2611\ufe0f Klini\u010dno testirano \u2611\ufe0f U\u010dinkovito \u2611\ufe0f Varno za uporabo\",\"breadcrumb\":{\"@id\":\"https:\/\/activeluxe-cosmetics.com\/sl\/izdelek\/serum-za-rast-brade\/#breadcrumb\"},\"inLanguage\":\"sl-SI\",\"potentialAction\":[{\"@type\":\"ReadAction\",\"target\":[\"https:\/\/activeluxe-cosmetics.com\/sl\/izdelek\/serum-za-rast-brade\/\"]}]},{\"@type\":\"ImageObject\",\"inLanguage\":\"sl-SI\",\"@id\":\"https:\/\/activeluxe-cosmetics.com\/sl\/izdelek\/serum-za-rast-brade\/#primaryimage\",\"url\":\"https:\/\/cdn.activeluxe-cosmetics.com\/sl\/wp-content\/uploads\/2024\/03\/07132923\/AL-_Beard-Serum.jpg\",\"contentUrl\":\"https:\/\/cdn.activeluxe-cosmetics.com\/sl\/wp-content\/uploads\/2024\/03\/07132923\/AL-_Beard-Serum.jpg\",\"width\":1104,\"height\":1326,\"caption\":\"Active Luxe serum za rast brade\"},{\"@type\":\"BreadcrumbList\",\"@id\":\"https:\/\/activeluxe-cosmetics.com\/sl\/izdelek\/serum-za-rast-brade\/#breadcrumb\",\"itemListElement\":[{\"@type\":\"ListItem\",\"position\":1,\"name\":\"Naslovnica\",\"item\":\"https:\/\/activeluxe-cosmetics.com\/sl\/\"},{\"@type\":\"ListItem\",\"position\":2,\"name\":\"Trgovina\",\"item\":\"https:\/\/activeluxe-cosmetics.com\/sl\/trgovina\/\"},{\"@type\":\"ListItem\",\"position\":3,\"name\":\"Serum za rast brade\"}]},{\"@type\":\"WebSite\",\"@id\":\"https:\/\/activeluxe-cosmetics.com\/sl\/#website\",\"url\":\"https:\/\/activeluxe-cosmetics.com\/sl\/\",\"name\":\"Active Luxe Cosmetics\",\"description\":\"\",\"potentialAction\":[{\"@type\":\"SearchAction\",\"target\":{\"@type\":\"EntryPoint\",\"urlTemplate\":\"https:\/\/activeluxe-cosmetics.com\/sl\/?s={search_term_string}\"},\"query-input\":{\"@type\":\"PropertyValueSpecification\",\"valueRequired\":true,\"valueName\":\"search_term_string\"}}],\"inLanguage\":\"sl-SI\"}]}<\/script>\n<!-- \/ Yoast SEO plugin. -->","yoast_head_json":{"title":"Serum za rast brade - Active Luxe Cosmetics","description":"Active Luxe serum za rast brade stimulira mirujo\u010de dla\u010dne me\u0161i\u010dke. Pospe\u010di mikrocirkulacijo. \u2611\ufe0f Klini\u010dno testirano \u2611\ufe0f U\u010dinkovito \u2611\ufe0f Varno za uporabo","robots":{"index":"index","follow":"follow","max-snippet":"max-snippet:-1","max-image-preview":"max-image-preview:large","max-video-preview":"max-video-preview:-1"},"canonical":"https:\/\/activeluxe-cosmetics.com\/sl\/izdelek\/serum-za-rast-brade\/","og_locale":"sl_SI","og_type":"article","og_title":"Serum za rast brade - Active Luxe Cosmetics","og_description":"Active Luxe serum za rast brade stimulira mirujo\u010de dla\u010dne me\u0161i\u010dke. Pospe\u010di mikrocirkulacijo. \u2611\ufe0f Klini\u010dno testirano \u2611\ufe0f U\u010dinkovito \u2611\ufe0f Varno za uporabo","og_url":"https:\/\/activeluxe-cosmetics.com\/sl\/izdelek\/serum-za-rast-brade\/","og_site_name":"Active Luxe Cosmetics","article_modified_time":"2026-03-19T12:56:42+00:00","og_image":[{"width":1104,"height":1326,"url":"https:\/\/cdn.activeluxe-cosmetics.com\/sl\/wp-content\/uploads\/2024\/03\/07132923\/AL-_Beard-Serum.jpg","type":"image\/jpeg"}],"twitter_card":"summary_large_image","twitter_misc":{"Est. reading time":"3 minute"},"schema":{"@context":"https:\/\/schema.org","@graph":[{"@type":"WebPage","@id":"https:\/\/activeluxe-cosmetics.com\/sl\/izdelek\/serum-za-rast-brade\/","url":"https:\/\/activeluxe-cosmetics.com\/sl\/izdelek\/serum-za-rast-brade\/","name":"Serum za rast brade - Active Luxe Cosmetics","isPartOf":{"@id":"https:\/\/activeluxe-cosmetics.com\/sl\/#website"},"primaryImageOfPage":{"@id":"https:\/\/activeluxe-cosmetics.com\/sl\/izdelek\/serum-za-rast-brade\/#primaryimage"},"image":{"@id":"https:\/\/activeluxe-cosmetics.com\/sl\/izdelek\/serum-za-rast-brade\/#primaryimage"},"thumbnailUrl":"https:\/\/cdn.activeluxe-cosmetics.com\/sl\/wp-content\/uploads\/2024\/03\/07132923\/AL-_Beard-Serum.jpg","datePublished":"2024-03-12T17:20:05+00:00","dateModified":"2026-03-19T12:56:42+00:00","description":"Active Luxe serum za rast brade stimulira mirujo\u010de dla\u010dne me\u0161i\u010dke. Pospe\u010di mikrocirkulacijo. \u2611\ufe0f Klini\u010dno testirano \u2611\ufe0f U\u010dinkovito \u2611\ufe0f Varno za uporabo","breadcrumb":{"@id":"https:\/\/activeluxe-cosmetics.com\/sl\/izdelek\/serum-za-rast-brade\/#breadcrumb"},"inLanguage":"sl-SI","potentialAction":[{"@type":"ReadAction","target":["https:\/\/activeluxe-cosmetics.com\/sl\/izdelek\/serum-za-rast-brade\/"]}]},{"@type":"ImageObject","inLanguage":"sl-SI","@id":"https:\/\/activeluxe-cosmetics.com\/sl\/izdelek\/serum-za-rast-brade\/#primaryimage","url":"https:\/\/cdn.activeluxe-cosmetics.com\/sl\/wp-content\/uploads\/2024\/03\/07132923\/AL-_Beard-Serum.jpg","contentUrl":"https:\/\/cdn.activeluxe-cosmetics.com\/sl\/wp-content\/uploads\/2024\/03\/07132923\/AL-_Beard-Serum.jpg","width":1104,"height":1326,"caption":"Active Luxe serum za rast brade"},{"@type":"BreadcrumbList","@id":"https:\/\/activeluxe-cosmetics.com\/sl\/izdelek\/serum-za-rast-brade\/#breadcrumb","itemListElement":[{"@type":"ListItem","position":1,"name":"Naslovnica","item":"https:\/\/activeluxe-cosmetics.com\/sl\/"},{"@type":"ListItem","position":2,"name":"Trgovina","item":"https:\/\/activeluxe-cosmetics.com\/sl\/trgovina\/"},{"@type":"ListItem","position":3,"name":"Serum za rast brade"}]},{"@type":"WebSite","@id":"https:\/\/activeluxe-cosmetics.com\/sl\/#website","url":"https:\/\/activeluxe-cosmetics.com\/sl\/","name":"Active Luxe Cosmetics","description":"","potentialAction":[{"@type":"SearchAction","target":{"@type":"EntryPoint","urlTemplate":"https:\/\/activeluxe-cosmetics.com\/sl\/?s={search_term_string}"},"query-input":{"@type":"PropertyValueSpecification","valueRequired":true,"valueName":"search_term_string"}}],"inLanguage":"sl-SI"}]}},"_links":{"self":[{"href":"https:\/\/activeluxe-cosmetics.com\/sl\/wp-json\/wp\/v2\/product\/82673","targetHints":{"allow":["GET"]}}],"collection":[{"href":"https:\/\/activeluxe-cosmetics.com\/sl\/wp-json\/wp\/v2\/product"}],"about":[{"href":"https:\/\/activeluxe-cosmetics.com\/sl\/wp-json\/wp\/v2\/types\/product"}],"replies":[{"embeddable":true,"href":"https:\/\/activeluxe-cosmetics.com\/sl\/wp-json\/wp\/v2\/comments?post=82673"}],"wp:featuredmedia":[{"embeddable":true,"href":"https:\/\/activeluxe-cosmetics.com\/sl\/wp-json\/wp\/v2\/media\/95614"}],"wp:attachment":[{"href":"https:\/\/activeluxe-cosmetics.com\/sl\/wp-json\/wp\/v2\/media?parent=82673"}],"wp:term":[{"taxonomy":"product_brand","embeddable":true,"href":"https:\/\/activeluxe-cosmetics.com\/sl\/wp-json\/wp\/v2\/product_brand?post=82673"},{"taxonomy":"product_cat","embeddable":true,"href":"https:\/\/activeluxe-cosmetics.com\/sl\/wp-json\/wp\/v2\/product_cat?post=82673"},{"taxonomy":"product_tag","embeddable":true,"href":"https:\/\/activeluxe-cosmetics.com\/sl\/wp-json\/wp\/v2\/product_tag?post=82673"}],"curies":[{"name":"wp","href":"https:\/\/api.w.org\/{rel}","templated":true}]}}