{"id":72189,"date":"2024-01-10T15:17:54","date_gmt":"2024-01-10T14:17:54","guid":{"rendered":"https:\/\/activeluxe-cosmetics.com\/sl\/?post_type=product&#038;p=72189"},"modified":"2026-01-08T10:48:31","modified_gmt":"2026-01-08T09:48:31","slug":"krtacka-za-obrvi-2-v-1","status":"publish","type":"product","link":"https:\/\/activeluxe-cosmetics.com\/sl\/izdelek\/krtacka-za-obrvi-2-v-1\/","title":{"rendered":"Krta\u010dka za obrvi 2 v 1"},"content":{"rendered":"<p><img loading=\"lazy\" decoding=\"async\" class=\" wp-image-105848 alignright\" src=\"https:\/\/cdn.activeluxe-cosmetics.com\/sl\/wp-content\/uploads\/2024\/01\/15033114\/eyebrow_brush_close_up-460x584.jpg\" alt=\"\" width=\"343\" height=\"436\" srcset=\"https:\/\/cdn.activeluxe-cosmetics.com\/sl\/wp-content\/uploads\/2024\/01\/15033114\/eyebrow_brush_close_up-460x584.jpg 460w, https:\/\/cdn.activeluxe-cosmetics.com\/sl\/wp-content\/uploads\/2024\/01\/15033114\/eyebrow_brush_close_up.jpg 581w\" sizes=\"auto, (max-width: 343px) 100vw, 343px\" \/><\/p>\n<h2><strong>Zakaj potrebuje\u0161<\/strong> to krta\u010dko?<\/h2>\n<p>Piling obrvi <strong>prepre\u010duje vra\u0161\u010danje dla\u010dic<\/strong>, ki se na ko\u017ei ka\u017eejo kot manj\u0161e izboklinice na predelu obrvi.<\/p>\n<p><strong>Kaj pravzaprav naredi\u0161 s pilingom?<\/strong><\/p>\n<p>\u017denske na obrvi nana\u0161amo mnogo kozmeti\u010dnih sredstev (od teko\u010dega in suhega pudra, svin\u010dnika in senc za obrvi, do maskare za obrvi in razli\u010dnih utrjevalcev), ki se za\u010dno kopi\u010diti na dla\u010dicah in na ko\u017ei pod njimi.<\/p>\n<p>S pilingom obrvi enostavno <strong>odstranimo plasti odve\u010dnih izdelkov<\/strong> in <strong>odmrle ko\u017ene celice<\/strong> ter tako <strong>novim ko\u017enim celicam omogo\u010dimo pot na povr\u0161je<\/strong>.<\/p>\n<p>Tako urejene obrvi so pripravljene na nanos sen\u010dila za obrvi, ki ga enostavno nanese\u0161 s prirezanim \u010dopi\u010dem.<\/p>\n<h2 style=\"text-align: center; clear: both;\"><\/h2>\n<p>&nbsp;<\/p>\n<p>&nbsp;<\/p>\n<p><img loading=\"lazy\" decoding=\"async\" class=\" wp-image-105849 alignleft\" src=\"https:\/\/cdn.activeluxe-cosmetics.com\/sl\/wp-content\/uploads\/2024\/01\/15033138\/perfect_eyebrows_active_luxe-460x584.jpg\" alt=\"\" width=\"350\" height=\"444\" srcset=\"https:\/\/cdn.activeluxe-cosmetics.com\/sl\/wp-content\/uploads\/2024\/01\/15033138\/perfect_eyebrows_active_luxe-460x584.jpg 460w, https:\/\/cdn.activeluxe-cosmetics.com\/sl\/wp-content\/uploads\/2024\/01\/15033138\/perfect_eyebrows_active_luxe.jpg 581w\" sizes=\"auto, (max-width: 350px) 100vw, 350px\" \/><\/p>\n<h2><strong>U\u010dinek redne uporabe<\/strong> krta\u010dke za piling obrvi<\/h2>\n<p>Piling obrvi <strong>prepre\u010duje, da bi se dla\u010dni me\u0161i\u010dki zama\u0161ili<\/strong>, <strong>spodbuja prekrvavitev<\/strong> ter <strong>celicam prina\u0161a ve\u010d kisika<\/strong>, kar izbolj\u0161a samo rast obrvi.<\/p>\n<p>Posledica zanemarjanja obrvi so<strong> krhke<\/strong> in <strong>lomljive dla\u010dice<\/strong>, ki pred\u010dasno izpadajo.<\/p>\n<p>Redni piling obrvi posebej priporo\u010damo <strong>pri uporabi Active Luxe Brow seruma za rast obrvi<\/strong>, saj po pilingu serum <strong>la\u017eje prodre v globino ko\u017ee<\/strong> in je za to \u0161e u\u010dinkovitej\u0161i!<\/p>\n<p>&nbsp;<\/p>\n<div style=\"display: flex; align-items: center; gap: 20px; flex-wrap: wrap;\">\n<p style=\"max-width: 360px;\">\n<\/div>\n<div id=\"gtx-trans\" style=\"position: absolute; left: -39px; top: -20px;\">\n<div class=\"gtx-trans-icon\"><\/div>\n<\/div>\n","protected":false},"excerpt":{"rendered":"<p>Krta\u010dka 2v1 za piling in \u010dopi\u010d za definiranje obrvi.<\/p>\n","protected":false},"featured_media":80656,"comment_status":"open","ping_status":"closed","template":"","meta":[],"product_brand":[],"product_cat":[52,96],"product_tag":[],"class_list":{"0":"post-72189","1":"product","2":"type-product","3":"status-publish","4":"has-post-thumbnail","6":"product_cat-izdelki-za-nego-in-rast-obrvi","7":"product_cat-dodatki-za-obrvi","9":"first","10":"instock","11":"taxable","12":"shipping-taxable","13":"purchasable","14":"product-type-simple"},"bundled_by":[],"bundle_stock_status":"instock","bundle_stock_quantity":null,"bundle_virtual":false,"bundle_layout":"","bundle_add_to_cart_form_location":"","bundle_editable_in_cart":false,"bundle_sold_individually_context":"","bundle_item_grouping":"","bundle_min_size":"","bundle_max_size":"","bundle_price":[],"bundled_items":[],"bundle_sell_ids":[],"acf":[],"yoast_head":"<!-- This site is optimized with the Yoast SEO plugin v26.6 - https:\/\/yoast.com\/wordpress\/plugins\/seo\/ -->\n<title>Krta\u010dka 2v1 za piling in \u010dopi\u010d za definiranje obrvi - Active Luxe<\/title>\n<meta name=\"description\" content=\"Piling obrvi prepre\u010duje, da bi se dla\u010dni me\u0161i\u010dki zama\u0161ili. Spodbuja prekrvavitev. \u27a1 Omogo\u010da bolj\u0161o absorpcijo Active Luxe Brow seruma za rast obrvi.\" \/>\n<meta name=\"robots\" content=\"index, follow, max-snippet:-1, max-image-preview:large, max-video-preview:-1\" \/>\n<link rel=\"canonical\" href=\"https:\/\/activeluxe-cosmetics.com\/sl\/izdelek\/krtacka-za-obrvi-2-v-1\/\" \/>\n<meta property=\"og:locale\" content=\"sl_SI\" \/>\n<meta property=\"og:type\" content=\"article\" \/>\n<meta property=\"og:title\" content=\"Krta\u010dka 2v1 za piling in \u010dopi\u010d za definiranje obrvi - Active Luxe\" \/>\n<meta property=\"og:description\" content=\"Piling obrvi prepre\u010duje, da bi se dla\u010dni me\u0161i\u010dki zama\u0161ili. Spodbuja prekrvavitev. \u27a1 Omogo\u010da bolj\u0161o absorpcijo Active Luxe Brow seruma za rast obrvi.\" \/>\n<meta property=\"og:url\" content=\"https:\/\/activeluxe-cosmetics.com\/sl\/izdelek\/krtacka-za-obrvi-2-v-1\/\" \/>\n<meta property=\"og:site_name\" content=\"Active Luxe Cosmetics\" \/>\n<meta property=\"article:modified_time\" content=\"2026-01-08T09:48:31+00:00\" \/>\n<meta property=\"og:image\" content=\"https:\/\/cdn.activeluxe-cosmetics.com\/sl\/wp-content\/uploads\/2024\/01\/28145949\/product_gallery-10.jpg\" \/>\n\t<meta property=\"og:image:width\" content=\"522\" \/>\n\t<meta property=\"og:image:height\" content=\"663\" \/>\n\t<meta property=\"og:image:type\" content=\"image\/jpeg\" \/>\n<meta name=\"twitter:card\" content=\"summary_large_image\" \/>\n<meta name=\"twitter:label1\" content=\"Est. reading time\" \/>\n\t<meta name=\"twitter:data1\" content=\"2 minuti\" \/>\n<script type=\"application\/ld+json\" class=\"yoast-schema-graph\">{\"@context\":\"https:\/\/schema.org\",\"@graph\":[{\"@type\":\"WebPage\",\"@id\":\"https:\/\/activeluxe-cosmetics.com\/sl\/izdelek\/krtacka-za-obrvi-2-v-1\/\",\"url\":\"https:\/\/activeluxe-cosmetics.com\/sl\/izdelek\/krtacka-za-obrvi-2-v-1\/\",\"name\":\"Krta\u010dka 2v1 za piling in \u010dopi\u010d za definiranje obrvi - Active Luxe\",\"isPartOf\":{\"@id\":\"https:\/\/activeluxe-cosmetics.com\/sl\/#website\"},\"primaryImageOfPage\":{\"@id\":\"https:\/\/activeluxe-cosmetics.com\/sl\/izdelek\/krtacka-za-obrvi-2-v-1\/#primaryimage\"},\"image\":{\"@id\":\"https:\/\/activeluxe-cosmetics.com\/sl\/izdelek\/krtacka-za-obrvi-2-v-1\/#primaryimage\"},\"thumbnailUrl\":\"https:\/\/cdn.activeluxe-cosmetics.com\/sl\/wp-content\/uploads\/2024\/01\/28145949\/product_gallery-10.jpg\",\"datePublished\":\"2024-01-10T14:17:54+00:00\",\"dateModified\":\"2026-01-08T09:48:31+00:00\",\"description\":\"Piling obrvi prepre\u010duje, da bi se dla\u010dni me\u0161i\u010dki zama\u0161ili. Spodbuja prekrvavitev. \u27a1 Omogo\u010da bolj\u0161o absorpcijo Active Luxe Brow seruma za rast obrvi.\",\"breadcrumb\":{\"@id\":\"https:\/\/activeluxe-cosmetics.com\/sl\/izdelek\/krtacka-za-obrvi-2-v-1\/#breadcrumb\"},\"inLanguage\":\"sl-SI\",\"potentialAction\":[{\"@type\":\"ReadAction\",\"target\":[\"https:\/\/activeluxe-cosmetics.com\/sl\/izdelek\/krtacka-za-obrvi-2-v-1\/\"]}]},{\"@type\":\"ImageObject\",\"inLanguage\":\"sl-SI\",\"@id\":\"https:\/\/activeluxe-cosmetics.com\/sl\/izdelek\/krtacka-za-obrvi-2-v-1\/#primaryimage\",\"url\":\"https:\/\/cdn.activeluxe-cosmetics.com\/sl\/wp-content\/uploads\/2024\/01\/28145949\/product_gallery-10.jpg\",\"contentUrl\":\"https:\/\/cdn.activeluxe-cosmetics.com\/sl\/wp-content\/uploads\/2024\/01\/28145949\/product_gallery-10.jpg\",\"width\":522,\"height\":663},{\"@type\":\"BreadcrumbList\",\"@id\":\"https:\/\/activeluxe-cosmetics.com\/sl\/izdelek\/krtacka-za-obrvi-2-v-1\/#breadcrumb\",\"itemListElement\":[{\"@type\":\"ListItem\",\"position\":1,\"name\":\"Naslovnica\",\"item\":\"https:\/\/activeluxe-cosmetics.com\/sl\/\"},{\"@type\":\"ListItem\",\"position\":2,\"name\":\"Trgovina\",\"item\":\"https:\/\/activeluxe-cosmetics.com\/sl\/trgovina\/\"},{\"@type\":\"ListItem\",\"position\":3,\"name\":\"Krta\u010dka za obrvi 2 v 1\"}]},{\"@type\":\"WebSite\",\"@id\":\"https:\/\/activeluxe-cosmetics.com\/sl\/#website\",\"url\":\"https:\/\/activeluxe-cosmetics.com\/sl\/\",\"name\":\"Active Luxe Cosmetics\",\"description\":\"\",\"potentialAction\":[{\"@type\":\"SearchAction\",\"target\":{\"@type\":\"EntryPoint\",\"urlTemplate\":\"https:\/\/activeluxe-cosmetics.com\/sl\/?s={search_term_string}\"},\"query-input\":{\"@type\":\"PropertyValueSpecification\",\"valueRequired\":true,\"valueName\":\"search_term_string\"}}],\"inLanguage\":\"sl-SI\"}]}<\/script>\n<!-- \/ Yoast SEO plugin. -->","yoast_head_json":{"title":"Krta\u010dka 2v1 za piling in \u010dopi\u010d za definiranje obrvi - Active Luxe","description":"Piling obrvi prepre\u010duje, da bi se dla\u010dni me\u0161i\u010dki zama\u0161ili. Spodbuja prekrvavitev. \u27a1 Omogo\u010da bolj\u0161o absorpcijo Active Luxe Brow seruma za rast obrvi.","robots":{"index":"index","follow":"follow","max-snippet":"max-snippet:-1","max-image-preview":"max-image-preview:large","max-video-preview":"max-video-preview:-1"},"canonical":"https:\/\/activeluxe-cosmetics.com\/sl\/izdelek\/krtacka-za-obrvi-2-v-1\/","og_locale":"sl_SI","og_type":"article","og_title":"Krta\u010dka 2v1 za piling in \u010dopi\u010d za definiranje obrvi - Active Luxe","og_description":"Piling obrvi prepre\u010duje, da bi se dla\u010dni me\u0161i\u010dki zama\u0161ili. Spodbuja prekrvavitev. \u27a1 Omogo\u010da bolj\u0161o absorpcijo Active Luxe Brow seruma za rast obrvi.","og_url":"https:\/\/activeluxe-cosmetics.com\/sl\/izdelek\/krtacka-za-obrvi-2-v-1\/","og_site_name":"Active Luxe Cosmetics","article_modified_time":"2026-01-08T09:48:31+00:00","og_image":[{"width":522,"height":663,"url":"https:\/\/cdn.activeluxe-cosmetics.com\/sl\/wp-content\/uploads\/2024\/01\/28145949\/product_gallery-10.jpg","type":"image\/jpeg"}],"twitter_card":"summary_large_image","twitter_misc":{"Est. reading time":"2 minuti"},"schema":{"@context":"https:\/\/schema.org","@graph":[{"@type":"WebPage","@id":"https:\/\/activeluxe-cosmetics.com\/sl\/izdelek\/krtacka-za-obrvi-2-v-1\/","url":"https:\/\/activeluxe-cosmetics.com\/sl\/izdelek\/krtacka-za-obrvi-2-v-1\/","name":"Krta\u010dka 2v1 za piling in \u010dopi\u010d za definiranje obrvi - Active Luxe","isPartOf":{"@id":"https:\/\/activeluxe-cosmetics.com\/sl\/#website"},"primaryImageOfPage":{"@id":"https:\/\/activeluxe-cosmetics.com\/sl\/izdelek\/krtacka-za-obrvi-2-v-1\/#primaryimage"},"image":{"@id":"https:\/\/activeluxe-cosmetics.com\/sl\/izdelek\/krtacka-za-obrvi-2-v-1\/#primaryimage"},"thumbnailUrl":"https:\/\/cdn.activeluxe-cosmetics.com\/sl\/wp-content\/uploads\/2024\/01\/28145949\/product_gallery-10.jpg","datePublished":"2024-01-10T14:17:54+00:00","dateModified":"2026-01-08T09:48:31+00:00","description":"Piling obrvi prepre\u010duje, da bi se dla\u010dni me\u0161i\u010dki zama\u0161ili. Spodbuja prekrvavitev. \u27a1 Omogo\u010da bolj\u0161o absorpcijo Active Luxe Brow seruma za rast obrvi.","breadcrumb":{"@id":"https:\/\/activeluxe-cosmetics.com\/sl\/izdelek\/krtacka-za-obrvi-2-v-1\/#breadcrumb"},"inLanguage":"sl-SI","potentialAction":[{"@type":"ReadAction","target":["https:\/\/activeluxe-cosmetics.com\/sl\/izdelek\/krtacka-za-obrvi-2-v-1\/"]}]},{"@type":"ImageObject","inLanguage":"sl-SI","@id":"https:\/\/activeluxe-cosmetics.com\/sl\/izdelek\/krtacka-za-obrvi-2-v-1\/#primaryimage","url":"https:\/\/cdn.activeluxe-cosmetics.com\/sl\/wp-content\/uploads\/2024\/01\/28145949\/product_gallery-10.jpg","contentUrl":"https:\/\/cdn.activeluxe-cosmetics.com\/sl\/wp-content\/uploads\/2024\/01\/28145949\/product_gallery-10.jpg","width":522,"height":663},{"@type":"BreadcrumbList","@id":"https:\/\/activeluxe-cosmetics.com\/sl\/izdelek\/krtacka-za-obrvi-2-v-1\/#breadcrumb","itemListElement":[{"@type":"ListItem","position":1,"name":"Naslovnica","item":"https:\/\/activeluxe-cosmetics.com\/sl\/"},{"@type":"ListItem","position":2,"name":"Trgovina","item":"https:\/\/activeluxe-cosmetics.com\/sl\/trgovina\/"},{"@type":"ListItem","position":3,"name":"Krta\u010dka za obrvi 2 v 1"}]},{"@type":"WebSite","@id":"https:\/\/activeluxe-cosmetics.com\/sl\/#website","url":"https:\/\/activeluxe-cosmetics.com\/sl\/","name":"Active Luxe Cosmetics","description":"","potentialAction":[{"@type":"SearchAction","target":{"@type":"EntryPoint","urlTemplate":"https:\/\/activeluxe-cosmetics.com\/sl\/?s={search_term_string}"},"query-input":{"@type":"PropertyValueSpecification","valueRequired":true,"valueName":"search_term_string"}}],"inLanguage":"sl-SI"}]}},"_links":{"self":[{"href":"https:\/\/activeluxe-cosmetics.com\/sl\/wp-json\/wp\/v2\/product\/72189","targetHints":{"allow":["GET"]}}],"collection":[{"href":"https:\/\/activeluxe-cosmetics.com\/sl\/wp-json\/wp\/v2\/product"}],"about":[{"href":"https:\/\/activeluxe-cosmetics.com\/sl\/wp-json\/wp\/v2\/types\/product"}],"replies":[{"embeddable":true,"href":"https:\/\/activeluxe-cosmetics.com\/sl\/wp-json\/wp\/v2\/comments?post=72189"}],"wp:featuredmedia":[{"embeddable":true,"href":"https:\/\/activeluxe-cosmetics.com\/sl\/wp-json\/wp\/v2\/media\/80656"}],"wp:attachment":[{"href":"https:\/\/activeluxe-cosmetics.com\/sl\/wp-json\/wp\/v2\/media?parent=72189"}],"wp:term":[{"taxonomy":"product_brand","embeddable":true,"href":"https:\/\/activeluxe-cosmetics.com\/sl\/wp-json\/wp\/v2\/product_brand?post=72189"},{"taxonomy":"product_cat","embeddable":true,"href":"https:\/\/activeluxe-cosmetics.com\/sl\/wp-json\/wp\/v2\/product_cat?post=72189"},{"taxonomy":"product_tag","embeddable":true,"href":"https:\/\/activeluxe-cosmetics.com\/sl\/wp-json\/wp\/v2\/product_tag?post=72189"}],"curies":[{"name":"wp","href":"https:\/\/api.w.org\/{rel}","templated":true}]}}