{"id":80919,"date":"2024-01-29T12:15:13","date_gmt":"2024-01-29T12:15:13","guid":{"rendered":"https:\/\/activeluxe-cosmetics.com\/sl\/?page_id=80919"},"modified":"2025-10-22T13:00:50","modified_gmt":"2025-10-22T11:00:50","slug":"pogosta-vprasanja","status":"publish","type":"page","link":"https:\/\/activeluxe-cosmetics.com\/sl\/pogosta-vprasanja\/","title":{"rendered":"Pogosta vpra\u0161anja"},"content":{"rendered":"\n\t<section class=\"section al-page-title-section\" id=\"section_698861784\">\n\t\t<div class=\"bg section-bg fill bg-fill bg-loaded bg-loaded\" >\n\n\t\t\t\n\t\t\t\n\t\t\t\n\n\t\t<\/div>\n\n\t\t\n\n\t\t<div class=\"section-content relative\">\n\t\t\t\n\n<div class=\"row\"  id=\"row-1463199042\">\n\n\n\t<div id=\"col-753002353\" class=\"col small-12 large-12\"  >\n\t\t\t\t<div class=\"col-inner\"  >\n\t\t\t\n\t\t\t\n\n\t<div id=\"text-2230875889\" class=\"text al-p-48\">\n\t\t\n\n<h2>Pogosta vpra\u0161anja na\u0161ih strank<\/h2>\n\t\t\n<style>\n#text-2230875889 {\n  text-align: center;\n}\n<\/style>\n\t<\/div>\n\t\n\n\t\t<\/div>\n\t\t\t\t\t<\/div>\n\n\t\n\n<\/div>\n\n\t\t<\/div>\n\n\t\t\n<style>\n#section_698861784 {\n  padding-top: 50px;\n  padding-bottom: 50px;\n}\n<\/style>\n\t<\/section>\n\t\n\t<section class=\"section\" id=\"section_1210306150\">\n\t\t<div class=\"bg section-bg fill bg-fill bg-loaded bg-loaded\" >\n\n\t\t\t\n\t\t\t\n\t\t\t\n\n\t\t<\/div>\n\n\t\t\n\n\t\t<div class=\"section-content relative\">\n\t\t\t\n\n<div class=\"row\"  id=\"row-1033977339\">\n\n\n\t<div id=\"col-279194787\" class=\"col small-12 large-12\"  >\n\t\t\t\t<div class=\"col-inner\"  >\n\t\t\t\n\t\t\t\n\n<div class=\"accordion\">\n\n\t<div id=\"accordion-2302386268\" class=\"accordion-item\">\n\t\t<a id=\"accordion-2302386268-label\" class=\"accordion-title plain\" href=\"#accordion-item-kak\u0161na-je-priporo\u010dena-dnevna-uporaba-led-spalne-vre\u010de?\" aria-expanded=\"false\" aria-controls=\"accordion-2302386268-content\" >\n\t\t\t<button class=\"toggle\" aria-label=\"Toggle\"><i class=\"icon-angle-down\"><\/i><\/button>\n\t\t\t<span>Kak\u0161na je priporo\u010dena dnevna uporaba LED spalne vre\u010de?<\/span>\n\t\t<\/a>\n\t\t<div id=\"accordion-2302386268-content\" class=\"accordion-inner\" aria-labelledby=\"accordion-2302386268-label\" >\n\t\t\t\n\n<p><span style=\"font-weight: 400;\">Priporo\u010dena dnevna uporaba LED spalne vre\u010de:<\/span><\/p>\n<ul>\n<li><span style=\"font-weight: 400;\">Nastavite jakost rde\u010de svetlobe (Red Light) od P1 do P5. Priporo\u010damo, da za\u010dnete z ni\u017ejo stopnjo (P1\u2013P2) in jo postopno pove\u010dujete v obdobju 1\u20132 tednov, da se telo prilagodi.<\/span><\/li>\n<li><span style=\"font-weight: 400;\">\u010casovnik najprej nastavite na 10 minut, po enem tednu na 20 minut, po dveh tednih redne uporabe pa na 30 minut. Za najbolj\u0161e rezultate priporo\u010damo eno do dve seansi na dan, 3\u20135-krat na teden.<\/span><\/li>\n<li><span style=\"font-weight: 400;\">Izberite na\u010din svetlobe:<\/span><\/li>\n<\/ul>\n<p><span style=\"font-weight: 400;\"> \u2013 660 nm za izbolj\u0161anje ko\u017ee<\/span><span style=\"font-weight: 400;\"><br \/><\/span><span style=\"font-weight: 400;\"> \u2013 850 nm za globinsko regeneracijo mi\u0161ic in protivnetni u\u010dinek<\/span><span style=\"font-weight: 400;\"><br \/><\/span><span style=\"font-weight: 400;\"> \u2013 ali kombinirani na\u010din, ki zdru\u017euje obe valovni dol\u017eini.<\/span><\/p>\n\n\t\t<\/div>\n\t<\/div>\n\t\n\t<div id=\"accordion-2202229201\" class=\"accordion-item\">\n\t\t<a id=\"accordion-2202229201-label\" class=\"accordion-title plain\" href=\"#accordion-item-nekateri-kupci-spra\u0161ujejo,-ali-lahko-med-uporabo-led-spalne-vre\u010de-porabljajo-kalorije.\" aria-expanded=\"false\" aria-controls=\"accordion-2202229201-content\" >\n\t\t\t<button class=\"toggle\" aria-label=\"Toggle\"><i class=\"icon-angle-down\"><\/i><\/button>\n\t\t\t<span>Nekateri kupci spra\u0161ujejo, ali lahko med uporabo LED spalne vre\u010de porabljajo kalorije.<\/span>\n\t\t<\/a>\n\t\t<div id=\"accordion-2202229201-content\" class=\"accordion-inner\" aria-labelledby=\"accordion-2202229201-label\" >\n\t\t\t\n\n<p><span style=\"font-weight: 400;\">Funkcija rde\u010de svetlobe in infrarde\u010dega segrevanja pri \u00bbsleeping bagu\u00ab pomaga spodbuditi presnovo in pospe\u0161iti potenje, kar lahko podpira porabo kalorij in razstrupljanje telesa.<\/span><\/p>\n<p><span style=\"font-weight: 400;\">Vendar naprava ne \u00bbtopi ma\u0161\u010dob\u00ab neposredno \u2013 njen u\u010dinek temelji na izbolj\u0161anju krvnega obtoka in regeneracije telesa, kar lahko pripomore k uravnavanju telesne te\u017ee v kombinaciji z zdravim na\u010dinom \u017eivljenja.<\/span><\/p>\n\n\t\t<\/div>\n\t<\/div>\n\t\n\t<div id=\"accordion-1230335045\" class=\"accordion-item\">\n\t\t<a id=\"accordion-1230335045-label\" class=\"accordion-title plain\" href=\"#accordion-item-ali-lahko-osebe,-ki-so-opravile-presaditev-las,-uporabljajo-led-kapo?\" aria-expanded=\"false\" aria-controls=\"accordion-1230335045-content\" >\n\t\t\t<button class=\"toggle\" aria-label=\"Toggle\"><i class=\"icon-angle-down\"><\/i><\/button>\n\t\t\t<span>Ali lahko osebe, ki so opravile presaditev las, uporabljajo LED kapo?<\/span>\n\t\t<\/a>\n\t\t<div id=\"accordion-1230335045-content\" class=\"accordion-inner\" aria-labelledby=\"accordion-1230335045-label\" >\n\t\t\t\n\n<p><span style=\"font-weight: 400;\">Da, LED kapo lahko uporabljajo tudi mo\u0161ki po presaditvi las \u2014 pomaga izbolj\u0161ati prekrvavitev lasi\u0161\u010da in spodbuja bolj zdravo rast las.<\/span><\/p>\n<p><span style=\"font-weight: 400;\">Vendar je najbolje, da jo za\u010dnete uporabljati \u0161ele, ko se lasi\u0161\u010de popolnoma zaceli, v skladu z navodili va\u0161ega zdravnika.<\/span><\/p>\n\n\t\t<\/div>\n\t<\/div>\n\t\n\t<div id=\"accordion-2761297400\" class=\"accordion-item\">\n\t\t<a id=\"accordion-2761297400-label\" class=\"accordion-title plain\" href=\"#accordion-item-ali-obstaja-starostna-omejitev-za-uporabo-\u2013-od-katere-starosti-jo-je-varno-uporabljati?\" aria-expanded=\"false\" aria-controls=\"accordion-2761297400-content\" >\n\t\t\t<button class=\"toggle\" aria-label=\"Toggle\"><i class=\"icon-angle-down\"><\/i><\/button>\n\t\t\t<span>Ali obstaja starostna omejitev za uporabo \u2013 od katere starosti jo je varno uporabljati?<\/span>\n\t\t<\/a>\n\t\t<div id=\"accordion-2761297400-content\" class=\"accordion-inner\" aria-labelledby=\"accordion-2761297400-label\" >\n\t\t\t\n\n<p><span style=\"font-weight: 400;\">Ni stroge starostne omejitve, vendar je izdelek na\u010deloma primeren za odrasle, starej\u0161e od 18 let. Za mlaj\u0161e uporabnike priporo\u010damo, da se pred uporabo posvetujejo z zdravnikom. Ni namenjen otrokom ali nose\u010dnicam.<\/span><\/p>\n\n\t\t<\/div>\n\t<\/div>\n\t\n\t<div id=\"accordion-3414817344\" class=\"accordion-item\">\n\t\t<a id=\"accordion-3414817344-label\" class=\"accordion-title plain\" href=\"#accordion-item-moj-obraz-je-po-terapiji-%20z-led-light-masko-za-obraz-nekoliko-rde\u010d-\u2013-je-to-normalno?\" aria-expanded=\"false\" aria-controls=\"accordion-3414817344-content\" >\n\t\t\t<button class=\"toggle\" aria-label=\"Toggle\"><i class=\"icon-angle-down\"><\/i><\/button>\n\t\t\t<span>Moj obraz je po terapiji  z LED Light masko za obraz nekoliko rde\u010d \u2013 je to normalno?<\/span>\n\t\t<\/a>\n\t\t<div id=\"accordion-3414817344-content\" class=\"accordion-inner\" aria-labelledby=\"accordion-3414817344-label\" >\n\t\t\t\n\n<p><span style=\"font-weight: 400;\">Da, rahla rde\u010dica ali ob\u010dutek toplote po uporabi je povsem normalen pojav. To se zgodi zato, ker je naprava med delovanjem blizu ko\u017ee in se toplota telesa nekoliko pove\u010da. Ob\u010dutek je obi\u010dajno blag in hitro mine. Naprava ne sme biti vro\u010da na dotik, temve\u010d le prijetno topla.<\/span><\/p>\n\n\t\t<\/div>\n\t<\/div>\n\t\n\t<div id=\"accordion-868895260\" class=\"accordion-item\">\n\t\t<a id=\"accordion-868895260-label\" class=\"accordion-title plain\" href=\"#accordion-item-ali-lahko-uporabljam-led-light-therapy-naprave,-\u010de-imam-raka?\" aria-expanded=\"false\" aria-controls=\"accordion-868895260-content\" >\n\t\t\t<button class=\"toggle\" aria-label=\"Toggle\"><i class=\"icon-angle-down\"><\/i><\/button>\n\t\t\t<span>Ali lahko uporabljam LED Light therapy naprave, \u010de imam raka?<\/span>\n\t\t<\/a>\n\t\t<div id=\"accordion-868895260-content\" class=\"accordion-inner\" aria-labelledby=\"accordion-868895260-label\" >\n\t\t\t\n\n<p>Fotosenzitivnost je pogost stranski u\u010dinek razli\u010dnih kemoterapevtskih zdravil. Uporaba LED svetlobne terapije ni priporo\u010dljiva, \u010de imate raka ali ste medzdravljenjem raka. \u010ce niste prepri\u010dani glede zdravil, ki jih jemljete, se posvetujte s svojim zdravnikom ali zdravstvenim strokovnjakom.<\/p>\n\n\t\t<\/div>\n\t<\/div>\n\t\n\t<div id=\"accordion-3326640379\" class=\"accordion-item\">\n\t\t<a id=\"accordion-3326640379-label\" class=\"accordion-title plain\" href=\"#accordion-item-ali-lahko-led-light-therapy-izdelke-uporabljam-med-nose\u010dnostjo-ali-dojenjem?\" aria-expanded=\"false\" aria-controls=\"accordion-3326640379-content\" >\n\t\t\t<button class=\"toggle\" aria-label=\"Toggle\"><i class=\"icon-angle-down\"><\/i><\/button>\n\t\t\t<span>Ali lahko LED Light Therapy izdelke uporabljam med nose\u010dnostjo ali dojenjem?<\/span>\n\t\t<\/a>\n\t\t<div id=\"accordion-3326640379-content\" class=\"accordion-inner\" aria-labelledby=\"accordion-3326640379-label\" >\n\t\t\t\n\n<p>\u010ceprav je rde\u010da svetlobna terapija na splo\u0161no zelo varna, na\u0161e LED-naprave niso bile posebej preu\u010devane pri nose\u010dnicah ali doje\u010dih materah. Zato uporabe LED-terapije ne priporo\u010damo, razen \u010de vam jo izrecno odobri va\u0161 zdravnik.<\/p>\n\n\t\t<\/div>\n\t<\/div>\n\t\n\t<div id=\"accordion-2811678458\" class=\"accordion-item\">\n\t\t<a id=\"accordion-2811678458-label\" class=\"accordion-title plain\" href=\"#accordion-item-kako-o\u010distiti-led-masko-za-obraz?\" aria-expanded=\"false\" aria-controls=\"accordion-2811678458-content\" >\n\t\t\t<button class=\"toggle\" aria-label=\"Toggle\"><i class=\"icon-angle-down\"><\/i><\/button>\n\t\t\t<span>Kako o\u010distiti LED masko za obraz?<\/span>\n\t\t<\/a>\n\t\t<div id=\"accordion-2811678458-content\" class=\"accordion-inner\" aria-labelledby=\"accordion-2811678458-label\" >\n\t\t\t\n\n<p><span style=\"font-weight: 400;\">\u00a0Maska je izdelana iz silikonskega materiala in ni vodoodporna. <\/span><span style=\"font-weight: 400;\">Priporo\u010damo naslednji na\u010din \u010di\u0161\u010denja:<\/span><\/p>\n<ul>\n<li><span style=\"font-weight: 400;\">Po vsaki uporabi izklju\u010dite napravo iz napajanja in se prepri\u010dajte, da je popolnoma ugasnjena.<\/span><\/li>\n<li><span style=\"font-weight: 400;\">Z mehko, rahlo vla\u017eno krpo ali z alkoholnimi rob\u010dki (70 % izopropilni alkohol) ne\u017eno obri\u0161ite povr\u0161ino maske.<\/span><\/li>\n<li><span style=\"font-weight: 400;\">Izogibajte se uporabi prevelike koli\u010dine vode, namakanju maske ali agresivnim \u010distilnim sredstvom, saj lahko to po\u0161koduje LED diode ali silikonski material.<\/span><\/li>\n<li><span style=\"font-weight: 400;\">Pred shranjevanjem pustite masko, da se naravno posu\u0161i na zraku v hladnem in suhem prostoru.<\/span><\/li>\n<\/ul>\n\n\t\t<\/div>\n\t<\/div>\n\t\n\t<div id=\"accordion-1991948022\" class=\"accordion-item\">\n\t\t<a id=\"accordion-1991948022-label\" class=\"accordion-title plain\" href=\"#accordion-item-ali-lahko-med-uporabo-led-spalne-vre\u010de-nosimo-obla\u010dila?\" aria-expanded=\"false\" aria-controls=\"accordion-1991948022-content\" >\n\t\t\t<button class=\"toggle\" aria-label=\"Toggle\"><i class=\"icon-angle-down\"><\/i><\/button>\n\t\t\t<span>Ali lahko med uporabo LED spalne vre\u010de nosimo obla\u010dila?<\/span>\n\t\t<\/a>\n\t\t<div id=\"accordion-1991948022-content\" class=\"accordion-inner\" aria-labelledby=\"accordion-1991948022-label\" >\n\t\t\t\n\n<p>Za najbolj\u0161e rezultate priporo\u010damo uporabo spalne vre\u010de za terapijo z rde\u010do svetlobo z \u010dim ve\u010d izpostavljene ko\u017ee, na primer samo v spodnjem perilu. Na ta na\u010din lahko svetloba u\u010dinkoviteje prodre v ko\u017eo. Seveda pa je povsem v redu, \u010de nosite lahka \u0161portna obla\u010dila ali tanke tkanine, \u010de se pri tem po\u010dutite bolj udobno. Glavno je, da se izogibate debelej\u0161im obla\u010dilom, saj ta lahko blokirajo ve\u010dji del svetlobe. Med terapijo z rde\u010do svetlobo se ljudje tudi potijo.<\/p>\n\n\t\t<\/div>\n\t<\/div>\n\t\n\t<div id=\"accordion-57694409\" class=\"accordion-item\">\n\t\t<a id=\"accordion-57694409-label\" class=\"accordion-title plain\" href=\"#accordion-item-ali-je-med-uporabo-led-light-therapy-izdelkov-potrebno-nositi-za\u0161\u010ditna-o\u010dala?\" aria-expanded=\"false\" aria-controls=\"accordion-57694409-content\" >\n\t\t\t<button class=\"toggle\" aria-label=\"Toggle\"><i class=\"icon-angle-down\"><\/i><\/button>\n\t\t\t<span>Ali je med uporabo LED Light Therapy izdelkov potrebno nositi za\u0161\u010ditna o\u010dala?<\/span>\n\t\t<\/a>\n\t\t<div id=\"accordion-57694409-content\" class=\"accordion-inner\" aria-labelledby=\"accordion-57694409-label\" >\n\t\t\t\n\n<p>No\u0161enje za\u0161\u010ditnih o\u010dal ni nujno potrebno, vendar pa lahko po \u017eelji uporabite za\u0161\u010dito za o\u010di ali med terapijo preprosto zaprete o\u010di, \u010de ste ob\u010dutljivi na svetlobo oziroma za dodatno udobje.<\/p>\n\n\t\t<\/div>\n\t<\/div>\n\t\n\t<div id=\"accordion-950412852\" class=\"accordion-item\">\n\t\t<a id=\"accordion-950412852-label\" class=\"accordion-title plain\" href=\"#accordion-item-kak\u0161na-je-razlika-med-obrazno-masko-in-obrazno-masko-z-vratom?-ali-sta,-razen-dodatnega-predela-za-vrat,-maski-enaki-glede-na-svojo-funkcionalnost-in-u\u010dinke?accordion-panel-title\" aria-expanded=\"false\" aria-controls=\"accordion-950412852-content\" >\n\t\t\t<button class=\"toggle\" aria-label=\"Toggle\"><i class=\"icon-angle-down\"><\/i><\/button>\n\t\t\t<span>Kak\u0161na je razlika med obrazno masko in obrazno masko z vratom? Ali sta, razen dodatnega predela za vrat, maski enaki glede na svojo funkcionalnost in u\u010dinke?Accordion Panel Title<\/span>\n\t\t<\/a>\n\t\t<div id=\"accordion-950412852-content\" class=\"accordion-inner\" aria-labelledby=\"accordion-950412852-label\" >\n\t\t\t\n\n<p>Edina razlika je dodatna pokritost predela vratu. Tehnologija, valovne dol\u017eine in terapevtski u\u010dinki so enaki pri obeh \u2013 tako pri obrazni kot pri maski za vrat. Obe razli\u010dici zagotavljata enake u\u010dinke na pomlajevanje ko\u017ee, spodbujanje tvorbe kolagena in izbolj\u0161anje prekrvavitve. Maska za obraz z vratom te koristi preprosto raz\u0161iri \u0161e na podro\u010dje vratu.<\/p>\n\n\t\t<\/div>\n\t<\/div>\n\t\n\t<div id=\"accordion-1224632255\" class=\"accordion-item\">\n\t\t<a id=\"accordion-1224632255-label\" class=\"accordion-title plain\" href=\"#Da%2C%20med%20uporabo%20maske%20lahko%20berete%20ali%20gledate%20televizijo.%20Na%20predelu%20okoli%20o%C4%8Di%20ni%20LED-svetil.%20Priporo%C4%8Damo%20le%2C%20da%20se%20izogibate%20neposrednemu%20gledanju%20v%20LED-lu%C4%8Dke%20dalj%20%C4%8Dasa%2C%20da%20ohranite%20udobje%20o%C4%8Di.\" aria-expanded=\"false\" aria-controls=\"accordion-1224632255-content\" >\n\t\t\t<button class=\"toggle\" aria-label=\"Toggle\"><i class=\"icon-angle-down\"><\/i><\/button>\n\t\t\t<span>Ali lahko med uporabo LED obrazne maske beremo ali gledamo televizijo, ali se je teh dejavnosti bolje izogibati?<\/span>\n\t\t<\/a>\n\t\t<div id=\"accordion-1224632255-content\" class=\"accordion-inner\" aria-labelledby=\"accordion-1224632255-label\" >\n\t\t\t\n\n<p><span style=\"font-weight: 400;\">Da, med uporabo maske lahko berete ali gledate televizijo. Na predelu okoli o\u010di ni LED-svetil. Priporo\u010damo le, da se izogibate neposrednemu gledanju v LED-lu\u010dke dalj \u010dasa, da ohranite udobje o\u010di.<\/span><\/p>\n\n\t\t<\/div>\n\t<\/div>\n\t\n\t<div id=\"accordion-2853798622\" class=\"accordion-item\">\n\t\t<a id=\"accordion-2853798622-label\" class=\"accordion-title plain\" href=\"#accordion-item-ali-ima-active-luxe-serum-za-rast-trepalnic-mo\u017ene-neza\u017eeljene-u\u010dinke?\" aria-expanded=\"false\" aria-controls=\"accordion-2853798622-content\" >\n\t\t\t<button class=\"toggle\" aria-label=\"Toggle\"><i class=\"icon-angle-down\"><\/i><\/button>\n\t\t\t<span>Ali ima Active Luxe serum za rast trepalnic mo\u017ene neza\u017eeljene u\u010dinke?<\/span>\n\t\t<\/a>\n\t\t<div id=\"accordion-2853798622-content\" class=\"accordion-inner\" aria-labelledby=\"accordion-2853798622-label\" >\n\t\t\t\n\n<p><span style=\"font-weight: 400;\">Mo\u017eni stranski u\u010dinki po uporabi Active Luxe seruma za rast trepalnic so srbe\u010d ob\u010dutek v o\u010deh in\/ali srbe\u010dica. <\/span><\/p>\n<p><span style=\"font-weight: 400;\">Active Luxe serum za rast trepalnic lahko povzro\u010di tudi druge, manj pogoste ne\u017eelene u\u010dinke, ki se obi\u010dajno pojavijo blizu mesta nanosa. Pojavijo se lahko temnenje ko\u017ee, dra\u017eenje o\u010di, suhe o\u010di in rde\u010dica na vekah<\/span>. Stranski u\u010dinki v ve\u010dini primerov v 10 dneh izvenijo.<\/p>\n\n\t\t<\/div>\n\t<\/div>\n\t\n\t<div id=\"accordion-2148985792\" class=\"accordion-item\">\n\t\t<a id=\"accordion-2148985792-label\" class=\"accordion-title plain\" href=\"#accordion-item-ne-opazim-nobenega-rezultata,-serum-za-rast-trepalnic-pa-uporabljam-\u017ee-en-mesec.-zakaj?\" aria-expanded=\"false\" aria-controls=\"accordion-2148985792-content\" >\n\t\t\t<button class=\"toggle\" aria-label=\"Toggle\"><i class=\"icon-angle-down\"><\/i><\/button>\n\t\t\t<span>Ne opazim nobenega rezultata, serum za rast trepalnic pa uporabljam \u017ee en mesec. Zakaj?<\/span>\n\t\t<\/a>\n\t\t<div id=\"accordion-2148985792-content\" class=\"accordion-inner\" aria-labelledby=\"accordion-2148985792-label\" >\n\t\t\t\n\n<p><span style=\"font-weight: 400;\">Predvidevamo, da so va\u0161e trepalnice v fazi mirovanja in izpadanja. Lash serum deluje kadar so trepalnice v aktivni fazi rasti. Zato priporo\u010damo, da serum uporabite do konca (vsaj 2 meseca) in bodo rezultati vsekakor vidni.<\/span><\/p>\n\n\t\t<\/div>\n\t<\/div>\n\t\n\t<div id=\"accordion-1576677704\" class=\"accordion-item\">\n\t\t<a id=\"accordion-1576677704-label\" class=\"accordion-title plain\" href=\"#Derma-Luxelash%20serum%20za%20rast%20trepalnic%20je%20oftalmolo%C5%A1ko%20testiran%20s%20strani%20slovenskega%20o%C4%8Desnega%20zdravnika%20dr.%20Beltrama%2C%20kar%20pomeni%2C%20da%20je%20primeren%20tudi%20za%20ob%C4%8Dutljive%20in%20za%20zelo%20ob%C4%8Dutljive%20o%C4%8Di.\" aria-expanded=\"false\" aria-controls=\"accordion-1576677704-content\" >\n\t\t\t<button class=\"toggle\" aria-label=\"Toggle\"><i class=\"icon-angle-down\"><\/i><\/button>\n\t\t\t<span>Ali je Active Luxe serum za rast trepalnic primeren tudi za ob\u010dutljive o\u010di?<\/span>\n\t\t<\/a>\n\t\t<div id=\"accordion-1576677704-content\" class=\"accordion-inner\" aria-labelledby=\"accordion-1576677704-label\" >\n\t\t\t\n\n<p><span style=\"font-weight: 400;\">Active Luxe serum za rast trepalnic je oftalmolo\u0161ko testiran s strani slovenskega o\u010desnega zdravnika <strong>dr. Beltrama<\/strong>, kar pomeni, da<strong> je primeren<\/strong> tudi za ob\u010dutljive in za zelo ob\u010dutljive o\u010di. <\/span><\/p>\n\n\t\t<\/div>\n\t<\/div>\n\t\n\t<div id=\"accordion-4267329352\" class=\"accordion-item\">\n\t\t<a id=\"accordion-4267329352-label\" class=\"accordion-title plain\" href=\"#accordion-item-\u010ce-se-pojavi-rde\u010dica-okoli-o\u010di-ali-naj-preneham-z-uporabo-active-luxe-seruma-za-rast-trepalnic?\" aria-expanded=\"false\" aria-controls=\"accordion-4267329352-content\" >\n\t\t\t<button class=\"toggle\" aria-label=\"Toggle\"><i class=\"icon-angle-down\"><\/i><\/button>\n\t\t\t<span>\u010ce se pojavi rde\u010dica okoli o\u010di ali naj preneham z uporabo Active Luxe seruma za rast trepalnic?<\/span>\n\t\t<\/a>\n\t\t<div id=\"accordion-4267329352-content\" class=\"accordion-inner\" aria-labelledby=\"accordion-4267329352-label\" >\n\t\t\t\n\n<p><span style=\"font-weight: 400;\">Ker je ko\u017ea na vekah izredno tanka in ob\u010dutljiva, se rde\u010dica lahko pojavi po prvi uporabi izdelka Active Luxe seruma za rast trepalnic in lahko traja 3-10 dni. V tem primeru ni potrebno prenehati z uporabo izdelka, ampak nadaljujete z uporabo.\u00a0<\/span><\/p>\n<p><span style=\"font-weight: 400;\">V kolikor se pojavi rde\u010dica v o\u010deh, gre najverjetneje za nepravilno uporabo Active Luxe seruma za rast trepalnic. Natan\u010dno si preberite navodila kako se uporablja serum.<\/span><\/p>\n<p><span style=\"font-weight: 400;\">\u010ce pa se pojavi \u0161e dra\u017eenje o\u010di, srbe\u010dica in neprijeten ob\u010dutek, potem najverjetneje gre za alergijsko reakcijo. V tem primeru takoj prenehajte z uporabo seruma.<\/span><\/p>\n\n\t\t<\/div>\n\t<\/div>\n\t\n\t<div id=\"accordion-3710481490\" class=\"accordion-item\">\n\t\t<a id=\"accordion-3710481490-label\" class=\"accordion-title plain\" href=\"#accordion-item-ali-se-lahko-pri-uporabi-active-luxe-seruma-za-rast-trepalnic-pojavi-neprijeten-ob\u010dutek-kot-je-dra\u017eenje,-rahla-rde\u010dica-itd.?\" aria-expanded=\"false\" aria-controls=\"accordion-3710481490-content\" >\n\t\t\t<button class=\"toggle\" aria-label=\"Toggle\"><i class=\"icon-angle-down\"><\/i><\/button>\n\t\t\t<span>Ali se lahko pri uporabi Active Luxe seruma za rast trepalnic pojavi neprijeten ob\u010dutek kot je dra\u017eenje, rahla rde\u010dica itd.?<\/span>\n\t\t<\/a>\n\t\t<div id=\"accordion-3710481490-content\" class=\"accordion-inner\" aria-labelledby=\"accordion-3710481490-label\" >\n\t\t\t\n\n<p><span style=\"font-weight: 400;\">Pri prvi uporabi Active Luxe seruma za rast trepalnic se lahko pojavi rahla rde\u010dica, peko\u010d ob\u010dutek in ob\u010dutek dra\u017eenja, kar lahko traja od 3 do 10 dni. V primeru, da dra\u017eenje ne preneha, prekinite z uporabo izdelka.<\/span><\/p>\n\n\t\t<\/div>\n\t<\/div>\n\t\n\t<div id=\"accordion-1243678678\" class=\"accordion-item\">\n\t\t<a id=\"accordion-1243678678-label\" class=\"accordion-title plain\" href=\"#accordion-item-ali-je-active-luxe-serum-za-rast-trepalnic-veganski-izdelek?\" aria-expanded=\"false\" aria-controls=\"accordion-1243678678-content\" >\n\t\t\t<button class=\"toggle\" aria-label=\"Toggle\"><i class=\"icon-angle-down\"><\/i><\/button>\n\t\t\t<span>Ali je Active Luxe serum za rast trepalnic veganski izdelek?<\/span>\n\t\t<\/a>\n\t\t<div id=\"accordion-1243678678-content\" class=\"accordion-inner\" aria-labelledby=\"accordion-1243678678-label\" >\n\t\t\t\n\n<p><span style=\"font-weight: 400;\">Da, Active Luxe serum za rast trepalnic je narejen iz veganskih sestavin.<\/span><\/p>\n\n\t\t<\/div>\n\t<\/div>\n\t\n\t<div id=\"accordion-301675712\" class=\"accordion-item\">\n\t\t<a id=\"accordion-301675712-label\" class=\"accordion-title plain\" href=\"#accordion-item-ali-lahko-so\u010dasno-uporabljam-active-luxe-balzam-za-nego-trepalnic-ter-active-luxe-serum-za-rast-trepalnic?\" aria-expanded=\"false\" aria-controls=\"accordion-301675712-content\" >\n\t\t\t<button class=\"toggle\" aria-label=\"Toggle\"><i class=\"icon-angle-down\"><\/i><\/button>\n\t\t\t<span>Ali lahko so\u010dasno uporabljam Active Luxe balzam za nego trepalnic ter Active Luxe serum za rast trepalnic?<\/span>\n\t\t<\/a>\n\t\t<div id=\"accordion-301675712-content\" class=\"accordion-inner\" aria-labelledby=\"accordion-301675712-label\" >\n\t\t\t\n\n<p><span style=\"font-weight: 400;\">Da, so\u010dasna uporaba balzama za nego trepalnic ter seruma za rast trepalnic je primerna in priporo\u010dljiva. <\/span><\/p>\n<p><span style=\"font-weight: 400;\">Najprej na o\u010di\u0161\u010deno veko po navodilih nanesemo Activre Luxe serum za rast trepalnic. Po\u010dakajmo nekaj minutk, da se serum vpije in posu\u0161i, nato pa na trepalnice nanesemo \u0161e Active Luxe balzam za nego trepalnic, tako kot bi nana\u0161ali maskaro.<\/span><\/p>\n\n\t\t<\/div>\n\t<\/div>\n\t\n\t<div id=\"accordion-3554005951\" class=\"accordion-item\">\n\t\t<a id=\"accordion-3554005951-label\" class=\"accordion-title plain\" href=\"#accordion-item-za-koliko-\u010dasa-zadostuje-1,5-ml-active-luxe-seruma-za-rast-trepalnic?\" aria-expanded=\"false\" aria-controls=\"accordion-3554005951-content\" >\n\t\t\t<button class=\"toggle\" aria-label=\"Toggle\"><i class=\"icon-angle-down\"><\/i><\/button>\n\t\t\t<span>Za koliko \u010dasa zadostuje 1,5 ml Active Luxe seruma za rast trepalnic?<\/span>\n\t\t<\/a>\n\t\t<div id=\"accordion-3554005951-content\" class=\"accordion-inner\" aria-labelledby=\"accordion-3554005951-label\" >\n\t\t\t\n\n<p><span style=\"font-weight: 400;\">Ob pravilni uporabi Active Luxe serum za rast trepalnic zadostuje za<strong> najmanj 60 nanosov oz. za 8 tednov uporabe<\/strong>. <\/span><\/p>\n<p><span style=\"font-weight: 400;\">Active Luxe serum za rast trepalnic pravilno uporabite tako, da \u010dopi\u010d pomo\u010dite v teko\u010dino, ga ob ustju embala\u017ee odcedite in nanesite na zgornjo veko. Nato \u010dopi\u010d zopet pomo\u010dite, odcedite in nanesite na drugo veko, tako kot bi nana\u0161ale eyeliner. Active Luxe serum za rast trepalnic lahko uporabite tudi na spodnji veki.<\/span><\/p>\n\n\t\t<\/div>\n\t<\/div>\n\t\n\t<div id=\"accordion-3305627223\" class=\"accordion-item\">\n\t\t<a id=\"accordion-3305627223-label\" class=\"accordion-title plain\" href=\"#accordion-item-kaj-se-zgodi,-ko-preneham-uporabljati-active-luxe-serum-za-rast-trepalnic?\" aria-expanded=\"false\" aria-controls=\"accordion-3305627223-content\" >\n\t\t\t<button class=\"toggle\" aria-label=\"Toggle\"><i class=\"icon-angle-down\"><\/i><\/button>\n\t\t\t<span>Kaj se zgodi, ko preneham uporabljati Active Luxe serum za rast trepalnic?<\/span>\n\t\t<\/a>\n\t\t<div id=\"accordion-3305627223-content\" class=\"accordion-inner\" aria-labelledby=\"accordion-3305627223-label\" >\n\t\t\t\n\n<p><span style=\"font-weight: 400;\">Tako kot dlake in lasje, tudi trepalnice prehajajo skozi razli\u010dne faze: <strong>fazo rasti<\/strong>, <strong>fazo mirovanja<\/strong> in <strong>fazo izpadanja<\/strong>. Trepalnica obi\u010dajno izpade po 3 \u2013 5 mesecih in po kraj\u0161em mirovanju dla\u010dnega me\u0161i\u010dka na tem mestu zraste nova trepalnica. <\/span><\/p>\n<p><span style=\"font-weight: 400;\">Active Luxe serum za rast trepalnic podalj\u0161a fazo rasti trepalnice, vendar ne moti naravnega cikla rasti, mirovanja in izpadanja. Zato lahko pri\u010dakujete, da bodo po koncu uporabe trepalnice opazno dalj\u0161e, gostej\u0161e in mo\u010dnej\u0161e pribli\u017eno 3 \u2013 5 mesecev. Po tem \u010dasu se bodo trepalnice vrnile v prvotno stanje kot so bile pred uporabo izdelka. <\/span><\/p>\n<p><span style=\"font-weight: 400;\">Priporo\u010damo, da izdelek uporabljate redno 2 meseca vsak dan, \u010de pa \u017eelite dose\u017eeno dol\u017eino in gostoto trepalnic vzdr\u017eevati, z uporabo Active Luxe seruma za rast trepalnic nadaljujete in ga nana\u0161ate vsake 2 \u2013 3 dni.<\/span><\/p>\n\n\t\t<\/div>\n\t<\/div>\n\t\n\t<div id=\"accordion-118589581\" class=\"accordion-item\">\n\t\t<a id=\"accordion-118589581-label\" class=\"accordion-title plain\" href=\"#accordion-item-koliko-\u010dasa-moram-uporabljati-active-luxe-serum-za-rast-trepalnic,-da-bodo-moje-trepalnice-dalj\u0161e-in-gostej\u0161e?\" aria-expanded=\"false\" aria-controls=\"accordion-118589581-content\" >\n\t\t\t<button class=\"toggle\" aria-label=\"Toggle\"><i class=\"icon-angle-down\"><\/i><\/button>\n\t\t\t<span>Koliko \u010dasa moram uporabljati Active Luxe serum za rast trepalnic, da bodo moje trepalnice dalj\u0161e in gostej\u0161e?<\/span>\n\t\t<\/a>\n\t\t<div id=\"accordion-118589581-content\" class=\"accordion-inner\" aria-labelledby=\"accordion-118589581-label\" >\n\t\t\t\n\n<p><span style=\"font-weight: 400;\">Pri redni uporabi izdelka Active Luxe seruma za rast trepalnic\u00a0 (1x dnevno) lahko pri\u010dakujete rezultate \u017ee v 14 dneh, v samo 4 \u2013 6 tednih pa bodo va\u0161e trepalnice vidno dalj\u0161e in gostej\u0161e.<\/span><\/p>\n\n\t\t<\/div>\n\t<\/div>\n\t\n\t<div id=\"accordion-2057262994\" class=\"accordion-item\">\n\t\t<a id=\"accordion-2057262994-label\" class=\"accordion-title plain\" href=\"#accordion-item-kak\u0161na-je-razlika-med-60-dnevnim,-polletnim-in-celoletnim-serumom-za-rast-trepalnic,-glede-na-to,-da-se-nahajajo-v-enaki-stekleni\u010dki?\" aria-expanded=\"false\" aria-controls=\"accordion-2057262994-content\" >\n\t\t\t<button class=\"toggle\" aria-label=\"Toggle\"><i class=\"icon-angle-down\"><\/i><\/button>\n\t\t\t<span>Kak\u0161na je razlika med 60 dnevnim, polletnim in celoletnim serumom za rast trepalnic, glede na to, da se nahajajo v enaki stekleni\u010dki?<\/span>\n\t\t<\/a>\n\t\t<div id=\"accordion-2057262994-content\" class=\"accordion-inner\" aria-labelledby=\"accordion-2057262994-label\" >\n\t\t\t\n\n<p><span style=\"font-weight: 400;\">Embala\u017ea Active Luxe Lash seruma za rast trepalnic (zlata viala) ima volumen\u00a0 od 0 do 6 ml, zato imamo na voljo ve\u010d razli\u010dnih pakiranj seruma v enaki embala\u017ei.<\/span><\/p>\n<ul>\n<li><span style=\"font-weight: 400;\"><strong>1,5 ml<\/strong> teko\u010dine zadostuje za <strong>2 meseca nanosa<\/strong>: 60 dni si nana\u0161amo serum vsak dan (1x na dan). V tem \u010dasu dose\u017eejo trepalnice maksimalni rezultat.<\/span><\/li>\n<li><strong>3 ml<\/strong> teko\u010dine zadostuje za <strong>6 mesecev nanosa<\/strong>: 60 dni si nana\u0161amo serum vsak dan (1x na dan), nato rezultat vzdr\u017eujemo z nanosom vsak drugi ali tretji dan<\/li>\n<li><strong>4,5 ml<\/strong> serum zadostuje za celo leto uporabe: celoletni serum si nana\u0161amo prvih 60 dni vsak dan (1x na dan), nato rezultat vzdr\u017eujemo z nanosom vsak drugi ali tretji dan<\/li>\n<\/ul>\n<p>Celoletni tretma torej vsebuje 4.5 ml teko\u010dine v eni viali, ne gre za pakiranje treh serumov po 1.5 ml teko\u010dine.<\/p>\n\n\t\t<\/div>\n\t<\/div>\n\t\n\t<div id=\"accordion-775436096\" class=\"accordion-item\">\n\t\t<a id=\"accordion-775436096-label\" class=\"accordion-title plain\" href=\"#accordion-item-ali-lahko-active-luxe-%20serum-za-rast-trepalnic-uporabljajo-nose\u010dnice-in-doje\u010de-matere?\" aria-expanded=\"false\" aria-controls=\"accordion-775436096-content\" >\n\t\t\t<button class=\"toggle\" aria-label=\"Toggle\"><i class=\"icon-angle-down\"><\/i><\/button>\n\t\t\t<span>Ali lahko Active Luxe  serum za rast trepalnic uporabljajo nose\u010dnice in doje\u010de matere?<\/span>\n\t\t<\/a>\n\t\t<div id=\"accordion-775436096-content\" class=\"accordion-inner\" aria-labelledby=\"accordion-775436096-label\" >\n\t\t\t\n\n<p><span style=\"font-weight: 400;\">Active Luxe serum za rast trepalnic zaradi eti\u010dnih razlogov ni bil testiran za uporabo pri nose\u010dnicah in doje\u010dih materah, zato v teh primerih uporabo odsvetujemo.<\/span><\/p>\n\n\t\t<\/div>\n\t<\/div>\n\t\n\t<div id=\"accordion-436888368\" class=\"accordion-item\">\n\t\t<a id=\"accordion-436888368-label\" class=\"accordion-title plain\" href=\"#accordion-item-ali-lahko-active-luxe-serum-za-rast-trepalnic-uporabljam-tudi-za-rast-obrvi?\" aria-expanded=\"false\" aria-controls=\"accordion-436888368-content\" >\n\t\t\t<button class=\"toggle\" aria-label=\"Toggle\"><i class=\"icon-angle-down\"><\/i><\/button>\n\t\t\t<span>Ali lahko Active Luxe serum za rast trepalnic uporabljam tudi za rast obrvi?<\/span>\n\t\t<\/a>\n\t\t<div id=\"accordion-436888368-content\" class=\"accordion-inner\" aria-labelledby=\"accordion-436888368-label\" >\n\t\t\t\n\n<p><span style=\"font-weight: 400;\">Da, Active Luxe serum za rast trepalnic je primeren tudi za rast obrvi. Vendar, \u010de \u017eelite \u0161e hitreje dose\u010di rezultat, vam priporo\u010damo Active Luxe serum za rast obrvi, ki je namenjen le za nego in rast obrvi, saj vsebuje bolj koncentrirane vsebin.<\/span>.<\/p>\n\n\t\t<\/div>\n\t<\/div>\n\t\n\t<div id=\"accordion-4167948601\" class=\"accordion-item\">\n\t\t<a id=\"accordion-4167948601-label\" class=\"accordion-title plain\" href=\"#accordion-item-kdaj-lahko-pri\u010dakujem-prve-rezultate-pri-uporabi-active-luxe-seruma-za-rast-las?\" aria-expanded=\"false\" aria-controls=\"accordion-4167948601-content\" >\n\t\t\t<button class=\"toggle\" aria-label=\"Toggle\"><i class=\"icon-angle-down\"><\/i><\/button>\n\t\t\t<span>Kdaj lahko pri\u010dakujem prve rezultate pri uporabi Active Luxe seruma za rast las?<\/span>\n\t\t<\/a>\n\t\t<div id=\"accordion-4167948601-content\" class=\"accordion-inner\" aria-labelledby=\"accordion-4167948601-label\" >\n\t\t\t\n\n<p><span style=\"font-weight: 400;\">Pri redni uporabi Active Luxe \u0161ampona proti izpadanju las in Active Luxe seruma za rast las hkrati, bodo prvi rezultati vidni po 4 mesecih. Kombinacija Active Luxe \u0161ampona proti izpadanju las in Active Luxe seruma za rast las bo va\u0161e lase okrepila in pove\u010dala njihov volumen.<\/span><\/p>\n\n\t\t<\/div>\n\t<\/div>\n\t\n\t<div id=\"accordion-3633387254\" class=\"accordion-item\">\n\t\t<a id=\"accordion-3633387254-label\" class=\"accordion-title plain\" href=\"#accordion-item-obrvi-zaradi-puljenja-na-dolo\u010denem-mestu-ne-rastejo-ve\u010d.-bo-active-luxe-serum-za-rast-obrvi-omogo\u010dil-njihovo-ponovno-rast?\" aria-expanded=\"false\" aria-controls=\"accordion-3633387254-content\" >\n\t\t\t<button class=\"toggle\" aria-label=\"Toggle\"><i class=\"icon-angle-down\"><\/i><\/button>\n\t\t\t<span>Obrvi zaradi puljenja na dolo\u010denem mestu ne rastejo ve\u010d. Bo Active Luxe serum za rast obrvi omogo\u010dil njihovo ponovno rast?<\/span>\n\t\t<\/a>\n\t\t<div id=\"accordion-3633387254-content\" class=\"accordion-inner\" aria-labelledby=\"accordion-3633387254-label\" >\n\t\t\t\n\n<p><span style=\"font-weight: 400;\">V primeru, da po\u0161kodba dla\u010dnega folikla ni trajna bo Active Luxe serum za rast obrvi aktiviral spe\u010di dla\u010dni me\u0161i\u010dek in spodbudil ponovno rast obrvi.<\/span><\/p>\n\n\t\t<\/div>\n\t<\/div>\n\t\n\t<div id=\"accordion-1803739388\" class=\"accordion-item\">\n\t\t<a id=\"accordion-1803739388-label\" class=\"accordion-title plain\" href=\"#accordion-item-ali-lahko-uporabljam-active-luxe-serum-za-rast-obrvi-tudi-za-rast-trepalnic?\" aria-expanded=\"false\" aria-controls=\"accordion-1803739388-content\" >\n\t\t\t<button class=\"toggle\" aria-label=\"Toggle\"><i class=\"icon-angle-down\"><\/i><\/button>\n\t\t\t<span>Ali lahko uporabljam Active Luxe serum za rast obrvi tudi za rast trepalnic?<\/span>\n\t\t<\/a>\n\t\t<div id=\"accordion-1803739388-content\" class=\"accordion-inner\" aria-labelledby=\"accordion-1803739388-label\" >\n\t\t\t\n\n<p><span style=\"font-weight: 400;\">Sestavine v Active Luxe serumu za rast obrvi so prilagojene ko\u017ei in dlakam na podro\u010dju obrvi in so tako preve\u010d intenzivne za nanos na vekah, kjer je ko\u017ea zelo tanka. Active Luxe serum za rast obrvi odsvetujemo za nanos na vekah, saj vsebuje bolj koncentirane sestavine.<\/span><\/p>\n\n\t\t<\/div>\n\t<\/div>\n\t\n\t<div id=\"accordion-1608766568\" class=\"accordion-item\">\n\t\t<a id=\"accordion-1608766568-label\" class=\"accordion-title plain\" href=\"#accordion-item-ali-izdelki-active-luxe-proti-izpadanju-las-in-za-rast-las-pomagajo-pri-ple\u0161avosti?\" aria-expanded=\"false\" aria-controls=\"accordion-1608766568-content\" >\n\t\t\t<button class=\"toggle\" aria-label=\"Toggle\"><i class=\"icon-angle-down\"><\/i><\/button>\n\t\t\t<span>Ali izdelki Active Luxe proti izpadanju las in za rast las pomagajo pri ple\u0161avosti?<\/span>\n\t\t<\/a>\n\t\t<div id=\"accordion-1608766568-content\" class=\"accordion-inner\" aria-labelledby=\"accordion-1608766568-label\" >\n\t\t\t\n\n<p><span style=\"font-weight: 400;\">Izpadanje las je pogosta te\u017eava, ki lahko prizadene vsakogar. Prve te\u017eave se pojavijo \u017ee pred 30. letom starosti, hitrost izpadanja las pa se od posameznika do posameznika razlikuje. Sprva se pri\u010dnejo lasje red\u010diti, s\u010dasoma pa lahko popolnoma izginejo in nastane \u201cple\u0161a\u201d. Torej gre za dolgotrajen proces, ki se ne zgodi \u010dez no\u010d, ampak traja ve\u010d let.<\/span><\/p>\n<p><span style=\"font-weight: 400;\">So\u010dasna uporaba izdelka Active Luxe seruma za rast las in Active Luxe \u0161ampona proti izpadanju las upo\u010dasnita in prepre\u010dita izpadanje las ter prepre\u010dita, da bi se ple\u0161avost hitro \u0161irila naprej. Active Luxe serum za rast las deluje\u00a0 neposredno na folikularno disfunkcijo, aktivira spe\u010de dla\u010dne me\u0161i\u010dke\u00a0 in zagotavlja hitrej\u0161o ter novo rast las.<\/span><\/p>\n\n\t\t<\/div>\n\t<\/div>\n\t\n\n<\/div>\n\n\t\t<\/div>\n\t\t\t\t\t<\/div>\n\n\t\n\n<\/div>\n\n\t\t<\/div>\n\n\t\t\n<style>\n#section_1210306150 {\n  padding-top: 30px;\n  padding-bottom: 30px;\n}\n<\/style>\n\t<\/section>\n\t\n\n","protected":false},"excerpt":{"rendered":"","protected":false},"author":6,"featured_media":0,"parent":0,"menu_order":0,"comment_status":"closed","ping_status":"closed","template":"","meta":{"footnotes":""},"class_list":["post-80919","page","type-page","status-publish","hentry"],"acf":[],"yoast_head":"<!-- This site is optimized with the Yoast SEO plugin v26.6 - https:\/\/yoast.com\/wordpress\/plugins\/seo\/ -->\n<title>Pogosta vpra\u0161anja - Active Luxe Cosmetics<\/title>\n<meta name=\"robots\" content=\"index, follow, max-snippet:-1, max-image-preview:large, max-video-preview:-1\" \/>\n<link rel=\"canonical\" href=\"https:\/\/activeluxe-cosmetics.com\/sl\/pogosta-vprasanja\/\" \/>\n<meta property=\"og:locale\" content=\"sl_SI\" \/>\n<meta property=\"og:type\" content=\"article\" \/>\n<meta property=\"og:title\" content=\"Pogosta vpra\u0161anja - Active Luxe Cosmetics\" \/>\n<meta property=\"og:url\" content=\"https:\/\/activeluxe-cosmetics.com\/sl\/pogosta-vprasanja\/\" \/>\n<meta property=\"og:site_name\" content=\"Active Luxe Cosmetics\" \/>\n<meta property=\"article:modified_time\" content=\"2025-10-22T11:00:50+00:00\" \/>\n<meta name=\"twitter:card\" content=\"summary_large_image\" \/>\n<meta name=\"twitter:label1\" content=\"Est. reading time\" \/>\n\t<meta name=\"twitter:data1\" content=\"12 minut\" \/>\n<script type=\"application\/ld+json\" class=\"yoast-schema-graph\">{\"@context\":\"https:\/\/schema.org\",\"@graph\":[{\"@type\":\"WebPage\",\"@id\":\"https:\/\/activeluxe-cosmetics.com\/sl\/pogosta-vprasanja\/\",\"url\":\"https:\/\/activeluxe-cosmetics.com\/sl\/pogosta-vprasanja\/\",\"name\":\"Pogosta vpra\u0161anja - Active Luxe Cosmetics\",\"isPartOf\":{\"@id\":\"https:\/\/activeluxe-cosmetics.com\/sl\/#website\"},\"datePublished\":\"2024-01-29T12:15:13+00:00\",\"dateModified\":\"2025-10-22T11:00:50+00:00\",\"breadcrumb\":{\"@id\":\"https:\/\/activeluxe-cosmetics.com\/sl\/pogosta-vprasanja\/#breadcrumb\"},\"inLanguage\":\"sl-SI\",\"potentialAction\":[{\"@type\":\"ReadAction\",\"target\":[\"https:\/\/activeluxe-cosmetics.com\/sl\/pogosta-vprasanja\/\"]}]},{\"@type\":\"BreadcrumbList\",\"@id\":\"https:\/\/activeluxe-cosmetics.com\/sl\/pogosta-vprasanja\/#breadcrumb\",\"itemListElement\":[{\"@type\":\"ListItem\",\"position\":1,\"name\":\"Naslovnica\",\"item\":\"https:\/\/activeluxe-cosmetics.com\/sl\/\"},{\"@type\":\"ListItem\",\"position\":2,\"name\":\"Pogosta vpra\u0161anja\"}]},{\"@type\":\"WebSite\",\"@id\":\"https:\/\/activeluxe-cosmetics.com\/sl\/#website\",\"url\":\"https:\/\/activeluxe-cosmetics.com\/sl\/\",\"name\":\"Active Luxe Cosmetics\",\"description\":\"\",\"potentialAction\":[{\"@type\":\"SearchAction\",\"target\":{\"@type\":\"EntryPoint\",\"urlTemplate\":\"https:\/\/activeluxe-cosmetics.com\/sl\/?s={search_term_string}\"},\"query-input\":{\"@type\":\"PropertyValueSpecification\",\"valueRequired\":true,\"valueName\":\"search_term_string\"}}],\"inLanguage\":\"sl-SI\"}]}<\/script>\n<!-- \/ Yoast SEO plugin. -->","yoast_head_json":{"title":"Pogosta vpra\u0161anja - Active Luxe Cosmetics","robots":{"index":"index","follow":"follow","max-snippet":"max-snippet:-1","max-image-preview":"max-image-preview:large","max-video-preview":"max-video-preview:-1"},"canonical":"https:\/\/activeluxe-cosmetics.com\/sl\/pogosta-vprasanja\/","og_locale":"sl_SI","og_type":"article","og_title":"Pogosta vpra\u0161anja - Active Luxe Cosmetics","og_url":"https:\/\/activeluxe-cosmetics.com\/sl\/pogosta-vprasanja\/","og_site_name":"Active Luxe Cosmetics","article_modified_time":"2025-10-22T11:00:50+00:00","twitter_card":"summary_large_image","twitter_misc":{"Est. reading time":"12 minut"},"schema":{"@context":"https:\/\/schema.org","@graph":[{"@type":"WebPage","@id":"https:\/\/activeluxe-cosmetics.com\/sl\/pogosta-vprasanja\/","url":"https:\/\/activeluxe-cosmetics.com\/sl\/pogosta-vprasanja\/","name":"Pogosta vpra\u0161anja - Active Luxe Cosmetics","isPartOf":{"@id":"https:\/\/activeluxe-cosmetics.com\/sl\/#website"},"datePublished":"2024-01-29T12:15:13+00:00","dateModified":"2025-10-22T11:00:50+00:00","breadcrumb":{"@id":"https:\/\/activeluxe-cosmetics.com\/sl\/pogosta-vprasanja\/#breadcrumb"},"inLanguage":"sl-SI","potentialAction":[{"@type":"ReadAction","target":["https:\/\/activeluxe-cosmetics.com\/sl\/pogosta-vprasanja\/"]}]},{"@type":"BreadcrumbList","@id":"https:\/\/activeluxe-cosmetics.com\/sl\/pogosta-vprasanja\/#breadcrumb","itemListElement":[{"@type":"ListItem","position":1,"name":"Naslovnica","item":"https:\/\/activeluxe-cosmetics.com\/sl\/"},{"@type":"ListItem","position":2,"name":"Pogosta vpra\u0161anja"}]},{"@type":"WebSite","@id":"https:\/\/activeluxe-cosmetics.com\/sl\/#website","url":"https:\/\/activeluxe-cosmetics.com\/sl\/","name":"Active Luxe Cosmetics","description":"","potentialAction":[{"@type":"SearchAction","target":{"@type":"EntryPoint","urlTemplate":"https:\/\/activeluxe-cosmetics.com\/sl\/?s={search_term_string}"},"query-input":{"@type":"PropertyValueSpecification","valueRequired":true,"valueName":"search_term_string"}}],"inLanguage":"sl-SI"}]}},"_links":{"self":[{"href":"https:\/\/activeluxe-cosmetics.com\/sl\/wp-json\/wp\/v2\/pages\/80919","targetHints":{"allow":["GET"]}}],"collection":[{"href":"https:\/\/activeluxe-cosmetics.com\/sl\/wp-json\/wp\/v2\/pages"}],"about":[{"href":"https:\/\/activeluxe-cosmetics.com\/sl\/wp-json\/wp\/v2\/types\/page"}],"author":[{"embeddable":true,"href":"https:\/\/activeluxe-cosmetics.com\/sl\/wp-json\/wp\/v2\/users\/6"}],"replies":[{"embeddable":true,"href":"https:\/\/activeluxe-cosmetics.com\/sl\/wp-json\/wp\/v2\/comments?post=80919"}],"version-history":[{"count":47,"href":"https:\/\/activeluxe-cosmetics.com\/sl\/wp-json\/wp\/v2\/pages\/80919\/revisions"}],"predecessor-version":[{"id":104348,"href":"https:\/\/activeluxe-cosmetics.com\/sl\/wp-json\/wp\/v2\/pages\/80919\/revisions\/104348"}],"wp:attachment":[{"href":"https:\/\/activeluxe-cosmetics.com\/sl\/wp-json\/wp\/v2\/media?parent=80919"}],"curies":[{"name":"wp","href":"https:\/\/api.w.org\/{rel}","templated":true}]}}