{"id":83279,"date":"2024-09-04T12:30:18","date_gmt":"2024-09-04T10:30:18","guid":{"rendered":"https:\/\/activeluxe-cosmetics.com\/rs\/?post_type=product&#038;p=83279"},"modified":"2026-04-01T10:02:58","modified_gmt":"2026-04-01T08:02:58","slug":"20-popusta-serum-za-rast-trepavica-i-serum-za-rast-obrva","status":"publish","type":"product","link":"https:\/\/activeluxe-cosmetics.com\/rs\/izdelek\/20-popusta-serum-za-rast-trepavica-i-serum-za-rast-obrva\/","title":{"rendered":"20% popusta: serum za rast trepavica i serum za rast obrva"},"content":{"rendered":"<p><img loading=\"lazy\" decoding=\"async\" class=\"wp-image-83418 alignright\" src=\"https:\/\/activeluxe-cosmetics.com\/hr\/wp-content\/uploads\/2024\/05\/Izdelek-brez-naslova-1-1-768x960-1-460x575.png\" alt=\"\" width=\"419\" height=\"524\" \/><\/p>\n<h2><span data-sheets-root=\"1\" data-sheets-value=\"{&quot;1&quot;:2,&quot;2&quot;:&quot;Serum za prirodne trepavice dokle god pogled se\u017ee&quot;}\" data-sheets-userformat=\"{&quot;2&quot;:897,&quot;3&quot;:{&quot;1&quot;:0},&quot;10&quot;:0,&quot;11&quot;:4,&quot;12&quot;:0}\">Serum za prirodne trepavice\u00a0<strong>dokle god pogled se\u017ee<\/strong><\/span><\/h2>\n<p><span data-sheets-root=\"1\" data-sheets-value=\"{&quot;1&quot;:2,&quot;2&quot;:&quot;Iza Active Luxe Lash seruma stoje prave \u017eene, ba\u0161 kao i vi - zato ova jedinstvena formula za pobolj\u0161anje prirodnih trepavica sadr\u017ei samo pa\u017eljivo odabrane, testirane, bezbedne i efikasne sastojke.\\r\\n&quot;}\" data-sheets-userformat=\"{&quot;2&quot;:897,&quot;3&quot;:{&quot;1&quot;:0},&quot;10&quot;:0,&quot;11&quot;:4,&quot;12&quot;:0}\">Iza Active Luxe Lash seruma stoje prave \u017eene, ba\u0161 kao i vi \u2013 zato ova jedinstvena formula za pobolj\u0161anje prirodnih trepavica sadr\u017ei samo pa\u017eljivo odabrane, testirane, bezbedne i efikasne sastojke.<br \/>\n<\/span><\/p>\n<p><span data-sheets-root=\"1\" data-sheets-value=\"{&quot;1&quot;:2,&quot;2&quot;:&quot;Odlu\u010dili smo da sa 200.000 \u017eena podelimo tajnu luksuznih i neverovatnih prirodnih trepavica koje mogu da postanu du\u017ee i gu\u0161c\u0301e za samo nekoliko nedelja, isti\u010du\u0107i va\u0161 pogled na potpuno nov dinami\u010dan na\u010din.&quot;}\" data-sheets-userformat=\"{&quot;2&quot;:897,&quot;3&quot;:{&quot;1&quot;:0},&quot;10&quot;:0,&quot;11&quot;:4,&quot;12&quot;:0}\">Odlu\u010dili smo da sa 400.000 \u017eena podelimo tajnu luksuznih i neverovatnih prirodnih trepavica koje mogu da postanu du\u017ee i gu\u0161c\u0301e za samo nekoliko nedelja, isti\u010du\u0107i va\u0161 pogled na potpuno nov dinami\u010dan na\u010din.<\/span><\/p>\n<ul>\n<li><strong>do 50 % du\u017ee<\/strong>\u00a0za samo dve nedelje<\/li>\n<li><strong>do 100 % du\u017ee<\/strong>\u00a0i gu\u0161\u0107e trepavice nakon zavr\u0161enog tretmana<\/li>\n<li><strong>do 100% tamnije<\/strong>\u00a0i jo\u0161 efektnije trepavice<\/li>\n<li><strong>do 73 % uvijenije<\/strong>\u00a0trepavice<\/li>\n<\/ul>\n<p><a href=\"https:\/\/activeluxe-cosmetics.com\/rs\/wp-content\/uploads\/2025\/06\/merac_za_trepavice_active_luxe.pdf\"><strong data-start=\"46\" data-end=\"82\">Preuzmi svoj mera\u010d za trepavice!<\/strong><\/a><br data-start=\"82\" data-end=\"85\" \/>Uz njega lako mo\u017ee\u0161 pratiti du\u017einu svojih trepavica pre i posle kori\u0161\u0107enja seruma. Od\u0161tampaj ga, prisloni uz oko i zabele\u017ei napredak \u2013 jer svaki milimetar se ra\u010duna!<\/p>\n<h3><\/h3>\n<p>&nbsp;<\/p>\n<p>&nbsp;<\/p>\n<p><img loading=\"lazy\" decoding=\"async\" class=\"wp-image-83420 alignleft\" style=\"font-size: 14.4px;\" src=\"https:\/\/activeluxe-cosmetics.com\/hr\/wp-content\/uploads\/2024\/05\/Izdelek-brez-naslova-79-1-460x575-1.png\" alt=\"\" width=\"440\" height=\"550\" \/><\/p>\n<h2>Za\u0161to je Active Luxe Lash serum<strong>\u00a0za rast trepavica tako efikasan<\/strong>?<\/h2>\n<p><span data-sheets-root=\"1\" data-sheets-value=\"{&quot;1&quot;:2,&quot;2&quot;:&quot;U na\u0161oj laboratoriji stru\u010dnjaci iz oblasti hemije i farmacije dobili su jedinstvenu formulu sa aktivnim sastojkom koji intenzivno deluje direktno na koren folikula trepavice \u010dak iu fazi mirovanja.\\r\\nVec\u0301 u roku od 2 nedelje od po\u010detka upotrebe, serum stimuli\u0161e vidljiv rast i najtanjih retkih trepavica, spre\u010dava njihov gubitak, a prirodne trepavice postaju du\u017ee, gu\u0161c\u0301e i tamnije.&quot;}\" data-sheets-userformat=\"{&quot;2&quot;:897,&quot;3&quot;:{&quot;1&quot;:0},&quot;10&quot;:0,&quot;11&quot;:4,&quot;12&quot;:0}\">U na\u0161oj laboratoriji stru\u010dnjaci iz oblasti hemije i farmacije dobili su jedinstvenu formulu sa aktivnim sastojkom koji intenzivno deluje direktno na koren folikula trepavice \u010dak iu fazi mirovanja.<br \/>\n<\/span><\/p>\n<p><span data-sheets-root=\"1\" data-sheets-value=\"{&quot;1&quot;:2,&quot;2&quot;:&quot;U na\u0161oj laboratoriji stru\u010dnjaci iz oblasti hemije i farmacije dobili su jedinstvenu formulu sa aktivnim sastojkom koji intenzivno deluje direktno na koren folikula trepavice \u010dak iu fazi mirovanja.\\r\\nVec\u0301 u roku od 2 nedelje od po\u010detka upotrebe, serum stimuli\u0161e vidljiv rast i najtanjih retkih trepavica, spre\u010dava njihov gubitak, a prirodne trepavice postaju du\u017ee, gu\u0161c\u0301e i tamnije.&quot;}\" data-sheets-userformat=\"{&quot;2&quot;:897,&quot;3&quot;:{&quot;1&quot;:0},&quot;10&quot;:0,&quot;11&quot;:4,&quot;12&quot;:0}\">Vec\u0301 u roku od 2 nedelje od po\u010detka upotrebe, serum stimuli\u0161e vidljiv rast i najtanjih retkih trepavica, spre\u010dava njihov gubitak, a prirodne trepavice postaju du\u017ee, gu\u0161c\u0301e i tamnije.<\/span><\/p>\n<p class=\"tw-data-text tw-text-large tw-ta\" dir=\"ltr\" data-placeholder=\"Translation\" aria-label=\"Translated text\" data-ved=\"2ahUKEwi-3MPSjv6FAxVKR_EDHcVfBmEQ3ewLegQIBRAU\"><span class=\"Y2IQFc\" lang=\"hr\">Trepavice svoju maksimalnu du\u017einu posti\u017eu nakon dva meseca redovne upotrebe (nano\u0161enje jednom dnevno). Active Lash serum je klini\u010dki testiran, stoga je pogodan i za <strong>najosjetljivije<\/strong> <strong>o\u010di<\/strong>. Proizvod je veganski, potpuno siguran i ne iritira o\u010di. <\/span><\/p>\n<p class=\"tw-data-text tw-text-large tw-ta\" dir=\"ltr\" data-placeholder=\"Translation\" aria-label=\"Translated text\" data-ved=\"2ahUKEwi-3MPSjv6FAxVKR_EDHcVfBmEQ3ewLegQIBRAU\"><span class=\"Y2IQFc\" lang=\"hr\">Klini\u010dko istra\u017eivanje je potvrdio nezavisni slovena\u010dki oftalmolog <strong>dr<\/strong>. <strong>Beltram<\/strong>, koji je potvrdio da je serum za rast trepavica 100% efikasan i siguran \u010dak i za osjetljive o\u010di. Jedini je originalni serum za rast trepavica na na\u0161em tr\u017ei\u0161tu, zbog \u010dega je sigurno izra\u0111en od <strong>proverenih<\/strong> i <strong>sigurnih<\/strong> <strong>sastojaka<\/strong><\/span><\/p>\n<h2 style=\"clear: both;\"><\/h2>\n<p><img loading=\"lazy\" decoding=\"async\" class=\"wp-image-83421 alignright\" src=\"https:\/\/activeluxe-cosmetics.com\/hr\/wp-content\/uploads\/2024\/05\/Izdelek-brez-naslova-2024-04-10T130631.587-1-460x575-1.png\" alt=\"\" width=\"391\" height=\"489\" \/><\/p>\n<h2><span data-sheets-root=\"1\" data-sheets-value=\"{&quot;1&quot;:2,&quot;2&quot;:&quot;Spre\u010dite opadanje svojih prirodnih trepavica!&quot;}\" data-sheets-userformat=\"{&quot;2&quot;:897,&quot;3&quot;:{&quot;1&quot;:0},&quot;10&quot;:0,&quot;11&quot;:4,&quot;12&quot;:0}\"><strong>Spre\u010dite opadanje<\/strong>\u00a0svojih prirodnih trepavica!<\/span><\/h2>\n<p><span data-sheets-root=\"1\" data-sheets-value=\"{&quot;1&quot;:2,&quot;2&quot;:&quot;Svaka trepavica na va\u0161em kapku ima svoj \u017eivotni ciklus, koji zavisi od gustine, du\u017eine i punoc\u0301e cele trepavice. Ovaj ciklus se sastoji od 3 faze: anagene, katagene i telogene faze.\\r\\n&quot;}\" data-sheets-userformat=\"{&quot;2&quot;:897,&quot;3&quot;:{&quot;1&quot;:0},&quot;10&quot;:0,&quot;11&quot;:4,&quot;12&quot;:0}\">Svaka trepavica na va\u0161em kapku ima svoj \u017eivotni ciklus, koji zavisi od gustine, du\u017eine i punoc\u0301e cele trepavice. Ovaj ciklus se sastoji od 3 faze: anagene, katagene i telogene faze.<br \/>\n<\/span><\/p>\n<ul>\n<li><span data-sheets-root=\"1\" data-sheets-value=\"{&quot;1&quot;:2,&quot;2&quot;:&quot;1. Anagen faza ili faza rasta je najva\u017eniji deo ciklusa, jer u njoj trepavica raste, folikul lu\u010di melanin, trepavica je jaka i \u010dvrsta. Kod trepavica ova faza traje 2-5 meseci (za razliku od dlake koja traje 2-5 godina).&quot;}\" data-sheets-userformat=\"{&quot;2&quot;:897,&quot;3&quot;:{&quot;1&quot;:0},&quot;10&quot;:0,&quot;11&quot;:4,&quot;12&quot;:0}\"><strong>Anagen<\/strong>\u00a0<strong>faza<\/strong>\u00a0ili\u00a0<strong>faza<\/strong>\u00a0<strong>rasta<\/strong>\u00a0je najva\u017eniji deo ciklusa, jer u njoj trepavica raste, folikul lu\u010di melanin, trepavica je jaka i \u010dvrsta. Kod trepavica ova faza traje 2-5 meseci (za razliku od dlake koja traje 2-5 godina).<\/span><\/li>\n<li><span data-sheets-root=\"1\" data-sheets-value=\"{&quot;1&quot;:2,&quot;2&quot;:&quot;2. Faza katagena ili faza mirovanja ozna\u010dava kraj rasta trepavica. Folikul dlake po\u010dinje da propada, a sa njim i trepavica. Faza mirovanja je veoma kratka i traje oko 2 nedelje.\\r&quot;}\" data-sheets-userformat=\"{&quot;2&quot;:897,&quot;3&quot;:{&quot;1&quot;:0},&quot;10&quot;:0,&quot;11&quot;:4,&quot;12&quot;:0}\"><strong>Faza katagena<\/strong>\u00a0ili\u00a0<strong>faza mirovanja<\/strong>\u00a0ozna\u010dava kraj rasta trepavica. Folikul dlake po\u010dinje da propada, a sa njim i trepavica. Faza mirovanja je veoma kratka i traje oko 2 nedelje.<\/span><\/li>\n<li><span data-sheets-root=\"1\" data-sheets-value=\"{&quot;1&quot;:2,&quot;2&quot;:&quot;3. Faza telogena ili faza opadanja ozna\u010dava opadanje trepavica. Ova faza traje od 4 do 9 meseci. Vi\u0161e od polovine trepavica je u ovoj fazi u odre\u0111enom trenutku.\\n&quot;}\" data-sheets-userformat=\"{&quot;2&quot;:897,&quot;3&quot;:{&quot;1&quot;:0},&quot;10&quot;:0,&quot;11&quot;:4,&quot;12&quot;:0}\"><strong>Faza telogena<\/strong>\u00a0ili\u00a0<strong>faza opadanja<\/strong>\u00a0ozna\u010dava opadanje trepavica. Ova faza traje od 4 do 9 meseci. Vi\u0161e od polovine trepavica je u ovoj fazi u odre\u0111enom trenutku.<br \/>\n<\/span><\/li>\n<\/ul>\n<p><span data-sheets-root=\"1\" data-sheets-value=\"{&quot;1&quot;:2,&quot;2&quot;:&quot;Active Luxe Lash ja\u010da trepavice u anagenoj fazi, \u010dinec\u0301i ih ja\u010dim, otpornijim i trepavicama pru\u017ea du\u017ei vek trajanja! \\r\\n&quot;}\" data-sheets-userformat=\"{&quot;2&quot;:897,&quot;3&quot;:{&quot;1&quot;:0},&quot;10&quot;:0,&quot;11&quot;:4,&quot;12&quot;:0}\">Serum za trepavice ja\u010da trepavice u anagenoj fazi, \u010dinec\u0301i ih ja\u010dim, otpornijim i trepavicama pru\u017ea du\u017ei vek trajanja!<\/span><\/p>\n<h4><\/h4>\n<p>&nbsp;<\/p>\n<p>&nbsp;<\/p>\n<p><img loading=\"lazy\" decoding=\"async\" class=\"wp-image-83422 alignleft\" style=\"font-size: 14.4px;\" src=\"https:\/\/activeluxe-cosmetics.com\/hr\/wp-content\/uploads\/2024\/05\/Izdelek-brez-naslova-2024-04-05T112435.876-1-768x960-1-460x575.png\" alt=\"\" width=\"441\" height=\"551\" \/><\/p>\n<h2>Ako ti obrve vi\u0161e ne rastu, postoji\u00a0<strong>re\u0161enje<\/strong>!<\/h2>\n<p class=\"tw-data-text tw-text-large tw-ta\" dir=\"ltr\" data-placeholder=\"Translation\" aria-label=\"Translated text\" data-ved=\"2ahUKEwi-3MPSjv6FAxVKR_EDHcVfBmEQ3ewLegQIBRAU\"><span class=\"Y2IQFc\" lang=\"hr\">\u200b<\/span><span class=\"Y2IQFc\" lang=\"hr\">Ovo je kraj dugotrajnom\u00a0<strong>iscrtavanju<\/strong>\u00a0obrva kod ku\u0107e ili\u00a0<strong>skupom<\/strong>\u00a0<strong>iscrtavanju<\/strong>\u00a0u kozmeti\u010dkim salonima!<\/span><\/p>\n<p class=\"tw-data-text tw-text-large tw-ta\" dir=\"ltr\" data-placeholder=\"Translation\" aria-label=\"Translated text\" data-ved=\"2ahUKEwi-3MPSjv6FAxVKR_EDHcVfBmEQ3ewLegQIBRAU\"><span class=\"Y2IQFc\" lang=\"hr\">Ako ste obrve previ\u0161e \u010dupali i one jednostavno vi\u0161e ne rastu, aktivni sastojci\u00a0<strong>Active Luxe Brow seruma<\/strong> pospe\u0161i\u0107e njihov rast i kona\u010dno eliminisati asimetri\u010dne, retke i tanke obrve.<\/span><\/p>\n<p class=\"tw-data-text tw-text-large tw-ta\" dir=\"ltr\" data-placeholder=\"Translation\" aria-label=\"Translated text\" data-ved=\"2ahUKEwi-3MPSjv6FAxVKR_EDHcVfBmEQ3ewLegQIBRAU\"><span class=\"Y2IQFc\" lang=\"hr\"><strong>Aktivni<\/strong>\u00a0<strong>sastojci<\/strong>\u00a0Active Brow seruma\u00a0<strong>neguju<\/strong> va\u0161e obrve, ja\u010daju ih, potsti\u010du rast \u010dak i na mestima gde ste ih \u010dupali i tako poma\u017eu u <strong>ispravljanju<\/strong>\u00a0<strong>nepravilnosti<\/strong>\u00a0dosada\u0161njeg asimetri\u010dnog oblikovanja obrva.<\/span><\/p>\n<ul>\n<li class=\"tw-data-text tw-text-large tw-ta\" dir=\"ltr\" data-placeholder=\"Translation\" aria-label=\"Translated text\" data-ved=\"2ahUKEwi-3MPSjv6FAxVKR_EDHcVfBmEQ3ewLegQIBRAU\"><span class=\"Y2IQFc\" lang=\"hr\">Koncentrisana formula koja <strong>klini\u010dki dokazano<\/strong> podsti\u010de rast obrva<\/span><\/li>\n<li class=\"tw-data-text tw-text-large tw-ta\" dir=\"ltr\" data-placeholder=\"Translation\" aria-label=\"Translated text\" data-ved=\"2ahUKEwi-3MPSjv6FAxVKR_EDHcVfBmEQ3ewLegQIBRAU\"><span class=\"Y2IQFc\" lang=\"hr\">Obrve\u00a0<strong>po\u010dinju<\/strong>\u00a0<strong>rasti<\/strong> i na mestima gde vi\u0161e ne rastu zbog preteranog \u010dupanja<\/span><\/li>\n<li class=\"tw-data-text tw-text-large tw-ta\" dir=\"ltr\" data-placeholder=\"Translation\" aria-label=\"Translated text\" data-ved=\"2ahUKEwi-3MPSjv6FAxVKR_EDHcVfBmEQ3ewLegQIBRAU\"><span class=\"Y2IQFc\" lang=\"hr\"><strong>Potsti\u010de<\/strong>\u00a0<strong>rast<\/strong>\u00a0<strong>obrva<\/strong>, ja\u010da, zgu\u0161njava i neguje ih za samo dve nedelje<\/span><\/li>\n<li class=\"tw-data-text tw-text-large tw-ta\" dir=\"ltr\" data-placeholder=\"Translation\" aria-label=\"Translated text\" data-ved=\"2ahUKEwi-3MPSjv6FAxVKR_EDHcVfBmEQ3ewLegQIBRAU\"><span class=\"Y2IQFc\" lang=\"hr\">Deluje za samo \u010detri nedelje<strong>,<\/strong> a dovoljna je samo jedna aplikacija pre spavanja.<\/span><\/li>\n<\/ul>\n<h2 style=\"clear: both;\"><\/h2>\n<h4><\/h4>\n<h4><span data-sheets-root=\"1\" data-sheets-value=\"{&quot;1&quot;:2,&quot;2&quot;:&quot;\u201ePotvrdili smo jasanu efikasnost kozmeti\u010dkog proizvoda Active-Luxe Lash na rast trepavica. U studijskoj grupi du\u017eina trepavica je povec\u0301ana za 2,6 mm (39%). Razlika u povec\u0301anju du\u017eine trepavica se primeti vec\u0301 nakon dve nedelje redovnog kori\u0161\u0107enja. Maksimalni rast je postignut kod jedne od volonterki, i to za 2 nedelje du\u017eina trepavica se povec\u0301ala za \u010dak 50%, a nakon 13 nedelja \u010dak za 100%. \\&quot;\\n&quot;}\" data-sheets-userformat=\"{&quot;2&quot;:897,&quot;3&quot;:{&quot;1&quot;:0},&quot;10&quot;:0,&quot;11&quot;:4,&quot;12&quot;:0}\">\u201ePotvrdili smo jasanu efikasnost kozmeti\u010dkog proizvoda Active-Luxe Lash na rast trepavica. U studijskoj grupi du\u017eina trepavica je povec\u0301ana za 2,6 mm (39%). Razlika u povec\u0301anju du\u017eine trepavica se primeti vec\u0301 nakon dve nedelje redovnog kori\u0161\u0107enja. Maksimalni rast je postignut kod jedne od volonterki, i to za 2 nedelje du\u017eina trepavica se povec\u0301ala za \u010dak 50%, a nakon 13 nedelja \u010dak za 100%. \u201d<br \/>\n<\/span><\/h4>\n<div>\n<p><img loading=\"lazy\" decoding=\"async\" class=\"size-full wp-image-72610\" src=\"https:\/\/activeluxe-cosmetics.com\/rs\/wp-content\/uploads\/2024\/01\/Mask-group-1.png\" alt=\"\" width=\"83\" height=\"83\" \/><span data-sheets-root=\"1\" data-sheets-value=\"{&quot;1&quot;:2,&quot;2&quot;:&quot;Oftalmolog dr Beltram je u svom nezavisnom klini\u010dkom istra\u017eivanju dokazao da je serum efikasan.&quot;}\" data-sheets-userformat=\"{&quot;2&quot;:897,&quot;3&quot;:{&quot;1&quot;:0},&quot;10&quot;:0,&quot;11&quot;:4,&quot;12&quot;:0}\">Oftalmolog dr Beltram je u svom nezavisnom klini\u010dkom istra\u017eivanju dokazao da je serum efikasan.<\/span><\/p>\n<\/div>\n","protected":false},"excerpt":{"rendered":"<p>Za du\u017ee trepavice i gu\u0161\u0107e obrve za samo nekoliko nedelja.<\/p>\n","protected":false},"featured_media":83639,"comment_status":"open","ping_status":"closed","template":"","meta":[],"product_brand":[],"product_cat":[52,56,48],"product_tag":[],"class_list":{"0":"post-83279","1":"product","2":"type-product","3":"status-publish","4":"has-post-thumbnail","6":"product_cat-obrve","7":"product_cat-posebna-ponudba","8":"product_cat-trepavice","10":"first","11":"instock","12":"sale","13":"taxable","14":"shipping-taxable","15":"purchasable","16":"product-type-simple"},"bundled_by":[],"bundle_stock_status":"instock","bundle_stock_quantity":null,"bundle_virtual":false,"bundle_layout":"","bundle_add_to_cart_form_location":"","bundle_editable_in_cart":false,"bundle_sold_individually_context":"","bundle_item_grouping":"","bundle_min_size":"","bundle_max_size":"","bundled_items":[],"acf":[],"yoast_head":"<!-- This site is optimized with the Yoast SEO plugin v26.5 - https:\/\/yoast.com\/wordpress\/plugins\/seo\/ -->\n<title>Serum za rast trepavica i obrva - Active Luxe Cosmetics<\/title>\n<meta name=\"description\" content=\"Klini\u010dki testiran Active Luxe serum za rast trepavica odu\u0161evljava \u010dak 200 000 korisnica u Evropi\ud83d\udc97. Za du\u017ee prirodne trepavice za dve nedelje. Pogledaj vi\u0161e\" \/>\n<meta name=\"robots\" content=\"index, follow, max-snippet:-1, max-image-preview:large, max-video-preview:-1\" \/>\n<link rel=\"canonical\" href=\"https:\/\/activeluxe-cosmetics.com\/rs\/izdelek\/20-popusta-serum-za-rast-trepavica-i-serum-za-rast-obrva\/\" \/>\n<meta property=\"og:locale\" content=\"hr_HR\" \/>\n<meta property=\"og:type\" content=\"article\" \/>\n<meta property=\"og:title\" content=\"Serum za rast trepavica i obrva - Active Luxe Cosmetics\" \/>\n<meta property=\"og:description\" content=\"Klini\u010dki testiran Active Luxe serum za rast trepavica odu\u0161evljava \u010dak 200 000 korisnica u Evropi\ud83d\udc97. Za du\u017ee prirodne trepavice za dve nedelje. Pogledaj vi\u0161e\" \/>\n<meta property=\"og:url\" content=\"https:\/\/activeluxe-cosmetics.com\/rs\/izdelek\/20-popusta-serum-za-rast-trepavica-i-serum-za-rast-obrva\/\" \/>\n<meta property=\"og:site_name\" content=\"Active Luxe Cosmetics\" \/>\n<meta property=\"article:modified_time\" content=\"2026-04-01T08:02:58+00:00\" \/>\n<meta property=\"og:image\" content=\"https:\/\/activeluxe-cosmetics.com\/rs\/wp-content\/uploads\/2024\/09\/11_Serum-za-rast-trepalnic-serum-za-rast-obrva-2-1.jpg\" \/>\n\t<meta property=\"og:image:width\" content=\"1104\" \/>\n\t<meta property=\"og:image:height\" content=\"1326\" \/>\n\t<meta property=\"og:image:type\" content=\"image\/jpeg\" \/>\n<meta name=\"twitter:card\" content=\"summary_large_image\" \/>\n<meta name=\"twitter:label1\" content=\"Procijenjeno vrijeme \u010ditanja\" \/>\n\t<meta name=\"twitter:data1\" content=\"5 minuta\" \/>\n<script type=\"application\/ld+json\" class=\"yoast-schema-graph\">{\"@context\":\"https:\/\/schema.org\",\"@graph\":[{\"@type\":\"WebPage\",\"@id\":\"https:\/\/activeluxe-cosmetics.com\/rs\/izdelek\/20-popusta-serum-za-rast-trepavica-i-serum-za-rast-obrva\/\",\"url\":\"https:\/\/activeluxe-cosmetics.com\/rs\/izdelek\/20-popusta-serum-za-rast-trepavica-i-serum-za-rast-obrva\/\",\"name\":\"Serum za rast trepavica i obrva - Active Luxe Cosmetics\",\"isPartOf\":{\"@id\":\"https:\/\/activeluxe-cosmetics.com\/rs\/#website\"},\"primaryImageOfPage\":{\"@id\":\"https:\/\/activeluxe-cosmetics.com\/rs\/izdelek\/20-popusta-serum-za-rast-trepavica-i-serum-za-rast-obrva\/#primaryimage\"},\"image\":{\"@id\":\"https:\/\/activeluxe-cosmetics.com\/rs\/izdelek\/20-popusta-serum-za-rast-trepavica-i-serum-za-rast-obrva\/#primaryimage\"},\"thumbnailUrl\":\"https:\/\/activeluxe-cosmetics.com\/rs\/wp-content\/uploads\/2024\/09\/11_Serum-za-rast-trepalnic-serum-za-rast-obrva-2-1.jpg\",\"datePublished\":\"2024-09-04T10:30:18+00:00\",\"dateModified\":\"2026-04-01T08:02:58+00:00\",\"description\":\"Klini\u010dki testiran Active Luxe serum za rast trepavica odu\u0161evljava \u010dak 200 000 korisnica u Evropi\ud83d\udc97. Za du\u017ee prirodne trepavice za dve nedelje. Pogledaj vi\u0161e\",\"breadcrumb\":{\"@id\":\"https:\/\/activeluxe-cosmetics.com\/rs\/izdelek\/20-popusta-serum-za-rast-trepavica-i-serum-za-rast-obrva\/#breadcrumb\"},\"inLanguage\":\"hr\",\"potentialAction\":[{\"@type\":\"ReadAction\",\"target\":[\"https:\/\/activeluxe-cosmetics.com\/rs\/izdelek\/20-popusta-serum-za-rast-trepavica-i-serum-za-rast-obrva\/\"]}]},{\"@type\":\"ImageObject\",\"inLanguage\":\"hr\",\"@id\":\"https:\/\/activeluxe-cosmetics.com\/rs\/izdelek\/20-popusta-serum-za-rast-trepavica-i-serum-za-rast-obrva\/#primaryimage\",\"url\":\"https:\/\/activeluxe-cosmetics.com\/rs\/wp-content\/uploads\/2024\/09\/11_Serum-za-rast-trepalnic-serum-za-rast-obrva-2-1.jpg\",\"contentUrl\":\"https:\/\/activeluxe-cosmetics.com\/rs\/wp-content\/uploads\/2024\/09\/11_Serum-za-rast-trepalnic-serum-za-rast-obrva-2-1.jpg\",\"width\":1104,\"height\":1326},{\"@type\":\"BreadcrumbList\",\"@id\":\"https:\/\/activeluxe-cosmetics.com\/rs\/izdelek\/20-popusta-serum-za-rast-trepavica-i-serum-za-rast-obrva\/#breadcrumb\",\"itemListElement\":[{\"@type\":\"ListItem\",\"position\":1,\"name\":\"Naslovnica\",\"item\":\"https:\/\/activeluxe-cosmetics.com\/rs\/\"},{\"@type\":\"ListItem\",\"position\":2,\"name\":\"Trgovina\",\"item\":\"https:\/\/activeluxe-cosmetics.com\/rs\/trgovina\/\"},{\"@type\":\"ListItem\",\"position\":3,\"name\":\"20% popusta: serum za rast trepavica i serum za rast obrva\"}]},{\"@type\":\"WebSite\",\"@id\":\"https:\/\/activeluxe-cosmetics.com\/rs\/#website\",\"url\":\"https:\/\/activeluxe-cosmetics.com\/rs\/\",\"name\":\"Active Luxe Cosmetics\",\"description\":\"\",\"potentialAction\":[{\"@type\":\"SearchAction\",\"target\":{\"@type\":\"EntryPoint\",\"urlTemplate\":\"https:\/\/activeluxe-cosmetics.com\/rs\/?s={search_term_string}\"},\"query-input\":{\"@type\":\"PropertyValueSpecification\",\"valueRequired\":true,\"valueName\":\"search_term_string\"}}],\"inLanguage\":\"hr\"}]}<\/script>\n<!-- \/ Yoast SEO plugin. -->","yoast_head_json":{"title":"Serum za rast trepavica i obrva - Active Luxe Cosmetics","description":"Klini\u010dki testiran Active Luxe serum za rast trepavica odu\u0161evljava \u010dak 200 000 korisnica u Evropi\ud83d\udc97. Za du\u017ee prirodne trepavice za dve nedelje. Pogledaj vi\u0161e","robots":{"index":"index","follow":"follow","max-snippet":"max-snippet:-1","max-image-preview":"max-image-preview:large","max-video-preview":"max-video-preview:-1"},"canonical":"https:\/\/activeluxe-cosmetics.com\/rs\/izdelek\/20-popusta-serum-za-rast-trepavica-i-serum-za-rast-obrva\/","og_locale":"hr_HR","og_type":"article","og_title":"Serum za rast trepavica i obrva - Active Luxe Cosmetics","og_description":"Klini\u010dki testiran Active Luxe serum za rast trepavica odu\u0161evljava \u010dak 200 000 korisnica u Evropi\ud83d\udc97. Za du\u017ee prirodne trepavice za dve nedelje. Pogledaj vi\u0161e","og_url":"https:\/\/activeluxe-cosmetics.com\/rs\/izdelek\/20-popusta-serum-za-rast-trepavica-i-serum-za-rast-obrva\/","og_site_name":"Active Luxe Cosmetics","article_modified_time":"2026-04-01T08:02:58+00:00","og_image":[{"width":1104,"height":1326,"url":"https:\/\/activeluxe-cosmetics.com\/rs\/wp-content\/uploads\/2024\/09\/11_Serum-za-rast-trepalnic-serum-za-rast-obrva-2-1.jpg","type":"image\/jpeg"}],"twitter_card":"summary_large_image","twitter_misc":{"Procijenjeno vrijeme \u010ditanja":"5 minuta"},"schema":{"@context":"https:\/\/schema.org","@graph":[{"@type":"WebPage","@id":"https:\/\/activeluxe-cosmetics.com\/rs\/izdelek\/20-popusta-serum-za-rast-trepavica-i-serum-za-rast-obrva\/","url":"https:\/\/activeluxe-cosmetics.com\/rs\/izdelek\/20-popusta-serum-za-rast-trepavica-i-serum-za-rast-obrva\/","name":"Serum za rast trepavica i obrva - Active Luxe Cosmetics","isPartOf":{"@id":"https:\/\/activeluxe-cosmetics.com\/rs\/#website"},"primaryImageOfPage":{"@id":"https:\/\/activeluxe-cosmetics.com\/rs\/izdelek\/20-popusta-serum-za-rast-trepavica-i-serum-za-rast-obrva\/#primaryimage"},"image":{"@id":"https:\/\/activeluxe-cosmetics.com\/rs\/izdelek\/20-popusta-serum-za-rast-trepavica-i-serum-za-rast-obrva\/#primaryimage"},"thumbnailUrl":"https:\/\/activeluxe-cosmetics.com\/rs\/wp-content\/uploads\/2024\/09\/11_Serum-za-rast-trepalnic-serum-za-rast-obrva-2-1.jpg","datePublished":"2024-09-04T10:30:18+00:00","dateModified":"2026-04-01T08:02:58+00:00","description":"Klini\u010dki testiran Active Luxe serum za rast trepavica odu\u0161evljava \u010dak 200 000 korisnica u Evropi\ud83d\udc97. Za du\u017ee prirodne trepavice za dve nedelje. Pogledaj vi\u0161e","breadcrumb":{"@id":"https:\/\/activeluxe-cosmetics.com\/rs\/izdelek\/20-popusta-serum-za-rast-trepavica-i-serum-za-rast-obrva\/#breadcrumb"},"inLanguage":"hr","potentialAction":[{"@type":"ReadAction","target":["https:\/\/activeluxe-cosmetics.com\/rs\/izdelek\/20-popusta-serum-za-rast-trepavica-i-serum-za-rast-obrva\/"]}]},{"@type":"ImageObject","inLanguage":"hr","@id":"https:\/\/activeluxe-cosmetics.com\/rs\/izdelek\/20-popusta-serum-za-rast-trepavica-i-serum-za-rast-obrva\/#primaryimage","url":"https:\/\/activeluxe-cosmetics.com\/rs\/wp-content\/uploads\/2024\/09\/11_Serum-za-rast-trepalnic-serum-za-rast-obrva-2-1.jpg","contentUrl":"https:\/\/activeluxe-cosmetics.com\/rs\/wp-content\/uploads\/2024\/09\/11_Serum-za-rast-trepalnic-serum-za-rast-obrva-2-1.jpg","width":1104,"height":1326},{"@type":"BreadcrumbList","@id":"https:\/\/activeluxe-cosmetics.com\/rs\/izdelek\/20-popusta-serum-za-rast-trepavica-i-serum-za-rast-obrva\/#breadcrumb","itemListElement":[{"@type":"ListItem","position":1,"name":"Naslovnica","item":"https:\/\/activeluxe-cosmetics.com\/rs\/"},{"@type":"ListItem","position":2,"name":"Trgovina","item":"https:\/\/activeluxe-cosmetics.com\/rs\/trgovina\/"},{"@type":"ListItem","position":3,"name":"20% popusta: serum za rast trepavica i serum za rast obrva"}]},{"@type":"WebSite","@id":"https:\/\/activeluxe-cosmetics.com\/rs\/#website","url":"https:\/\/activeluxe-cosmetics.com\/rs\/","name":"Active Luxe Cosmetics","description":"","potentialAction":[{"@type":"SearchAction","target":{"@type":"EntryPoint","urlTemplate":"https:\/\/activeluxe-cosmetics.com\/rs\/?s={search_term_string}"},"query-input":{"@type":"PropertyValueSpecification","valueRequired":true,"valueName":"search_term_string"}}],"inLanguage":"hr"}]}},"_links":{"self":[{"href":"https:\/\/activeluxe-cosmetics.com\/rs\/wp-json\/wp\/v2\/product\/83279","targetHints":{"allow":["GET"]}}],"collection":[{"href":"https:\/\/activeluxe-cosmetics.com\/rs\/wp-json\/wp\/v2\/product"}],"about":[{"href":"https:\/\/activeluxe-cosmetics.com\/rs\/wp-json\/wp\/v2\/types\/product"}],"replies":[{"embeddable":true,"href":"https:\/\/activeluxe-cosmetics.com\/rs\/wp-json\/wp\/v2\/comments?post=83279"}],"wp:featuredmedia":[{"embeddable":true,"href":"https:\/\/activeluxe-cosmetics.com\/rs\/wp-json\/wp\/v2\/media\/83639"}],"wp:attachment":[{"href":"https:\/\/activeluxe-cosmetics.com\/rs\/wp-json\/wp\/v2\/media?parent=83279"}],"wp:term":[{"taxonomy":"product_brand","embeddable":true,"href":"https:\/\/activeluxe-cosmetics.com\/rs\/wp-json\/wp\/v2\/product_brand?post=83279"},{"taxonomy":"product_cat","embeddable":true,"href":"https:\/\/activeluxe-cosmetics.com\/rs\/wp-json\/wp\/v2\/product_cat?post=83279"},{"taxonomy":"product_tag","embeddable":true,"href":"https:\/\/activeluxe-cosmetics.com\/rs\/wp-json\/wp\/v2\/product_tag?post=83279"}],"curies":[{"name":"wp","href":"https:\/\/api.w.org\/{rel}","templated":true}]}}