{"id":72188,"date":"2024-01-10T15:17:54","date_gmt":"2024-01-10T14:17:54","guid":{"rendered":"https:\/\/activeluxe-cosmetics.com\/rs\/?post_type=product&#038;p=72188"},"modified":"2026-03-31T09:28:44","modified_gmt":"2026-03-31T07:28:44","slug":"serum-za-prirodni-rast-obrva","status":"publish","type":"product","link":"https:\/\/activeluxe-cosmetics.com\/rs\/izdelek\/serum-za-prirodni-rast-obrva\/","title":{"rendered":"Serum za rast obrva"},"content":{"rendered":"<p><img loading=\"lazy\" decoding=\"async\" class=\" wp-image-85705 alignright\" src=\"https:\/\/activeluxe-cosmetics.com\/rs\/wp-content\/uploads\/2024\/01\/brow-serum-460x575.png\" alt=\"\" width=\"374\" height=\"468\" srcset=\"https:\/\/activeluxe-cosmetics.com\/rs\/wp-content\/uploads\/2024\/01\/brow-serum-460x575.png 460w, https:\/\/activeluxe-cosmetics.com\/rs\/wp-content\/uploads\/2024\/01\/brow-serum-819x1024.png 819w, https:\/\/activeluxe-cosmetics.com\/rs\/wp-content\/uploads\/2024\/01\/brow-serum-768x960.png 768w, https:\/\/activeluxe-cosmetics.com\/rs\/wp-content\/uploads\/2024\/01\/brow-serum-600x750.png 600w, https:\/\/activeluxe-cosmetics.com\/rs\/wp-content\/uploads\/2024\/01\/brow-serum.png 1080w\" sizes=\"auto, (max-width: 374px) 100vw, 374px\" \/><\/p>\n<h2><span data-sheets-root=\"1\" data-sheets-value=\"{&quot;1&quot;:2,&quot;2&quot;:&quot;Serum za rast obrva koji isti\u010de va\u0161 pogled&quot;}\" data-sheets-userformat=\"{&quot;2&quot;:897,&quot;3&quot;:{&quot;1&quot;:0},&quot;10&quot;:0,&quot;11&quot;:4,&quot;12&quot;:0}\"><strong>Serum za rast obrva<\/strong> koji isti\u010de va\u0161 pogled<\/span><\/h2>\n<p><span data-sheets-root=\"1\" data-sheets-value=\"{&quot;1&quot;:2,&quot;2&quot;:&quot;Da li ste nezadovoljni oblikom obrva? Imate li tanke, previ\u0161e svetle, previ\u0161e oblikovane ili premalo vidljive obrve? Recite ne mukotrpnom iscrtavanju obrva i koristite Acitve luxe serum za prirodan rast i negu obrva.&quot;}\" data-sheets-userformat=\"{&quot;2&quot;:897,&quot;3&quot;:{&quot;1&quot;:0},&quot;10&quot;:0,&quot;11&quot;:4,&quot;12&quot;:0}\">Da li ste nezadovoljni oblikom obrva? Imate li tanke, previ\u0161e svetle, previ\u0161e oblikovane ili premalo vidljive obrve? Recite ne mukotrpnom iscrtavanju obrva i koristite Acitve luxe serum za prirodan rast i negu obrva.<\/span><\/p>\n<ul>\n<li><span data-sheets-root=\"1\" data-sheets-value=\"{&quot;1&quot;:2,&quot;2&quot;:&quot;Potsti\u010de rast prirodnih obrva.&quot;}\" data-sheets-userformat=\"{&quot;2&quot;:897,&quot;3&quot;:{&quot;1&quot;:0},&quot;10&quot;:0,&quot;11&quot;:4,&quot;12&quot;:0}\">Potsti\u010de rast <strong>prirodnih<\/strong> <strong>obrva<\/strong>.<\/span><\/li>\n<li><span data-sheets-root=\"1\" data-sheets-value=\"{&quot;1&quot;:2,&quot;2&quot;:&quot;Ja\u010da slabe obrve&quot;}\" data-sheets-userformat=\"{&quot;2&quot;:4993,&quot;3&quot;:{&quot;1&quot;:0},&quot;10&quot;:0,&quot;11&quot;:4,&quot;12&quot;:0,&quot;15&quot;:&quot;Arial&quot;}\"><strong>Ja\u010da<\/strong> slabe obrve<\/span><\/li>\n<li><span data-sheets-root=\"1\" data-sheets-value=\"{&quot;1&quot;:2,&quot;2&quot;:&quot;Spre\u010dava lomljenje i opadanje obrva.&quot;}\" data-sheets-userformat=\"{&quot;2&quot;:897,&quot;3&quot;:{&quot;1&quot;:0},&quot;10&quot;:0,&quot;11&quot;:4,&quot;12&quot;:0}\"><strong>Spre\u010dava<\/strong> lomljenje i opadanje obrva.<\/span><\/li>\n<li><span data-sheets-root=\"1\" data-sheets-value=\"{&quot;1&quot;:2,&quot;2&quot;:&quot;Odr\u017eava elasti\u010dnost obrva i daje im zdrav i sjajan izgled.&quot;}\" data-sheets-userformat=\"{&quot;2&quot;:897,&quot;3&quot;:{&quot;1&quot;:0},&quot;10&quot;:0,&quot;11&quot;:4,&quot;12&quot;:0}\">Odr\u017eava <strong>elasti\u010dnost<\/strong> <strong>obrva<\/strong> i daje im zdrav i sjajan izgled.<\/span><\/li>\n<\/ul>\n<h2 style=\"text-align: center; clear: both;\"><\/h2>\n<p>&nbsp;<\/p>\n<p><img loading=\"lazy\" decoding=\"async\" class=\" wp-image-85706 alignleft\" src=\"https:\/\/activeluxe-cosmetics.com\/rs\/wp-content\/uploads\/2024\/01\/brow-serum-iva-460x575.png\" alt=\"\" width=\"381\" height=\"476\" srcset=\"https:\/\/activeluxe-cosmetics.com\/rs\/wp-content\/uploads\/2024\/01\/brow-serum-iva-460x575.png 460w, https:\/\/activeluxe-cosmetics.com\/rs\/wp-content\/uploads\/2024\/01\/brow-serum-iva-819x1024.png 819w, https:\/\/activeluxe-cosmetics.com\/rs\/wp-content\/uploads\/2024\/01\/brow-serum-iva-768x960.png 768w, https:\/\/activeluxe-cosmetics.com\/rs\/wp-content\/uploads\/2024\/01\/brow-serum-iva-600x750.png 600w, https:\/\/activeluxe-cosmetics.com\/rs\/wp-content\/uploads\/2024\/01\/brow-serum-iva.png 1080w\" sizes=\"auto, (max-width: 381px) 100vw, 381px\" \/><\/p>\n<h2><span data-sheets-root=\"1\" data-sheets-value=\"{&quot;1&quot;:2,&quot;2&quot;:&quot;Za\u0161to je Active Luxe Lash serum za rast obrva tako efikasan?&quot;}\" data-sheets-userformat=\"{&quot;2&quot;:897,&quot;3&quot;:{&quot;1&quot;:0},&quot;10&quot;:0,&quot;11&quot;:4,&quot;12&quot;:0}\"><strong>Za\u0161to je Active Luxe Lash serum<\/strong> za rast obrva tako efikasan?<\/span><\/h2>\n<p>U na\u0161em U na\u0161oj laboratoriji stru\u010dnjaci iz oblasti <strong>hemije<\/strong> i <strong>farmacije<\/strong> dobili su jedinstvenu formulu sa aktivnim sastojkom koji intenzivno deluje direktno na koren folikula obrve.<\/p>\n<p>Vec\u0301 za samo nekoliko nedelja od po\u010detka upotrebe, serum<strong> stimuli\u0161e vidljiv rast obrva<\/strong> na mestima gde ih nema. Active Luxe serum za rast obrva je bezbedan i <strong>pogodan za svakodnevnu upotrebu<\/strong>. Klini\u010dki je testiran, \u010dime je potvr\u0111ena njegova efikasnost<\/p>\n<p>&nbsp;<\/p>\n<p>&nbsp;<\/p>\n<p>&nbsp;<\/p>\n<p>&nbsp;<\/p>\n<p>&nbsp;<\/p>\n<p>&nbsp;<\/p>\n<p>&nbsp;<\/p>\n<p>&nbsp;<\/p>\n<p>&nbsp;<\/p>\n<p>&nbsp;<\/p>\n<h2><span data-sheets-root=\"1\" data-sheets-value=\"{&quot;1&quot;:2,&quot;2&quot;:&quot;Ne brini ako si nespretno po\u010dupala obrve&quot;}\" data-sheets-userformat=\"{&quot;2&quot;:23425,&quot;3&quot;:{&quot;1&quot;:0},&quot;10&quot;:0,&quot;11&quot;:4,&quot;12&quot;:0,&quot;14&quot;:{&quot;1&quot;:2,&quot;2&quot;:16739585},&quot;15&quot;:&quot;Arial&quot;,&quot;17&quot;:1}\"><img loading=\"lazy\" decoding=\"async\" class=\" wp-image-80654 alignright\" src=\"https:\/\/activeluxe-cosmetics.com\/rs\/wp-content\/uploads\/2024\/01\/Group-391-11-460x584.jpg\" alt=\"\" width=\"410\" height=\"521\" srcset=\"https:\/\/activeluxe-cosmetics.com\/rs\/wp-content\/uploads\/2024\/01\/Group-391-11-460x584.jpg 460w, https:\/\/activeluxe-cosmetics.com\/rs\/wp-content\/uploads\/2024\/01\/Group-391-11.jpg 581w\" sizes=\"auto, (max-width: 410px) 100vw, 410px\" \/><strong>Ako ste nespretno \u010dupali obrve<\/strong> &#8211; postoji re\u0161enje!<br \/>\n<\/span><\/h2>\n<p><span data-sheets-root=\"1\" data-sheets-value=\"{&quot;1&quot;:2,&quot;2&quot;:&quot;Ovo je kraj mukotrpnom iscrtavanju obrva kod kuc\u0301e ili raznim tretmanima u kozmeti\u010dkim salonima! Ako ste previ\u0161e \u010dupali obrve ili jednostavno vi\u0161e ne rastu, aktivni sastojci Active Luxe seruma c\u0301e stimulisati rast i pomoc\u0301i da se kona\u010dno re\u0161ite nepravilnosti nastali nespretnim oblikovanjem obrva.&quot;}\" data-sheets-userformat=\"{&quot;2&quot;:897,&quot;3&quot;:{&quot;1&quot;:0},&quot;10&quot;:0,&quot;11&quot;:4,&quot;12&quot;:0}\">Ovo je kraj mukotrpnom iscrtavanju obrva kod kuc\u0301e ili raznim tretmanima u kozmeti\u010dkim salonima! Ako ste previ\u0161e \u010dupali obrve ili jednostavno vi\u0161e ne rastu, aktivni sastojci Active Luxe seruma c\u0301e stimulisati rast i pomoc\u0301i da se kona\u010dno re\u0161ite nepravilnosti nastali nespretnim oblikovanjem obrva.<\/span><\/p>\n<p><span data-sheets-root=\"1\" data-sheets-value=\"{&quot;1&quot;:2,&quot;2&quot;:&quot;Aktivni sastojci Active Luxe seruma za rast obrva neguju va\u0161e obrve, ja\u010daju ih, stimuli\u0161u njihov rast i na taj na\u010din poma\u017eu da se otklone nepravilnosti iz dosada\u0161njeg asimetri\u010dnog oblikovanja obrva.&quot;}\" data-sheets-userformat=\"{&quot;2&quot;:897,&quot;3&quot;:{&quot;1&quot;:0},&quot;10&quot;:0,&quot;11&quot;:4,&quot;12&quot;:0}\">Aktivni sastojci Active Luxe seruma za rast obrva neguju va\u0161e obrve, ja\u010daju ih, stimuli\u0161u njihov rast i na taj na\u010din poma\u017eu da se otklone nepravilnosti iz dosada\u0161njeg asimetri\u010dnog oblikovanja obrva.<\/span><\/p>\n<ul>\n<li><span data-sheets-root=\"1\" data-sheets-value=\"{&quot;1&quot;:2,&quot;2&quot;:&quot;moc\u0301na tehnologija klini\u010dki dokazano deluje na rast dlake&quot;}\" data-sheets-userformat=\"{&quot;2&quot;:897,&quot;3&quot;:{&quot;1&quot;:0},&quot;10&quot;:0,&quot;11&quot;:4,&quot;12&quot;:0}\">Moc\u0301na tehnologija klini\u010dki dokazano <strong>deluje<\/strong> na <strong>rast dlak.<\/strong><\/span><\/li>\n<li><span data-sheets-root=\"1\" data-sheets-value=\"{&quot;1&quot;:2,&quot;2&quot;:&quot;popunjava rupe nastale od prekomernog \u010dupanja&quot;}\" data-sheets-userformat=\"{&quot;2&quot;:897,&quot;3&quot;:{&quot;1&quot;:0},&quot;10&quot;:0,&quot;11&quot;:4,&quot;12&quot;:0}\">Popunjava rupe nastale od <strong>prekomernog<\/strong> <strong>\u010dupanja.<\/strong><\/span><\/li>\n<li><span data-sheets-root=\"1\" data-sheets-value=\"{&quot;1&quot;:2,&quot;2&quot;:&quot;podsti\u010de rast obrva, obnavlja, progu\u0161\u0107uje i hrani ih za samo 2 nedelje!&quot;}\" data-sheets-userformat=\"{&quot;2&quot;:897,&quot;3&quot;:{&quot;1&quot;:0},&quot;10&quot;:0,&quot;11&quot;:4,&quot;12&quot;:0}\">Podsti\u010de rast obrva, obnavlja, progu\u0161\u0107uje i hrani ih za <strong>samo 2 nedelje<\/strong>!<\/span><\/li>\n<li><span data-sheets-root=\"1\" data-sheets-value=\"{&quot;1&quot;:2,&quot;2&quot;:&quot;dovoljno je naneti jednom dnevno pre spavanja&quot;}\" data-sheets-userformat=\"{&quot;2&quot;:897,&quot;3&quot;:{&quot;1&quot;:0},&quot;10&quot;:0,&quot;11&quot;:4,&quot;12&quot;:0}\">Dovoljno je naneti jednom dnevno<strong> pre spavanja<\/strong><\/span><\/li>\n<\/ul>\n<p>&nbsp;<\/p>\n<div style=\"display: flex; align-items: center; gap: 20px; flex-wrap: wrap;\">\n<p style=\"max-width: 360px;\">\n<\/div>\n","protected":false},"excerpt":{"rendered":"<p><span data-sheets-root=\"1\" data-sheets-value=\"{&quot;1&quot;:2,&quot;2&quot;:&quot;Za gu\u0161\u0107e obrve za samo nekoliko nedelja. Klini\u010dki testiran.&quot;}\" data-sheets-userformat=\"{&quot;2&quot;:897,&quot;3&quot;:{&quot;1&quot;:0},&quot;10&quot;:0,&quot;11&quot;:4,&quot;12&quot;:0}\">Za gu\u0161\u0107e obrve za samo nekoliko nedelja. Klini\u010dki testiran.<\/span><\/p>\n","protected":false},"featured_media":88813,"comment_status":"open","ping_status":"closed","template":"","meta":[],"product_brand":[],"product_cat":[52,95],"product_tag":[],"class_list":{"0":"post-72188","1":"product","2":"type-product","3":"status-publish","4":"has-post-thumbnail","6":"product_cat-obrve","7":"product_cat-serumi-obrve","9":"first","10":"instock","11":"taxable","12":"shipping-taxable","13":"purchasable","14":"product-type-simple"},"bundled_by":[],"bundle_stock_status":"instock","bundle_stock_quantity":null,"bundle_virtual":false,"bundle_layout":"","bundle_add_to_cart_form_location":"","bundle_editable_in_cart":false,"bundle_sold_individually_context":"","bundle_item_grouping":"","bundle_min_size":"","bundle_max_size":"","bundled_items":[],"acf":[],"yoast_head":"<!-- This site is optimized with the Yoast SEO plugin v26.5 - https:\/\/yoast.com\/wordpress\/plugins\/seo\/ -->\n<title>Serum za rast obrva - Active Luxe Cosmetics<\/title>\n<meta name=\"description\" content=\"Serum za rast obrva Active Luxr. Vra\u0107a gusto\u0107u obrvama na prirodan na\u010din. Popravlja stanje nakon nespretno po\u010dupanih obrva. Rezultati u par tjedana.\" \/>\n<meta name=\"robots\" content=\"index, follow, max-snippet:-1, max-image-preview:large, max-video-preview:-1\" \/>\n<link rel=\"canonical\" href=\"https:\/\/activeluxe-cosmetics.com\/rs\/izdelek\/serum-za-prirodni-rast-obrva\/\" \/>\n<meta property=\"og:locale\" content=\"hr_HR\" \/>\n<meta property=\"og:type\" content=\"article\" \/>\n<meta property=\"og:title\" content=\"Serum za rast obrva - Active Luxe Cosmetics\" \/>\n<meta property=\"og:description\" content=\"Serum za rast obrva Active Luxr. Vra\u0107a gusto\u0107u obrvama na prirodan na\u010din. Popravlja stanje nakon nespretno po\u010dupanih obrva. Rezultati u par tjedana.\" \/>\n<meta property=\"og:url\" content=\"https:\/\/activeluxe-cosmetics.com\/rs\/izdelek\/serum-za-prirodni-rast-obrva\/\" \/>\n<meta property=\"og:site_name\" content=\"Active Luxe Cosmetics\" \/>\n<meta property=\"article:modified_time\" content=\"2026-03-31T07:28:44+00:00\" \/>\n<meta property=\"og:image\" content=\"https:\/\/activeluxe-cosmetics.com\/rs\/wp-content\/uploads\/2024\/01\/Brow_serum.jpg\" \/>\n\t<meta property=\"og:image:width\" content=\"783\" \/>\n\t<meta property=\"og:image:height\" content=\"995\" \/>\n\t<meta property=\"og:image:type\" content=\"image\/jpeg\" \/>\n<meta name=\"twitter:card\" content=\"summary_large_image\" \/>\n<meta name=\"twitter:label1\" content=\"Procijenjeno vrijeme \u010ditanja\" \/>\n\t<meta name=\"twitter:data1\" content=\"2 minute\" \/>\n<script type=\"application\/ld+json\" class=\"yoast-schema-graph\">{\"@context\":\"https:\/\/schema.org\",\"@graph\":[{\"@type\":\"WebPage\",\"@id\":\"https:\/\/activeluxe-cosmetics.com\/rs\/izdelek\/serum-za-prirodni-rast-obrva\/\",\"url\":\"https:\/\/activeluxe-cosmetics.com\/rs\/izdelek\/serum-za-prirodni-rast-obrva\/\",\"name\":\"Serum za rast obrva - Active Luxe Cosmetics\",\"isPartOf\":{\"@id\":\"https:\/\/activeluxe-cosmetics.com\/rs\/#website\"},\"primaryImageOfPage\":{\"@id\":\"https:\/\/activeluxe-cosmetics.com\/rs\/izdelek\/serum-za-prirodni-rast-obrva\/#primaryimage\"},\"image\":{\"@id\":\"https:\/\/activeluxe-cosmetics.com\/rs\/izdelek\/serum-za-prirodni-rast-obrva\/#primaryimage\"},\"thumbnailUrl\":\"https:\/\/activeluxe-cosmetics.com\/rs\/wp-content\/uploads\/2024\/01\/Brow_serum.jpg\",\"datePublished\":\"2024-01-10T14:17:54+00:00\",\"dateModified\":\"2026-03-31T07:28:44+00:00\",\"description\":\"Serum za rast obrva Active Luxr. Vra\u0107a gusto\u0107u obrvama na prirodan na\u010din. Popravlja stanje nakon nespretno po\u010dupanih obrva. Rezultati u par tjedana.\",\"breadcrumb\":{\"@id\":\"https:\/\/activeluxe-cosmetics.com\/rs\/izdelek\/serum-za-prirodni-rast-obrva\/#breadcrumb\"},\"inLanguage\":\"hr\",\"potentialAction\":[{\"@type\":\"ReadAction\",\"target\":[\"https:\/\/activeluxe-cosmetics.com\/rs\/izdelek\/serum-za-prirodni-rast-obrva\/\"]}]},{\"@type\":\"ImageObject\",\"inLanguage\":\"hr\",\"@id\":\"https:\/\/activeluxe-cosmetics.com\/rs\/izdelek\/serum-za-prirodni-rast-obrva\/#primaryimage\",\"url\":\"https:\/\/activeluxe-cosmetics.com\/rs\/wp-content\/uploads\/2024\/01\/Brow_serum.jpg\",\"contentUrl\":\"https:\/\/activeluxe-cosmetics.com\/rs\/wp-content\/uploads\/2024\/01\/Brow_serum.jpg\",\"width\":783,\"height\":995},{\"@type\":\"BreadcrumbList\",\"@id\":\"https:\/\/activeluxe-cosmetics.com\/rs\/izdelek\/serum-za-prirodni-rast-obrva\/#breadcrumb\",\"itemListElement\":[{\"@type\":\"ListItem\",\"position\":1,\"name\":\"Naslovnica\",\"item\":\"https:\/\/activeluxe-cosmetics.com\/rs\/\"},{\"@type\":\"ListItem\",\"position\":2,\"name\":\"Trgovina\",\"item\":\"https:\/\/activeluxe-cosmetics.com\/rs\/trgovina\/\"},{\"@type\":\"ListItem\",\"position\":3,\"name\":\"Serum za rast obrva\"}]},{\"@type\":\"WebSite\",\"@id\":\"https:\/\/activeluxe-cosmetics.com\/rs\/#website\",\"url\":\"https:\/\/activeluxe-cosmetics.com\/rs\/\",\"name\":\"Active Luxe Cosmetics\",\"description\":\"\",\"potentialAction\":[{\"@type\":\"SearchAction\",\"target\":{\"@type\":\"EntryPoint\",\"urlTemplate\":\"https:\/\/activeluxe-cosmetics.com\/rs\/?s={search_term_string}\"},\"query-input\":{\"@type\":\"PropertyValueSpecification\",\"valueRequired\":true,\"valueName\":\"search_term_string\"}}],\"inLanguage\":\"hr\"}]}<\/script>\n<!-- \/ Yoast SEO plugin. -->","yoast_head_json":{"title":"Serum za rast obrva - Active Luxe Cosmetics","description":"Serum za rast obrva Active Luxr. Vra\u0107a gusto\u0107u obrvama na prirodan na\u010din. Popravlja stanje nakon nespretno po\u010dupanih obrva. Rezultati u par tjedana.","robots":{"index":"index","follow":"follow","max-snippet":"max-snippet:-1","max-image-preview":"max-image-preview:large","max-video-preview":"max-video-preview:-1"},"canonical":"https:\/\/activeluxe-cosmetics.com\/rs\/izdelek\/serum-za-prirodni-rast-obrva\/","og_locale":"hr_HR","og_type":"article","og_title":"Serum za rast obrva - Active Luxe Cosmetics","og_description":"Serum za rast obrva Active Luxr. Vra\u0107a gusto\u0107u obrvama na prirodan na\u010din. Popravlja stanje nakon nespretno po\u010dupanih obrva. Rezultati u par tjedana.","og_url":"https:\/\/activeluxe-cosmetics.com\/rs\/izdelek\/serum-za-prirodni-rast-obrva\/","og_site_name":"Active Luxe Cosmetics","article_modified_time":"2026-03-31T07:28:44+00:00","og_image":[{"width":783,"height":995,"url":"https:\/\/activeluxe-cosmetics.com\/rs\/wp-content\/uploads\/2024\/01\/Brow_serum.jpg","type":"image\/jpeg"}],"twitter_card":"summary_large_image","twitter_misc":{"Procijenjeno vrijeme \u010ditanja":"2 minute"},"schema":{"@context":"https:\/\/schema.org","@graph":[{"@type":"WebPage","@id":"https:\/\/activeluxe-cosmetics.com\/rs\/izdelek\/serum-za-prirodni-rast-obrva\/","url":"https:\/\/activeluxe-cosmetics.com\/rs\/izdelek\/serum-za-prirodni-rast-obrva\/","name":"Serum za rast obrva - Active Luxe Cosmetics","isPartOf":{"@id":"https:\/\/activeluxe-cosmetics.com\/rs\/#website"},"primaryImageOfPage":{"@id":"https:\/\/activeluxe-cosmetics.com\/rs\/izdelek\/serum-za-prirodni-rast-obrva\/#primaryimage"},"image":{"@id":"https:\/\/activeluxe-cosmetics.com\/rs\/izdelek\/serum-za-prirodni-rast-obrva\/#primaryimage"},"thumbnailUrl":"https:\/\/activeluxe-cosmetics.com\/rs\/wp-content\/uploads\/2024\/01\/Brow_serum.jpg","datePublished":"2024-01-10T14:17:54+00:00","dateModified":"2026-03-31T07:28:44+00:00","description":"Serum za rast obrva Active Luxr. Vra\u0107a gusto\u0107u obrvama na prirodan na\u010din. Popravlja stanje nakon nespretno po\u010dupanih obrva. Rezultati u par tjedana.","breadcrumb":{"@id":"https:\/\/activeluxe-cosmetics.com\/rs\/izdelek\/serum-za-prirodni-rast-obrva\/#breadcrumb"},"inLanguage":"hr","potentialAction":[{"@type":"ReadAction","target":["https:\/\/activeluxe-cosmetics.com\/rs\/izdelek\/serum-za-prirodni-rast-obrva\/"]}]},{"@type":"ImageObject","inLanguage":"hr","@id":"https:\/\/activeluxe-cosmetics.com\/rs\/izdelek\/serum-za-prirodni-rast-obrva\/#primaryimage","url":"https:\/\/activeluxe-cosmetics.com\/rs\/wp-content\/uploads\/2024\/01\/Brow_serum.jpg","contentUrl":"https:\/\/activeluxe-cosmetics.com\/rs\/wp-content\/uploads\/2024\/01\/Brow_serum.jpg","width":783,"height":995},{"@type":"BreadcrumbList","@id":"https:\/\/activeluxe-cosmetics.com\/rs\/izdelek\/serum-za-prirodni-rast-obrva\/#breadcrumb","itemListElement":[{"@type":"ListItem","position":1,"name":"Naslovnica","item":"https:\/\/activeluxe-cosmetics.com\/rs\/"},{"@type":"ListItem","position":2,"name":"Trgovina","item":"https:\/\/activeluxe-cosmetics.com\/rs\/trgovina\/"},{"@type":"ListItem","position":3,"name":"Serum za rast obrva"}]},{"@type":"WebSite","@id":"https:\/\/activeluxe-cosmetics.com\/rs\/#website","url":"https:\/\/activeluxe-cosmetics.com\/rs\/","name":"Active Luxe Cosmetics","description":"","potentialAction":[{"@type":"SearchAction","target":{"@type":"EntryPoint","urlTemplate":"https:\/\/activeluxe-cosmetics.com\/rs\/?s={search_term_string}"},"query-input":{"@type":"PropertyValueSpecification","valueRequired":true,"valueName":"search_term_string"}}],"inLanguage":"hr"}]}},"_links":{"self":[{"href":"https:\/\/activeluxe-cosmetics.com\/rs\/wp-json\/wp\/v2\/product\/72188","targetHints":{"allow":["GET"]}}],"collection":[{"href":"https:\/\/activeluxe-cosmetics.com\/rs\/wp-json\/wp\/v2\/product"}],"about":[{"href":"https:\/\/activeluxe-cosmetics.com\/rs\/wp-json\/wp\/v2\/types\/product"}],"replies":[{"embeddable":true,"href":"https:\/\/activeluxe-cosmetics.com\/rs\/wp-json\/wp\/v2\/comments?post=72188"}],"wp:featuredmedia":[{"embeddable":true,"href":"https:\/\/activeluxe-cosmetics.com\/rs\/wp-json\/wp\/v2\/media\/88813"}],"wp:attachment":[{"href":"https:\/\/activeluxe-cosmetics.com\/rs\/wp-json\/wp\/v2\/media?parent=72188"}],"wp:term":[{"taxonomy":"product_brand","embeddable":true,"href":"https:\/\/activeluxe-cosmetics.com\/rs\/wp-json\/wp\/v2\/product_brand?post=72188"},{"taxonomy":"product_cat","embeddable":true,"href":"https:\/\/activeluxe-cosmetics.com\/rs\/wp-json\/wp\/v2\/product_cat?post=72188"},{"taxonomy":"product_tag","embeddable":true,"href":"https:\/\/activeluxe-cosmetics.com\/rs\/wp-json\/wp\/v2\/product_tag?post=72188"}],"curies":[{"name":"wp","href":"https:\/\/api.w.org\/{rel}","templated":true}]}}