{"id":80919,"date":"2024-01-29T12:15:13","date_gmt":"2024-01-29T12:15:13","guid":{"rendered":"https:\/\/activeluxe-cosmetics.com\/rs\/?page_id=80919"},"modified":"2024-03-18T10:38:21","modified_gmt":"2024-03-18T09:38:21","slug":"cesto-postavljana-pitanja","status":"publish","type":"page","link":"https:\/\/activeluxe-cosmetics.com\/rs\/cesto-postavljana-pitanja\/","title":{"rendered":"\u010cesto postavljana pitanja"},"content":{"rendered":"\n\t<section class=\"section al-page-title-section\" id=\"section_1471649094\">\n\t\t<div class=\"bg section-bg fill bg-fill  bg-loaded\" >\n\n\t\t\t\n\t\t\t\n\t\t\t\n\n\t\t<\/div>\n\n\t\t\n\n\t\t<div class=\"section-content relative\">\n\t\t\t\n\n<div class=\"row\"  id=\"row-550193631\">\n\n\n\t<div id=\"col-726620793\" class=\"col small-12 large-12\"  >\n\t\t\t\t<div class=\"col-inner\"  >\n\t\t\t\n\t\t\t\n\n\t<div id=\"text-2735671330\" class=\"text al-p-48\">\n\t\t\n\n<h2>\u010cesto postavljana pitanja<\/h2>\n\t\t\n<style>\n#text-2735671330 {\n  text-align: center;\n}\n<\/style>\n\t<\/div>\n\t\n\n\t\t<\/div>\n\t\t\t\t\t<\/div>\n\n\t\n\n<\/div>\n\n\t\t<\/div>\n\n\t\t\n<style>\n#section_1471649094 {\n  padding-top: 50px;\n  padding-bottom: 50px;\n}\n<\/style>\n\t<\/section>\n\t\n\t<section class=\"section\" id=\"section_1915883557\">\n\t\t<div class=\"bg section-bg fill bg-fill  bg-loaded\" >\n\n\t\t\t\n\t\t\t\n\t\t\t\n\n\t\t<\/div>\n\n\t\t\n\n\t\t<div class=\"section-content relative\">\n\t\t\t\n\n<div class=\"row\"  id=\"row-2050372299\">\n\n\n\t<div id=\"col-640514482\" class=\"col small-12 large-12\"  >\n\t\t\t\t<div class=\"col-inner\"  >\n\t\t\t\n\t\t\t\n\n<div class=\"accordion\">\n\n\t<div id=\"accordion-1456510461\" class=\"accordion-item\">\n\t\t<a id=\"accordion-1456510461-label\" class=\"accordion-title plain\" href=\"#accordion-item-da-li-active-luxe-lash-serum-za-rast-trepavica-mogu-koristiti-trudnice-i-dojilje?\" aria-expanded=\"false\" aria-controls=\"accordion-1456510461-content\" >\n\t\t\t<button class=\"toggle\" aria-label=\"Toggle\"><i class=\"icon-angle-down\"><\/i><\/button>\n\t\t\t<span>Da li Active Luxe lash serum za rast trepavica mogu koristiti trudnice i dojilje?<\/span>\n\t\t<\/a>\n\t\t<div id=\"accordion-1456510461-content\" class=\"accordion-inner\" aria-labelledby=\"accordion-1456510461-label\" >\n\t\t\t\n\n<p>Active Luxe lash serum za rast trepavica nije testiran na trudnicama i dojiljama iz eti\u010dkih razloga, zato u tim slu\u010dajevima ne preporu\u010dujemo njegovo kori\u0161\u0107enje.<\/p>\n\n\t\t<\/div>\n\t<\/div>\n\t\n\t<div id=\"accordion-4217426499\" class=\"accordion-item\">\n\t\t<a id=\"accordion-4217426499-label\" class=\"accordion-title plain\" href=\"#accordion-item-da-li-je-active-luxe-lash-serum-prikladan-za-vegane?\" aria-expanded=\"false\" aria-controls=\"accordion-4217426499-content\" >\n\t\t\t<button class=\"toggle\" aria-label=\"Toggle\"><i class=\"icon-angle-down\"><\/i><\/button>\n\t\t\t<span>Da li je Active Luxe lash serum prikladan za vegane?<\/span>\n\t\t<\/a>\n\t\t<div id=\"accordion-4217426499-content\" class=\"accordion-inner\" aria-labelledby=\"accordion-4217426499-label\" >\n\t\t\t\n\n<p>Da, proizvod mogu da koriste i vegani.<\/p>\n\n\t\t<\/div>\n\t<\/div>\n\t\n\t<div id=\"accordion-2495999607\" class=\"accordion-item\">\n\t\t<a id=\"accordion-2495999607-label\" class=\"accordion-title plain\" href=\"#accordion-item-s-obzirom-na-to,-da-su-active-luxe-lash-serum-1,5-ml-i-4,5-ml-u-identi\u010dnom-pakovanju,-po-\u010demu-se-razlikuju?\" aria-expanded=\"false\" aria-controls=\"accordion-2495999607-content\" >\n\t\t\t<button class=\"toggle\" aria-label=\"Toggle\"><i class=\"icon-angle-down\"><\/i><\/button>\n\t\t\t<span>S obzirom na to, da su Active Luxe lash serum 1,5 ml i 4,5 ml u identi\u010dnom pakovanju, po \u010demu se razlikuju?<\/span>\n\t\t<\/a>\n\t\t<div id=\"accordion-2495999607-content\" class=\"accordion-inner\" aria-labelledby=\"accordion-2495999607-label\" >\n\t\t\t\n\n<p>Pakovanje za serum (zlata viala) ima zapreminu od 0 do 6 ml. Zato je dostupno vi\u0161e razli\u010ditih pakovanja seruma u identi\u010dnom pakovanju. 1,5 ml serum je dovoljan za 60 dana, dakle 60 dana nanosite serum svaki dan. 4,5 ml serum je tretman za celu godinu i dovoljan je za 180 nano\u0161enja. Dakle, serum za celu godinu nanosimo prvih 60 dana svaki dan, jednom dnevno (uve\u010de), a zatim svaki drugi ili tre\u0107i dan, za odr\u017eavanje. Razlika je i u te\u017eini proizvoda. Te\u017eina punog, zatvorenog pakovanja seruma od 1,5 ml iznosi izme\u0111u 17 i 17, 5 g. Te\u017eina punog, zatvorenog, zlatnog pakovanja seruma od 4,5 ml iznosi izme\u0111u 19,5 i 20 g.<\/p>\n\n\t\t<\/div>\n\t<\/div>\n\t\n\t<div id=\"accordion-1743372067\" class=\"accordion-item\">\n\t\t<a id=\"accordion-1743372067-label\" class=\"accordion-title plain\" href=\"#accordion-item-da-li-mogu-istovremeno-koristiti-active-luxe-lash-balzam-za-negu-trepavica-i-active-luxe-lash-%20serum-za-rast-trepavica?\" aria-expanded=\"false\" aria-controls=\"accordion-1743372067-content\" >\n\t\t\t<button class=\"toggle\" aria-label=\"Toggle\"><i class=\"icon-angle-down\"><\/i><\/button>\n\t\t\t<span>Da li mogu istovremeno koristiti Active Luxe lash balzam za negu trepavica i Active Luxe lash  serum za rast trepavica?<\/span>\n\t\t<\/a>\n\t\t<div id=\"accordion-1743372067-content\" class=\"accordion-inner\" aria-labelledby=\"accordion-1743372067-label\" >\n\t\t\t\n\n<p>Da, istovremena upotreba Active Luxe lash balzama za negu trepavica i Active Luxe lash seruma za rast trepavica je mogu\u0107a i preporu\u010dljiva. Prvo na o\u010di\u0161\u0107ene kapke nanesite serum za rast trepavica, u skladu sa uputstvom. Sa\u010dekajte nekoliko minuta, da serum upije i da se osu\u0161i, zatim na trepavice nanesite i balzam, kao da nanosite maskaru.<\/p>\n\n\t\t<\/div>\n\t<\/div>\n\t\n\t<div id=\"accordion-4017169328\" class=\"accordion-item\">\n\t\t<a id=\"accordion-4017169328-label\" class=\"accordion-title plain\" href=\"#accordion-item-kada-su-vidljivi-prvi-rezultati-upotrebe-active-luxe-hair-seruma?\" aria-expanded=\"false\" aria-controls=\"accordion-4017169328-content\" >\n\t\t\t<button class=\"toggle\" aria-label=\"Toggle\"><i class=\"icon-angle-down\"><\/i><\/button>\n\t\t\t<span>Kada su vidljivi prvi rezultati upotrebe Active Luxe hair seruma?<\/span>\n\t\t<\/a>\n\t\t<div id=\"accordion-4017169328-content\" class=\"accordion-inner\" aria-labelledby=\"accordion-4017169328-label\" >\n\t\t\t\n\n<p>Kod redovne upotrebe Active Luxe hair \u0161ampona i seruma istovremeno, prvi rezultati \u0107e biti vidljivi nakon 4 meseca. Kombinacija \u0161ampona i seruma \u0107e va\u0161u kosu oja\u010dati i pove\u0107ati njen volumen.<\/p>\n\n\t\t<\/div>\n\t<\/div>\n\t\n\t<div id=\"accordion-3514762601\" class=\"accordion-item\">\n\t\t<a id=\"accordion-3514762601-label\" class=\"accordion-title plain\" href=\"#accordion-item-da-li-proizvodi-active-luxe-hair-poma\u017eu-kod-\u0107elavosti?\" aria-expanded=\"false\" aria-controls=\"accordion-3514762601-content\" >\n\t\t\t<button class=\"toggle\" aria-label=\"Toggle\"><i class=\"icon-angle-down\"><\/i><\/button>\n\t\t\t<span>Da li proizvodi Active Luxe hair poma\u017eu kod \u0107elavosti?<\/span>\n\t\t<\/a>\n\t\t<div id=\"accordion-3514762601-content\" class=\"accordion-inner\" aria-labelledby=\"accordion-3514762601-label\" >\n\t\t\t\n\n<p>Opadanje kose je \u010dest problem, koji mo\u017ee da pogodi svakoga. Prve pote\u0161ko\u0107e se javljaju ve\u0107 pre 30. godine starosti; brzina opadanja kose se razlikuje od pojedinca do pojedinca. Kosa prvo po\u010dinje da se prore\u0111uje, kasnije mo\u017ee u potpunosti nestati i tako nastaje \u201e\u0107elavost\u201c. Dakle, radi se o dugotrajnom procesu, koji se ne doga\u0111a preko no\u0107i ve\u0107 traje vi\u0161e godina. Istovremeno kori\u0161\u0107enje Active Luxe hair seruma i \u0161ampona usporava i spre\u010dava opadanje kose i spre\u010dava brzo \u0161irenje \u0107elavosti. Deluju na vlasi\u0161te, gde su folikule dlake jo\u0161 uvek aktivne.<\/p>\n\n\t\t<\/div>\n\t<\/div>\n\t\n\t<div id=\"accordion-3374728365\" class=\"accordion-item\">\n\t\t<a id=\"accordion-3374728365-label\" class=\"accordion-title plain\" href=\"#accordion-item-koliko-traje-sadr\u017eaj-active-luxe-brow-seruma?\" aria-expanded=\"false\" aria-controls=\"accordion-3374728365-content\" >\n\t\t\t<button class=\"toggle\" aria-label=\"Toggle\"><i class=\"icon-angle-down\"><\/i><\/button>\n\t\t\t<span>Koliko traje sadr\u017eaj Active Luxe brow seruma?<\/span>\n\t\t<\/a>\n\t\t<div id=\"accordion-3374728365-content\" class=\"accordion-inner\" aria-labelledby=\"accordion-3374728365-label\" >\n\t\t\t\n\n<p>Ukoliko koristite Active Luxe brow kao \u0161to je navedeno u uputstvu, 2 ml te\u010dnosti dovoljno je za period od 5\u20137 nedelja.<\/p>\n\n\t\t<\/div>\n\t<\/div>\n\t\n\t<div id=\"accordion-1242815962\" class=\"accordion-item\">\n\t\t<a id=\"accordion-1242815962-label\" class=\"accordion-title plain\" href=\"#accordion-item-\u0160ta-\u0107e-se-dogoditi-kada-prestanem-da-koristim-active-luxe-brow?\" aria-expanded=\"false\" aria-controls=\"accordion-1242815962-content\" >\n\t\t\t<button class=\"toggle\" aria-label=\"Toggle\"><i class=\"icon-angle-down\"><\/i><\/button>\n\t\t\t<span>\u0160ta \u0107e se dogoditi kada prestanem da koristim Active Luxe brow?<\/span>\n\t\t<\/a>\n\t\t<div id=\"accordion-1242815962-content\" class=\"accordion-inner\" aria-labelledby=\"accordion-1242815962-label\" >\n\t\t\t\n\n<p>Ciklus rasta i svojstava obrva, genetski su uslovljeni i razlikuju se od pojedinca do pojedinca. Sa Active Luxe brow serumom podsti\u010dete rast obrva i tako one postanu ja\u010de i gu\u0161\u0107e. Ako prestanete da koristite\u00a0 Active Luxe brow, ciklus rasta obrva vra\u0107a se na prirodni nivo. Ukoliko \u017eelite da zadr\u017eite postignutu puno\u0107u i gustinu obrva, preporu\u010dujemo da nastavite da koristite proizvod\u00a0 Active Luxe brow. Za odr\u017eavanje \u017eeljenih rezultata dovoljno je nanositi 1-2 puta nedeljno.\u00a0 \u00a0\u00a0<\/p>\n\n\t\t<\/div>\n\t<\/div>\n\t\n\t<div id=\"accordion-510878561\" class=\"accordion-item\">\n\t\t<a id=\"accordion-510878561-label\" class=\"accordion-title plain\" href=\"#accordion-item-da-li-active-luxe-borw-serum-mogu-da-nanosim-i-na-kapke?-da-li-\u0107u-imati-du\u017ee-trepavice?\" aria-expanded=\"false\" aria-controls=\"accordion-510878561-content\" >\n\t\t\t<button class=\"toggle\" aria-label=\"Toggle\"><i class=\"icon-angle-down\"><\/i><\/button>\n\t\t\t<span>Da li Active Luxe borw serum mogu da nanosim i na kapke? Da li \u0107u imati du\u017ee trepavice?<\/span>\n\t\t<\/a>\n\t\t<div id=\"accordion-510878561-content\" class=\"accordion-inner\" aria-labelledby=\"accordion-510878561-label\" >\n\t\t\t\n\n<p>Sastojci u Active Luxe brow su prilago\u0111eni ko\u017ei i dlakama na podru\u010dju obrva i bili bi previ\u0161e intenzivni za kapke. Zato ne savetujemo nano\u0161enje Active Luxe brow seruma na kapke.<\/p>\n\n\t\t<\/div>\n\t<\/div>\n\t\n\t<div id=\"accordion-3922948332\" class=\"accordion-item\">\n\t\t<a id=\"accordion-3922948332-label\" class=\"accordion-title plain\" href=\"#accordion-item-kako-da-koristim-serum-active-luxe-hair-anti-hair-loss-formula?\" aria-expanded=\"false\" aria-controls=\"accordion-3922948332-content\" >\n\t\t\t<button class=\"toggle\" aria-label=\"Toggle\"><i class=\"icon-angle-down\"><\/i><\/button>\n\t\t\t<span>Kako da koristim serum Active Luxe hair anti-hair Loss Formula?<\/span>\n\t\t<\/a>\n\t\t<div id=\"accordion-3922948332-content\" class=\"accordion-inner\" aria-labelledby=\"accordion-3922948332-label\" >\n\t\t\t\n\n<p>Kosu operite Active Luxe hair \u0161amponom i osu\u0161ite je pe\u0161kirom. Pre upotrebe serum dobro protresite i nanesite ga jednom dnevno pre spavanja na suvo ili mokro vlasi\u0161te. Koristite ga neprekidno 4 meseca. Jedna kap iz kapaljke dovoljna je za jedno nano\u0161enje na vlasi\u0161te. Po\u010dnite sa nano\u0161enjem na predelu vlasi\u0161ta gde se gubitak kose najvi\u0161e prime\u0107uje, a zatim nastavite na ostalim mestima na kojima \u017eelite posti\u0107i rezultat. Serum ne\u017eno utrljajte u vlasi\u0161te kru\u017enim pokretima vrhovima prstiju sve dok se ne upije u ko\u017eu. Nakon upotrebe seruma kosu nemojte ispirati<\/p>\n\n\t\t<\/div>\n\t<\/div>\n\t\n\t<div id=\"accordion-2544789760\" class=\"accordion-item\">\n\t\t<a id=\"accordion-2544789760-label\" class=\"accordion-title plain\" href=\"#accordion-item-kako-se-\u0161ampon-koristi?\" aria-expanded=\"false\" aria-controls=\"accordion-2544789760-content\" >\n\t\t\t<button class=\"toggle\" aria-label=\"Toggle\"><i class=\"icon-angle-down\"><\/i><\/button>\n\t\t\t<span>Kako se \u0161ampon koristi?<\/span>\n\t\t<\/a>\n\t\t<div id=\"accordion-2544789760-content\" class=\"accordion-inner\" aria-labelledby=\"accordion-2544789760-label\" >\n\t\t\t\n\n<p>\u0160ampon nanesite na mokru kosu, prstima ne\u017eno masirajte vlasi\u0161te minut ili dva, a zatim kosu dobro isperite. Da biste postigli \u017eeljeni efekat, preporu\u010dujemo redovnu i kontinuiranu upotrebu 2\u20133 puta nedeljno. \u0160ampon je pogodan za svakodnevno pranje. Dostupni su \u0161amponi za masnu\u00a0 i za normalnu ko\u017eu glave .<\/p>\n\n\t\t<\/div>\n\t<\/div>\n\t\n\t<div id=\"accordion-2658926468\" class=\"accordion-item\">\n\t\t<a id=\"accordion-2658926468-label\" class=\"accordion-title plain\" href=\"#accordion-item-kako-zaustaviti-opadanje-kose?\" aria-expanded=\"false\" aria-controls=\"accordion-2658926468-content\" >\n\t\t\t<button class=\"toggle\" aria-label=\"Toggle\"><i class=\"icon-angle-down\"><\/i><\/button>\n\t\t\t<span>Kako zaustaviti opadanje kose?<\/span>\n\t\t<\/a>\n\t\t<div id=\"accordion-2658926468-content\" class=\"accordion-inner\" aria-labelledby=\"accordion-2658926468-label\" >\n\t\t\t\n\n<p>Sre\u0107om, mo\u017eemo se uspe\u0161no nositi sa prore\u0111ivanjem i opadanjem kose.<\/p>\n<p>Active Luxe hair \u0161ampon i serum sadr\u017ee efikasnu formulu protiv opadanja kose i namenjeni su svima koji se suo\u010davaju sa problemom opadanja kose ili onima koji \u017eele da podstaknu rast, imaju ja\u010du kosu i sa\u010duvaju njenu gustinu i zdrav izgled. Active Luxe hair \u0161ampon je pogodan za mu\u0161karce i \u017eene koji \u017eele da stimuli\u0161u slabe i stati\u010dne folikule vlasi i ponovno podstaknu rast kose. Ovaj izvrstan i ekskluzivan serum za podmla\u0111ivanje kose sadr\u017ei najnaprednije sastojke za gustu i zdravu kosu, koje sadr\u017ee i najdelotvorniji serumi za trepavice i obrve. Oni \u0107e stimulisati kosu da postane punija i gu\u0161\u0107a. Vrati\u0107e joj oblik, elasti\u010dnost i vitalnost.\u00a0 \u00a0\u00a0<\/p>\n\n\t\t<\/div>\n\t<\/div>\n\t\n\t<div id=\"accordion-3112467720\" class=\"accordion-item\">\n\t\t<a id=\"accordion-3112467720-label\" class=\"accordion-title plain\" href=\"#accordion-item-koji-su-glavni-uzroci-opadanja-kose?\" aria-expanded=\"false\" aria-controls=\"accordion-3112467720-content\" >\n\t\t\t<button class=\"toggle\" aria-label=\"Toggle\"><i class=\"icon-angle-down\"><\/i><\/button>\n\t\t\t<span>Koji su glavni uzroci opadanja kose?<\/span>\n\t\t<\/a>\n\t\t<div id=\"accordion-3112467720-content\" class=\"accordion-inner\" aria-labelledby=\"accordion-3112467720-label\" >\n\t\t\t\n\n<p>Kosa po\u010dinje da opada zbog razli\u010ditih uzroka. Stres, umor, hroni\u010dne bolesti, hormonski poreme\u0107aji, genetski faktori, \u0161tetne hemikalije, zaga\u0111enje vazduha, sve su to faktori koji ubrzavaju prelaz folikula vlasi iz faze rasta u fazu mirovanja i time prouzrokuju opadanje kose.<\/p>\n\n\t\t<\/div>\n\t<\/div>\n\t\n\t<div id=\"accordion-27665814\" class=\"accordion-item\">\n\t\t<a id=\"accordion-27665814-label\" class=\"accordion-title plain\" href=\"#accordion-item-mo\u017ee-li-se-active-luxe-lash-koristiti-i-za-oblikovanje-tankih-i-retkih-obrva?\" aria-expanded=\"false\" aria-controls=\"accordion-27665814-content\" >\n\t\t\t<button class=\"toggle\" aria-label=\"Toggle\"><i class=\"icon-angle-down\"><\/i><\/button>\n\t\t\t<span>Mo\u017ee li se Active Luxe lash koristiti i za oblikovanje tankih i retkih obrva?<\/span>\n\t\t<\/a>\n\t\t<div id=\"accordion-27665814-content\" class=\"accordion-inner\" aria-labelledby=\"accordion-27665814-label\" >\n\t\t\t\n\n<p>Da. Active Luxe lash je prikladan i za obrve. Ali ne mo\u017eete posti\u0107i isti efekat kao i na trepavicama, jer je formula napravljena ta\u010dno za dlaku trepavica, tako da ako \u017eelite br\u017ee posti\u0107i rezultat, preporu\u010dujemo vam proizvod Active Luxe Brow, koji je namenjen za negu obrva.<\/p>\n\n\t\t<\/div>\n\t<\/div>\n\t\n\t<div id=\"accordion-3884179252\" class=\"accordion-item\">\n\t\t<a id=\"accordion-3884179252-label\" class=\"accordion-title plain\" href=\"#accordion-item-da-li-\u0107u-posti\u0107i-br\u017ei-rezultat-ako-koristim-active-luxe-lash-%20vi\u0161e-puta-dnevno?\" aria-expanded=\"false\" aria-controls=\"accordion-3884179252-content\" >\n\t\t\t<button class=\"toggle\" aria-label=\"Toggle\"><i class=\"icon-angle-down\"><\/i><\/button>\n\t\t\t<span>Da li \u0107u posti\u0107i br\u017ei rezultat ako koristim Active Luxe lash  vi\u0161e puta dnevno?<\/span>\n\t\t<\/a>\n\t\t<div id=\"accordion-3884179252-content\" class=\"accordion-inner\" aria-labelledby=\"accordion-3884179252-label\" >\n\t\t\t\n\n<p>\u010ce\u0161\u0107a upotreba Active Luxe lash seruma za rast trepavica ne daje bolje rezultate. Jedna upotreba dnavno sasvim je dovoljna da bi se rezultati videli. Za najbolje rezultate nanositi serum uve\u010de pre spavanja.<\/p>\n\n\t\t<\/div>\n\t<\/div>\n\t\n\t<div id=\"accordion-2426365825\" class=\"accordion-item\">\n\t\t<a id=\"accordion-2426365825-label\" class=\"accordion-title plain\" href=\"#accordion-item-kada-je-najbolje-vreme-za-upotrebu-active-luxe-lash-a?\" aria-expanded=\"false\" aria-controls=\"accordion-2426365825-content\" >\n\t\t\t<button class=\"toggle\" aria-label=\"Toggle\"><i class=\"icon-angle-down\"><\/i><\/button>\n\t\t\t<span>Kada je najbolje vreme za upotrebu Active Luxe lash-a?<\/span>\n\t\t<\/a>\n\t\t<div id=\"accordion-2426365825-content\" class=\"accordion-inner\" aria-labelledby=\"accordion-2426365825-label\" >\n\t\t\t\n\n<p>Trepavice najbr\u017ee rastu no\u0107u, zato je najbolje uve\u010de koristiti Active Luxe lash.<\/p>\n\n\t\t<\/div>\n\t<\/div>\n\t\n\t<div id=\"accordion-989785007\" class=\"accordion-item\">\n\t\t<a id=\"accordion-989785007-label\" class=\"accordion-title plain\" href=\"#accordion-item-koliko-dugo-traje-jedno-pakovanje-active-luxe-lash?\" aria-expanded=\"false\" aria-controls=\"accordion-989785007-content\" >\n\t\t\t<button class=\"toggle\" aria-label=\"Toggle\"><i class=\"icon-angle-down\"><\/i><\/button>\n\t\t\t<span>Koliko dugo traje jedno pakovanje Active Luxe lash?<\/span>\n\t\t<\/a>\n\t\t<div id=\"accordion-989785007-content\" class=\"accordion-inner\" aria-labelledby=\"accordion-989785007-label\" >\n\t\t\t\n\n<p>Ukoliko koristite proizvod prema uputstvu, 1,5 ml te\u010dnosti Active Luxe lash seruma dovoljno je za 6-8 nedelja.<\/p>\n\n\t\t<\/div>\n\t<\/div>\n\t\n\t<div id=\"accordion-948261546\" class=\"accordion-item\">\n\t\t<a id=\"accordion-948261546-label\" class=\"accordion-title plain\" href=\"#accordion-item-\u0160ta-\u0107e-se-desiti-kada-prestanem-da-koristim-active-luxe-lash?\" aria-expanded=\"false\" aria-controls=\"accordion-948261546-content\" >\n\t\t\t<button class=\"toggle\" aria-label=\"Toggle\"><i class=\"icon-angle-down\"><\/i><\/button>\n\t\t\t<span>\u0160ta \u0107e se desiti kada prestanem da koristim Active Luxe lash?<\/span>\n\t\t<\/a>\n\t\t<div id=\"accordion-948261546-content\" class=\"accordion-inner\" aria-labelledby=\"accordion-948261546-label\" >\n\t\t\t\n\n<p>Kako dlake i kosa, tako i trepavice prolaze kroz razli\u010dite faze: faza rasta, faza mirovanja i faza opadanja. Trepavica obi\u010dno opadaju nakon 3\u2013 do 5 meseci i nakon kra\u0107eg mirovanja iz folikule na njenom mestu raste nova trepavica. Active Luxe lash produ\u017eava fazu rasta trepavice, ali ne ometa prirodni ciklus rast\/mirovanje\/opadanje. Stoga mo\u017eete o\u010dekivati da \u0107e nakon prestanka kori\u0161\u0107enja proizvoda, trepavice biti primetno du\u017ee, gu\u0161\u0107e i ja\u010de pribli\u017eno 3 do 6 meseci. Ako \u017eelite da odr\u017eite postignutu du\u017einu i gustinu trepavica, preporu\u010dujemo da nastavite sa kori\u0161\u0107enjem proizvoda Active Luxe lash tako \u0161to \u0107ete Active Luxe lash nanositi svaka 2\u20133 dana.<\/p>\n\n\t\t<\/div>\n\t<\/div>\n\t\n\n<\/div>\n\n\t\t<\/div>\n\t\t\t\t\t<\/div>\n\n\t\n\n<\/div>\n\n\t\t<\/div>\n\n\t\t\n<style>\n#section_1915883557 {\n  padding-top: 30px;\n  padding-bottom: 30px;\n}\n<\/style>\n\t<\/section>\n\t\n\n","protected":false},"excerpt":{"rendered":"","protected":false},"author":6,"featured_media":0,"parent":0,"menu_order":0,"comment_status":"closed","ping_status":"closed","template":"","meta":{"footnotes":""},"class_list":["post-80919","page","type-page","status-publish","hentry"],"acf":[],"yoast_head":"<!-- This site is optimized with the Yoast SEO plugin v26.5 - https:\/\/yoast.com\/wordpress\/plugins\/seo\/ -->\n<title>\u010cesto postavljana pitanja - Active Luxe Cosmetics<\/title>\n<meta name=\"robots\" content=\"index, follow, max-snippet:-1, max-image-preview:large, max-video-preview:-1\" \/>\n<link rel=\"canonical\" href=\"https:\/\/activeluxe-cosmetics.com\/rs\/cesto-postavljana-pitanja\/\" \/>\n<meta property=\"og:locale\" content=\"hr_HR\" \/>\n<meta property=\"og:type\" content=\"article\" \/>\n<meta property=\"og:title\" content=\"\u010cesto postavljana pitanja - Active Luxe Cosmetics\" \/>\n<meta property=\"og:url\" content=\"https:\/\/activeluxe-cosmetics.com\/rs\/cesto-postavljana-pitanja\/\" \/>\n<meta property=\"og:site_name\" content=\"Active Luxe Cosmetics\" \/>\n<meta property=\"article:modified_time\" content=\"2024-03-18T09:38:21+00:00\" \/>\n<meta name=\"twitter:card\" content=\"summary_large_image\" \/>\n<meta name=\"twitter:label1\" content=\"Procijenjeno vrijeme \u010ditanja\" \/>\n\t<meta name=\"twitter:data1\" content=\"6 minuta\" \/>\n<script type=\"application\/ld+json\" class=\"yoast-schema-graph\">{\"@context\":\"https:\/\/schema.org\",\"@graph\":[{\"@type\":\"WebPage\",\"@id\":\"https:\/\/activeluxe-cosmetics.com\/rs\/cesto-postavljana-pitanja\/\",\"url\":\"https:\/\/activeluxe-cosmetics.com\/rs\/cesto-postavljana-pitanja\/\",\"name\":\"\u010cesto postavljana pitanja - Active Luxe Cosmetics\",\"isPartOf\":{\"@id\":\"https:\/\/activeluxe-cosmetics.com\/rs\/#website\"},\"datePublished\":\"2024-01-29T12:15:13+00:00\",\"dateModified\":\"2024-03-18T09:38:21+00:00\",\"breadcrumb\":{\"@id\":\"https:\/\/activeluxe-cosmetics.com\/rs\/cesto-postavljana-pitanja\/#breadcrumb\"},\"inLanguage\":\"hr\",\"potentialAction\":[{\"@type\":\"ReadAction\",\"target\":[\"https:\/\/activeluxe-cosmetics.com\/rs\/cesto-postavljana-pitanja\/\"]}]},{\"@type\":\"BreadcrumbList\",\"@id\":\"https:\/\/activeluxe-cosmetics.com\/rs\/cesto-postavljana-pitanja\/#breadcrumb\",\"itemListElement\":[{\"@type\":\"ListItem\",\"position\":1,\"name\":\"Naslovnica\",\"item\":\"https:\/\/activeluxe-cosmetics.com\/rs\/\"},{\"@type\":\"ListItem\",\"position\":2,\"name\":\"\u010cesto postavljana pitanja\"}]},{\"@type\":\"WebSite\",\"@id\":\"https:\/\/activeluxe-cosmetics.com\/rs\/#website\",\"url\":\"https:\/\/activeluxe-cosmetics.com\/rs\/\",\"name\":\"Active Luxe Cosmetics\",\"description\":\"\",\"potentialAction\":[{\"@type\":\"SearchAction\",\"target\":{\"@type\":\"EntryPoint\",\"urlTemplate\":\"https:\/\/activeluxe-cosmetics.com\/rs\/?s={search_term_string}\"},\"query-input\":{\"@type\":\"PropertyValueSpecification\",\"valueRequired\":true,\"valueName\":\"search_term_string\"}}],\"inLanguage\":\"hr\"}]}<\/script>\n<!-- \/ Yoast SEO plugin. -->","yoast_head_json":{"title":"\u010cesto postavljana pitanja - Active Luxe Cosmetics","robots":{"index":"index","follow":"follow","max-snippet":"max-snippet:-1","max-image-preview":"max-image-preview:large","max-video-preview":"max-video-preview:-1"},"canonical":"https:\/\/activeluxe-cosmetics.com\/rs\/cesto-postavljana-pitanja\/","og_locale":"hr_HR","og_type":"article","og_title":"\u010cesto postavljana pitanja - Active Luxe Cosmetics","og_url":"https:\/\/activeluxe-cosmetics.com\/rs\/cesto-postavljana-pitanja\/","og_site_name":"Active Luxe Cosmetics","article_modified_time":"2024-03-18T09:38:21+00:00","twitter_card":"summary_large_image","twitter_misc":{"Procijenjeno vrijeme \u010ditanja":"6 minuta"},"schema":{"@context":"https:\/\/schema.org","@graph":[{"@type":"WebPage","@id":"https:\/\/activeluxe-cosmetics.com\/rs\/cesto-postavljana-pitanja\/","url":"https:\/\/activeluxe-cosmetics.com\/rs\/cesto-postavljana-pitanja\/","name":"\u010cesto postavljana pitanja - Active Luxe Cosmetics","isPartOf":{"@id":"https:\/\/activeluxe-cosmetics.com\/rs\/#website"},"datePublished":"2024-01-29T12:15:13+00:00","dateModified":"2024-03-18T09:38:21+00:00","breadcrumb":{"@id":"https:\/\/activeluxe-cosmetics.com\/rs\/cesto-postavljana-pitanja\/#breadcrumb"},"inLanguage":"hr","potentialAction":[{"@type":"ReadAction","target":["https:\/\/activeluxe-cosmetics.com\/rs\/cesto-postavljana-pitanja\/"]}]},{"@type":"BreadcrumbList","@id":"https:\/\/activeluxe-cosmetics.com\/rs\/cesto-postavljana-pitanja\/#breadcrumb","itemListElement":[{"@type":"ListItem","position":1,"name":"Naslovnica","item":"https:\/\/activeluxe-cosmetics.com\/rs\/"},{"@type":"ListItem","position":2,"name":"\u010cesto postavljana pitanja"}]},{"@type":"WebSite","@id":"https:\/\/activeluxe-cosmetics.com\/rs\/#website","url":"https:\/\/activeluxe-cosmetics.com\/rs\/","name":"Active Luxe Cosmetics","description":"","potentialAction":[{"@type":"SearchAction","target":{"@type":"EntryPoint","urlTemplate":"https:\/\/activeluxe-cosmetics.com\/rs\/?s={search_term_string}"},"query-input":{"@type":"PropertyValueSpecification","valueRequired":true,"valueName":"search_term_string"}}],"inLanguage":"hr"}]}},"_links":{"self":[{"href":"https:\/\/activeluxe-cosmetics.com\/rs\/wp-json\/wp\/v2\/pages\/80919","targetHints":{"allow":["GET"]}}],"collection":[{"href":"https:\/\/activeluxe-cosmetics.com\/rs\/wp-json\/wp\/v2\/pages"}],"about":[{"href":"https:\/\/activeluxe-cosmetics.com\/rs\/wp-json\/wp\/v2\/types\/page"}],"author":[{"embeddable":true,"href":"https:\/\/activeluxe-cosmetics.com\/rs\/wp-json\/wp\/v2\/users\/6"}],"replies":[{"embeddable":true,"href":"https:\/\/activeluxe-cosmetics.com\/rs\/wp-json\/wp\/v2\/comments?post=80919"}],"version-history":[{"count":9,"href":"https:\/\/activeluxe-cosmetics.com\/rs\/wp-json\/wp\/v2\/pages\/80919\/revisions"}],"predecessor-version":[{"id":81838,"href":"https:\/\/activeluxe-cosmetics.com\/rs\/wp-json\/wp\/v2\/pages\/80919\/revisions\/81838"}],"wp:attachment":[{"href":"https:\/\/activeluxe-cosmetics.com\/rs\/wp-json\/wp\/v2\/media?parent=80919"}],"curies":[{"name":"wp","href":"https:\/\/api.w.org\/{rel}","templated":true}]}}