{"id":72638,"date":"2024-01-12T13:54:57","date_gmt":"2024-01-12T13:54:57","guid":{"rendered":"https:\/\/activeluxe-cosmetics.com\/rs\/?page_id=72638"},"modified":"2025-07-09T16:00:32","modified_gmt":"2025-07-09T14:00:32","slug":"o-nama","status":"publish","type":"page","link":"https:\/\/activeluxe-cosmetics.com\/rs\/o-nama\/","title":{"rendered":"O nama"},"content":{"rendered":"\n\t<section class=\"section al-full-width-section al-mw-1340-content\" id=\"section_682161551\">\n\t\t<div class=\"bg section-bg fill bg-fill  \" >\n\n\t\t\t\n\t\t\t\n\t\t\t\n\n\t\t<\/div>\n\n\t\t\n\n\t\t<div class=\"section-content relative\">\n\t\t\t\n\n<div class=\"row align-right\"  id=\"row-62342664\">\n\n\n\t<div id=\"col-1996799805\" class=\"col small-12 large-12\"  >\n\t\t\t\t<div class=\"col-inner text-center\"  >\n\t\t\t\n\t\t\t\n\n\t<div id=\"text-3529851201\" class=\"text al-p-48\">\n\t\t\n\n<h2><span data-sheets-root=\"1\" data-sheets-value=\"{&quot;1&quot;:2,&quot;2&quot;:&quot;Sopstvena razvojna laboratorija&quot;}\" data-sheets-userformat=\"{&quot;2&quot;:17281,&quot;3&quot;:{&quot;1&quot;:0},&quot;10&quot;:0,&quot;11&quot;:4,&quot;12&quot;:0,&quot;17&quot;:1}\"><strong>Sopstvena<\/strong> razvojna laboratorija<\/span><\/h2>\n\t\t\t<\/div>\n\t\n\t<div id=\"gap-215520857\" class=\"gap-element clearfix al-gap-30\" style=\"display:block; height:auto;\">\n\t\t\n<style>\n#gap-215520857 {\n  padding-top: 30px;\n}\n<\/style>\n\t<\/div>\n\t\n\n\t<div id=\"text-2501340651\" class=\"text al-p-22 al-mw-820\">\n\t\t\n\n<p><span data-sheets-root=\"1\" data-sheets-value=\"{&quot;1&quot;:2,&quot;2&quot;:&quot;Na\u0161 tim ima sopstvenu razvojnu laboratoriju, koju vode vrhunski stru\u010dnjaci, hemi\u010dari i farmaceuti, a koja se nalazi pod zelenilom \u0161ume u Celju u Sloveniji. Pod brendom Active Luxe Cosmetics razvijamo kozmeti\u010dke proizvode koje su namenjene nezi i re\u0161avanju rasta i ja\u010danja trepavica, obrva i kose, kao i prirodnu kozmetiku za negu ko\u017ee i sun\u010danje.nnProizvodi su klini\u010dki testirani i dostupni su u dm online prodavnici.&quot;}\" data-sheets-userformat=\"{&quot;2&quot;:897,&quot;3&quot;:{&quot;1&quot;:0},&quot;10&quot;:0,&quot;11&quot;:4,&quot;12&quot;:0}\">Na\u0161 tim ima sopstvenu razvojnu laboratoriju, koju vode vrhunski stru\u010dnjaci, hemi\u010dari i farmaceuti, a koja se nalazi pod zelenilom \u0161ume u Celju u Sloveniji. Pod brendom Active Luxe Cosmetics razvijamo kozmeti\u010dke proizvode koje su namenjene nezi i re\u0161avanju rasta i ja\u010danja trepavica, obrva i kose, kao i prirodnu kozmetiku za negu ko\u017ee i sun\u010danje.<br \/><br \/>Proizvodi su klini\u010dki testirani i dostupni su u dm online prodavnici.<\/span><\/p>\n\t\t\t<\/div>\n\t\n\t<div id=\"gap-441829657\" class=\"gap-element clearfix al-gap-30\" style=\"display:block; height:auto;\">\n\t\t\n<style>\n#gap-441829657 {\n  padding-top: 30px;\n}\n<\/style>\n\t<\/div>\n\t\n\n\n\t\t<\/div>\n\t\t\t\t\t<\/div>\n\n\t\n\n\n<style>\n#row-62342664 > .col > .col-inner {\n  padding: 50px 0px 0px 0px;\n}\n@media (min-width:550px) {\n  #row-62342664 > .col > .col-inner {\n    padding: 100px 0px 0px 0px;\n  }\n}\n<\/style>\n<\/div>\n<div class=\"row align-equal align-center al-about-us-2columns\"  id=\"row-1490418898\">\n\n\n\t<div id=\"col-2043634549\" class=\"col medium-6 small-12 large-6\"  >\n\t\t\t\t<div class=\"col-inner\" style=\"background-color:rgb(255, 255, 255);\" >\n\t\t\t\n\t\t\t\n\n\t<div id=\"text-771096153\" class=\"text al-p-18\">\n\t\t\n\n<p>Dostupno i na <strong>dm<\/strong> <br \/>webshopu<\/p>\n\t\t\t<\/div>\n\t\n\t<div class=\"img has-hover al-img-auto x md-x lg-x y md-y lg-y\" id=\"image_1930357233\">\n\t\t\t\t\t\t\t\t<div class=\"img-inner dark\" >\n\t\t\t<img loading=\"lazy\" decoding=\"async\" width=\"67\" height=\"48\" src=\"https:\/\/activeluxe-cosmetics.com\/rs\/wp-content\/uploads\/2024\/01\/dm_Logo-1.png\" class=\"attachment-original size-original\" alt=\"\" \/>\t\t\t\t\t\t\n\t\t\t\t\t<\/div>\n\t\t\t\t\t\t\t\t\n<style>\n#image_1930357233 {\n  width: 100%;\n}\n<\/style>\n\t<\/div>\n\t\n\n\n\t\t<\/div>\n\t\t\t\t\n<style>\n#col-2043634549 > .col-inner {\n  margin: 10px 10px 10px 10px;\n}\n<\/style>\n\t<\/div>\n\n\t\n\n<\/div>\n\t<div id=\"gap-1985099001\" class=\"gap-element clearfix al-gap-80\" style=\"display:block; height:auto;\">\n\t\t\n<style>\n#gap-1985099001 {\n  padding-top: 50px;\n}\n@media (min-width:550px) {\n  #gap-1985099001 {\n    padding-top: 80px;\n  }\n}\n<\/style>\n\t<\/div>\n\t\n\n\n\t\t<\/div>\n\n\t\t\n<style>\n#section_682161551 {\n  padding-top: 0px;\n  padding-bottom: 0px;\n}\n#section_682161551 .section-bg.bg-loaded {\n  background-image: url(https:\/\/activeluxe-cosmetics.com\/rs\/wp-content\/uploads\/2024\/01\/image-146-1.png);\n}\n<\/style>\n\t<\/section>\n\t\n\t<section class=\"section al-section-bg-contain\" id=\"section_1194417507\">\n\t\t<div class=\"bg section-bg fill bg-fill  \" >\n\n\t\t\t\n\t\t\t\n\t\t\t\n\n\t\t<\/div>\n\n\t\t\n\n\t\t<div class=\"section-content relative\">\n\t\t\t\n\n<div class=\"row\"  id=\"row-1332318785\">\n\n\n\t<div id=\"col-1318322664\" class=\"col medium-8 small-12 large-8\"  >\n\t\t\t\t<div class=\"col-inner\"  >\n\t\t\t\n\t\t\t\n\n<h3><span data-sheets-root=\"1\" data-sheets-value=\"{&quot;1&quot;:2,&quot;2&quot;:&quot;Kozmetika koja sadr\u017ei samo proverene i sigurne sastojke koje su namenjene za va\u0161u ko\u017eu, a ceo proces proizvodnje nadgledaju stru\u010dnjaci iz oblasti kozmetike i farmacije.&quot;}\" data-sheets-userformat=\"{&quot;2&quot;:897,&quot;3&quot;:{&quot;1&quot;:0},&quot;10&quot;:0,&quot;11&quot;:4,&quot;12&quot;:0}\">Kozmetika koja sadr\u017ei samo <strong>proverene<\/strong> i <strong>sigurne<\/strong> sastojke koje su <strong>namenjene<\/strong> za va\u0161u ko\u017eu, a ceo proces proizvodnje nadgledaju stru\u010dnjaci iz oblasti kozmetike i farmacije.<\/span><\/h3>\n\n\t\t<\/div>\n\t\t\t\t\t<\/div>\n\n\t\n\n\n<style>\n#row-1332318785 > .col > .col-inner {\n  padding: 50px 0px 50px 0px;\n}\n@media (min-width:550px) {\n  #row-1332318785 > .col > .col-inner {\n    padding: 100px 50px 100px 50px;\n  }\n}\n<\/style>\n<\/div>\n\n\t\t<\/div>\n\n\t\t\n<style>\n#section_1194417507 {\n  padding-top: 0px;\n  padding-bottom: 0px;\n}\n#section_1194417507 .section-bg.bg-loaded {\n  background-image: url(https:\/\/activeluxe-cosmetics.com\/rs\/wp-content\/uploads\/2024\/01\/2.png);\n}\n#section_1194417507 .section-bg {\n  background-position: right;\n}\n<\/style>\n\t<\/section>\n\t\n\t<section class=\"section\" id=\"section_1764188903\">\n\t\t<div class=\"bg section-bg fill bg-fill  bg-loaded\" >\n\n\t\t\t\n\t\t\t\n\t\t\t\n\n\t\t<\/div>\n\n\t\t\n\n\t\t<div class=\"section-content relative\">\n\t\t\t\n\n<div class=\"row\"  id=\"row-365060452\">\n\n\n\t<div id=\"col-1582389658\" class=\"col medium-4 small-12 large-4\"  >\n\t\t\t\t<div class=\"col-inner\"  >\n\t\t\t\n\t\t\t\n\n<div class=\"row row-collapse\"  id=\"row-210514480\">\n\n\n\t<div id=\"col-987446765\" class=\"col medium-2 small-3 large-2\"  >\n\t\t\t\t<div class=\"col-inner\"  >\n\t\t\t\n\t\t\t\n\n\t<div class=\"img has-hover al-img-auto x md-x lg-x y md-y lg-y\" id=\"image_360701329\">\n\t\t\t\t\t\t\t\t<div class=\"img-inner dark\" >\n\t\t\t<img loading=\"lazy\" decoding=\"async\" width=\"61\" height=\"61\" src=\"https:\/\/activeluxe-cosmetics.com\/rs\/wp-content\/uploads\/2024\/01\/image-89-1-1.svg\" class=\"attachment-original size-original\" alt=\"\" \/>\t\t\t\t\t\t\n\t\t\t\t\t<\/div>\n\t\t\t\t\t\t\t\t\n<style>\n#image_360701329 {\n  width: 100%;\n}\n<\/style>\n\t<\/div>\n\t\n\n\n\t\t<\/div>\n\t\t\t\t\t<\/div>\n\n\t\n\n\t<div id=\"col-1753771199\" class=\"col medium-10 small-9 large-10\"  >\n\t\t\t\t<div class=\"col-inner\"  >\n\t\t\t\n\t\t\t\n\n\t<div id=\"text-803533174\" class=\"text al-p-20\">\n\t\t\n\n<p>PROIZVODI NISU TESTIRANI NA \u017dIVOTINJAMA<\/p>\n\t\t\t<\/div>\n\t\n\t<div id=\"text-3182959123\" class=\"text al-p-16\">\n\t\t\n\n<p>Pa\u017eljivo odlu\u010dujemo o svakom koraku i biramo samo najbolje sastojke i sigurne materijale.<\/p>\n\t\t\t<\/div>\n\t\n\n\t\t<\/div>\n\t\t\t\t\n<style>\n#col-1753771199 > .col-inner {\n  padding: 0px 0px 0px 15px;\n}\n<\/style>\n\t<\/div>\n\n\t\n\n<\/div>\n\n\t\t<\/div>\n\t\t\t\t\t<\/div>\n\n\t\n\n\t<div id=\"col-953721254\" class=\"col medium-4 small-12 large-4\"  >\n\t\t\t\t<div class=\"col-inner\"  >\n\t\t\t\n\t\t\t\n\n<div class=\"row row-collapse\"  id=\"row-1151345506\">\n\n\n\t<div id=\"col-1345968597\" class=\"col medium-2 small-3 large-2\"  >\n\t\t\t\t<div class=\"col-inner\"  >\n\t\t\t\n\t\t\t\n\n\t<div class=\"img has-hover al-img-auto x md-x lg-x y md-y lg-y\" id=\"image_1705021975\">\n\t\t\t\t\t\t\t\t<div class=\"img-inner dark\" >\n\t\t\t<img loading=\"lazy\" decoding=\"async\" width=\"62\" height=\"62\" src=\"https:\/\/activeluxe-cosmetics.com\/rs\/wp-content\/uploads\/2024\/01\/image-97-1.svg\" class=\"attachment-original size-original\" alt=\"\" \/>\t\t\t\t\t\t\n\t\t\t\t\t<\/div>\n\t\t\t\t\t\t\t\t\n<style>\n#image_1705021975 {\n  width: 100%;\n}\n<\/style>\n\t<\/div>\n\t\n\n\n\t\t<\/div>\n\t\t\t\t\t<\/div>\n\n\t\n\n\t<div id=\"col-1320913398\" class=\"col medium-10 small-9 large-10\"  >\n\t\t\t\t<div class=\"col-inner\"  >\n\t\t\t\n\t\t\t\n\n\t<div id=\"text-3286252265\" class=\"text al-p-20\">\n\t\t\n\n<p>NAJNOVIJE TEHNOLOGIJE<\/p>\n\t\t\t<\/div>\n\t\n\t<div id=\"text-3533819686\" class=\"text al-p-16\">\n\t\t\n\n<p><span data-sheets-root=\"1\" data-sheets-value=\"{&quot;1&quot;:2,&quot;2&quot;:&quot;Tehnolo\u0161ki proces ekstrakcije razvijen je i optimizovan u saradnji sa Farmaceutskim fakultetom i Institutom za farmaceutsku biohemiju.&quot;}\" data-sheets-userformat=\"{&quot;2&quot;:897,&quot;3&quot;:{&quot;1&quot;:0},&quot;10&quot;:0,&quot;11&quot;:4,&quot;12&quot;:0}\">Tehnolo\u0161ki proces ekstrakcije razvijen je i optimizovan u saradnji sa Farmaceutskim fakultetom i Institutom za farmaceutsku biohemiju.<\/span><\/p>\n\t\t\t<\/div>\n\t\n\n\t\t<\/div>\n\t\t\t\t\n<style>\n#col-1320913398 > .col-inner {\n  padding: 0px 0px 0px 15px;\n}\n<\/style>\n\t<\/div>\n\n\t\n\n<\/div>\n\n\t\t<\/div>\n\t\t\t\t\t<\/div>\n\n\t\n\n\t<div id=\"col-1161448229\" class=\"col medium-4 small-12 large-4\"  >\n\t\t\t\t<div class=\"col-inner\"  >\n\t\t\t\n\t\t\t\n\n<div class=\"row row-collapse\"  id=\"row-1007773315\">\n\n\n\t<div id=\"col-301400975\" class=\"col medium-2 small-3 large-2\"  >\n\t\t\t\t<div class=\"col-inner\"  >\n\t\t\t\n\t\t\t\n\n\t<div class=\"img has-hover al-img-auto x md-x lg-x y md-y lg-y\" id=\"image_37395633\">\n\t\t\t\t\t\t\t\t<div class=\"img-inner dark\" >\n\t\t\t<img loading=\"lazy\" decoding=\"async\" width=\"64\" height=\"64\" src=\"https:\/\/activeluxe-cosmetics.com\/rs\/wp-content\/uploads\/2024\/01\/image-83-1.svg\" class=\"attachment-original size-original\" alt=\"\" \/>\t\t\t\t\t\t\n\t\t\t\t\t<\/div>\n\t\t\t\t\t\t\t\t\n<style>\n#image_37395633 {\n  width: 100%;\n}\n<\/style>\n\t<\/div>\n\t\n\n\n\t\t<\/div>\n\t\t\t\t\t<\/div>\n\n\t\n\n\t<div id=\"col-394415669\" class=\"col medium-10 small-9 large-10\"  >\n\t\t\t\t<div class=\"col-inner\"  >\n\t\t\t\n\t\t\t\n\n\t<div id=\"text-1819194125\" class=\"text al-p-20\">\n\t\t\n\n<p>BRIGA O KO\u017dI I OKLINI<\/p>\n\t\t\t<\/div>\n\t\n\t<div id=\"text-242573013\" class=\"text al-p-16\">\n\t\t\n\n<p><span data-sheets-root=\"1\" data-sheets-value=\"{&quot;1&quot;:2,&quot;2&quot;:&quot;U proizvodnji kozmetike koristimo isklju\u010divo proverenu tehnologiju sa minimalnim uticajem na \u017eivotnu sredinu. Sve na\u0161e ambala\u017ee mogu se u potpunosti reciklirati.&quot;}\" data-sheets-userformat=\"{&quot;2&quot;:897,&quot;3&quot;:{&quot;1&quot;:0},&quot;10&quot;:0,&quot;11&quot;:4,&quot;12&quot;:0}\">U proizvodnji kozmetike koristimo isklju\u010divo proverenu tehnologiju sa minimalnim uticajem na \u017eivotnu sredinu. Sve na\u0161e ambala\u017ee mogu se u potpunosti reciklirati.<\/span><\/p>\n\t\t\t<\/div>\n\t\n\n\t\t<\/div>\n\t\t\t\t\n<style>\n#col-394415669 > .col-inner {\n  padding: 0px 0px 0px 15px;\n}\n<\/style>\n\t<\/div>\n\n\t\n\n<\/div>\n\n\t\t<\/div>\n\t\t\t\t\t<\/div>\n\n\t\n\n\n<style>\n#row-365060452 > .col > .col-inner {\n  padding: 20px 0px 20px 0px;\n}\n@media (min-width:550px) {\n  #row-365060452 > .col > .col-inner {\n    padding: 100px 0px 100px 0px;\n  }\n}\n<\/style>\n<\/div>\n\n\t\t<\/div>\n\n\t\t\n<style>\n#section_1764188903 {\n  padding-top: 0px;\n  padding-bottom: 0px;\n}\n<\/style>\n\t<\/section>\n\t\n\t<section class=\"section al-full-width-section al-mw-1340-content\" id=\"section_64429671\">\n\t\t<div class=\"bg section-bg fill bg-fill  bg-loaded\" >\n\n\t\t\t\n\t\t\t\n\t\t\t\n\n\t\t<\/div>\n\n\t\t\n\n\t\t<div class=\"section-content relative\">\n\t\t\t\n\n<div class=\"row\"  id=\"row-2077272938\">\n\n\n\t<div id=\"col-1294636336\" class=\"col small-12 large-12\"  >\n\t\t\t\t<div class=\"col-inner text-center\"  >\n\t\t\t\n\t\t\t\n\n\t<div id=\"text-1526063484\" class=\"text al-p-45\">\n\t\t\n\n<h2><strong>Aktivni sastojci<\/strong> u Active Luxe kozmetici<\/h2>\n\t\t\t<\/div>\n\t\n\n\t\t<\/div>\n\t\t\t\t\t<\/div>\n\n\t\n\n\n<style>\n#row-2077272938 > .col > .col-inner {\n  padding: 50px 0px 30px 0px;\n}\n@media (min-width:550px) {\n  #row-2077272938 > .col > .col-inner {\n    padding: 90px 0px 80px 0px;\n  }\n}\n<\/style>\n<\/div>\n<div id=\"al-ingredients-slider\">\n        <div class=\"al-ingredients-slider-single-ingredient\">\n            <div class=\"al-ingredients-slider-single-ingredient-texts\">\n                <div class=\"al-ingredients-slider-single-ingredient-title al-p-40\"><p>\u0160i puter<\/p><\/div>\n                <div class=\"al-ingredients-slider-single-ingredient-inci-title al-p-20\"><p>Butirospermum Parkii puter<\/p><\/div>\n                <div class=\"al-ingredients-slider-single-ingredient-text al-p-18\"><p>Neophodan je sastojak lepote koji su \u017eene u Africi oduvek koristile za negu ko\u017ee. Izuzetno je bogat vitaminima A i E koji ubla\u017eavaju promene na ko\u017ei i poma\u017eu u br\u017eoj regeneraciji ko\u017ee. Shea puter dubinski hidrira ko\u017eu, \u010dini je mek\u0161om, podsti\u010de obnavljanje c\u0301elija, povec\u0301ava njenu elasti\u010dnost i \u0161titi je od raznih vremenskih promena. Izuzetno hranljivo i blagotvorno deluje na ko\u017eu. \u0160titi ko\u017eu od hladnoc\u0301e i sunca.<\/p><\/div>\n                <div class=\"al-ingredients-slider-single-ingredient-tags\"><p>Dubinski vla\u017ei<\/p><p> Omek\u0161ava<\/p><p> Elasti\u010dnost<\/p><p> \u0160titi<\/p><p> Obnavlja<\/p><\/div>\n            <\/div>\n            <div class=\"al-ingredients-slider-single-ingredient-img\"><img decoding=\"async\" src=\"https:\/\/activeluxe-cosmetics.com\/rs\/wp-content\/uploads\/2024\/01\/image-280-1.png\" \/><\/div>\n        <\/div>\n        \n        <div class=\"al-ingredients-slider-single-ingredient\">\n            <div class=\"al-ingredients-slider-single-ingredient-texts\">\n                <div class=\"al-ingredients-slider-single-ingredient-title al-p-40\"><p>Ulje jojobe<\/p><\/div>\n                <div class=\"al-ingredients-slider-single-ingredient-inci-title al-p-20\"><p>Simmondsia Chinensis Seed Oil<\/p><\/div>\n                <div class=\"al-ingredients-slider-single-ingredient-text al-p-18\"><p>Sastav jojobinog ulja je veoma sli\u010dan ko\u017enom sebumu, pa ga samim tim i ko\u017ea savr\u0161eno prihvata. Pogodan je za sve tipove ko\u017ee. Ne masti ko\u017eu, ve\u0107 je hrani i neguje. Odli\u010dan je za sve sa problemati\u010dnom ko\u017eom jer vrac\u0301a prirodnu ravnote\u017eu ko\u017ei. Masna ko\u017ea sklona aknama prepoznaje je kao svoju, \u0161to pozitivno uti\u010de na ko\u017eu. Ulje jojobe je bogato vitaminom E, koji je bogat antioksidans. \u0160titi na\u0161e c\u0301elije od slobodnih radikala.<\/p><\/div>\n                \n            <\/div>\n            <div class=\"al-ingredients-slider-single-ingredient-img\"><img decoding=\"async\" src=\"https:\/\/activeluxe-cosmetics.com\/rs\/wp-content\/uploads\/2024\/02\/Ulje-jojobe.png\" \/><\/div>\n        <\/div>\n        \n        <div class=\"al-ingredients-slider-single-ingredient\">\n            <div class=\"al-ingredients-slider-single-ingredient-texts\">\n                <div class=\"al-ingredients-slider-single-ingredient-title al-p-40\"><p>Kokosovo ulje<\/p><\/div>\n                <div class=\"al-ingredients-slider-single-ingredient-inci-title al-p-20\"><p>Cocos Nucifera ulje<\/p><\/div>\n                <div class=\"al-ingredients-slider-single-ingredient-text al-p-18\"><p>Pogodan je za sve tipove ko\u017ee, posebno za suvu i osetljivu ko\u017eu. Dubinski hidrira, \u0161titi i blagotvorno deluje na ko\u017eu. Odli\u010dan je regenerator jer regeneri\u0161e c\u0301elije ko\u017ee i odr\u017eava je elasti\u010dnom. \u0160titi ko\u017eu od stvaranja slobodnih radikala i tako usporava prerano starenje ko\u017ee, bore i fleke. Pored toga, podmla\u0111uje ko\u017eu uklanjanjem spolja\u0161njeg sloja mrtvih c\u0301elija, \u010dinec\u0301i je glatkom. Jer prodire direktno u ko\u017eu - ja\u010da je, dubinski regeneri\u0161e i \u010dini je mekom.<\/p><\/div>\n                \n            <\/div>\n            <div class=\"al-ingredients-slider-single-ingredient-img\"><img decoding=\"async\" src=\"https:\/\/activeluxe-cosmetics.com\/rs\/wp-content\/uploads\/2024\/02\/image-292.png\" \/><\/div>\n        <\/div>\n        \n        <div class=\"al-ingredients-slider-single-ingredient\">\n            <div class=\"al-ingredients-slider-single-ingredient-texts\">\n                <div class=\"al-ingredients-slider-single-ingredient-title al-p-40\"><p>Mango puter<\/p><\/div>\n                <div class=\"al-ingredients-slider-single-ingredient-inci-title al-p-20\"><p>Puter od semena Mangifera Indica<\/p><\/div>\n                <div class=\"al-ingredients-slider-single-ingredient-text al-p-18\"><p>Ima odli\u010dna hidratantna svojstva i tako\u0111e podsti\u010de regeneraciju ko\u017ee. Umiruje ko\u017eu, hidrira je, \u0161titi i poma\u017ee u vrac\u0301anju elasti\u010dnosti i smanjuje propadanje c\u0301elija ko\u017ee. Mango puter hrani suvu ko\u017eu i spre\u010dava isu\u0161ivanje. Poma\u017ee regeneraciji c\u0301elija ko\u017ee, uz negu poma\u017ee ko\u017ei da br\u017ee zaceli. Tako\u0111e savr\u0161eno \u0161titi ko\u017eu od vetra i hladnoc\u0301e.<\/p><\/div>\n                \n            <\/div>\n            <div class=\"al-ingredients-slider-single-ingredient-img\"><img decoding=\"async\" src=\"https:\/\/activeluxe-cosmetics.com\/rs\/wp-content\/uploads\/2024\/02\/Mango.png\" \/><\/div>\n        <\/div>\n        \n        <div class=\"al-ingredients-slider-single-ingredient\">\n            <div class=\"al-ingredients-slider-single-ingredient-texts\">\n                <div class=\"al-ingredients-slider-single-ingredient-title al-p-40\"><p>Maslinovo ulje<\/p><\/div>\n                <div class=\"al-ingredients-slider-single-ingredient-inci-title al-p-20\"><p>Olea Europaea voc\u0301no ulje<\/p><\/div>\n                <div class=\"al-ingredients-slider-single-ingredient-text al-p-18\"><p>Pogodan je za sve tipove ko\u017ee, uklju\u010dujuc\u0301i i masnu. Pru\u017ea dugotrajnu za\u0161titu i hidrataciju ko\u017ee, a blagotvorno deluje na iritiranu i jako dehidriranu ko\u017eu. Sadr\u017ei vitamine A i E koji su va\u017eni za regeneraciju ko\u017ee. Vitamin E obezbe\u0111uje da ko\u017ea bude jo\u0161 elasti\u010dnija i zategnutija nego pre. Maslinovo ulje \u0161titi ko\u017eu i od posledica nezdravog na\u010dina \u017eivota, posebno pu\u0161enja i nepravilne ishrane. Antioksidansi ubrzavaju obnavljanje c\u0301elija i vrac\u0301aju im glatkiji, zategnutiji i zdraviji izgled.<\/p><\/div>\n                \n            <\/div>\n            <div class=\"al-ingredients-slider-single-ingredient-img\"><img decoding=\"async\" src=\"https:\/\/activeluxe-cosmetics.com\/rs\/wp-content\/uploads\/2024\/02\/Maslinovo-ulje.png\" \/><\/div>\n        <\/div>\n        \n        <div class=\"al-ingredients-slider-single-ingredient\">\n            <div class=\"al-ingredients-slider-single-ingredient-texts\">\n                <div class=\"al-ingredients-slider-single-ingredient-title al-p-40\"><p>CO2 ekstrakt iz semena bundeve<\/p><\/div>\n                <div class=\"al-ingredients-slider-single-ingredient-inci-title al-p-20\"><p>ekstrakt semena kucurbita peppo<\/p><\/div>\n                <div class=\"al-ingredients-slider-single-ingredient-text al-p-18\"><p>Ekstrakt je izuzetno bogat skvalenom, koji se u vazduhu pretvara u skvalan. To je gusta te\u010dnost nalik na ulje koja se brzo upija u ko\u017eu i ostavlja svilenkast osec\u0301aj. Pru\u017ea ko\u017ei meko\u0107u i pobolj\u0161ava njenu strukturu. Vrac\u0301a o\u0161tec\u0301enu funkciju hidrolipidne barijere ko\u017ee i spre\u010dava njenu dehidraciju.<\/p><\/div>\n                \n            <\/div>\n            <div class=\"al-ingredients-slider-single-ingredient-img\"><img decoding=\"async\" src=\"https:\/\/activeluxe-cosmetics.com\/rs\/wp-content\/uploads\/2024\/02\/Buca.png\" \/><\/div>\n        <\/div>\n        \n        <div class=\"al-ingredients-slider-single-ingredient\">\n            <div class=\"al-ingredients-slider-single-ingredient-texts\">\n                <div class=\"al-ingredients-slider-single-ingredient-title al-p-40\"><p>Niacinamid<\/p><\/div>\n                <div class=\"al-ingredients-slider-single-ingredient-inci-title al-p-20\"><p>Niacinamidi<\/p><\/div>\n                <div class=\"al-ingredients-slider-single-ingredient-text al-p-18\"><p>Sastojak koji je izuzetno po\u017eeljan u kozmeti\u010dkim proizvodima i pogodan za sve tipove ko\u017ee. Naj\u010de\u0161c\u0301e se koristi u proizvodima za negu protiv bubuljica, akni i pro\u0161irenih pora. Deluje i protiv bora i vidljivo pobolj\u0161ava teksturu ko\u017ee. Niacin odli\u010dno deluje protiv pigmentnih mrlja i stara\u010dkih pega i odli\u010dan je hidratant ko\u017ee.<\/p><\/div>\n                \n            <\/div>\n            <div class=\"al-ingredients-slider-single-ingredient-img\"><img decoding=\"async\" src=\"https:\/\/activeluxe-cosmetics.com\/rs\/wp-content\/uploads\/2024\/02\/image-285.png\" \/><\/div>\n        <\/div>\n        \n        <div class=\"al-ingredients-slider-single-ingredient\">\n            <div class=\"al-ingredients-slider-single-ingredient-texts\">\n                <div class=\"al-ingredients-slider-single-ingredient-title al-p-40\"><p>Panthenol<\/p><\/div>\n                <div class=\"al-ingredients-slider-single-ingredient-inci-title al-p-20\"><p>Panthenol<\/p><\/div>\n                <div class=\"al-ingredients-slider-single-ingredient-text al-p-18\"><p>Aktivni sastojak koji neguje suvu, grubu i ispucalu ko\u017eu. Umiruje iritiranu ko\u017eu i ubrzava zarastanje manjih povreda ko\u017ee. Dobro prodire u ko\u017eu, gde se u c\u0301elijama ko\u017ee pretvara u pantotensku kiselinu (vitamin B5). Ovo podsti\u010de regeneraciju o\u0161tec\u0301enog ko\u017enog tkiva i zarastanje rana, ubla\u017eava upale, zadr\u017eava hidrataciju u ko\u017ei i spre\u010dava iritaciju ko\u017ee<\/p><\/div>\n                \n            <\/div>\n            <div class=\"al-ingredients-slider-single-ingredient-img\"><img decoding=\"async\" src=\"https:\/\/activeluxe-cosmetics.com\/rs\/wp-content\/uploads\/2024\/02\/image-286.png\" \/><\/div>\n        <\/div>\n        \n        <div class=\"al-ingredients-slider-single-ingredient\">\n            <div class=\"al-ingredients-slider-single-ingredient-texts\">\n                <div class=\"al-ingredients-slider-single-ingredient-title al-p-40\"><p>Aloe Vera prah<\/p><\/div>\n                <div class=\"al-ingredients-slider-single-ingredient-inci-title al-p-20\"><p>Sok od listova Aloe Barbadensis u prahu<\/p><\/div>\n                <div class=\"al-ingredients-slider-single-ingredient-text al-p-18\"><p>Prirodni hidratant koji prodire duboko u ko\u017eu. Obezbe\u0111uje obnavljanje ko\u017ee, pobolj\u0161ava cirkulaciju, zbog \u010dega se koristi i u kozmetici protiv starenja. Spre\u010dava nastanak pigmentnih mrlja, blagotvorno deluje na ko\u017eu, umiruje je i hladi. Vrac\u0301a elasti\u010dnost ko\u017ei, \u010dini je mek\u0161om i fleksibilnijom - pobolj\u0161ava njen tonus i izgled.<\/p><\/div>\n                \n            <\/div>\n            <div class=\"al-ingredients-slider-single-ingredient-img\"><img decoding=\"async\" src=\"https:\/\/activeluxe-cosmetics.com\/rs\/wp-content\/uploads\/2024\/02\/Aloe_vera.png\" \/><\/div>\n        <\/div>\n        \n        <div class=\"al-ingredients-slider-single-ingredient\">\n            <div class=\"al-ingredients-slider-single-ingredient-texts\">\n                <div class=\"al-ingredients-slider-single-ingredient-title al-p-40\"><p>Hijaluronska kiselina<\/p><\/div>\n                <div class=\"al-ingredients-slider-single-ingredient-inci-title al-p-20\"><p>Hijaluronska kiselina<\/p><\/div>\n                <div class=\"al-ingredients-slider-single-ingredient-text al-p-18\"><p>Hidrira ko\u017eu i usporava pojavu vidljivih znakova starenja. Obnavlja i le\u010di ko\u017eu kao jedan od najboljih hidratantnih sastojaka, poznat i kao hijaluron \u2013 bistra, lepljiva supstanca koju na\u0161e telo prirodno proizvodi. \u010cak 50% njegove ukupne koncentracije nalazi se u ko\u017ei. Upravo zbog toga je hijaluronska kiselina toliko va\u017ena za lice.<\/p><\/div>\n                \n            <\/div>\n            <div class=\"al-ingredients-slider-single-ingredient-img\"><img decoding=\"async\" src=\"https:\/\/activeluxe-cosmetics.com\/rs\/wp-content\/uploads\/2024\/02\/hijaluronska_kiselina.png\" \/><\/div>\n        <\/div>\n        \n        <div class=\"al-ingredients-slider-single-ingredient\">\n            <div class=\"al-ingredients-slider-single-ingredient-texts\">\n                <div class=\"al-ingredients-slider-single-ingredient-title al-p-40\"><p>Alantoin<\/p><\/div>\n                <div class=\"al-ingredients-slider-single-ingredient-inci-title al-p-20\"><p>Allantoin<\/p><\/div>\n                <div class=\"al-ingredients-slider-single-ingredient-text al-p-18\"><p>Ima blagotvorno, hidratantno i regenerativno dejstvo na ko\u017eu. \u010cini ko\u017eu mekanom, obnavlja je i obezbe\u0111uje br\u017ee zarastanje. Preporu\u010duje se za suvu i iritiranu ko\u017eu i ko\u017eu sa o\u017eiljcima.<\/p><\/div>\n                \n            <\/div>\n            <div class=\"al-ingredients-slider-single-ingredient-img\"><img decoding=\"async\" src=\"https:\/\/activeluxe-cosmetics.com\/rs\/wp-content\/uploads\/2024\/02\/Alantoin.png\" \/><\/div>\n        <\/div>\n        \n        <div class=\"al-ingredients-slider-single-ingredient\">\n            <div class=\"al-ingredients-slider-single-ingredient-texts\">\n                <div class=\"al-ingredients-slider-single-ingredient-title al-p-40\"><p>Ekstrakt cvetova kamilice<\/p><\/div>\n                <div class=\"al-ingredients-slider-single-ingredient-inci-title al-p-20\"><p>ekstrakt cveta kamomile rekutita<\/p><\/div>\n                <div class=\"al-ingredients-slider-single-ingredient-text al-p-18\"><p>Ubla\u017eava crvenilo, smanjuje iritaciju ko\u017ee i ima antiinflamatorno dejstvo.<\/p><\/div>\n                \n            <\/div>\n            <div class=\"al-ingredients-slider-single-ingredient-img\"><img decoding=\"async\" src=\"https:\/\/activeluxe-cosmetics.com\/rs\/wp-content\/uploads\/2024\/02\/Chamomilla.png\" \/><\/div>\n        <\/div>\n        \n        <div class=\"al-ingredients-slider-single-ingredient\">\n            <div class=\"al-ingredients-slider-single-ingredient-texts\">\n                <div class=\"al-ingredients-slider-single-ingredient-title al-p-40\"><p>Vitamin E<\/p><\/div>\n                <div class=\"al-ingredients-slider-single-ingredient-inci-title al-p-20\"><p><\/p><\/div>\n                <div class=\"al-ingredients-slider-single-ingredient-text al-p-18\"><p>\u0160titi ko\u017eu od slobodnih radikala i podr\u017eava regeneraciju trepavica i obrva. Pored svog antioksidativnog dejstva, ima i sposobnost da inhibira razgradnju kolagena u dubokim slojevima ko\u017ee.<\/p><\/div>\n                \n            <\/div>\n            <div class=\"al-ingredients-slider-single-ingredient-img\"><img decoding=\"async\" src=\"https:\/\/activeluxe-cosmetics.com\/rs\/wp-content\/uploads\/2024\/02\/Vitamin_E.png\" \/><\/div>\n        <\/div>\n        \n        <div class=\"al-ingredients-slider-single-ingredient\">\n            <div class=\"al-ingredients-slider-single-ingredient-texts\">\n                <div class=\"al-ingredients-slider-single-ingredient-title al-p-40\"><p>Isopropil cloprostenate<\/p><\/div>\n                <div class=\"al-ingredients-slider-single-ingredient-inci-title al-p-20\"><p>izopropil kloprostenat<\/p><\/div>\n                <div class=\"al-ingredients-slider-single-ingredient-text al-p-18\"><p>To je aktivni sastojak koji pobolj\u0161ava strukturu obrva. Poma\u017ee da trepavice, obrve i kosa izgledaju zdravije i ja\u010de.<\/p><\/div>\n                \n            <\/div>\n            <div class=\"al-ingredients-slider-single-ingredient-img\"><img decoding=\"async\" src=\"https:\/\/activeluxe-cosmetics.com\/rs\/wp-content\/uploads\/2024\/02\/Isopropyl-cloprostenate.png\" \/><\/div>\n        <\/div>\n        \n        <div class=\"al-ingredients-slider-single-ingredient\">\n            <div class=\"al-ingredients-slider-single-ingredient-texts\">\n                <div class=\"al-ingredients-slider-single-ingredient-title al-p-40\"><p>Apigenin<\/p><\/div>\n                <div class=\"al-ingredients-slider-single-ingredient-inci-title al-p-20\"><p><\/p><\/div>\n                <div class=\"al-ingredients-slider-single-ingredient-text al-p-18\"><p>Sastojak koji deluje kao antioksidans i ubrzava mikrocirkulaciju, odnosno cirkulaciju ko\u017ee glave.<\/p><\/div>\n                \n            <\/div>\n            <div class=\"al-ingredients-slider-single-ingredient-img\"><img decoding=\"async\" src=\"https:\/\/activeluxe-cosmetics.com\/rs\/wp-content\/uploads\/2024\/02\/Apigenin.png\" \/><\/div>\n        <\/div>\n        \n        <div class=\"al-ingredients-slider-single-ingredient\">\n            <div class=\"al-ingredients-slider-single-ingredient-texts\">\n                <div class=\"al-ingredients-slider-single-ingredient-title al-p-40\"><p>Biotinoil tripeptid-1<\/p><\/div>\n                <div class=\"al-ingredients-slider-single-ingredient-inci-title al-p-20\"><p>Biotinoil tripeptid-1 (Biotin-GHK)<\/p><\/div>\n                <div class=\"al-ingredients-slider-single-ingredient-text al-p-18\"><p>Peptid sa tri aminokiseline koji prodire duboko u ko\u017eu glave, stimuli\u0161e c\u0301elijski metabolizam i obnavlja oslabljene folikule dlake. Smanjuje gubitak kose, a trepavice izgledaju du\u017ee, ja\u010de i gu\u0161\u0107e.<\/p><\/div>\n                \n            <\/div>\n            <div class=\"al-ingredients-slider-single-ingredient-img\"><img decoding=\"async\" src=\"https:\/\/activeluxe-cosmetics.com\/rs\/wp-content\/uploads\/2024\/02\/Biotinoyl.png\" \/><\/div>\n        <\/div>\n        \n        <div class=\"al-ingredients-slider-single-ingredient\">\n            <div class=\"al-ingredients-slider-single-ingredient-texts\">\n                <div class=\"al-ingredients-slider-single-ingredient-title al-p-40\"><p>Oleinske kiseline<\/p><\/div>\n                <div class=\"al-ingredients-slider-single-ingredient-inci-title al-p-20\"><p><\/p><\/div>\n                <div class=\"al-ingredients-slider-single-ingredient-text al-p-18\"><p>Deluje kao sna\u017ean inhibitor enzima odgovornog za pretvaranje hormona testosterona u hormon dihidrotestosteron (DHT), koji je glavni uzrok gubitka kose i c\u0301elavosti.<\/p><\/div>\n                \n            <\/div>\n            <div class=\"al-ingredients-slider-single-ingredient-img\"><img decoding=\"async\" src=\"https:\/\/activeluxe-cosmetics.com\/rs\/wp-content\/uploads\/2024\/02\/oleinska_kiselina.png\" \/><\/div>\n        <\/div>\n        <\/div>\n\t<link rel=\"stylesheet\" type=\"text\/css\" href=\"\/\/cdn.jsdelivr.net\/npm\/slick-carousel@1.8.1\/slick\/slick.css\"\/>\n\t<script type=\"text\/javascript\" src=\"\/\/cdn.jsdelivr.net\/npm\/slick-carousel@1.8.1\/slick\/slick.min.js\"><\/script>\n\t<script>\n\tjQuery(\"#al-ingredients-slider\").slick({\n\t\tprevArrow: \"<button class=\\\"slick-prev\\\"><svg class=\\\"flickity-button-icon\\\" viewBox=\\\"0 0 100 100\\\"><path d=\\\"M 10,50 L 60,100 L 70,90 L 30,50  L 70,10 L 60,0 Z\\\" class=\\\"arrow\\\"><\/path><\/svg><\/button>\",\n\t\tnextArrow: \"<button class=\\\"slick-next\\\"><svg class=\\\"flickity-button-icon\\\" viewBox=\\\"0 0 100 100\\\"><path d=\\\"M 10,50 L 60,100 L 70,90 L 30,50  L 70,10 L 60,0 Z\\\" class=\\\"arrow\\\" transform=\\\"translate(100, 100) rotate(180) \\\"><\/path><\/svg><\/button>\",\n\t});\n\t<\/script>\n\t\n\t<div id=\"gap-331250656\" class=\"gap-element clearfix\" style=\"display:block; height:auto;\">\n\t\t\n<style>\n#gap-331250656 {\n  padding-top: 40px;\n}\n@media (min-width:550px) {\n  #gap-331250656 {\n    padding-top: 90px;\n  }\n}\n<\/style>\n\t<\/div>\n\t\n\n\n\t\t<\/div>\n\n\t\t\n<style>\n#section_64429671 {\n  padding-top: 0px;\n  padding-bottom: 0px;\n  background-color: rgb(252, 250, 247);\n}\n<\/style>\n\t<\/section>\n\t\n\t<section class=\"section\" id=\"section_879878366\">\n\t\t<div class=\"bg section-bg fill bg-fill  bg-loaded\" >\n\n\t\t\t\n\t\t\t\n\t\t\t\n\n\t\t<\/div>\n\n\t\t\n\n\t\t<div class=\"section-content relative\">\n\t\t\t\n\n<div class=\"row\"  id=\"row-240276032\">\n\n\n\t<div id=\"col-2003795998\" class=\"col small-12 large-12\"  >\n\t\t\t\t<div class=\"col-inner text-center\"  >\n\t\t\t\n\t\t\t\n\n\t<div id=\"text-2817345112\" class=\"text al-p-45\">\n\t\t\n\n<h2><strong>Na\u0161 serum za rast trepavica<\/strong> je u Srbiji proslavio svoj 3. ro\u0111endan<\/h2>\n\t\t\t<\/div>\n\t\n\n\t\t<\/div>\n\t\t\t\t\t<\/div>\n\n\t\n\n\n<style>\n#row-240276032 > .col > .col-inner {\n  padding: 50px 0px 30px 0px;\n}\n@media (min-width:550px) {\n  #row-240276032 > .col > .col-inner {\n    padding: 100px 0px 80px 0px;\n  }\n}\n<\/style>\n<\/div>\n<div class=\"row align-middle\"  id=\"row-127901036\">\n\n\n\t<div id=\"col-1578737776\" class=\"col medium-5 small-12 large-5\"  >\n\t\t\t\t<div class=\"col-inner\"  >\n\t\t\t\n\t\t\t\n\n\t<div id=\"text-1885960274\" class=\"text al-p-18\">\n\t\t\n\n<p data-start=\"0\" data-end=\"74\">Proslavili smo <strong>3 godine najprodavanijeg seruma za rast trepavica u Srbiji<\/strong>!<\/p>\n<p data-start=\"76\" data-end=\"192\">Tokom svih ovih godina postao je sinonim za <strong>duge<\/strong>, <strong>guste<\/strong> i <strong>zdrave trepavice<\/strong> \u2013 bez kompromisa i bez \u0161tetnih sastojaka.<\/p>\n<p data-start=\"194\" data-end=\"323\">Poverenje koje je serum izgradio kroz vreme inspiri\u0161e nas da istrajemo u kvalitetu, inovacijama i ljubavi prema prirodnoj lepoti.<\/p>\n<p data-start=\"325\" data-end=\"361\" data-is-last-node=\"\" data-is-only-node=\"\">Hvala ti \u0161to si s nama <strong>ve\u0107 3 godine<\/strong>!<\/p>\n<p>\u00a0<\/p>\n<p>Na\u0161i proizvodi ne sadr\u017ee:<\/p>\n\t\t\t<\/div>\n\t\n\t<div id=\"text-417745189\" class=\"text al-p-18 al-about-us-ul\">\n\t\t\n\n<ul>\n<li>Parabene<\/li>\n<li>Silikone<\/li>\n<li>Sinteti\u010dke boje<\/li>\n<li>Sastojke \u017eivotinjskog porekla<\/li>\n<li>Mineralna i palmina ulja<\/li>\n<\/ul>\n\t\t\t<\/div>\n\t\n\n\t\t<\/div>\n\t\t\t\t\t<\/div>\n\n\t\n\n\t<div id=\"col-970917879\" class=\"col medium-7 small-12 large-7\"  >\n\t\t\t\t<div class=\"col-inner\"  >\n\t\t\t\n\t\t\t\n\n\t<div class=\"img has-hover x md-x lg-x y md-y lg-y\" id=\"image_1828927517\">\n\t\t\t\t\t\t\t\t<div class=\"img-inner dark\" >\n\t\t\t<img loading=\"lazy\" decoding=\"async\" width=\"600\" height=\"400\" src=\"https:\/\/activeluxe-cosmetics.com\/rs\/wp-content\/uploads\/2025\/07\/active_luxe_beograd.png\" class=\"attachment-original size-original\" alt=\"\" srcset=\"https:\/\/activeluxe-cosmetics.com\/rs\/wp-content\/uploads\/2025\/07\/active_luxe_beograd.png 600w, https:\/\/activeluxe-cosmetics.com\/rs\/wp-content\/uploads\/2025\/07\/active_luxe_beograd-460x307.png 460w\" sizes=\"auto, (max-width: 600px) 100vw, 600px\" \/>\t\t\t\t\t\t\n\t\t\t\t\t<\/div>\n\t\t\t\t\t\t\t\t\n<style>\n#image_1828927517 {\n  width: 100%;\n}\n<\/style>\n\t<\/div>\n\t\n\n\n\t\t<\/div>\n\t\t\t\t\t<\/div>\n\n\t\n\n\n<style>\n#row-127901036 > .col > .col-inner {\n  padding: 0px 0px 30px 0px;\n}\n@media (min-width:550px) {\n  #row-127901036 > .col > .col-inner {\n    padding: 0px 0px 100px 0px;\n  }\n}\n<\/style>\n<\/div>\n\n\t\t<\/div>\n\n\t\t\n<style>\n#section_879878366 {\n  padding-top: 0px;\n  padding-bottom: 0px;\n}\n<\/style>\n\t<\/section>\n\t\n\t<section class=\"section al-full-width-section al-mw-1340-content\" id=\"section_457359726\">\n\t\t<div class=\"bg section-bg fill bg-fill  bg-loaded\" >\n\n\t\t\t\n\t\t\t\n\t\t\t\n\n\t\t<\/div>\n\n\t\t\n\n\t\t<div class=\"section-content relative\">\n\t\t\t\n\n<div class=\"row\"  id=\"row-1596984731\">\n\n\n\t<div id=\"col-78970344\" class=\"col small-12 large-12\"  >\n\t\t\t\t<div class=\"col-inner text-center\"  >\n\t\t\t\n\t\t\t\n\n\t<div id=\"text-673079761\" class=\"text al-p-45\">\n\t\t\n\n<h2><strong>Otkrij tajnu zavodljivog pogleda<\/strong> uz prirodno duge trepavice<\/h2>\n\t\t\t<\/div>\n\t\n\t<div id=\"gap-475928292\" class=\"gap-element clearfix al-gap-30\" style=\"display:block; height:auto;\">\n\t\t\n<style>\n#gap-475928292 {\n  padding-top: 30px;\n}\n<\/style>\n\t<\/div>\n\t\n\n<a href=\"https:\/\/activeluxe-cosmetics.com\/rs\/kategorija-izdelka\/trepavice\/\" class=\"button primary is-outline al-button\"  >\n    <span>Vidi proizvode<\/span>\n  <\/a>\n\n\n\t<div id=\"gap-1569043198\" class=\"gap-element clearfix al-gap-30\" style=\"display:block; height:auto;\">\n\t\t\n<style>\n#gap-1569043198 {\n  padding-top: 30px;\n}\n<\/style>\n\t<\/div>\n\t\n\n\t<div class=\"img has-hover x md-x lg-x y md-y lg-y\" id=\"image_987887809\">\n\t\t\t\t\t\t\t\t<div class=\"img-inner dark\" >\n\t\t\t<img loading=\"lazy\" decoding=\"async\" width=\"2560\" height=\"1440\" src=\"https:\/\/activeluxe-cosmetics.com\/rs\/wp-content\/uploads\/2025\/07\/active_luxe_lash.jpg\" class=\"attachment-original size-original\" alt=\"\" srcset=\"https:\/\/activeluxe-cosmetics.com\/rs\/wp-content\/uploads\/2025\/07\/active_luxe_lash.jpg 2560w, https:\/\/activeluxe-cosmetics.com\/rs\/wp-content\/uploads\/2025\/07\/active_luxe_lash-460x259.jpg 460w, https:\/\/activeluxe-cosmetics.com\/rs\/wp-content\/uploads\/2025\/07\/active_luxe_lash-1024x576.jpg 1024w, https:\/\/activeluxe-cosmetics.com\/rs\/wp-content\/uploads\/2025\/07\/active_luxe_lash-768x432.jpg 768w, https:\/\/activeluxe-cosmetics.com\/rs\/wp-content\/uploads\/2025\/07\/active_luxe_lash-1536x864.jpg 1536w, https:\/\/activeluxe-cosmetics.com\/rs\/wp-content\/uploads\/2025\/07\/active_luxe_lash-2048x1152.jpg 2048w, https:\/\/activeluxe-cosmetics.com\/rs\/wp-content\/uploads\/2025\/07\/active_luxe_lash-600x338.jpg 600w\" sizes=\"auto, (max-width: 2560px) 100vw, 2560px\" \/>\t\t\t\t\t\t\n\t\t\t\t\t<\/div>\n\t\t\t\t\t\t\t\t\n<style>\n#image_987887809 {\n  width: 100%;\n}\n<\/style>\n\t<\/div>\n\t\n\n\n\t\t<\/div>\n\t\t\t\t\t<\/div>\n\n\t\n\n\n<style>\n#row-1596984731 > .col > .col-inner {\n  padding: 50px 0px 30px 0px;\n}\n@media (min-width:550px) {\n  #row-1596984731 > .col > .col-inner {\n    padding: 70px 0px 80px 0px;\n  }\n}\n<\/style>\n<\/div>\n<div class=\"row\"  id=\"row-1819877391\">\n\n\n\t<div id=\"col-1121180045\" class=\"col small-12 large-12\"  >\n\t\t\t\t<div class=\"col-inner text-center\"  >\n\t\t\t\n\t\t\t\n\n\t<div id=\"text-2170826355\" class=\"text al-p-40\">\n\t\t\n\n<h2>Trenutni projekti<\/h2>\n\t\t\t<\/div>\n\t\n\t<div id=\"gap-180501327\" class=\"gap-element clearfix al-p-30\" style=\"display:block; height:auto;\">\n\t\t\n<style>\n#gap-180501327 {\n  padding-top: 30px;\n}\n<\/style>\n\t<\/div>\n\t\n\n\t<div id=\"text-1038554423\" class=\"text al-p-16\">\n\t\t\n\n<p><span data-sheets-root=\"1\" data-sheets-value=\"{&quot;1&quot;:2,&quot;2&quot;:&quot;Razvoj linije prirodne kozmetike na bazi ekstrakata semena bundeve dobijenih superkriti\u010dnom ekstrakcijom CO2.nnCilj projekta je razvoj nove linije prirodne kozmetike na bazi ekstrakta semena bundeve dobijenog superkriti\u010dnom ekstrakcijom CO2. Tehnolo\u0161ki proces, koji je potpuno nov u oblasti kozmetike, razvija se u saradnji sa Farmaceutskim fakultetom Univerziteta u Ljubljani, a njegove klju\u010dne prednosti su:nnzelena tehnologija: sa stanovi\u0161ta bezbednosti i za\u0161tite \u017eivotne sredine, odlikuje se odsustvom toksi\u010dnih ili ekolo\u0161ki opasnih rastvara\u010da;nselektivna ekstrakcija: pod optimalnim uslovima ekstrakcije, omoguc\u0301ava nam da ekstrahujemo \u0161irok spektar supstanci prisutnih u biljnom materijalu.nnINVESTICIJU FINANSIRAJU REPUBLIKA SLOVENIJA I EVROPSKA UNIJA IZ EVROPSKOG FONDA ZA REGIONALNI RAZVOJn&quot;}\" data-sheets-userformat=\"{&quot;2&quot;:897,&quot;3&quot;:{&quot;1&quot;:0},&quot;10&quot;:0,&quot;11&quot;:4,&quot;12&quot;:0}\">Razvoj linije prirodne kozmetike na bazi ekstrakata semena bundeve dobijenih superkriti\u010dnom ekstrakcijom CO2.<br \/><br \/>Cilj projekta je razvoj nove linije prirodne kozmetike na bazi ekstrakta semena bundeve dobijenog superkriti\u010dnom ekstrakcijom CO2. Tehnolo\u0161ki proces, koji je potpuno nov u oblasti kozmetike, razvija se u saradnji sa Farmaceutskim fakultetom Univerziteta u Ljubljani, a njegove klju\u010dne prednosti su:<br \/><br \/>zelena tehnologija: sa stanovi\u0161ta bezbednosti i za\u0161tite \u017eivotne sredine, odlikuje se odsustvom toksi\u010dnih ili ekolo\u0161ki opasnih rastvara\u010da;<br \/>selektivna ekstrakcija: pod optimalnim uslovima ekstrakcije, omoguc\u0301ava nam da ekstrahujemo \u0161irok spektar supstanci prisutnih u biljnom materijalu.<br \/><br \/>INVESTICIJU FINANSIRAJU REPUBLIKA SLOVENIJA I EVROPSKA UNIJA IZ EVROPSKOG FONDA ZA REGIONALNI RAZVOJ<br \/><\/span><\/p>\n\t\t\t<\/div>\n\t\n\t<div id=\"gap-90472377\" class=\"gap-element clearfix al-p-50\" style=\"display:block; height:auto;\">\n\t\t\n<style>\n#gap-90472377 {\n  padding-top: 50px;\n}\n<\/style>\n\t<\/div>\n\t\n\n\t<div id=\"stack-3928941705\" class=\"stack al-about-us-stack stack-row justify-center items-center\">\n\t\t\n\n\t<div class=\"img has-hover al-img-auto x md-x lg-x y md-y lg-y\" id=\"image_1148053093\">\n\t\t\t\t\t\t\t\t<div class=\"img-inner dark\" >\n\t\t\t<img loading=\"lazy\" decoding=\"async\" width=\"184\" height=\"35\" src=\"https:\/\/activeluxe-cosmetics.com\/rs\/wp-content\/uploads\/2024\/01\/ministrstvo-gospodarski-razvoj-1.png\" class=\"attachment-original size-original\" alt=\"\" \/>\t\t\t\t\t\t\n\t\t\t\t\t<\/div>\n\t\t\t\t\t\t\t\t\n<style>\n#image_1148053093 {\n  width: 100%;\n}\n<\/style>\n\t<\/div>\n\t\n\n\t<div class=\"img has-hover al-img-auto x md-x lg-x y md-y lg-y\" id=\"image_1848607882\">\n\t\t\t\t\t\t\t\t<div class=\"img-inner dark\" >\n\t\t\t<img loading=\"lazy\" decoding=\"async\" width=\"186\" height=\"56\" src=\"https:\/\/activeluxe-cosmetics.com\/rs\/wp-content\/uploads\/2024\/01\/EU_razvoj-1.png\" class=\"attachment-original size-original\" alt=\"\" \/>\t\t\t\t\t\t\n\t\t\t\t\t<\/div>\n\t\t\t\t\t\t\t\t\n<style>\n#image_1848607882 {\n  width: 100%;\n}\n<\/style>\n\t<\/div>\n\t\n\n\n\t\t\n<style>\n#stack-3928941705 > * {\n  --stack-gap: 0rem;\n}\n<\/style>\n\t<\/div>\n\t\n\n\t\t<\/div>\n\t\t\t\t\n<style>\n#col-1121180045 > .col-inner {\n  padding: 0px 5% 0px 5%;\n}\n<\/style>\n\t<\/div>\n\n\t\n\n\n<style>\n#row-1819877391 > .col > .col-inner {\n  padding: 0px 0px 30px 0px;\n}\n@media (min-width:550px) {\n  #row-1819877391 > .col > .col-inner {\n    padding: 0px 0px 70px 0px;\n  }\n}\n<\/style>\n<\/div>\n<div class=\"row\"  id=\"row-199813084\">\n\n\n\t<div id=\"col-747415462\" class=\"col small-12 large-12\"  >\n\t\t\t\t<div class=\"col-inner\"  >\n\t\t\t\n\t<div class=\"is-border\"\n\t\tstyle=\"border-color:rgb(0, 0, 0);border-width:1px 1px 1px 1px;\">\n\t<\/div>\n\t\t\t\n\n<div class=\"row\"  id=\"row-1639411924\">\n\n\n\t<div id=\"col-1973007562\" class=\"col small-12 large-12\"  >\n\t\t\t\t<div class=\"col-inner\"  >\n\t\t\t\n\t\t\t\n\n\t<div id=\"text-2486488698\" class=\"text al-p-40\">\n\t\t\n\n<h2>Medilip d.o.o.<\/h2>\n\t\t\t<\/div>\n\t\n\t<div id=\"gap-1181974604\" class=\"gap-element clearfix al-gap-30\" style=\"display:block; height:auto;\">\n\t\t\n<style>\n#gap-1181974604 {\n  padding-top: 30px;\n}\n<\/style>\n\t<\/div>\n\t\n\n\n\t\t<\/div>\n\t\t\t\t\n<style>\n#col-1973007562 > .col-inner {\n  padding: 20px 20px 0px 20px;\n}\n@media (min-width:550px) {\n  #col-1973007562 > .col-inner {\n    padding: 50px 50px 0px 50px;\n  }\n}\n<\/style>\n\t<\/div>\n\n\t\n\n\t<div id=\"col-279479687\" class=\"col medium-6 small-12 large-6\"  >\n\t\t\t\t<div class=\"col-inner\"  >\n\t\t\t\n\t\t\t\n\n\t<div id=\"text-2618141655\" class=\"text al-p-16\">\n\t\t\n\n<p><span data-sheets-root=\"1\" data-sheets-value=\"{&quot;1&quot;:2,&quot;2&quot;:&quot;MEDILIP ADRIA S d.o.o. je registrovana u APR-u u Beogradu.rnrnAdresa: Paunova 24, Vo\u017edovac, 11000 BeogradrnrnPIB: 113288762, Mati\u010dni broj: 21839752rnrnOTP Banka: \u017diro ra\u010dun  325950070019845813 DIN, 325960170007056052 EURrnrnSedi\u0161te kompanije u Sloveniji:rnrnMEDILIP d.o.o.,rnPrvomajska ulica 18arn3000 CeljernPoreski broj: SI66654572rnPodlo\u017eno PDV-u: DArnMati\u010dni broj: 2158795000rnOsnovni kapital: 8.763,14 evrarnSrg 2255\/2005 od 11.11.2005, Okru\u017eni sud u CeljurnrnAbanka: SI56 0510 0801 5879 377 (BIC\/SVIFT banka: ABANSI2Ks)&quot;}\" data-sheets-userformat=\"{&quot;2&quot;:897,&quot;3&quot;:{&quot;1&quot;:0},&quot;10&quot;:0,&quot;11&quot;:4,&quot;12&quot;:0}\">MEDILIP ADRIA S d.o.o. je registrovana u APR-u u Beogradu. <br \/><br \/>Adresa: Paunova 24, Vo\u017edovac, 11000 Beograd <br \/><br \/>PIB: 113288762, Mati\u010dni broj: 21839752 <br \/><br \/>OTP Banka: \u017diro ra\u010dun 325950070019845813 DIN, 325960170007056052 EUR <br \/><br \/>Sedi\u0161te kompanije u Sloveniji: <br \/><br \/>MEDILIP d.o.o., <br \/>Prvomajska ulica 18a <br \/>3000 Celje <br \/>Poreski broj: SI66654572 <br \/>Podlo\u017eno PDV-u: DA <br \/>Mati\u010dni broj: 2158795000 <br \/>Osnovni kapital: 8.763,14 evra <br \/>Srg 2255\/2005 od 11.11.2005, Okru\u017eni sud u Celju <br \/><br \/>Abanka: SI56 0510 0801 5879 377 (BIC\/SVIFT banka: ABANSI2Ks)<\/span><\/p>\n\t\t\t<\/div>\n\t\n\n\t\t<\/div>\n\t\t\t\t\n<style>\n#col-279479687 > .col-inner {\n  padding: 0px 20px 20px 20px;\n}\n@media (min-width:550px) {\n  #col-279479687 > .col-inner {\n    padding: 0px 0px 50px 50px;\n  }\n}\n<\/style>\n\t<\/div>\n\n\t\n\n\t<div id=\"col-1597467251\" class=\"col medium-6 small-12 large-6\"  >\n\t\t\t\t<div class=\"col-inner\"  >\n\t\t\t\n\t\t\t\n\n\t<div id=\"text-665403601\" class=\"text al-p-16\">\n\t\t\n\n<p><span data-sheets-root=\"1\" data-sheets-value=\"{&quot;1&quot;:2,&quot;2&quot;:&quot;Kozmeti\u010dki proizvodi koje prodaje Medilip d.o.o. uskla\u0111eni su sa svim va\u017eec\u0301im bezbednosnim standardima koje propisuje onlajn informativni portal za kozmeti\u010dke proizvode (CPNP) Evropske komisije za zdravlje i za\u0161titu potro\u0161a\u010da, a uvedeni su pod odre\u0111enim brojem, u skladu sa Uredbom br. 1223 (EC)\/2009 (\u010dlan 13). \u010clan 13. obavezuje odgovorno lice, u nekim slu\u010dajevima i distributer kozmeti\u010dkih proizvoda, da dostavi sve potrebne informacije o proizvodima koji se nude ili prodaju na evropskom tr\u017ei\u0161tu putem CPNP sistema.rnrnInternet informativni portal za kozmeti\u010dke proizvode (CPNP) je besplatni informacioni sistem zasnovan na Internetu, uspostavljen u cilju sprovo\u0111enja Uredbe (EZ) br. 1223\/2009 Evropskog parlamenta i Saveta o kozmeti\u010dkim proizvodima. Kada je proizvod elektronski registrovan na CPNP portalu, nije potrebno da ga registrujete bilo gde na nacionalnom nivou u okviru Evropske zajednice.rnrnKompanija Medilip doo, Prvomajska 18a, 3000 Celje, Slovenija, odgovorna je za kozmeti\u010dke proizvode koje prodaje Medilip Adria S d.o.o., na osnovu Uredbe 1223\/2009.&quot;}\" data-sheets-userformat=\"{&quot;2&quot;:897,&quot;3&quot;:{&quot;1&quot;:0},&quot;10&quot;:0,&quot;11&quot;:4,&quot;12&quot;:0}\">Kozmeti\u010dki proizvodi koje prodaje Medilip d.o.o. uskla\u0111eni su sa svim va\u017eec\u0301im bezbednosnim standardima koje propisuje onlajn informativni portal za kozmeti\u010dke proizvode (CPNP) Evropske komisije za zdravlje i za\u0161titu potro\u0161a\u010da, a uvedeni su pod odre\u0111enim brojem, u skladu sa Uredbom br. 1223 (EC)\/2009 (\u010dlan 13). \u010clan 13. obavezuje odgovorno lice, u nekim slu\u010dajevima i distributer kozmeti\u010dkih proizvoda, da dostavi sve potrebne informacije o proizvodima koji se nude ili prodaju na evropskom tr\u017ei\u0161tu putem CPNP sistema. <br \/><br \/>Internet informativni portal za kozmeti\u010dke proizvode (CPNP) je besplatni informacioni sistem zasnovan na Internetu, uspostavljen u cilju sprovo\u0111enja Uredbe (EZ) br. 1223\/2009 Evropskog parlamenta i Saveta o kozmeti\u010dkim proizvodima. Kada je proizvod elektronski registrovan na CPNP portalu, nije potrebno da ga registrujete bilo gde na nacionalnom nivou u okviru Evropske zajednice. <br \/><br \/>Kompanija Medilip doo, Prvomajska 18a, 3000 Celje, Slovenija, odgovorna je za kozmeti\u010dke proizvode koje prodaje Medilip Adria S d.o.o., na osnovu Uredbe 1223\/2009.<\/span><\/p>\n\t\t\t<\/div>\n\t\n\n\t\t<\/div>\n\t\t\t\t\n<style>\n#col-1597467251 > .col-inner {\n  padding: 0px 20px 20px 20px;\n}\n@media (min-width:550px) {\n  #col-1597467251 > .col-inner {\n    padding: 0px 50px 50px 0px;\n  }\n}\n<\/style>\n\t<\/div>\n\n\t\n\n<\/div>\n\n\t\t<\/div>\n\t\t\t\t\t<\/div>\n\n\t\n\n<\/div>\n\t<div id=\"gap-1080251575\" class=\"gap-element clearfix al-gap-70\" style=\"display:block; height:auto;\">\n\t\t\n<style>\n#gap-1080251575 {\n  padding-top: 30px;\n}\n@media (min-width:550px) {\n  #gap-1080251575 {\n    padding-top: 70px;\n  }\n}\n<\/style>\n\t<\/div>\n\t\n\n\n\t\t<\/div>\n\n\t\t\n<style>\n#section_457359726 {\n  padding-top: 0px;\n  padding-bottom: 0px;\n  background-color: rgb(252, 250, 247);\n}\n<\/style>\n\t<\/section>\n\t\n\n","protected":false},"excerpt":{"rendered":"","protected":false},"author":6,"featured_media":0,"parent":0,"menu_order":0,"comment_status":"closed","ping_status":"closed","template":"","meta":{"footnotes":""},"class_list":["post-72638","page","type-page","status-publish","hentry"],"acf":[],"yoast_head":"<!-- This site is optimized with the Yoast SEO plugin v26.5 - https:\/\/yoast.com\/wordpress\/plugins\/seo\/ -->\n<title>O nama - Active Luxe Cosmetics<\/title>\n<meta name=\"robots\" content=\"index, follow, max-snippet:-1, max-image-preview:large, max-video-preview:-1\" \/>\n<link rel=\"canonical\" href=\"https:\/\/activeluxe-cosmetics.com\/rs\/o-nama\/\" \/>\n<meta property=\"og:locale\" content=\"hr_HR\" \/>\n<meta property=\"og:type\" content=\"article\" \/>\n<meta property=\"og:title\" content=\"O nama - Active Luxe Cosmetics\" \/>\n<meta property=\"og:url\" content=\"https:\/\/activeluxe-cosmetics.com\/rs\/o-nama\/\" \/>\n<meta property=\"og:site_name\" content=\"Active Luxe Cosmetics\" \/>\n<meta property=\"article:modified_time\" content=\"2025-07-09T14:00:32+00:00\" \/>\n<meta name=\"twitter:card\" content=\"summary_large_image\" \/>\n<meta name=\"twitter:label1\" content=\"Procijenjeno vrijeme \u010ditanja\" \/>\n\t<meta name=\"twitter:data1\" content=\"6 minuta\" \/>\n<script type=\"application\/ld+json\" class=\"yoast-schema-graph\">{\"@context\":\"https:\/\/schema.org\",\"@graph\":[{\"@type\":\"WebPage\",\"@id\":\"https:\/\/activeluxe-cosmetics.com\/rs\/o-nama\/\",\"url\":\"https:\/\/activeluxe-cosmetics.com\/rs\/o-nama\/\",\"name\":\"O nama - Active Luxe Cosmetics\",\"isPartOf\":{\"@id\":\"https:\/\/activeluxe-cosmetics.com\/rs\/#website\"},\"datePublished\":\"2024-01-12T13:54:57+00:00\",\"dateModified\":\"2025-07-09T14:00:32+00:00\",\"breadcrumb\":{\"@id\":\"https:\/\/activeluxe-cosmetics.com\/rs\/o-nama\/#breadcrumb\"},\"inLanguage\":\"hr\",\"potentialAction\":[{\"@type\":\"ReadAction\",\"target\":[\"https:\/\/activeluxe-cosmetics.com\/rs\/o-nama\/\"]}]},{\"@type\":\"BreadcrumbList\",\"@id\":\"https:\/\/activeluxe-cosmetics.com\/rs\/o-nama\/#breadcrumb\",\"itemListElement\":[{\"@type\":\"ListItem\",\"position\":1,\"name\":\"Naslovnica\",\"item\":\"https:\/\/activeluxe-cosmetics.com\/rs\/\"},{\"@type\":\"ListItem\",\"position\":2,\"name\":\"O nama\"}]},{\"@type\":\"WebSite\",\"@id\":\"https:\/\/activeluxe-cosmetics.com\/rs\/#website\",\"url\":\"https:\/\/activeluxe-cosmetics.com\/rs\/\",\"name\":\"Active Luxe Cosmetics\",\"description\":\"\",\"potentialAction\":[{\"@type\":\"SearchAction\",\"target\":{\"@type\":\"EntryPoint\",\"urlTemplate\":\"https:\/\/activeluxe-cosmetics.com\/rs\/?s={search_term_string}\"},\"query-input\":{\"@type\":\"PropertyValueSpecification\",\"valueRequired\":true,\"valueName\":\"search_term_string\"}}],\"inLanguage\":\"hr\"}]}<\/script>\n<!-- \/ Yoast SEO plugin. -->","yoast_head_json":{"title":"O nama - Active Luxe Cosmetics","robots":{"index":"index","follow":"follow","max-snippet":"max-snippet:-1","max-image-preview":"max-image-preview:large","max-video-preview":"max-video-preview:-1"},"canonical":"https:\/\/activeluxe-cosmetics.com\/rs\/o-nama\/","og_locale":"hr_HR","og_type":"article","og_title":"O nama - Active Luxe Cosmetics","og_url":"https:\/\/activeluxe-cosmetics.com\/rs\/o-nama\/","og_site_name":"Active Luxe Cosmetics","article_modified_time":"2025-07-09T14:00:32+00:00","twitter_card":"summary_large_image","twitter_misc":{"Procijenjeno vrijeme \u010ditanja":"6 minuta"},"schema":{"@context":"https:\/\/schema.org","@graph":[{"@type":"WebPage","@id":"https:\/\/activeluxe-cosmetics.com\/rs\/o-nama\/","url":"https:\/\/activeluxe-cosmetics.com\/rs\/o-nama\/","name":"O nama - Active Luxe Cosmetics","isPartOf":{"@id":"https:\/\/activeluxe-cosmetics.com\/rs\/#website"},"datePublished":"2024-01-12T13:54:57+00:00","dateModified":"2025-07-09T14:00:32+00:00","breadcrumb":{"@id":"https:\/\/activeluxe-cosmetics.com\/rs\/o-nama\/#breadcrumb"},"inLanguage":"hr","potentialAction":[{"@type":"ReadAction","target":["https:\/\/activeluxe-cosmetics.com\/rs\/o-nama\/"]}]},{"@type":"BreadcrumbList","@id":"https:\/\/activeluxe-cosmetics.com\/rs\/o-nama\/#breadcrumb","itemListElement":[{"@type":"ListItem","position":1,"name":"Naslovnica","item":"https:\/\/activeluxe-cosmetics.com\/rs\/"},{"@type":"ListItem","position":2,"name":"O nama"}]},{"@type":"WebSite","@id":"https:\/\/activeluxe-cosmetics.com\/rs\/#website","url":"https:\/\/activeluxe-cosmetics.com\/rs\/","name":"Active Luxe Cosmetics","description":"","potentialAction":[{"@type":"SearchAction","target":{"@type":"EntryPoint","urlTemplate":"https:\/\/activeluxe-cosmetics.com\/rs\/?s={search_term_string}"},"query-input":{"@type":"PropertyValueSpecification","valueRequired":true,"valueName":"search_term_string"}}],"inLanguage":"hr"}]}},"_links":{"self":[{"href":"https:\/\/activeluxe-cosmetics.com\/rs\/wp-json\/wp\/v2\/pages\/72638","targetHints":{"allow":["GET"]}}],"collection":[{"href":"https:\/\/activeluxe-cosmetics.com\/rs\/wp-json\/wp\/v2\/pages"}],"about":[{"href":"https:\/\/activeluxe-cosmetics.com\/rs\/wp-json\/wp\/v2\/types\/page"}],"author":[{"embeddable":true,"href":"https:\/\/activeluxe-cosmetics.com\/rs\/wp-json\/wp\/v2\/users\/6"}],"replies":[{"embeddable":true,"href":"https:\/\/activeluxe-cosmetics.com\/rs\/wp-json\/wp\/v2\/comments?post=72638"}],"version-history":[{"count":59,"href":"https:\/\/activeluxe-cosmetics.com\/rs\/wp-json\/wp\/v2\/pages\/72638\/revisions"}],"predecessor-version":[{"id":86480,"href":"https:\/\/activeluxe-cosmetics.com\/rs\/wp-json\/wp\/v2\/pages\/72638\/revisions\/86480"}],"wp:attachment":[{"href":"https:\/\/activeluxe-cosmetics.com\/rs\/wp-json\/wp\/v2\/media?parent=72638"}],"curies":[{"name":"wp","href":"https:\/\/api.w.org\/{rel}","templated":true}]}}