{"id":72192,"date":"2024-01-10T15:17:55","date_gmt":"2024-01-10T14:17:55","guid":{"rendered":"https:\/\/activeluxe-cosmetics.com\/ro\/?post_type=product&#038;p=72192"},"modified":"2024-12-06T09:59:28","modified_gmt":"2024-12-06T09:59:28","slug":"ser-pentru-cresterea-parului","status":"publish","type":"product","link":"https:\/\/activeluxe-cosmetics.com\/ro\/produs\/ser-pentru-cresterea-parului\/","title":{"rendered":"Ser pentru cre\u0219terea p\u0103rului"},"content":{"rendered":"<h2><span data-sheets-root=\"1\" data-sheets-value=\"{&quot;1&quot;:2,&quot;2&quot;:&quot;Sprije\u010di ispadanje kose na vrijeme&quot;}\" data-sheets-userformat=\"{&quot;2&quot;:17281,&quot;3&quot;:{&quot;1&quot;:0},&quot;10&quot;:0,&quot;11&quot;:4,&quot;12&quot;:0,&quot;17&quot;:1}\"><img loading=\"lazy\" decoding=\"async\" class=\" wp-image-84929 alignright\" src=\"https:\/\/activeluxe-cosmetics.com\/ro\/wp-content\/uploads\/2024\/01\/alc_growth_serum-819x1024-1-460x575.png\" alt=\"\" width=\"405\" height=\"506\" srcset=\"https:\/\/activeluxe-cosmetics.com\/ro\/wp-content\/uploads\/2024\/01\/alc_growth_serum-819x1024-1-460x575.png 460w, https:\/\/activeluxe-cosmetics.com\/ro\/wp-content\/uploads\/2024\/01\/alc_growth_serum-819x1024-1-768x960.png 768w, https:\/\/activeluxe-cosmetics.com\/ro\/wp-content\/uploads\/2024\/01\/alc_growth_serum-819x1024-1-600x750.png 600w, https:\/\/activeluxe-cosmetics.com\/ro\/wp-content\/uploads\/2024\/01\/alc_growth_serum-819x1024-1.png 819w\" sizes=\"auto, (max-width: 405px) 100vw, 405px\" \/><strong>Previne c\u0103derea<\/strong> p\u0103rului \u00een timp!<br \/>\n<\/span><\/h2>\n<p>Dac\u0103 te lup\u021bi cu pierderea excesiv\u0103 a p\u0103rului sau cu chelia, serul Active Luxe pentru cre\u0219terea p\u0103rului este solu\u021bia ideal\u0103 care ajut\u0103 deopotriv\u0103 femeile \u0219i b\u0103rba\u021bii s\u0103 ob\u021bin\u0103 un p\u0103r mai gros, mai s\u0103n\u0103tos \u0219i mai frumos. Cu o utilizare constant\u0103 \u0219i ne\u00eentrerupt\u0103, p\u0103rul t\u0103u va c\u0103dea vizibil mai pu\u021bin \u0219i r\u0103d\u0103cinile vor fi \u00eent\u0103rite. Va \u00eencepe s\u0103 creasc\u0103 p\u0103r nou, t\u00e2n\u0103r.<\/p>\n<p>Nu este lipicios \u0219i este potrivit pentru utilizarea zilnic\u0103. Este sigur de utilizat, nu provoac\u0103 efecte secundare, reac\u021bii alergice \u0219i nu irit\u0103 scalpul.<\/p>\n<ul>\n<li>\u00cempiedic\u0103 c\u0103derea p\u0103rului \u0219i \u00eent\u0103re\u0219te p\u0103rul.<\/li>\n<li>Favorizeaz\u0103 cre\u0219terea p\u0103rului nou. Cre\u0219tere vizibil\u0103 a p\u0103rului t\u00e2n\u0103r dup\u0103 doar patru luni.<\/li>\n<li>\u00cempreun\u0103 cu \u0219amponul, stimuleaz\u0103 foliculii de p\u0103r activi.<\/li>\n<li>\u00cengroa\u0219\u0103, d\u0103 volum \u0219i \u00eent\u0103re\u0219te p\u0103rul.<\/li>\n<li>Nu este lipicios \u0219i este potrivit pentru utilizarea zilnic\u0103<\/li>\n<li>Nu provoac\u0103 efecte secundare, alergii sau irita\u021bii<\/li>\n<\/ul>\n<h2 style=\"text-align: center; clear: both;\"><\/h2>\n<p><img loading=\"lazy\" decoding=\"async\" class=\" wp-image-84930 alignleft\" src=\"https:\/\/activeluxe-cosmetics.com\/ro\/wp-content\/uploads\/2024\/01\/hair_serum-819x1024-1-460x575.png\" alt=\"\" width=\"405\" height=\"506\" srcset=\"https:\/\/activeluxe-cosmetics.com\/ro\/wp-content\/uploads\/2024\/01\/hair_serum-819x1024-1-460x575.png 460w, https:\/\/activeluxe-cosmetics.com\/ro\/wp-content\/uploads\/2024\/01\/hair_serum-819x1024-1-768x960.png 768w, https:\/\/activeluxe-cosmetics.com\/ro\/wp-content\/uploads\/2024\/01\/hair_serum-819x1024-1-600x750.png 600w, https:\/\/activeluxe-cosmetics.com\/ro\/wp-content\/uploads\/2024\/01\/hair_serum-819x1024-1.png 819w\" sizes=\"auto, (max-width: 405px) 100vw, 405px\" \/><\/p>\n<h2>P\u0103r gros, <strong>indiferent de v\u00e2rst\u0103 \u0219i starea de s\u0103n\u0103tate<\/strong><\/h2>\n<p>C\u0103derea p\u0103rului afecteaz\u0103 at\u00e2t b\u0103rba\u021bii, c\u00e2t \u0219i femeile. 70% dintre b\u0103rba\u021bi \u0219i 40% dintre femei se confrunt\u0103 cu aceast\u0103 problem\u0103 cel pu\u021bin o dat\u0103 \u00een via\u021b\u0103. Problemele apar \u00eenainte de v\u00e2rsta de 30 de ani, iar rata de c\u0103dere a p\u0103rului variaz\u0103 de la o persoan\u0103 la alta.<\/p>\n<p>C\u0103derea p\u0103rului \u0219i \u00eenceputurile de chelie \u00eencep de obicei la nivelul frun\u021bii \u0219i \u00een partea superioar\u0103 a scalpului. Serul \u00eei ajut\u0103 intensiv pe cei care \u0219i-au pierdut deja p\u0103rul pe anumite p\u0103r\u021bi ale scalpului \u0219i se confrunt\u0103 deja cu chelie. Serul Active Luxe de cre\u0219tere a p\u0103rului a ajutat peste 10.000 de femei \u0219i b\u0103rba\u021bi s\u0103 ob\u021bin\u0103 un p\u0103r mai gros \u0219i mai s\u0103n\u0103tos,<\/p>\n<h2 style=\"text-align: center; clear: both;\"><\/h2>\n<p><img loading=\"lazy\" decoding=\"async\" class=\"wp-image-80721 alignright\" src=\"https:\/\/activeluxe-cosmetics.com\/ro\/wp-content\/uploads\/2024\/01\/Group-392-16-460x584.jpg\" alt=\"\" width=\"405\" height=\"514\" srcset=\"https:\/\/activeluxe-cosmetics.com\/ro\/wp-content\/uploads\/2024\/01\/Group-392-16-460x584.jpg 460w, https:\/\/activeluxe-cosmetics.com\/ro\/wp-content\/uploads\/2024\/01\/Group-392-16.jpg 581w\" sizes=\"auto, (max-width: 405px) 100vw, 405px\" \/><\/p>\n<h2><strong>De ce este serul de cre\u0219tere<\/strong> a p\u0103rului Active Luxe singurul ser care promite rezultate?<\/h2>\n<p>Ac\u021biunea sa puternic\u0103 \u0219i sigur\u0103 direct asupra disfunc\u021biei foliculare asigur\u0103 o cre\u0219tere mai rapid\u0103 a p\u0103rului \u0219i o cre\u0219tere a p\u0103rului nou, \u00een timp ce formula excep\u021bional\u0103 patentat\u0103 cu propriet\u0103\u021bi anti-androgenice combate eficient c\u0103derea p\u0103rului \u0219i stimuleaz\u0103 cre\u0219terea p\u0103rului cu propriet\u0103\u021bile sale antioxidante \u0219i hidratante. O combina\u021bie unic\u0103 de molecule, stimulatori de cre\u0219tere a p\u0103rului \u0219i aminoacizi alc\u0103tuiesc cel mai eficient ser care s-a demonstrat c\u0103 stimuleaz\u0103 cre\u0219terea p\u0103rului.<\/p>\n<p>Serul Active Luxe de cre\u0219tere a p\u0103rului con\u021bine o formul\u0103 concentrat\u0103 dovedit\u0103 a fi eficient\u0103 \u0219i, \u00eempreun\u0103 cu \u0219amponul Active Luxe \u00eempotriva c\u0103derii p\u0103rului, stimuleaz\u0103 cu succes regenerarea p\u0103rului. Pentru un efect maxim, recomand\u0103m, de asemenea, utilizarea simultan\u0103 a tonicului Active Luxe cu ac\u021biune tripl\u0103 \u00een cazul semnelor de c\u0103dere sever\u0103 a p\u0103rului \u0219i a derma-rollerului pentru masajul scalpului.<\/p>\n<p>&nbsp;<\/p>\n<h3 style=\"clear: both; max-width: 820px;\"><\/h3>\n<div style=\"display: flex; align-items: center; gap: 20px; flex-wrap: wrap;\">\n<p style=\"max-width: 360px;\">\n<\/div>\n","protected":false},"excerpt":{"rendered":"<p>Stimuleaz\u0103 cre\u0219terea p\u0103rului nou. Nu este lipicios \u0219i nu \u00eengra\u0219\u0103 scalpul. Pentru b\u0103rba\u021bi \u0219i femei.<\/p>\n","protected":false},"featured_media":84925,"comment_status":"open","ping_status":"closed","template":"","meta":[],"product_cat":[108,98,53,42,56],"product_tag":[],"class_list":{"0":"post-72192","1":"product","2":"type-product","3":"status-publish","4":"has-post-thumbnail","6":"product_cat-par-barbati","7":"product_cat-uleiuri-si-seruri","8":"product_cat-par","9":"product_cat-barbati","10":"product_cat-oferta-speciala","12":"first","13":"instock","14":"sale","15":"taxable","16":"shipping-taxable","17":"purchasable","18":"product-type-variable"},"bundled_by":[],"bundle_stock_status":"instock","bundle_stock_quantity":null,"bundle_virtual":false,"bundle_layout":"","bundle_add_to_cart_form_location":"","bundle_editable_in_cart":false,"bundle_sold_individually_context":"","bundle_item_grouping":"","bundle_min_size":"","bundle_max_size":"","bundled_items":[],"acf":[],"yoast_head":"<!-- This site is optimized with the Yoast SEO plugin v21.8 - https:\/\/yoast.com\/wordpress\/plugins\/seo\/ -->\n<title>Serul Active Luxe de cre\u0219tere a p\u0103rului<\/title>\n<meta name=\"description\" content=\"Serul Active Luxe Hair pentru cre\u0219terea \u0219i \u00eempotriva c\u0103derii p\u0103rului. Stimuleaz\u0103 foliculii de p\u0103r activi. Cre\u0219tere vizibil\u0103 a p\u0103rului t\u00e2n\u0103r dup\u0103 doar patru luni.\" \/>\n<meta name=\"robots\" content=\"index, follow, max-snippet:-1, max-image-preview:large, max-video-preview:-1\" \/>\n<link rel=\"canonical\" href=\"https:\/\/activeluxe-cosmetics.com\/ro\/produs\/ser-pentru-cresterea-parului\/\" \/>\n<meta property=\"og:locale\" content=\"ro_RO\" \/>\n<meta property=\"og:type\" content=\"article\" \/>\n<meta property=\"og:title\" content=\"Serul Active Luxe de cre\u0219tere a p\u0103rului\" \/>\n<meta property=\"og:description\" content=\"Serul Active Luxe Hair pentru cre\u0219terea \u0219i \u00eempotriva c\u0103derii p\u0103rului. Stimuleaz\u0103 foliculii de p\u0103r activi. Cre\u0219tere vizibil\u0103 a p\u0103rului t\u00e2n\u0103r dup\u0103 doar patru luni.\" \/>\n<meta property=\"og:url\" content=\"https:\/\/activeluxe-cosmetics.com\/ro\/produs\/ser-pentru-cresterea-parului\/\" \/>\n<meta property=\"og:site_name\" content=\"Active Luxe Cosmetics\" \/>\n<meta property=\"article:modified_time\" content=\"2024-12-06T09:59:28+00:00\" \/>\n<meta property=\"og:image\" content=\"https:\/\/activeluxe-cosmetics.com\/ro\/wp-content\/uploads\/2024\/01\/39_Serum.jpg\" \/>\n\t<meta property=\"og:image:width\" content=\"1104\" \/>\n\t<meta property=\"og:image:height\" content=\"1326\" \/>\n\t<meta property=\"og:image:type\" content=\"image\/jpeg\" \/>\n<meta name=\"twitter:card\" content=\"summary_large_image\" \/>\n<meta name=\"twitter:label1\" content=\"Timp estimat pentru citire\" \/>\n\t<meta name=\"twitter:data1\" content=\"4 minute\" \/>\n<script type=\"application\/ld+json\" class=\"yoast-schema-graph\">{\"@context\":\"https:\/\/schema.org\",\"@graph\":[{\"@type\":\"WebPage\",\"@id\":\"https:\/\/activeluxe-cosmetics.com\/ro\/produs\/ser-pentru-cresterea-parului\/\",\"url\":\"https:\/\/activeluxe-cosmetics.com\/ro\/produs\/ser-pentru-cresterea-parului\/\",\"name\":\"Serul Active Luxe de cre\u0219tere a p\u0103rului\",\"isPartOf\":{\"@id\":\"https:\/\/activeluxe-cosmetics.com\/ro\/#website\"},\"datePublished\":\"2024-01-10T14:17:55+00:00\",\"dateModified\":\"2024-12-06T09:59:28+00:00\",\"description\":\"Serul Active Luxe Hair pentru cre\u0219terea \u0219i \u00eempotriva c\u0103derii p\u0103rului. Stimuleaz\u0103 foliculii de p\u0103r activi. Cre\u0219tere vizibil\u0103 a p\u0103rului t\u00e2n\u0103r dup\u0103 doar patru luni.\",\"breadcrumb\":{\"@id\":\"https:\/\/activeluxe-cosmetics.com\/ro\/produs\/ser-pentru-cresterea-parului\/#breadcrumb\"},\"inLanguage\":\"ro-RO\",\"potentialAction\":[{\"@type\":\"ReadAction\",\"target\":[\"https:\/\/activeluxe-cosmetics.com\/ro\/produs\/ser-pentru-cresterea-parului\/\"]}]},{\"@type\":\"BreadcrumbList\",\"@id\":\"https:\/\/activeluxe-cosmetics.com\/ro\/produs\/ser-pentru-cresterea-parului\/#breadcrumb\",\"itemListElement\":[{\"@type\":\"ListItem\",\"position\":1,\"name\":\"Copert\u0103\",\"item\":\"https:\/\/activeluxe-cosmetics.com\/ro\/\"},{\"@type\":\"ListItem\",\"position\":2,\"name\":\"Magazin\",\"item\":\"https:\/\/activeluxe-cosmetics.com\/ro\/magazin\/\"},{\"@type\":\"ListItem\",\"position\":3,\"name\":\"Ser pentru cre\u0219terea p\u0103rului\"}]},{\"@type\":\"WebSite\",\"@id\":\"https:\/\/activeluxe-cosmetics.com\/ro\/#website\",\"url\":\"https:\/\/activeluxe-cosmetics.com\/ro\/\",\"name\":\"Active Luxe Cosmetics\",\"description\":\"\",\"potentialAction\":[{\"@type\":\"SearchAction\",\"target\":{\"@type\":\"EntryPoint\",\"urlTemplate\":\"https:\/\/activeluxe-cosmetics.com\/ro\/?s={search_term_string}\"},\"query-input\":\"required name=search_term_string\"}],\"inLanguage\":\"ro-RO\"}]}<\/script>\n<!-- \/ Yoast SEO plugin. -->","yoast_head_json":{"title":"Serul Active Luxe de cre\u0219tere a p\u0103rului","description":"Serul Active Luxe Hair pentru cre\u0219terea \u0219i \u00eempotriva c\u0103derii p\u0103rului. Stimuleaz\u0103 foliculii de p\u0103r activi. Cre\u0219tere vizibil\u0103 a p\u0103rului t\u00e2n\u0103r dup\u0103 doar patru luni.","robots":{"index":"index","follow":"follow","max-snippet":"max-snippet:-1","max-image-preview":"max-image-preview:large","max-video-preview":"max-video-preview:-1"},"canonical":"https:\/\/activeluxe-cosmetics.com\/ro\/produs\/ser-pentru-cresterea-parului\/","og_locale":"ro_RO","og_type":"article","og_title":"Serul Active Luxe de cre\u0219tere a p\u0103rului","og_description":"Serul Active Luxe Hair pentru cre\u0219terea \u0219i \u00eempotriva c\u0103derii p\u0103rului. Stimuleaz\u0103 foliculii de p\u0103r activi. Cre\u0219tere vizibil\u0103 a p\u0103rului t\u00e2n\u0103r dup\u0103 doar patru luni.","og_url":"https:\/\/activeluxe-cosmetics.com\/ro\/produs\/ser-pentru-cresterea-parului\/","og_site_name":"Active Luxe Cosmetics","article_modified_time":"2024-12-06T09:59:28+00:00","og_image":[{"width":1104,"height":1326,"url":"https:\/\/activeluxe-cosmetics.com\/ro\/wp-content\/uploads\/2024\/01\/39_Serum.jpg","type":"image\/jpeg"}],"twitter_card":"summary_large_image","twitter_misc":{"Timp estimat pentru citire":"4 minute"},"schema":{"@context":"https:\/\/schema.org","@graph":[{"@type":"WebPage","@id":"https:\/\/activeluxe-cosmetics.com\/ro\/produs\/ser-pentru-cresterea-parului\/","url":"https:\/\/activeluxe-cosmetics.com\/ro\/produs\/ser-pentru-cresterea-parului\/","name":"Serul Active Luxe de cre\u0219tere a p\u0103rului","isPartOf":{"@id":"https:\/\/activeluxe-cosmetics.com\/ro\/#website"},"datePublished":"2024-01-10T14:17:55+00:00","dateModified":"2024-12-06T09:59:28+00:00","description":"Serul Active Luxe Hair pentru cre\u0219terea \u0219i \u00eempotriva c\u0103derii p\u0103rului. Stimuleaz\u0103 foliculii de p\u0103r activi. Cre\u0219tere vizibil\u0103 a p\u0103rului t\u00e2n\u0103r dup\u0103 doar patru luni.","breadcrumb":{"@id":"https:\/\/activeluxe-cosmetics.com\/ro\/produs\/ser-pentru-cresterea-parului\/#breadcrumb"},"inLanguage":"ro-RO","potentialAction":[{"@type":"ReadAction","target":["https:\/\/activeluxe-cosmetics.com\/ro\/produs\/ser-pentru-cresterea-parului\/"]}]},{"@type":"BreadcrumbList","@id":"https:\/\/activeluxe-cosmetics.com\/ro\/produs\/ser-pentru-cresterea-parului\/#breadcrumb","itemListElement":[{"@type":"ListItem","position":1,"name":"Copert\u0103","item":"https:\/\/activeluxe-cosmetics.com\/ro\/"},{"@type":"ListItem","position":2,"name":"Magazin","item":"https:\/\/activeluxe-cosmetics.com\/ro\/magazin\/"},{"@type":"ListItem","position":3,"name":"Ser pentru cre\u0219terea p\u0103rului"}]},{"@type":"WebSite","@id":"https:\/\/activeluxe-cosmetics.com\/ro\/#website","url":"https:\/\/activeluxe-cosmetics.com\/ro\/","name":"Active Luxe Cosmetics","description":"","potentialAction":[{"@type":"SearchAction","target":{"@type":"EntryPoint","urlTemplate":"https:\/\/activeluxe-cosmetics.com\/ro\/?s={search_term_string}"},"query-input":"required name=search_term_string"}],"inLanguage":"ro-RO"}]}},"_links":{"self":[{"href":"https:\/\/activeluxe-cosmetics.com\/ro\/wp-json\/wp\/v2\/product\/72192","targetHints":{"allow":["GET"]}}],"collection":[{"href":"https:\/\/activeluxe-cosmetics.com\/ro\/wp-json\/wp\/v2\/product"}],"about":[{"href":"https:\/\/activeluxe-cosmetics.com\/ro\/wp-json\/wp\/v2\/types\/product"}],"replies":[{"embeddable":true,"href":"https:\/\/activeluxe-cosmetics.com\/ro\/wp-json\/wp\/v2\/comments?post=72192"}],"wp:featuredmedia":[{"embeddable":true,"href":"https:\/\/activeluxe-cosmetics.com\/ro\/wp-json\/wp\/v2\/media\/84925"}],"wp:attachment":[{"href":"https:\/\/activeluxe-cosmetics.com\/ro\/wp-json\/wp\/v2\/media?parent=72192"}],"wp:term":[{"taxonomy":"product_cat","embeddable":true,"href":"https:\/\/activeluxe-cosmetics.com\/ro\/wp-json\/wp\/v2\/product_cat?post=72192"},{"taxonomy":"product_tag","embeddable":true,"href":"https:\/\/activeluxe-cosmetics.com\/ro\/wp-json\/wp\/v2\/product_tag?post=72192"}],"curies":[{"name":"wp","href":"https:\/\/api.w.org\/{rel}","templated":true}]}}