{"id":14,"date":"2024-01-08T11:10:57","date_gmt":"2024-01-08T10:10:57","guid":{"rendered":"http:\/\/activeluxe.staging.digitalist.si\/?page_id=14"},"modified":"2026-09-01T08:41:37","modified_gmt":"2026-09-01T08:41:37","slug":"activeluxe-cosmetics-pocetna","status":"publish","type":"page","link":"https:\/\/activeluxe-cosmetics.com\/hr\/","title":{"rendered":"Naslovnica"},"content":{"rendered":"\n\t<section class=\"section al-section-no-padding al-full-width-section al-hp-main-slider-section hide-for-small\" id=\"section_1481880793\">\n\t\t<div class=\"bg section-bg fill bg-fill  bg-loaded\" >\n\n\t\t\t\n\t\t\t\n\t\t\t\n\n\t\t<\/div>\n\n\t\t\n\n\t\t<div class=\"section-content relative\">\n\t\t\t\n\n<div class=\"slider-wrapper relative al-hp-slider\" id=\"slider-992002549\" >\n    <div class=\"slider slider-nav-circle slider-nav-large slider-nav-light slider-style-normal\"\n        data-flickity-options='{\n            \"cellAlign\": \"center\",\n            \"imagesLoaded\": true,\n            \"lazyLoad\": 1,\n            \"freeScroll\": false,\n            \"wrapAround\": true,\n            \"autoPlay\": 6000,\n            \"pauseAutoPlayOnHover\" : true,\n            \"prevNextButtons\": false,\n            \"contain\" : true,\n            \"adaptiveHeight\" : true,\n            \"dragThreshold\" : 10,\n            \"percentPosition\": true,\n            \"pageDots\": true,\n            \"rightToLeft\": false,\n            \"draggable\": true,\n            \"selectedAttraction\": 0.1,\n            \"parallax\" : 0,\n            \"friction\": 0.6        }'\n        >\n        \n\n\t<section class=\"section al-section-bg-contain al-mw-1340-content\" id=\"section_902816267\">\n\t\t<div class=\"bg section-bg fill bg-fill  \" >\n\n\t\t\t\n\t\t\t\n\t\t\t\n\n\t\t<\/div>\n\n\t\t\n\n\t\t<div class=\"section-content relative\">\n\t\t\t\n\n<div class=\"row\" style=\"max-width:650px\" id=\"row-2012833715\">\n\n\n\t<div id=\"col-560957844\" class=\"col medium-10 small-12 large-10\"  >\n\t\t\t\t<div class=\"col-inner text-left\"  >\n\t\t\t\n\t\t\t\n\n\t<div id=\"text-2423396876\" class=\"text\">\n\t\t\n\n<h2><strong>ELLE BEAUTY AWARDS 2026<\/strong><\/h2>\n\t\t\n<style>\n#text-2423396876 {\n  color: rgb(0,0,0);\n}\n#text-2423396876 > * {\n  color: rgb(0,0,0);\n}\n<\/style>\n\t<\/div>\n\t\n\t<div id=\"text-869572434\" class=\"text al-p-16\">\n\t\t\n\n<p class=\"isSelectedEnd\">Ponosni dobitnici \u010detiri nagrade:<\/p>\n<ul data-spread=\"false\">\n<li><strong>Serum za rast trepavica<\/strong><\/li>\n<li><strong>Serum za obrve<\/strong><\/li>\n<li><strong>Dermaroler za lice<\/strong><\/li>\n<li><strong>LED maska za lice i dekolte<\/strong><\/li>\n<\/ul>\n\t\t\n<style>\n#text-869572434 {\n  color: #eae3db;\n}\n#text-869572434 > * {\n  color: #eae3db;\n}\n<\/style>\n\t<\/div>\n\t\n\t<div id=\"gap-1783741399\" class=\"gap-element clearfix\" style=\"display:block; height:auto;\">\n\t\t\n<style>\n#gap-1783741399 {\n  padding-top: 30px;\n}\n<\/style>\n\t<\/div>\n\t\n\n<a href=\"https:\/\/activeluxe-cosmetics.com\/hr\/elle-beauty-awards-nominacije\/\" class=\"button white lowercase al-button-white\"  >\n    <span>PROVJERI PONUDU<\/span>\n  <\/a>\n\n\n\n\t\t<\/div>\n\t\t\t\t\t<\/div>\n\n\t\n\n\n<style>\n#row-2012833715 > .col > .col-inner {\n  padding: 50px 0px 50px 0px;\n  border-radius: 10px;\n}\n@media (min-width:550px) {\n  #row-2012833715 > .col > .col-inner {\n    padding: 120px 0px 120px 0px;\n  }\n}\n<\/style>\n<\/div>\n\n\t\t<\/div>\n\n\t\t\n<style>\n#section_902816267 {\n  padding-top: 0px;\n  padding-bottom: 0px;\n  min-height: 550px;\n  background-color: #aa978e;\n}\n#section_902816267 .section-bg.bg-loaded {\n  background-image: url(https:\/\/activeluxe-cosmetics.com\/hr\/wp-content\/uploads\/2026\/07\/1440-x-477px_elle-1.jpg);\n}\n#section_902816267 .section-bg {\n  background-position: 37% 47%;\n}\n<\/style>\n\t<\/section>\n\t\n\n\n\n\n     <\/div>\n\n     <div class=\"loading-spin dark large centered\"><\/div>\n\n\t<\/div>\n\n\n\n\t\t<\/div>\n\n\t\t\n<style>\n#section_1481880793 {\n  padding-top: 0px;\n  padding-bottom: 0px;\n}\n<\/style>\n\t<\/section>\n\t\n\t<section class=\"section al-section-no-padding al-full-width-section al-hp-main-slider-section show-for-small\" id=\"section_1896537876\">\n\t\t<div class=\"bg section-bg fill bg-fill  bg-loaded\" >\n\n\t\t\t\n\t\t\t\n\t\t\t\n\n\t\t<\/div>\n\n\t\t\n\n\t\t<div class=\"section-content relative\">\n\t\t\t\n\n<div class=\"slider-wrapper relative\" id=\"slider-747273937\" >\n    <div class=\"slider slider-nav-circle slider-nav-large slider-nav-light slider-style-normal\"\n        data-flickity-options='{\n            \"cellAlign\": \"center\",\n            \"imagesLoaded\": true,\n            \"lazyLoad\": 1,\n            \"freeScroll\": false,\n            \"wrapAround\": true,\n            \"autoPlay\": 6000,\n            \"pauseAutoPlayOnHover\" : true,\n            \"prevNextButtons\": false,\n            \"contain\" : true,\n            \"adaptiveHeight\" : true,\n            \"dragThreshold\" : 10,\n            \"percentPosition\": true,\n            \"pageDots\": true,\n            \"rightToLeft\": false,\n            \"draggable\": true,\n            \"selectedAttraction\": 0.1,\n            \"parallax\" : 0,\n            \"friction\": 0.6        }'\n        >\n        \n\n\t<section class=\"section al-section-bg-contain al-mw-1340-content\" id=\"section_1693295380\">\n\t\t<div class=\"bg section-bg fill bg-fill  \" >\n\n\t\t\t\n\t\t\t\n\t\t\t\n\n\t\t<\/div>\n\n\t\t\n\n\t\t<div class=\"section-content relative\">\n\t\t\t\n\n<div class=\"row\" style=\"max-width:650px\" id=\"row-1827118568\">\n\n\n\t<div id=\"col-668742510\" class=\"col medium-10 small-12 large-10\"  >\n\t\t\t\t<div class=\"col-inner text-left\"  >\n\t\t\t\n\t\t\t\n\n\t<div id=\"text-4138210895\" class=\"text\">\n\t\t\n\n<h2><strong>ELLE BEAUTY AWARDS 2026<\/strong><\/h2>\n\t\t\n<style>\n#text-4138210895 {\n  color: rgb(255, 255, 255);\n}\n#text-4138210895 > * {\n  color: rgb(255, 255, 255);\n}\n<\/style>\n\t<\/div>\n\t\n<a href=\"https:\/\/activeluxe-cosmetics.com\/hr\/elle-beauty-awards-nominacije\/\" class=\"button primary al-button\"  style=\"padding:0px 0px 0px 0px;\">\n    <span>POGLEDAJ PONUDU<\/span>\n  <\/a>\n\n\n\n\t\t<\/div>\n\t\t\t\t\t<\/div>\n\n\t\n\n\n<style>\n#row-1827118568 > .col > .col-inner {\n  padding: 50px 0px 50px 0px;\n}\n@media (min-width:550px) {\n  #row-1827118568 > .col > .col-inner {\n    padding: 120px 0px 120px 0px;\n  }\n}\n<\/style>\n<\/div>\n\n\t\t<\/div>\n\n\t\t\n<style>\n#section_1693295380 {\n  padding-top: 0px;\n  padding-bottom: 0px;\n  min-height: 550px;\n  background-color: #f0dfd5;\n}\n#section_1693295380 .section-bg.bg-loaded {\n  background-image: url(https:\/\/activeluxe-cosmetics.com\/hr\/wp-content\/uploads\/2026\/01\/Web_banner_serum_mobile.jpg);\n}\n#section_1693295380 .section-bg {\n  background-position: right;\n}\n<\/style>\n\t<\/section>\n\t\n\n\n\n     <\/div>\n\n     <div class=\"loading-spin dark large centered\"><\/div>\n\n\t<\/div>\n\n\n\n\t\t<\/div>\n\n\t\t\n<style>\n#section_1896537876 {\n  padding-top: 0px;\n  padding-bottom: 0px;\n}\n<\/style>\n\t<\/section>\n\t\n\t<section class=\"section al-full-width-section al-mw-1340-content\" id=\"section_334344303\">\n\t\t<div class=\"bg section-bg fill bg-fill  \" >\n\n\t\t\t\n\t\t\t\n\t\t\t\n\n\t\t<\/div>\n\n\t\t\n\n\t\t<div class=\"section-content relative\">\n\t\t\t\n\n<div class=\"row align-middle\"  id=\"row-826818367\">\n\n\n\t<div id=\"col-177148752\" class=\"col medium-6 small-12 large-6\"  >\n\t\t\t\t<div class=\"col-inner text-left\"  >\n\t\t\t\n\t\t\t\n\n\t<div id=\"text-2504302031\" class=\"text\">\n\t\t\n\n<h2>Gdje <strong>umjetnost<\/strong><br>&nbsp; <strong>ljepote<\/strong> susre\u0107e <br><strong>znanost aktivnosti<\/strong><\/h2>\n\t\t\n<style>\n#text-2504302031 {\n  text-align: center;\n}\n@media (min-width:550px) {\n  #text-2504302031 {\n    text-align: left;\n  }\n}\n<\/style>\n\t<\/div>\n\t\n\n\t\t<\/div>\n\t\t\t\t\n<style>\n#col-177148752 > .col-inner {\n  margin: 0px 0px 25px 0px;\n}\n<\/style>\n\t<\/div>\n\n\t\n\n\t<div id=\"col-1242315790\" class=\"col medium-6 small-12 large-6\"  >\n\t\t\t\t<div class=\"col-inner text-left\"  >\n\t\t\t\n\t\t\t\n\n\t<div id=\"text-711888421\" class=\"text al-p-20\">\n\t\t\n\n<p>Ono \u0161to te \u010dini jedinstvenom upravo je na\u010din na koji si aktivna u svojim \u017eivotnim odlukama \u2013 pa tako i u izboru brige i njege za samu sebe, kroz koju se osje\u0107a\u0161 dobro i samopouzdano.<\/p>\n\t\t\n<style>\n#text-711888421 {\n  text-align: center;\n}\n@media (min-width:550px) {\n  #text-711888421 {\n    text-align: left;\n  }\n}\n<\/style>\n\t<\/div>\n\t\n\t<div id=\"gap-270040981\" class=\"gap-element clearfix al-gap-30\" style=\"display:block; height:auto;\">\n\t\t\n<style>\n#gap-270040981 {\n  padding-top: 15px;\n}\n@media (min-width:550px) {\n  #gap-270040981 {\n    padding-top: 30px;\n  }\n}\n<\/style>\n\t<\/div>\n\t\n\n<a href=\"https:\/\/activeluxe-cosmetics.com\/hr\/o-nama\/\" class=\"button primary is-outline al-button al-button-center\"  >\n    <span>Vi\u0161e<\/span>\n  <\/a>\n\n\n\n\t\t<\/div>\n\t\t\t\t\t<\/div>\n\n\t\n\n\n<style>\n#row-826818367 > .col > .col-inner {\n  padding: 0px 0px 0px 0px;\n}\n@media (min-width:550px) {\n  #row-826818367 > .col > .col-inner {\n    padding: 100px 0px 100px 0px;\n  }\n}\n<\/style>\n<\/div>\n\n\t\t<\/div>\n\n\t\t\n<style>\n#section_334344303 {\n  padding-top: 40px;\n  padding-bottom: 40px;\n}\n#section_334344303 .section-bg.bg-loaded {\n  background-image: url(https:\/\/activeluxe-cosmetics.com\/hr\/wp-content\/uploads\/2024\/01\/shutterstock_2151377403-1.jpg);\n}\n@media (min-width:550px) {\n  #section_334344303 {\n    padding-top: 0px;\n    padding-bottom: 0px;\n  }\n}\n<\/style>\n\t<\/section>\n\t\n\t<section class=\"section al-section-bg-contain al-full-width-section al-mw-1340-content\" id=\"section_111955458\">\n\t\t<div class=\"bg section-bg fill bg-fill  \" >\n\n\t\t\t\n\t\t\t\n\t\t\t\n\n\t\t<\/div>\n\n\t\t\n\n\t\t<div class=\"section-content relative\">\n\t\t\t\n\n<div class=\"row\" style=\"max-width:611px\" id=\"row-226095647\">\n\n\n\t<div id=\"col-230298625\" class=\"col small-12 large-12\"  >\n\t\t\t\t<div class=\"col-inner\"  >\n\t\t\t\n\t\t\t\n\n<h3>Svojim proizvodima spajamo <strong>preciznu stru\u010dnost<\/strong> farmaceutske znanosti i luksuzno iskustvo kozmeti\u010dke njege, pru\u017eaju\u0107i <strong>inovativna<\/strong> i <strong>sigurna rje\u0161enja<\/strong> koja \u0107e te pratiti u istra\u017eivanju prirodne i autenti\u010dne ljepote.<\/h3>\n\n\t\t<\/div>\n\t\t\t\t\t<\/div>\n\n\t\n\n\n<style>\n#row-226095647 > .col > .col-inner {\n  padding: 60px 0px 60px 0px;\n}\n@media (min-width:550px) {\n  #row-226095647 > .col > .col-inner {\n    padding: 95px 0px 95px 0px;\n  }\n}\n<\/style>\n<\/div>\n\n\t\t<\/div>\n\n\t\t\n<style>\n#section_111955458 {\n  padding-top: 0px;\n  padding-bottom: 0px;\n}\n#section_111955458 .section-bg.bg-loaded {\n  background-image: url(https:\/\/activeluxe-cosmetics.com\/hr\/wp-content\/uploads\/2024\/01\/bg2.png);\n}\n#section_111955458 .section-bg {\n  background-position: right;\n}\n<\/style>\n\t<\/section>\n\t\n\t<section class=\"section\" id=\"section_1266472916\">\n\t\t<div class=\"bg section-bg fill bg-fill  bg-loaded\" >\n\n\t\t\t\n\t\t\t\n\t\t\t\n\n\t\t<\/div>\n\n\t\t\n\n\t\t<div class=\"section-content relative\">\n\t\t\t\n\n<div class=\"row row-small\"  id=\"row-2049603034\">\n\n\n\t<div id=\"col-435919082\" class=\"col medium-4 small-4 large-4\"  >\n\t\t\t\t<div class=\"col-inner\"  >\n\t\t\t\n\t\t\t\n\n<div class=\"row row-collapse\"  id=\"row-645127245\">\n\n\n\t<div id=\"col-391492651\" class=\"col medium-2 small-12 large-2\"  >\n\t\t\t\t<div class=\"col-inner text-center\"  >\n\t\t\t\n\t\t\t\n\n\t<div class=\"img has-hover al-img-auto x md-x lg-x y md-y lg-y\" id=\"image_1677459629\">\n\t\t\t\t\t\t\t\t<div class=\"img-inner dark\" >\n\t\t\t<img loading=\"lazy\" decoding=\"async\" width=\"65\" height=\"65\" src=\"https:\/\/activeluxe-cosmetics.com\/hr\/wp-content\/uploads\/2024\/01\/image-126.svg\" class=\"attachment-original size-original\" alt=\"\" \/>\t\t\t\t\t\t\n\t\t\t\t\t<\/div>\n\t\t\t\t\t\t\t\t\n<style>\n#image_1677459629 {\n  width: 100%;\n}\n<\/style>\n\t<\/div>\n\t\n\n\n\t\t<\/div>\n\t\t\t\t\t<\/div>\n\n\t\n\n\t<div id=\"col-50483427\" class=\"col medium-10 small-12 large-10\"  >\n\t\t\t\t<div class=\"col-inner\"  >\n\t\t\t\n\t\t\t\n\n\t<div id=\"text-1006255362\" class=\"text\">\n\t\t\n\n<h6>U\u010cINKOVITE FORMULE<\/h6>\n\t\t\n<style>\n#text-1006255362 {\n  text-align: center;\n}\n@media (min-width:550px) {\n  #text-1006255362 {\n    text-align: left;\n  }\n}\n<\/style>\n\t<\/div>\n\t\n\t<div id=\"text-2907866360\" class=\"text hide-for-small\">\n\t\t\n\n<p>Neumornim istra\u017eivanjem, razvojem i inovacijama osiguravamo stvarne rezultate za svaku \u017eenu. S nama \u0107e\u0161 samoj sebi pru\u017eiti najvi\u0161i standard kvalitete i vrhunska iskustva dok istra\u017euje\u0161 vlastitu aktivnu ljepotu.<\/p>\n\t\t\t<\/div>\n\t\n\n\t\t<\/div>\n\t\t\t\t\n<style>\n#col-50483427 > .col-inner {\n  padding: 0px 0px 0px 0px;\n}\n@media (min-width:550px) {\n  #col-50483427 > .col-inner {\n    padding: 0px 0px 0px 15px;\n  }\n}\n<\/style>\n\t<\/div>\n\n\t\n\n<\/div>\n\n\t\t<\/div>\n\t\t\t\t\t<\/div>\n\n\t\n\n\t<div id=\"col-2137371272\" class=\"col medium-4 small-4 large-4\"  >\n\t\t\t\t<div class=\"col-inner\"  >\n\t\t\t\n\t\t\t\n\n<div class=\"row row-collapse\"  id=\"row-421686208\">\n\n\n\t<div id=\"col-785570547\" class=\"col medium-2 small-12 large-2\"  >\n\t\t\t\t<div class=\"col-inner text-center\"  >\n\t\t\t\n\t\t\t\n\n\t<div class=\"img has-hover al-img-auto x md-x lg-x y md-y lg-y\" id=\"image_2130679565\">\n\t\t\t\t\t\t\t\t<div class=\"img-inner dark\" >\n\t\t\t<img loading=\"lazy\" decoding=\"async\" width=\"62\" height=\"62\" src=\"https:\/\/activeluxe-cosmetics.com\/hr\/wp-content\/uploads\/2024\/01\/image-97.svg\" class=\"attachment-original size-original\" alt=\"\" \/>\t\t\t\t\t\t\n\t\t\t\t\t<\/div>\n\t\t\t\t\t\t\t\t\n<style>\n#image_2130679565 {\n  width: 100%;\n}\n<\/style>\n\t<\/div>\n\t\n\n\n\t\t<\/div>\n\t\t\t\t\t<\/div>\n\n\t\n\n\t<div id=\"col-2028139343\" class=\"col medium-10 small-12 large-10\"  >\n\t\t\t\t<div class=\"col-inner\"  >\n\t\t\t\n\t\t\t\n\n\t<div id=\"text-1647101020\" class=\"text\">\n\t\t\n\n<h6>ZNANSTVENA EKSPERTIZA<\/h6>\n\t\t\n<style>\n#text-1647101020 {\n  text-align: center;\n}\n@media (min-width:550px) {\n  #text-1647101020 {\n    text-align: left;\n  }\n}\n<\/style>\n\t<\/div>\n\t\n\t<div id=\"text-588637843\" class=\"text hide-for-small\">\n\t\t\n\n<p>Suradnja vrhunskih stru\u010dnjaka u vlastitom razvojnom laboratoriju osigurava da je svaki proizvod klini\u010dki ispitan, siguran i potkrijepljen dubinskim znanstvenim znanjem i istra\u017eivanjem.<\/p>\n\t\t\t<\/div>\n\t\n\n\t\t<\/div>\n\t\t\t\t\n<style>\n#col-2028139343 > .col-inner {\n  padding: 0px 0px 0px 0px;\n}\n@media (min-width:550px) {\n  #col-2028139343 > .col-inner {\n    padding: 0px 0px 0px 15px;\n  }\n}\n<\/style>\n\t<\/div>\n\n\t\n\n<\/div>\n\n\t\t<\/div>\n\t\t\t\t\t<\/div>\n\n\t\n\n\t<div id=\"col-1906911892\" class=\"col medium-4 small-4 large-4\"  >\n\t\t\t\t<div class=\"col-inner\"  >\n\t\t\t\n\t\t\t\n\n<div class=\"row row-collapse\"  id=\"row-1493162625\">\n\n\n\t<div id=\"col-169831198\" class=\"col medium-2 small-12 large-2\"  >\n\t\t\t\t<div class=\"col-inner text-center\"  >\n\t\t\t\n\t\t\t\n\n\t<div class=\"img has-hover al-img-auto x md-x lg-x y md-y lg-y\" id=\"image_772183283\">\n\t\t\t\t\t\t\t\t<div class=\"img-inner dark\" >\n\t\t\t<img loading=\"lazy\" decoding=\"async\" width=\"61\" height=\"61\" src=\"https:\/\/activeluxe-cosmetics.com\/hr\/wp-content\/uploads\/2024\/01\/image-89.svg\" class=\"attachment-original size-original\" alt=\"\" \/>\t\t\t\t\t\t\n\t\t\t\t\t<\/div>\n\t\t\t\t\t\t\t\t\n<style>\n#image_772183283 {\n  width: 100%;\n}\n<\/style>\n\t<\/div>\n\t\n\n\n\t\t<\/div>\n\t\t\t\t\t<\/div>\n\n\t\n\n\t<div id=\"col-879909674\" class=\"col medium-10 small-12 large-10\"  >\n\t\t\t\t<div class=\"col-inner\"  >\n\t\t\t\n\t\t\t\n\n\t<div id=\"text-1982600184\" class=\"text\">\n\t\t\n\n<h6>ODR\u017dIVA I \u010cISTA LJEPOTA<\/h6>\n\t\t\n<style>\n#text-1982600184 {\n  text-align: center;\n}\n@media (min-width:550px) {\n  #text-1982600184 {\n    text-align: left;\n  }\n}\n<\/style>\n\t<\/div>\n\t\n\t<div id=\"text-1610000362\" class=\"text hide-for-small\">\n\t\t\n\n<p>Posve\u0107eni smo stvaranju \u010distih proizvoda koji istinski njeguju zdravlje i ljepotu ko\u017ee, ali i okoli\u0161a, upotrebom sigurnih prirodnih i veganskih sastojaka umjesto \u0161tetnih kemikalija i testiranja na \u017eivotinjama.<\/p>\n\t\t\t<\/div>\n\t\n\n\t\t<\/div>\n\t\t\t\t\n<style>\n#col-879909674 > .col-inner {\n  padding: 0px 0px 0px 0px;\n}\n@media (min-width:550px) {\n  #col-879909674 > .col-inner {\n    padding: 0px 0px 0px 15px;\n  }\n}\n<\/style>\n\t<\/div>\n\n\t\n\n<\/div>\n\n\t\t<\/div>\n\t\t\t\t\t<\/div>\n\n\t\n\n\n<style>\n#row-2049603034 > .col > .col-inner {\n  padding: 30px 0px 30px 0px;\n}\n@media (min-width:550px) {\n  #row-2049603034 > .col > .col-inner {\n    padding: 100px 0px 100px 0px;\n  }\n}\n<\/style>\n<\/div>\n\n\t\t<\/div>\n\n\t\t\n<style>\n#section_1266472916 {\n  padding-top: 0px;\n  padding-bottom: 0px;\n}\n<\/style>\n\t<\/section>\n\t\n\t<section class=\"section\" id=\"section_1198807747\">\n\t\t<div class=\"bg section-bg fill bg-fill  bg-loaded\" >\n\n\t\t\t\n\t\t\t\n\t\t\t\n\n\t\t<\/div>\n\n\t\t\n\n\t\t<div class=\"section-content relative\">\n\t\t\t\n\n<div class=\"row\"  id=\"row-722378359\">\n\n\n\t<div id=\"col-2108585104\" class=\"col small-12 large-12\"  >\n\t\t\t\t<div class=\"col-inner\"  >\n\t\t\t\n\t\t\t\n\n\n\t\t<div class=\"tabbed-content al-hp-product-tabs\">\n\t\t\t\n\t\t\t<ul class=\"nav nav-bold nav-uppercase nav-size-normal nav-center\" role=\"tablist\"><li id=\"tab-top-proizvodi\" class=\"tab active has-icon\" role=\"presentation\"><a href=\"#tab_top-proizvodi\" role=\"tab\" aria-selected=\"true\" aria-controls=\"tab_top-proizvodi\"><span>Top proizvodi<\/span><\/a><\/li>\n<li id=\"tab-najprodavanije\" class=\"tab has-icon\" role=\"presentation\"><a href=\"#tab_najprodavanije\" tabindex=\"-1\" role=\"tab\" aria-selected=\"false\" aria-controls=\"tab_najprodavanije\"><span>Najprodavanije<\/span><\/a><\/li>\n<li id=\"tab-proizvodi-na-akciji\" class=\"tab has-icon\" role=\"presentation\"><a href=\"#tab_proizvodi-na-akciji\" tabindex=\"-1\" role=\"tab\" aria-selected=\"false\" aria-controls=\"tab_proizvodi-na-akciji\"><span>Proizvodi na akciji<\/span><\/a><\/li><\/ul><div class=\"tab-panels\"><div id=\"tab_top-proizvodi\" class=\"panel active entry-content\" role=\"tabpanel\" aria-labelledby=\"tab-top-proizvodi\">\n\n\t\n  \n    <div class=\"row  equalize-box large-columns-4 medium-columns-3 small-columns-2 row-small slider row-slider slider-nav-simple slider-nav-outside slider-nav-push\"  data-flickity-options='{\"imagesLoaded\": true, \"groupCells\": \"100%\", \"dragThreshold\" : 5, \"cellAlign\": \"left\",\"wrapAround\": true,\"prevNextButtons\": true,\"percentPosition\": true,\"pageDots\": false, \"rightToLeft\": false, \"autoPlay\" : false}' >\n\n  \n\t     <div class=\"product-small col has-hover product type-product post-102732 status-publish first instock product_cat-serumi product_cat-trepavice has-post-thumbnail sale taxable shipping-taxable purchasable product-type-simple\">\n\t<div class=\"col-inner\">\n\t\n<div class=\"badge-container absolute left top z-1\">\n<div class=\"callout badge badge-square\"><div class=\"badge-inner secondary on-sale\"><span class=\"onsale\">-24%<\/span><\/div><\/div>\n\n\n    <div class=\"callout badge badge-square\">\n        <div class=\"badge-inner secondary al-set\">\n            <span class=\"set\">Set<\/span>\n        <\/div>\n    <\/div>\n    \n    <div class=\"callout badge badge-square al-discount-badge\">\n        <div class=\"badge-inner secondary al-discount\">\n            <span class=\"gift\"> -24%<\/span>\n        <\/div>\n    <\/div>\n    <\/div>\n\t<div class=\"product-small box \">\n\t\t<div class=\"box-image\">\n\t\t\t<div class=\"image-fade_in_back\">\n\t\t\t\t<a href=\"https:\/\/activeluxe-cosmetics.com\/hr\/proizvod\/repair-lash-njegujuci-serum-za-obnovu-trepavica-glamour-lash-mascara\/\" aria-label=\"Lash Care duo: njeguju\u0107i peptidni serum &amp; Glamour Lash maskara\">\n\t\t\t\t\t<img loading=\"lazy\" decoding=\"async\" width=\"600\" height=\"780\" src=\"https:\/\/activeluxe-cosmetics.com\/hr\/wp-content\/uploads\/2026\/04\/Repair_Lash__Glamour_maskara-600x780.jpg\" class=\"attachment-woocommerce_thumbnail size-woocommerce_thumbnail\" alt=\"Lash Care duo: njeguju\u0107i peptidni serum &amp; Glamour Lash maskara\" \/><img loading=\"lazy\" decoding=\"async\" width=\"600\" height=\"780\" src=\"https:\/\/activeluxe-cosmetics.com\/hr\/wp-content\/uploads\/2026\/03\/Active-Luxe-Repair-Lash-Serum-second-photo-600x780.jpg\" class=\"show-on-hover absolute fill hide-for-small back-image\" alt=\"Repair Lash serum Active Luxe\" \/>\t\t\t\t<\/a>\n\t\t\t<\/div>\n\t\t\t<div class=\"image-tools is-small top right show-on-hover\">\n\t\t\t\t\t\t\t<\/div>\n\t\t\t<div class=\"image-tools is-small hide-for-small bottom left show-on-hover\">\n\t\t\t\t\t\t\t<\/div>\n\t\t\t<div class=\"image-tools grid-tools text-center hide-for-small bottom hover-slide-in show-on-hover\">\n\t\t\t\t\t\t\t<\/div>\n\t\t\t\t\t<\/div>\n\n\t\t<div class=\"box-text box-text-products text-center grid-style-2\">\n\t\t\t<div class=\"title-wrapper\"><div class=\"star-rating star-rating--inline\" role=\"img\" aria-label=\"Ocijenjeno 4.90 od 5\"><span style=\"width:98%\">Ocijenjeno <strong class=\"rating\">4.90<\/strong> od 5<\/span><\/div><span class=\"review-count is-small op-7\">(20)<\/span><p class=\"name product-title woocommerce-loop-product__title\"><a href=\"https:\/\/activeluxe-cosmetics.com\/hr\/proizvod\/repair-lash-njegujuci-serum-za-obnovu-trepavica-glamour-lash-mascara\/\" class=\"woocommerce-LoopProduct-link woocommerce-loop-product__link\">Lash Care duo: njeguju\u0107i peptidni serum &#038; Glamour Lash maskara<\/a><\/p><\/div><div class=\"excerpt-wrapper\"><p>Za ja\u010de i otpornije prirodne trepavice. Repair Lash peptidni serum koji dubinski obnavlja + Glamour Lash maskara za volumen.<\/p>\n<\/div><div class=\"price-wrapper\">\n\t<span class=\"price\"><del aria-hidden=\"true\"><span class=\"woocommerce-Price-amount amount\"><bdi>45,90&nbsp;<span class=\"woocommerce-Price-currencySymbol\" translate=\"no\">&euro;<\/span><\/bdi><\/span><\/del> <span class=\"screen-reader-text\">Izvorna cijena bila je: 45,90&nbsp;&euro;.<\/span><ins aria-hidden=\"true\"><span class=\"woocommerce-Price-amount amount\"><bdi>34,90&nbsp;<span class=\"woocommerce-Price-currencySymbol\" translate=\"no\">&euro;<\/span><\/bdi><\/span><\/ins><span class=\"screen-reader-text\">Trenutna cijena je: 34,90&nbsp;&euro;.<\/span><\/span>\n<\/div>\t\t<\/div>\n\t<\/div>\n\t<span class=\"gtm4wp_productdata\" style=\"display:none; visibility:hidden;\" data-gtm4wp_product_data=\"{&quot;internal_id&quot;:102732,&quot;item_id&quot;:102732,&quot;item_name&quot;:&quot;Lash Care duo: njeguju\\u0107i peptidni serum &amp; Glamour Lash maskara&quot;,&quot;sku&quot;:&quot;0000923&quot;,&quot;price&quot;:34.9,&quot;stocklevel&quot;:null,&quot;stockstatus&quot;:&quot;instock&quot;,&quot;google_business_vertical&quot;:&quot;retail&quot;,&quot;item_category&quot;:&quot;Trepavice&quot;,&quot;id&quot;:102732,&quot;productlink&quot;:&quot;https:\\\/\\\/activeluxe-cosmetics.com\\\/hr\\\/proizvod\\\/repair-lash-njegujuci-serum-za-obnovu-trepavica-glamour-lash-mascara\\\/&quot;,&quot;item_list_name&quot;:&quot;General Product List&quot;,&quot;index&quot;:1,&quot;product_type&quot;:&quot;simple&quot;,&quot;item_brand&quot;:&quot;&quot;}\"><\/span>\t<\/div>\n<\/div><div class=\"product-small col has-hover product type-product post-72188 status-publish instock product_cat-elle-beauty-awards-nominacije product_cat-obrve product_cat-serumi-obrve has-post-thumbnail sale taxable shipping-taxable purchasable product-type-variable woovr-active woovr-show-price\">\n\t<div class=\"col-inner\">\n\t\n<div class=\"badge-container absolute left top z-1\">\n<div class=\"callout badge badge-square\"><div class=\"badge-inner secondary on-sale\"><span class=\"onsale\">Do - 30%<\/span><\/div><\/div>\n\n\n    <div class=\"callout badge badge-square\">\n        <div class=\"badge-inner secondary al-bestseller\">\n            <span class=\"bestseller\">Best seller<\/span>\n        <\/div>\n    <\/div>\n    \n    <div class=\"callout badge badge-square al-discount-badge\">\n        <div class=\"badge-inner secondary al-discount\">\n            <span class=\"gift\">do -30%<\/span>\n        <\/div>\n    <\/div>\n    <\/div>\n\t<div class=\"product-small box \">\n\t\t<div class=\"box-image\">\n\t\t\t<div class=\"image-fade_in_back\">\n\t\t\t\t<a href=\"https:\/\/activeluxe-cosmetics.com\/hr\/proizvod\/serum-za-prirodni-rast-obrva\/\" aria-label=\"Serum za rast obrva\">\n\t\t\t\t\t<img loading=\"lazy\" decoding=\"async\" width=\"600\" height=\"780\" src=\"https:\/\/activeluxe-cosmetics.com\/hr\/wp-content\/uploads\/2024\/01\/ELLE-Serum-za-obrve-600x780.jpg\" class=\"attachment-woocommerce_thumbnail size-woocommerce_thumbnail\" alt=\"Serum za rast obrva\" \/><img loading=\"lazy\" decoding=\"async\" width=\"600\" height=\"780\" src=\"https:\/\/activeluxe-cosmetics.com\/hr\/wp-content\/uploads\/2024\/01\/Group-343-14-600x780.jpg\" class=\"show-on-hover absolute fill hide-for-small back-image\" alt=\"\" \/>\t\t\t\t<\/a>\n\t\t\t<\/div>\n\t\t\t<div class=\"image-tools is-small top right show-on-hover\">\n\t\t\t\t\t\t\t<\/div>\n\t\t\t<div class=\"image-tools is-small hide-for-small bottom left show-on-hover\">\n\t\t\t\t\t\t\t<\/div>\n\t\t\t<div class=\"image-tools grid-tools text-center hide-for-small bottom hover-slide-in show-on-hover\">\n\t\t\t\t\t\t\t<\/div>\n\t\t\t\t\t<\/div>\n\n\t\t<div class=\"box-text box-text-products text-center grid-style-2\">\n\t\t\t<div class=\"title-wrapper\"><div class=\"star-rating star-rating--inline\" role=\"img\" aria-label=\"Ocijenjeno 4.77 od 5\"><span style=\"width:95.4%\">Ocijenjeno <strong class=\"rating\">4.77<\/strong> od 5<\/span><\/div><span class=\"review-count is-small op-7\">(48)<\/span><p class=\"name product-title woocommerce-loop-product__title\"><a href=\"https:\/\/activeluxe-cosmetics.com\/hr\/proizvod\/serum-za-prirodni-rast-obrva\/\" class=\"woocommerce-LoopProduct-link woocommerce-loop-product__link\">Serum za rast obrva<\/a><\/p><\/div><div class=\"excerpt-wrapper\"><p><span data-sheets-root=\"1\" data-sheets-value=\"{&quot;1&quot;:2,&quot;2&quot;:&quot;Za gu\u0161\u0107e i punije prirodne obrve u nekoliko tjedana, klini\u010dki testiran&quot;}\" data-sheets-userformat=\"{&quot;2&quot;:7041,&quot;3&quot;:{&quot;1&quot;:0},&quot;10&quot;:0,&quot;11&quot;:4,&quot;12&quot;:0,&quot;14&quot;:{&quot;1&quot;:2,&quot;2&quot;:16739585},&quot;15&quot;:&quot;Arial&quot;}\">Za gu\u0161\u0107e i punije prirodne obrve u nekoliko tjedana, klini\u010dki testiran.<\/span><\/p>\n<\/div><div class=\"price-wrapper\">\n\t<span class=\"price\"><span class=\"woocommerce-Price-amount amount\" aria-hidden=\"true\"><bdi>42,95&nbsp;<span class=\"woocommerce-Price-currencySymbol\" translate=\"no\">&euro;<\/span><\/bdi><\/span> <span aria-hidden=\"true\">&ndash;<\/span> <span class=\"woocommerce-Price-amount amount\" aria-hidden=\"true\"><bdi>88,87&nbsp;<span class=\"woocommerce-Price-currencySymbol\" translate=\"no\">&euro;<\/span><\/bdi><\/span><span class=\"screen-reader-text\">Raspon cijena: od 42,95&nbsp;&euro; do 88,87&nbsp;&euro;<\/span><\/span>\n<\/div>\t\t<\/div>\n\t<\/div>\n\t<span class=\"gtm4wp_productdata\" style=\"display:none; visibility:hidden;\" data-gtm4wp_product_data=\"{&quot;internal_id&quot;:72188,&quot;item_id&quot;:72188,&quot;item_name&quot;:&quot;Serum za rast obrva&quot;,&quot;sku&quot;:72188,&quot;price&quot;:42.95,&quot;stocklevel&quot;:null,&quot;stockstatus&quot;:&quot;instock&quot;,&quot;google_business_vertical&quot;:&quot;retail&quot;,&quot;item_category&quot;:&quot;Elle beauty awards&quot;,&quot;id&quot;:72188,&quot;productlink&quot;:&quot;https:\\\/\\\/activeluxe-cosmetics.com\\\/hr\\\/proizvod\\\/serum-za-prirodni-rast-obrva\\\/&quot;,&quot;item_list_name&quot;:&quot;General Product List&quot;,&quot;index&quot;:2,&quot;product_type&quot;:&quot;variable&quot;,&quot;item_brand&quot;:&quot;&quot;}\"><\/span>\t<\/div>\n<\/div><div class=\"product-small col has-hover product type-product post-72420 status-publish last instock product_cat-sunce has-post-thumbnail sale featured taxable shipping-taxable purchasable product-type-simple\">\n\t<div class=\"col-inner\">\n\t\n<div class=\"badge-container absolute left top z-1\">\n<div class=\"callout badge badge-square\"><div class=\"badge-inner secondary on-sale\"><span class=\"onsale\">-30%<\/span><\/div><\/div>\n\n\n    <div class=\"callout badge badge-square\">\n        <div class=\"badge-inner secondary al-bestseller\">\n            <span class=\"bestseller\">Best seller<\/span>\n        <\/div>\n    <\/div>\n    \n    <div class=\"callout badge badge-square al-discount-badge\">\n        <div class=\"badge-inner secondary al-discount\">\n            <span class=\"gift\"> -30%<\/span>\n        <\/div>\n    <\/div>\n    <\/div>\n\t<div class=\"product-small box \">\n\t\t<div class=\"box-image\">\n\t\t\t<div class=\"image-fade_in_back\">\n\t\t\t\t<a href=\"https:\/\/activeluxe-cosmetics.com\/hr\/proizvod\/cokoladna-marmelada-za-suncanje\/\" aria-label=\"\u010cokoladna marmelada za sun\u010danje\">\n\t\t\t\t\t<img loading=\"lazy\" decoding=\"async\" width=\"600\" height=\"780\" src=\"https:\/\/activeluxe-cosmetics.com\/hr\/wp-content\/uploads\/2024\/01\/Premium-Chocolate-Marmelade-600x780.jpg\" class=\"attachment-woocommerce_thumbnail size-woocommerce_thumbnail\" alt=\"\u010cokoladna marmelada za sun\u010danje\" \/><img loading=\"lazy\" decoding=\"async\" width=\"600\" height=\"780\" src=\"https:\/\/activeluxe-cosmetics.com\/hr\/wp-content\/uploads\/2024\/01\/premium_chocolate_maramalde-600x780.png\" class=\"show-on-hover absolute fill hide-for-small back-image\" alt=\"\" \/>\t\t\t\t<\/a>\n\t\t\t<\/div>\n\t\t\t<div class=\"image-tools is-small top right show-on-hover\">\n\t\t\t\t\t\t\t<\/div>\n\t\t\t<div class=\"image-tools is-small hide-for-small bottom left show-on-hover\">\n\t\t\t\t\t\t\t<\/div>\n\t\t\t<div class=\"image-tools grid-tools text-center hide-for-small bottom hover-slide-in show-on-hover\">\n\t\t\t\t\t\t\t<\/div>\n\t\t\t\t\t<\/div>\n\n\t\t<div class=\"box-text box-text-products text-center grid-style-2\">\n\t\t\t<div class=\"title-wrapper\"><div class=\"star-rating star-rating--inline\" role=\"img\" aria-label=\"Ocijenjeno 4.67 od 5\"><span style=\"width:93.4%\">Ocijenjeno <strong class=\"rating\">4.67<\/strong> od 5<\/span><\/div><span class=\"review-count is-small op-7\">(43)<\/span><p class=\"name product-title woocommerce-loop-product__title\"><a href=\"https:\/\/activeluxe-cosmetics.com\/hr\/proizvod\/cokoladna-marmelada-za-suncanje\/\" class=\"woocommerce-LoopProduct-link woocommerce-loop-product__link\">\u010cokoladna marmelada za sun\u010danje<\/a><\/p><\/div><div class=\"excerpt-wrapper\"><p><span data-sheets-root=\"1\" data-sheets-value=\"{&quot;1&quot;:2,&quot;2&quot;:&quot;Premium neodoljiva mirisna marmelada za ekstra brzo tamnjenje na suncu\\n\\n&quot;}\" data-sheets-userformat=\"{&quot;2&quot;:7041,&quot;3&quot;:{&quot;1&quot;:0},&quot;10&quot;:0,&quot;11&quot;:4,&quot;12&quot;:0,&quot;14&quot;:{&quot;1&quot;:2,&quot;2&quot;:16739585},&quot;15&quot;:&quot;Arial&quot;}\">Premium neodoljiva mirisna marmelada za ekstra brzo tamnjenje na suncu.<\/span><\/p>\n<p>&nbsp;<\/p>\n<\/div><div class=\"price-wrapper\">\n\t<span class=\"price\"><del aria-hidden=\"true\"><span class=\"woocommerce-Price-amount amount\"><bdi>34,95&nbsp;<span class=\"woocommerce-Price-currencySymbol\" translate=\"no\">&euro;<\/span><\/bdi><\/span><\/del> <span class=\"screen-reader-text\">Izvorna cijena bila je: 34,95&nbsp;&euro;.<\/span><ins aria-hidden=\"true\"><span class=\"woocommerce-Price-amount amount\"><bdi>24,47&nbsp;<span class=\"woocommerce-Price-currencySymbol\" translate=\"no\">&euro;<\/span><\/bdi><\/span><\/ins><span class=\"screen-reader-text\">Trenutna cijena je: 24,47&nbsp;&euro;.<\/span><\/span>\n<\/div>\t\t<\/div>\n\t<\/div>\n\t<span class=\"gtm4wp_productdata\" style=\"display:none; visibility:hidden;\" data-gtm4wp_product_data=\"{&quot;internal_id&quot;:72420,&quot;item_id&quot;:72420,&quot;item_name&quot;:&quot;\\u010cokoladna marmelada za sun\\u010danje&quot;,&quot;sku&quot;:&quot;0000404&quot;,&quot;price&quot;:24.47,&quot;stocklevel&quot;:null,&quot;stockstatus&quot;:&quot;instock&quot;,&quot;google_business_vertical&quot;:&quot;retail&quot;,&quot;item_category&quot;:&quot;Sunce&quot;,&quot;id&quot;:72420,&quot;productlink&quot;:&quot;https:\\\/\\\/activeluxe-cosmetics.com\\\/hr\\\/proizvod\\\/cokoladna-marmelada-za-suncanje\\\/&quot;,&quot;item_list_name&quot;:&quot;General Product List&quot;,&quot;index&quot;:3,&quot;product_type&quot;:&quot;simple&quot;,&quot;item_brand&quot;:&quot;&quot;}\"><\/span>\t<\/div>\n<\/div><div class=\"product-small col has-hover product type-product post-90635 status-publish first instock product_cat-serumi product_cat-trepavice has-post-thumbnail sale taxable shipping-taxable purchasable product-type-variable woovr-active woovr-show-price\">\n\t<div class=\"col-inner\">\n\t\n<div class=\"badge-container absolute left top z-1\">\n<div class=\"callout badge badge-square\"><div class=\"badge-inner secondary on-sale\"><span class=\"onsale\">Do - 36%<\/span><\/div><\/div>\n\n\n    <div class=\"callout badge badge-square\">\n        <div class=\"badge-inner secondary al-bestseller\">\n            <span class=\"bestseller\">Best seller<\/span>\n        <\/div>\n    <\/div>\n    <\/div>\n\t<div class=\"product-small box \">\n\t\t<div class=\"box-image\">\n\t\t\t<div class=\"image-fade_in_back\">\n\t\t\t\t<a href=\"https:\/\/activeluxe-cosmetics.com\/hr\/proizvod\/serum-za-rast-trepavica-6-mjesecni-tretman-besplatna-maskara-po-izboru\/\" aria-label=\"BESPLATNA maskara + serum za trepavice, 6-mjese\u010dni tretman\">\n\t\t\t\t\t<img loading=\"lazy\" decoding=\"async\" width=\"600\" height=\"780\" src=\"https:\/\/activeluxe-cosmetics.com\/hr\/wp-content\/uploads\/2024\/12\/51_BundleLashSerumMascara_v2-600x780.jpg\" class=\"attachment-woocommerce_thumbnail size-woocommerce_thumbnail\" alt=\"BESPLATNA maskara + serum za trepavice, 6-mjese\u010dni tretman\" \/><img loading=\"lazy\" decoding=\"async\" width=\"460\" height=\"575\" src=\"https:\/\/activeluxe-cosmetics.com\/hr\/wp-content\/uploads\/2024\/12\/Izdelek-brez-naslova-35-1-460x575-1.png\" class=\"show-on-hover absolute fill hide-for-small back-image\" alt=\"Active Luxe serum za rast trepavica\" \/>\t\t\t\t<\/a>\n\t\t\t<\/div>\n\t\t\t<div class=\"image-tools is-small top right show-on-hover\">\n\t\t\t\t\t\t\t<\/div>\n\t\t\t<div class=\"image-tools is-small hide-for-small bottom left show-on-hover\">\n\t\t\t\t\t\t\t<\/div>\n\t\t\t<div class=\"image-tools grid-tools text-center hide-for-small bottom hover-slide-in show-on-hover\">\n\t\t\t\t\t\t\t<\/div>\n\t\t\t\t\t<\/div>\n\n\t\t<div class=\"box-text box-text-products text-center grid-style-2\">\n\t\t\t<div class=\"title-wrapper\"><div class=\"star-rating star-rating--inline\" role=\"img\" aria-label=\"Ocijenjeno 5.00 od 5\"><span style=\"width:100%\">Ocijenjeno <strong class=\"rating\">5.00<\/strong> od 5<\/span><\/div><span class=\"review-count is-small op-7\">(5)<\/span><p class=\"name product-title woocommerce-loop-product__title\"><a href=\"https:\/\/activeluxe-cosmetics.com\/hr\/proizvod\/serum-za-rast-trepavica-6-mjesecni-tretman-besplatna-maskara-po-izboru\/\" class=\"woocommerce-LoopProduct-link woocommerce-loop-product__link\">BESPLATNA maskara + serum za trepavice, 6-mjese\u010dni tretman<\/a><\/p><\/div><div class=\"excerpt-wrapper\"><p class=\"p1\">Serum za rast trepavica za 6 mjeseci kori\u0161tenja (20% jeftinije) + GRATIS maskara po izboru.<\/p>\n<\/div><div class=\"price-wrapper\">\n\t<span class=\"price\"><del aria-hidden=\"true\"><span class=\"woocommerce-Price-amount amount\"><bdi>105,90&nbsp;<span class=\"woocommerce-Price-currencySymbol\" translate=\"no\">&euro;<\/span><\/bdi><\/span><\/del> <span class=\"screen-reader-text\">Izvorna cijena bila je: 105,90&nbsp;&euro;.<\/span><ins aria-hidden=\"true\"><span class=\"woocommerce-Price-amount amount\"><bdi>67,96&nbsp;<span class=\"woocommerce-Price-currencySymbol\" translate=\"no\">&euro;<\/span><\/bdi><\/span><\/ins><span class=\"screen-reader-text\">Trenutna cijena je: 67,96&nbsp;&euro;.<\/span><\/span>\n<\/div>\t\t<\/div>\n\t<\/div>\n\t<span class=\"gtm4wp_productdata\" style=\"display:none; visibility:hidden;\" data-gtm4wp_product_data=\"{&quot;internal_id&quot;:90635,&quot;item_id&quot;:90635,&quot;item_name&quot;:&quot;BESPLATNA maskara + serum za trepavice, 6-mjese\\u010dni tretman&quot;,&quot;sku&quot;:&quot;1300115&quot;,&quot;price&quot;:67.96,&quot;stocklevel&quot;:null,&quot;stockstatus&quot;:&quot;instock&quot;,&quot;google_business_vertical&quot;:&quot;retail&quot;,&quot;item_category&quot;:&quot;Trepavice&quot;,&quot;id&quot;:90635,&quot;productlink&quot;:&quot;https:\\\/\\\/activeluxe-cosmetics.com\\\/hr\\\/proizvod\\\/serum-za-rast-trepavica-6-mjesecni-tretman-besplatna-maskara-po-izboru\\\/&quot;,&quot;item_list_name&quot;:&quot;General Product List&quot;,&quot;index&quot;:4,&quot;product_type&quot;:&quot;variable&quot;,&quot;item_brand&quot;:&quot;&quot;}\"><\/span>\t<\/div>\n<\/div><\/div>\n\n\n<\/div>\n<div id=\"tab_najprodavanije\" class=\"panel entry-content\" role=\"tabpanel\" aria-labelledby=\"tab-najprodavanije\">\n\n\t\n  \n    <div class=\"row  equalize-box large-columns-4 medium-columns-3 small-columns-2 row-small slider row-slider slider-nav-simple slider-nav-outside slider-nav-push\"  data-flickity-options='{\"imagesLoaded\": true, \"groupCells\": \"100%\", \"dragThreshold\" : 5, \"cellAlign\": \"left\",\"wrapAround\": true,\"prevNextButtons\": true,\"percentPosition\": true,\"pageDots\": false, \"rightToLeft\": false, \"autoPlay\" : false}' >\n\n  \n\t     <div class=\"product-small col has-hover product type-product post-90635 status-publish instock product_cat-serumi product_cat-trepavice has-post-thumbnail sale taxable shipping-taxable purchasable product-type-variable woovr-active woovr-show-price\">\n\t<div class=\"col-inner\">\n\t\n<div class=\"badge-container absolute left top z-1\">\n<div class=\"callout badge badge-square\"><div class=\"badge-inner secondary on-sale\"><span class=\"onsale\">Do - 36%<\/span><\/div><\/div>\n\n\n    <div class=\"callout badge badge-square\">\n        <div class=\"badge-inner secondary al-bestseller\">\n            <span class=\"bestseller\">Best seller<\/span>\n        <\/div>\n    <\/div>\n    <\/div>\n\t<div class=\"product-small box \">\n\t\t<div class=\"box-image\">\n\t\t\t<div class=\"image-fade_in_back\">\n\t\t\t\t<a href=\"https:\/\/activeluxe-cosmetics.com\/hr\/proizvod\/serum-za-rast-trepavica-6-mjesecni-tretman-besplatna-maskara-po-izboru\/\" aria-label=\"BESPLATNA maskara + serum za trepavice, 6-mjese\u010dni tretman\">\n\t\t\t\t\t<img loading=\"lazy\" decoding=\"async\" width=\"600\" height=\"780\" src=\"https:\/\/activeluxe-cosmetics.com\/hr\/wp-content\/uploads\/2024\/12\/51_BundleLashSerumMascara_v2-600x780.jpg\" class=\"attachment-woocommerce_thumbnail size-woocommerce_thumbnail\" alt=\"BESPLATNA maskara + serum za trepavice, 6-mjese\u010dni tretman\" \/><img loading=\"lazy\" decoding=\"async\" width=\"460\" height=\"575\" src=\"https:\/\/activeluxe-cosmetics.com\/hr\/wp-content\/uploads\/2024\/12\/Izdelek-brez-naslova-35-1-460x575-1.png\" class=\"show-on-hover absolute fill hide-for-small back-image\" alt=\"Active Luxe serum za rast trepavica\" \/>\t\t\t\t<\/a>\n\t\t\t<\/div>\n\t\t\t<div class=\"image-tools is-small top right show-on-hover\">\n\t\t\t\t\t\t\t<\/div>\n\t\t\t<div class=\"image-tools is-small hide-for-small bottom left show-on-hover\">\n\t\t\t\t\t\t\t<\/div>\n\t\t\t<div class=\"image-tools grid-tools text-center hide-for-small bottom hover-slide-in show-on-hover\">\n\t\t\t\t\t\t\t<\/div>\n\t\t\t\t\t<\/div>\n\n\t\t<div class=\"box-text box-text-products text-center grid-style-2\">\n\t\t\t<div class=\"title-wrapper\"><div class=\"star-rating star-rating--inline\" role=\"img\" aria-label=\"Ocijenjeno 5.00 od 5\"><span style=\"width:100%\">Ocijenjeno <strong class=\"rating\">5.00<\/strong> od 5<\/span><\/div><span class=\"review-count is-small op-7\">(5)<\/span><p class=\"name product-title woocommerce-loop-product__title\"><a href=\"https:\/\/activeluxe-cosmetics.com\/hr\/proizvod\/serum-za-rast-trepavica-6-mjesecni-tretman-besplatna-maskara-po-izboru\/\" class=\"woocommerce-LoopProduct-link woocommerce-loop-product__link\">BESPLATNA maskara + serum za trepavice, 6-mjese\u010dni tretman<\/a><\/p><\/div><div class=\"excerpt-wrapper\"><p class=\"p1\">Serum za rast trepavica za 6 mjeseci kori\u0161tenja (20% jeftinije) + GRATIS maskara po izboru.<\/p>\n<\/div><div class=\"price-wrapper\">\n\t<span class=\"price\"><del aria-hidden=\"true\"><span class=\"woocommerce-Price-amount amount\"><bdi>105,90&nbsp;<span class=\"woocommerce-Price-currencySymbol\" translate=\"no\">&euro;<\/span><\/bdi><\/span><\/del> <span class=\"screen-reader-text\">Izvorna cijena bila je: 105,90&nbsp;&euro;.<\/span><ins aria-hidden=\"true\"><span class=\"woocommerce-Price-amount amount\"><bdi>67,96&nbsp;<span class=\"woocommerce-Price-currencySymbol\" translate=\"no\">&euro;<\/span><\/bdi><\/span><\/ins><span class=\"screen-reader-text\">Trenutna cijena je: 67,96&nbsp;&euro;.<\/span><\/span>\n<\/div>\t\t<\/div>\n\t<\/div>\n\t<span class=\"gtm4wp_productdata\" style=\"display:none; visibility:hidden;\" data-gtm4wp_product_data=\"{&quot;internal_id&quot;:90635,&quot;item_id&quot;:90635,&quot;item_name&quot;:&quot;BESPLATNA maskara + serum za trepavice, 6-mjese\\u010dni tretman&quot;,&quot;sku&quot;:&quot;1300115&quot;,&quot;price&quot;:67.96,&quot;stocklevel&quot;:null,&quot;stockstatus&quot;:&quot;instock&quot;,&quot;google_business_vertical&quot;:&quot;retail&quot;,&quot;item_category&quot;:&quot;Trepavice&quot;,&quot;id&quot;:90635,&quot;productlink&quot;:&quot;https:\\\/\\\/activeluxe-cosmetics.com\\\/hr\\\/proizvod\\\/serum-za-rast-trepavica-6-mjesecni-tretman-besplatna-maskara-po-izboru\\\/&quot;,&quot;item_list_name&quot;:&quot;General Product List&quot;,&quot;index&quot;:5,&quot;product_type&quot;:&quot;variable&quot;,&quot;item_brand&quot;:&quot;&quot;}\"><\/span>\t<\/div>\n<\/div><div class=\"product-small col has-hover product type-product post-102732 status-publish last instock product_cat-serumi product_cat-trepavice has-post-thumbnail sale taxable shipping-taxable purchasable product-type-simple\">\n\t<div class=\"col-inner\">\n\t\n<div class=\"badge-container absolute left top z-1\">\n<div class=\"callout badge badge-square\"><div class=\"badge-inner secondary on-sale\"><span class=\"onsale\">-24%<\/span><\/div><\/div>\n\n\n    <div class=\"callout badge badge-square\">\n        <div class=\"badge-inner secondary al-set\">\n            <span class=\"set\">Set<\/span>\n        <\/div>\n    <\/div>\n    \n    <div class=\"callout badge badge-square al-discount-badge\">\n        <div class=\"badge-inner secondary al-discount\">\n            <span class=\"gift\"> -24%<\/span>\n        <\/div>\n    <\/div>\n    <\/div>\n\t<div class=\"product-small box \">\n\t\t<div class=\"box-image\">\n\t\t\t<div class=\"image-fade_in_back\">\n\t\t\t\t<a href=\"https:\/\/activeluxe-cosmetics.com\/hr\/proizvod\/repair-lash-njegujuci-serum-za-obnovu-trepavica-glamour-lash-mascara\/\" aria-label=\"Lash Care duo: njeguju\u0107i peptidni serum &amp; Glamour Lash maskara\">\n\t\t\t\t\t<img loading=\"lazy\" decoding=\"async\" width=\"600\" height=\"780\" src=\"https:\/\/activeluxe-cosmetics.com\/hr\/wp-content\/uploads\/2026\/04\/Repair_Lash__Glamour_maskara-600x780.jpg\" class=\"attachment-woocommerce_thumbnail size-woocommerce_thumbnail\" alt=\"Lash Care duo: njeguju\u0107i peptidni serum &amp; Glamour Lash maskara\" \/><img loading=\"lazy\" decoding=\"async\" width=\"600\" height=\"780\" src=\"https:\/\/activeluxe-cosmetics.com\/hr\/wp-content\/uploads\/2026\/03\/Active-Luxe-Repair-Lash-Serum-second-photo-600x780.jpg\" class=\"show-on-hover absolute fill hide-for-small back-image\" alt=\"Repair Lash serum Active Luxe\" \/>\t\t\t\t<\/a>\n\t\t\t<\/div>\n\t\t\t<div class=\"image-tools is-small top right show-on-hover\">\n\t\t\t\t\t\t\t<\/div>\n\t\t\t<div class=\"image-tools is-small hide-for-small bottom left show-on-hover\">\n\t\t\t\t\t\t\t<\/div>\n\t\t\t<div class=\"image-tools grid-tools text-center hide-for-small bottom hover-slide-in show-on-hover\">\n\t\t\t\t\t\t\t<\/div>\n\t\t\t\t\t<\/div>\n\n\t\t<div class=\"box-text box-text-products text-center grid-style-2\">\n\t\t\t<div class=\"title-wrapper\"><div class=\"star-rating star-rating--inline\" role=\"img\" aria-label=\"Ocijenjeno 4.90 od 5\"><span style=\"width:98%\">Ocijenjeno <strong class=\"rating\">4.90<\/strong> od 5<\/span><\/div><span class=\"review-count is-small op-7\">(20)<\/span><p class=\"name product-title woocommerce-loop-product__title\"><a href=\"https:\/\/activeluxe-cosmetics.com\/hr\/proizvod\/repair-lash-njegujuci-serum-za-obnovu-trepavica-glamour-lash-mascara\/\" class=\"woocommerce-LoopProduct-link woocommerce-loop-product__link\">Lash Care duo: njeguju\u0107i peptidni serum &#038; Glamour Lash maskara<\/a><\/p><\/div><div class=\"excerpt-wrapper\"><p>Za ja\u010de i otpornije prirodne trepavice. Repair Lash peptidni serum koji dubinski obnavlja + Glamour Lash maskara za volumen.<\/p>\n<\/div><div class=\"price-wrapper\">\n\t<span class=\"price\"><del aria-hidden=\"true\"><span class=\"woocommerce-Price-amount amount\"><bdi>45,90&nbsp;<span class=\"woocommerce-Price-currencySymbol\" translate=\"no\">&euro;<\/span><\/bdi><\/span><\/del> <span class=\"screen-reader-text\">Izvorna cijena bila je: 45,90&nbsp;&euro;.<\/span><ins aria-hidden=\"true\"><span class=\"woocommerce-Price-amount amount\"><bdi>34,90&nbsp;<span class=\"woocommerce-Price-currencySymbol\" translate=\"no\">&euro;<\/span><\/bdi><\/span><\/ins><span class=\"screen-reader-text\">Trenutna cijena je: 34,90&nbsp;&euro;.<\/span><\/span>\n<\/div>\t\t<\/div>\n\t<\/div>\n\t<span class=\"gtm4wp_productdata\" style=\"display:none; visibility:hidden;\" data-gtm4wp_product_data=\"{&quot;internal_id&quot;:102732,&quot;item_id&quot;:102732,&quot;item_name&quot;:&quot;Lash Care duo: njeguju\\u0107i peptidni serum &amp; Glamour Lash maskara&quot;,&quot;sku&quot;:&quot;0000923&quot;,&quot;price&quot;:34.9,&quot;stocklevel&quot;:null,&quot;stockstatus&quot;:&quot;instock&quot;,&quot;google_business_vertical&quot;:&quot;retail&quot;,&quot;item_category&quot;:&quot;Trepavice&quot;,&quot;id&quot;:102732,&quot;productlink&quot;:&quot;https:\\\/\\\/activeluxe-cosmetics.com\\\/hr\\\/proizvod\\\/repair-lash-njegujuci-serum-za-obnovu-trepavica-glamour-lash-mascara\\\/&quot;,&quot;item_list_name&quot;:&quot;General Product List&quot;,&quot;index&quot;:6,&quot;product_type&quot;:&quot;simple&quot;,&quot;item_brand&quot;:&quot;&quot;}\"><\/span>\t<\/div>\n<\/div><div class=\"product-small col has-hover product type-product post-97287 status-publish first instock product_cat-led-light-therapy has-post-thumbnail sale taxable shipping-taxable purchasable product-type-simple\">\n\t<div class=\"col-inner\">\n\t\n<div class=\"badge-container absolute left top z-1\">\n<div class=\"callout badge badge-square\"><div class=\"badge-inner secondary on-sale\"><span class=\"onsale\">-20%<\/span><\/div><\/div>\n\n\n    <div class=\"callout badge badge-square\">\n        <div class=\"badge-inner secondary al-new\">\n            <span class=\"gift\">Novo<\/span>\n        <\/div>\n    <\/div>\n    \n    <div class=\"callout badge badge-square al-discount-badge\">\n        <div class=\"badge-inner secondary al-discount\">\n            <span class=\"gift\"> -20%<\/span>\n        <\/div>\n    <\/div>\n    <\/div>\n\t<div class=\"product-small box \">\n\t\t<div class=\"box-image\">\n\t\t\t<div class=\"image-fade_in_back\">\n\t\t\t\t<a href=\"https:\/\/activeluxe-cosmetics.com\/hr\/proizvod\/led-light-therapy-maska-za-lice\/\" aria-label=\"LED Light Therapy maska za lice\">\n\t\t\t\t\t<img loading=\"lazy\" decoding=\"async\" width=\"600\" height=\"780\" src=\"https:\/\/activeluxe-cosmetics.com\/hr\/wp-content\/uploads\/2025\/09\/Led_Light_Therapy_Face_mask-1-600x780.jpg\" class=\"attachment-woocommerce_thumbnail size-woocommerce_thumbnail\" alt=\"Active Luxe led maska za lice\" \/><img loading=\"lazy\" decoding=\"async\" width=\"600\" height=\"780\" src=\"https:\/\/activeluxe-cosmetics.com\/hr\/wp-content\/uploads\/2025\/09\/Led_Light_Therapy_Face_mask_hover-600x780.jpg\" class=\"show-on-hover absolute fill hide-for-small back-image\" alt=\"Active Luxe led maska za lice\" \/>\t\t\t\t<\/a>\n\t\t\t<\/div>\n\t\t\t<div class=\"image-tools is-small top right show-on-hover\">\n\t\t\t\t\t\t\t<\/div>\n\t\t\t<div class=\"image-tools is-small hide-for-small bottom left show-on-hover\">\n\t\t\t\t\t\t\t<\/div>\n\t\t\t<div class=\"image-tools grid-tools text-center hide-for-small bottom hover-slide-in show-on-hover\">\n\t\t\t\t\t\t\t<\/div>\n\t\t\t\t\t<\/div>\n\n\t\t<div class=\"box-text box-text-products text-center grid-style-2\">\n\t\t\t<div class=\"title-wrapper\"><div class=\"star-rating star-rating--inline\" role=\"img\" aria-label=\"Ocijenjeno 4.88 od 5\"><span style=\"width:97.6%\">Ocijenjeno <strong class=\"rating\">4.88<\/strong> od 5<\/span><\/div><span class=\"review-count is-small op-7\">(8)<\/span><p class=\"name product-title woocommerce-loop-product__title\"><a href=\"https:\/\/activeluxe-cosmetics.com\/hr\/proizvod\/led-light-therapy-maska-za-lice\/\" class=\"woocommerce-LoopProduct-link woocommerce-loop-product__link\">LED Light Therapy maska za lice<\/a><\/p><\/div><div class=\"excerpt-wrapper\"><p>Premium LED maska za lice s 240 LED dioda za pomla\u0111ivanje, smanjenje bora i pobolj\u0161anje tena ko\u017ee.<\/p>\n<\/div><div class=\"price-wrapper\">\n\t<span class=\"price\"><del aria-hidden=\"true\"><span class=\"woocommerce-Price-amount amount\"><bdi>239,00&nbsp;<span class=\"woocommerce-Price-currencySymbol\" translate=\"no\">&euro;<\/span><\/bdi><\/span><\/del> <span class=\"screen-reader-text\">Izvorna cijena bila je: 239,00&nbsp;&euro;.<\/span><ins aria-hidden=\"true\"><span class=\"woocommerce-Price-amount amount\"><bdi>191,20&nbsp;<span class=\"woocommerce-Price-currencySymbol\" translate=\"no\">&euro;<\/span><\/bdi><\/span><\/ins><span class=\"screen-reader-text\">Trenutna cijena je: 191,20&nbsp;&euro;.<\/span><\/span>\n<\/div>\t\t<\/div>\n\t<\/div>\n\t<span class=\"gtm4wp_productdata\" style=\"display:none; visibility:hidden;\" data-gtm4wp_product_data=\"{&quot;internal_id&quot;:97287,&quot;item_id&quot;:97287,&quot;item_name&quot;:&quot;LED Light Therapy maska za lice&quot;,&quot;sku&quot;:&quot;0000843&quot;,&quot;price&quot;:191.2,&quot;stocklevel&quot;:null,&quot;stockstatus&quot;:&quot;instock&quot;,&quot;google_business_vertical&quot;:&quot;retail&quot;,&quot;item_category&quot;:&quot;Led Light Therapy&quot;,&quot;id&quot;:97287,&quot;productlink&quot;:&quot;https:\\\/\\\/activeluxe-cosmetics.com\\\/hr\\\/proizvod\\\/led-light-therapy-maska-za-lice\\\/&quot;,&quot;item_list_name&quot;:&quot;General Product List&quot;,&quot;index&quot;:7,&quot;product_type&quot;:&quot;simple&quot;,&quot;item_brand&quot;:&quot;&quot;}\"><\/span>\t<\/div>\n<\/div><div class=\"product-small col has-hover product type-product post-72188 status-publish instock product_cat-elle-beauty-awards-nominacije product_cat-obrve product_cat-serumi-obrve has-post-thumbnail sale taxable shipping-taxable purchasable product-type-variable woovr-active woovr-show-price\">\n\t<div class=\"col-inner\">\n\t\n<div class=\"badge-container absolute left top z-1\">\n<div class=\"callout badge badge-square\"><div class=\"badge-inner secondary on-sale\"><span class=\"onsale\">Do - 30%<\/span><\/div><\/div>\n\n\n    <div class=\"callout badge badge-square\">\n        <div class=\"badge-inner secondary al-bestseller\">\n            <span class=\"bestseller\">Best seller<\/span>\n        <\/div>\n    <\/div>\n    \n    <div class=\"callout badge badge-square al-discount-badge\">\n        <div class=\"badge-inner secondary al-discount\">\n            <span class=\"gift\">do -30%<\/span>\n        <\/div>\n    <\/div>\n    <\/div>\n\t<div class=\"product-small box \">\n\t\t<div class=\"box-image\">\n\t\t\t<div class=\"image-fade_in_back\">\n\t\t\t\t<a href=\"https:\/\/activeluxe-cosmetics.com\/hr\/proizvod\/serum-za-prirodni-rast-obrva\/\" aria-label=\"Serum za rast obrva\">\n\t\t\t\t\t<img loading=\"lazy\" decoding=\"async\" width=\"600\" height=\"780\" src=\"https:\/\/activeluxe-cosmetics.com\/hr\/wp-content\/uploads\/2024\/01\/ELLE-Serum-za-obrve-600x780.jpg\" class=\"attachment-woocommerce_thumbnail size-woocommerce_thumbnail\" alt=\"Serum za rast obrva\" \/><img loading=\"lazy\" decoding=\"async\" width=\"600\" height=\"780\" src=\"https:\/\/activeluxe-cosmetics.com\/hr\/wp-content\/uploads\/2024\/01\/Group-343-14-600x780.jpg\" class=\"show-on-hover absolute fill hide-for-small back-image\" alt=\"\" \/>\t\t\t\t<\/a>\n\t\t\t<\/div>\n\t\t\t<div class=\"image-tools is-small top right show-on-hover\">\n\t\t\t\t\t\t\t<\/div>\n\t\t\t<div class=\"image-tools is-small hide-for-small bottom left show-on-hover\">\n\t\t\t\t\t\t\t<\/div>\n\t\t\t<div class=\"image-tools grid-tools text-center hide-for-small bottom hover-slide-in show-on-hover\">\n\t\t\t\t\t\t\t<\/div>\n\t\t\t\t\t<\/div>\n\n\t\t<div class=\"box-text box-text-products text-center grid-style-2\">\n\t\t\t<div class=\"title-wrapper\"><div class=\"star-rating star-rating--inline\" role=\"img\" aria-label=\"Ocijenjeno 4.77 od 5\"><span style=\"width:95.4%\">Ocijenjeno <strong class=\"rating\">4.77<\/strong> od 5<\/span><\/div><span class=\"review-count is-small op-7\">(48)<\/span><p class=\"name product-title woocommerce-loop-product__title\"><a href=\"https:\/\/activeluxe-cosmetics.com\/hr\/proizvod\/serum-za-prirodni-rast-obrva\/\" class=\"woocommerce-LoopProduct-link woocommerce-loop-product__link\">Serum za rast obrva<\/a><\/p><\/div><div class=\"excerpt-wrapper\"><p><span data-sheets-root=\"1\" data-sheets-value=\"{&quot;1&quot;:2,&quot;2&quot;:&quot;Za gu\u0161\u0107e i punije prirodne obrve u nekoliko tjedana, klini\u010dki testiran&quot;}\" data-sheets-userformat=\"{&quot;2&quot;:7041,&quot;3&quot;:{&quot;1&quot;:0},&quot;10&quot;:0,&quot;11&quot;:4,&quot;12&quot;:0,&quot;14&quot;:{&quot;1&quot;:2,&quot;2&quot;:16739585},&quot;15&quot;:&quot;Arial&quot;}\">Za gu\u0161\u0107e i punije prirodne obrve u nekoliko tjedana, klini\u010dki testiran.<\/span><\/p>\n<\/div><div class=\"price-wrapper\">\n\t<span class=\"price\"><span class=\"woocommerce-Price-amount amount\" aria-hidden=\"true\"><bdi>42,95&nbsp;<span class=\"woocommerce-Price-currencySymbol\" translate=\"no\">&euro;<\/span><\/bdi><\/span> <span aria-hidden=\"true\">&ndash;<\/span> <span class=\"woocommerce-Price-amount amount\" aria-hidden=\"true\"><bdi>88,87&nbsp;<span class=\"woocommerce-Price-currencySymbol\" translate=\"no\">&euro;<\/span><\/bdi><\/span><span class=\"screen-reader-text\">Raspon cijena: od 42,95&nbsp;&euro; do 88,87&nbsp;&euro;<\/span><\/span>\n<\/div>\t\t<\/div>\n\t<\/div>\n\t<span class=\"gtm4wp_productdata\" style=\"display:none; visibility:hidden;\" data-gtm4wp_product_data=\"{&quot;internal_id&quot;:72188,&quot;item_id&quot;:72188,&quot;item_name&quot;:&quot;Serum za rast obrva&quot;,&quot;sku&quot;:72188,&quot;price&quot;:42.95,&quot;stocklevel&quot;:null,&quot;stockstatus&quot;:&quot;instock&quot;,&quot;google_business_vertical&quot;:&quot;retail&quot;,&quot;item_category&quot;:&quot;Elle beauty awards&quot;,&quot;id&quot;:72188,&quot;productlink&quot;:&quot;https:\\\/\\\/activeluxe-cosmetics.com\\\/hr\\\/proizvod\\\/serum-za-prirodni-rast-obrva\\\/&quot;,&quot;item_list_name&quot;:&quot;General Product List&quot;,&quot;index&quot;:8,&quot;product_type&quot;:&quot;variable&quot;,&quot;item_brand&quot;:&quot;&quot;}\"><\/span>\t<\/div>\n<\/div><\/div>\n\n\n<\/div>\n<div id=\"tab_proizvodi-na-akciji\" class=\"panel entry-content\" role=\"tabpanel\" aria-labelledby=\"tab-proizvodi-na-akciji\">\n\n\t\n  \n    <div class=\"row  equalize-box large-columns-4 medium-columns-3 small-columns-2 row-small slider row-slider slider-nav-simple slider-nav-outside slider-nav-push\"  data-flickity-options='{\"imagesLoaded\": true, \"groupCells\": \"100%\", \"dragThreshold\" : 5, \"cellAlign\": \"left\",\"wrapAround\": true,\"prevNextButtons\": true,\"percentPosition\": true,\"pageDots\": false, \"rightToLeft\": false, \"autoPlay\" : false}' >\n\n  \n\t     <div class=\"product-small col has-hover product type-product post-100985 status-publish last instock product_cat-kosa product_cat-muskarci has-post-thumbnail sale taxable shipping-taxable purchasable product-type-variable woovr-active woovr-show-price\">\n\t<div class=\"col-inner\">\n\t\n<div class=\"badge-container absolute left top z-1\">\n<div class=\"callout badge badge-square\"><div class=\"badge-inner secondary on-sale\"><span class=\"onsale\">Do - 20%<\/span><\/div><\/div>\n\n\n    <div class=\"callout badge badge-square al-discount-badge\">\n        <div class=\"badge-inner secondary al-discount\">\n            <span class=\"gift\"> -20%<\/span>\n        <\/div>\n    <\/div>\n    <\/div>\n\t<div class=\"product-small box \">\n\t\t<div class=\"box-image\">\n\t\t\t<div class=\"image-fade_in_back\">\n\t\t\t\t<a href=\"https:\/\/activeluxe-cosmetics.com\/hr\/proizvod\/hair-sos-routine\/\" aria-label=\"HAIR SOS ROUTINE: tonik in \u0161ampon za rast kose\">\n\t\t\t\t\t<img loading=\"lazy\" decoding=\"async\" width=\"600\" height=\"780\" src=\"https:\/\/activeluxe-cosmetics.com\/hr\/wp-content\/uploads\/2026\/02\/HR_BundleShampooTonic_Claim3-600x780.jpg\" class=\"attachment-woocommerce_thumbnail size-woocommerce_thumbnail\" alt=\"HAIR SOS ROUTINE: tonik in \u0161ampon za rast kose\" \/><img loading=\"lazy\" decoding=\"async\" width=\"600\" height=\"780\" src=\"https:\/\/activeluxe-cosmetics.com\/hr\/wp-content\/uploads\/2025\/11\/sampon_in_tonik_za_rast_las_active_luxe-600x780.jpg\" class=\"show-on-hover absolute fill hide-for-small back-image\" alt=\"\" \/>\t\t\t\t<\/a>\n\t\t\t<\/div>\n\t\t\t<div class=\"image-tools is-small top right show-on-hover\">\n\t\t\t\t\t\t\t<\/div>\n\t\t\t<div class=\"image-tools is-small hide-for-small bottom left show-on-hover\">\n\t\t\t\t\t\t\t<\/div>\n\t\t\t<div class=\"image-tools grid-tools text-center hide-for-small bottom hover-slide-in show-on-hover\">\n\t\t\t\t\t\t\t<\/div>\n\t\t\t\t\t<\/div>\n\n\t\t<div class=\"box-text box-text-products text-center grid-style-2\">\n\t\t\t<div class=\"title-wrapper\"><div class=\"star-rating star-rating--inline\" role=\"img\" aria-label=\"Ocijenjeno 4.82 od 5\"><span style=\"width:96.4%\">Ocijenjeno <strong class=\"rating\">4.82<\/strong> od 5<\/span><\/div><span class=\"review-count is-small op-7\">(11)<\/span><p class=\"name product-title woocommerce-loop-product__title\"><a href=\"https:\/\/activeluxe-cosmetics.com\/hr\/proizvod\/hair-sos-routine\/\" class=\"woocommerce-LoopProduct-link woocommerce-loop-product__link\">HAIR SOS ROUTINE: tonik in \u0161ampon za rast kose<\/a><\/p><\/div><div class=\"excerpt-wrapper\"><p>Set \u0161ampona i tonika za manje opadanja i gu\u0161\u0107u kosu \u2013 potpora vlasi\u0161tu kod stresa, sezonskog i hormonskog opadanja.<\/p>\n<\/div><div class=\"price-wrapper\">\n\t<span class=\"price\"><del aria-hidden=\"true\"><span class=\"woocommerce-Price-amount amount\"><bdi>67,90&nbsp;<span class=\"woocommerce-Price-currencySymbol\" translate=\"no\">&euro;<\/span><\/bdi><\/span><\/del> <span class=\"screen-reader-text\">Izvorna cijena bila je: 67,90&nbsp;&euro;.<\/span><ins aria-hidden=\"true\"><span class=\"woocommerce-Price-amount amount\"><bdi>54,32&nbsp;<span class=\"woocommerce-Price-currencySymbol\" translate=\"no\">&euro;<\/span><\/bdi><\/span><\/ins><span class=\"screen-reader-text\">Trenutna cijena je: 54,32&nbsp;&euro;.<\/span><\/span>\n<\/div>\t\t<\/div>\n\t<\/div>\n\t<span class=\"gtm4wp_productdata\" style=\"display:none; visibility:hidden;\" data-gtm4wp_product_data=\"{&quot;internal_id&quot;:100985,&quot;item_id&quot;:100985,&quot;item_name&quot;:&quot;HAIR SOS ROUTINE: tonik in \\u0161ampon za rast kose&quot;,&quot;sku&quot;:100985,&quot;price&quot;:54.32,&quot;stocklevel&quot;:null,&quot;stockstatus&quot;:&quot;instock&quot;,&quot;google_business_vertical&quot;:&quot;retail&quot;,&quot;item_category&quot;:&quot;Kosa&quot;,&quot;id&quot;:100985,&quot;productlink&quot;:&quot;https:\\\/\\\/activeluxe-cosmetics.com\\\/hr\\\/proizvod\\\/hair-sos-routine\\\/&quot;,&quot;item_list_name&quot;:&quot;General Product List&quot;,&quot;index&quot;:9,&quot;product_type&quot;:&quot;variable&quot;,&quot;item_brand&quot;:&quot;&quot;}\"><\/span>\t<\/div>\n<\/div><div class=\"product-small col has-hover product type-product post-98271 status-publish first instock product_cat-nekategorizirano has-post-thumbnail sale taxable shipping-taxable purchasable product-type-simple\">\n\t<div class=\"col-inner\">\n\t\n<div class=\"badge-container absolute left top z-1\">\n<div class=\"callout badge badge-square\"><div class=\"badge-inner secondary on-sale\"><span class=\"onsale\">-20%<\/span><\/div><\/div>\n\n\n    <div class=\"callout badge badge-square\">\n        <div class=\"badge-inner secondary al-set\">\n            <span class=\"set\">Set<\/span>\n        <\/div>\n    <\/div>\n    \n    <div class=\"callout badge badge-square al-discount-badge\">\n        <div class=\"badge-inner secondary al-discount\">\n            <span class=\"gift\"> -20%<\/span>\n        <\/div>\n    <\/div>\n    <\/div>\n\t<div class=\"product-small box \">\n\t\t<div class=\"box-image\">\n\t\t\t<div class=\"image-fade_in_back\">\n\t\t\t\t<a href=\"https:\/\/activeluxe-cosmetics.com\/hr\/proizvod\/lash-and-brow-collection-za-prekrasne-trepavice-i-obrve\/\" aria-label=\"Lash and Brow Collection za prekrasne trepavice i obrve\">\n\t\t\t\t\t<img loading=\"lazy\" decoding=\"async\" width=\"600\" height=\"780\" src=\"https:\/\/activeluxe-cosmetics.com\/hr\/wp-content\/uploads\/2025\/11\/lash_and_brow_collection-600x780.png\" class=\"attachment-woocommerce_thumbnail size-woocommerce_thumbnail\" alt=\"Lash and Brow Collection Active Luxe\" \/><img loading=\"lazy\" decoding=\"async\" width=\"600\" height=\"780\" src=\"https:\/\/activeluxe-cosmetics.com\/hr\/wp-content\/uploads\/2025\/11\/lash_and_brow_collection_active_luxe-600x780.png\" class=\"show-on-hover absolute fill hide-for-small back-image\" alt=\"Lash and Brow Collection Active Luxe\" \/>\t\t\t\t<\/a>\n\t\t\t<\/div>\n\t\t\t<div class=\"image-tools is-small top right show-on-hover\">\n\t\t\t\t\t\t\t<\/div>\n\t\t\t<div class=\"image-tools is-small hide-for-small bottom left show-on-hover\">\n\t\t\t\t\t\t\t<\/div>\n\t\t\t<div class=\"image-tools grid-tools text-center hide-for-small bottom hover-slide-in show-on-hover\">\n\t\t\t\t\t\t\t<\/div>\n\t\t\t\t\t<\/div>\n\n\t\t<div class=\"box-text box-text-products text-center grid-style-2\">\n\t\t\t<div class=\"title-wrapper\"><div class=\"star-rating star-rating--inline\" role=\"img\" aria-label=\"Ocijenjeno 4.67 od 5\"><span style=\"width:93.4%\">Ocijenjeno <strong class=\"rating\">4.67<\/strong> od 5<\/span><\/div><span class=\"review-count is-small op-7\">(6)<\/span><p class=\"name product-title woocommerce-loop-product__title\"><a href=\"https:\/\/activeluxe-cosmetics.com\/hr\/proizvod\/lash-and-brow-collection-za-prekrasne-trepavice-i-obrve\/\" class=\"woocommerce-LoopProduct-link woocommerce-loop-product__link\">Lash and Brow Collection za prekrasne trepavice i obrve<\/a><\/p><\/div><div class=\"excerpt-wrapper\"><p>Sve za savr\u0161en pogled: serum za rast trepavica, serum za rast obrva i maskara Define Lash \u2013 u jednom neodoljivom setu.<\/p>\n<\/div><div class=\"price-wrapper\">\n\t<span class=\"price\"><del aria-hidden=\"true\"><span class=\"woocommerce-Price-amount amount\"><bdi>106,85&nbsp;<span class=\"woocommerce-Price-currencySymbol\" translate=\"no\">&euro;<\/span><\/bdi><\/span><\/del> <span class=\"screen-reader-text\">Izvorna cijena bila je: 106,85&nbsp;&euro;.<\/span><ins aria-hidden=\"true\"><span class=\"woocommerce-Price-amount amount\"><bdi>85,90&nbsp;<span class=\"woocommerce-Price-currencySymbol\" translate=\"no\">&euro;<\/span><\/bdi><\/span><\/ins><span class=\"screen-reader-text\">Trenutna cijena je: 85,90&nbsp;&euro;.<\/span><\/span>\n<\/div>\t\t<\/div>\n\t<\/div>\n\t<span class=\"gtm4wp_productdata\" style=\"display:none; visibility:hidden;\" data-gtm4wp_product_data=\"{&quot;internal_id&quot;:98271,&quot;item_id&quot;:98271,&quot;item_name&quot;:&quot;Lash and Brow Collection za prekrasne trepavice i obrve&quot;,&quot;sku&quot;:&quot;0000702&quot;,&quot;price&quot;:85.9,&quot;stocklevel&quot;:null,&quot;stockstatus&quot;:&quot;instock&quot;,&quot;google_business_vertical&quot;:&quot;retail&quot;,&quot;item_category&quot;:&quot;Nekategorizirano&quot;,&quot;id&quot;:98271,&quot;productlink&quot;:&quot;https:\\\/\\\/activeluxe-cosmetics.com\\\/hr\\\/proizvod\\\/lash-and-brow-collection-za-prekrasne-trepavice-i-obrve\\\/&quot;,&quot;item_list_name&quot;:&quot;General Product List&quot;,&quot;index&quot;:10,&quot;product_type&quot;:&quot;simple&quot;,&quot;item_brand&quot;:&quot;&quot;}\"><\/span>\t<\/div>\n<\/div><div class=\"product-small col has-hover product type-product post-90115 status-publish instock product_cat-kosa product_cat-samponi has-post-thumbnail sale taxable shipping-taxable purchasable product-type-variable woovr-active woovr-show-price\">\n\t<div class=\"col-inner\">\n\t\n<div class=\"badge-container absolute left top z-1\">\n<div class=\"callout badge badge-square\"><div class=\"badge-inner secondary on-sale\"><span class=\"onsale\">Do - 22%<\/span><\/div><\/div>\n\n\n    <div class=\"callout badge badge-square\">\n        <div class=\"badge-inner secondary al-set\">\n            <span class=\"set\">Set<\/span>\n        <\/div>\n    <\/div>\n    \n    <div class=\"callout badge badge-square al-discount-badge\">\n        <div class=\"badge-inner secondary al-discount\">\n            <span class=\"gift\"> -20%<\/span>\n        <\/div>\n    <\/div>\n    <\/div>\n\t<div class=\"product-small box \">\n\t\t<div class=\"box-image\">\n\t\t\t<div class=\"image-fade_in_back\">\n\t\t\t\t<a href=\"https:\/\/activeluxe-cosmetics.com\/hr\/proizvod\/20-popusta-sampon-i-balzam-za-aktivni-rast-kose\/\" aria-label=\"20% POPUSTA: \u0160ampon i regenerator za aktivni rast kose\">\n\t\t\t\t\t<img loading=\"lazy\" decoding=\"async\" width=\"460\" height=\"575\" src=\"https:\/\/activeluxe-cosmetics.com\/hr\/wp-content\/uploads\/2024\/12\/balzam_za_lase-460x575-1.png\" class=\"attachment-woocommerce_thumbnail size-woocommerce_thumbnail\" alt=\"20% POPUSTA: \u0160ampon i regenerator za aktivni rast kose\" \/><img loading=\"lazy\" decoding=\"async\" width=\"600\" height=\"721\" src=\"https:\/\/activeluxe-cosmetics.com\/hr\/wp-content\/uploads\/2024\/12\/normal-600x721-1.jpg\" class=\"show-on-hover absolute fill hide-for-small back-image\" alt=\"\" srcset=\"https:\/\/activeluxe-cosmetics.com\/hr\/wp-content\/uploads\/2024\/12\/normal-600x721-1.jpg 600w, https:\/\/activeluxe-cosmetics.com\/hr\/wp-content\/uploads\/2024\/12\/normal-600x721-1-460x553.jpg 460w\" sizes=\"auto, (max-width: 600px) 100vw, 600px\" \/>\t\t\t\t<\/a>\n\t\t\t<\/div>\n\t\t\t<div class=\"image-tools is-small top right show-on-hover\">\n\t\t\t\t\t\t\t<\/div>\n\t\t\t<div class=\"image-tools is-small hide-for-small bottom left show-on-hover\">\n\t\t\t\t\t\t\t<\/div>\n\t\t\t<div class=\"image-tools grid-tools text-center hide-for-small bottom hover-slide-in show-on-hover\">\n\t\t\t\t\t\t\t<\/div>\n\t\t\t\t\t<\/div>\n\n\t\t<div class=\"box-text box-text-products text-center grid-style-2\">\n\t\t\t<div class=\"title-wrapper\"><div class=\"star-rating star-rating--inline\" role=\"img\" aria-label=\"Ocijenjeno 4.88 od 5\"><span style=\"width:97.6%\">Ocijenjeno <strong class=\"rating\">4.88<\/strong> od 5<\/span><\/div><span class=\"review-count is-small op-7\">(8)<\/span><p class=\"name product-title woocommerce-loop-product__title\"><a href=\"https:\/\/activeluxe-cosmetics.com\/hr\/proizvod\/20-popusta-sampon-i-balzam-za-aktivni-rast-kose\/\" class=\"woocommerce-LoopProduct-link woocommerce-loop-product__link\">20% POPUSTA: \u0160ampon i regenerator za aktivni rast kose<\/a><\/p><\/div><div class=\"excerpt-wrapper\"><p>\u0160ampon i regenerator za br\u017ei rast kose. Za \u017eene i mu\u0161karce. Vidljivi rezultati ve\u0107 za 6 tjedana.<\/p>\n<\/div><div class=\"price-wrapper\">\n\t<span class=\"price\"><del aria-hidden=\"true\"><span class=\"woocommerce-Price-amount amount\"><bdi>49,90&nbsp;<span class=\"woocommerce-Price-currencySymbol\" translate=\"no\">&euro;<\/span><\/bdi><\/span><\/del> <span class=\"screen-reader-text\">Izvorna cijena bila je: 49,90&nbsp;&euro;.<\/span><ins aria-hidden=\"true\"><span class=\"woocommerce-Price-amount amount\"><bdi>38,92&nbsp;<span class=\"woocommerce-Price-currencySymbol\" translate=\"no\">&euro;<\/span><\/bdi><\/span><\/ins><span class=\"screen-reader-text\">Trenutna cijena je: 38,92&nbsp;&euro;.<\/span><\/span>\n<\/div>\t\t<\/div>\n\t<\/div>\n\t<span class=\"gtm4wp_productdata\" style=\"display:none; visibility:hidden;\" data-gtm4wp_product_data=\"{&quot;internal_id&quot;:90115,&quot;item_id&quot;:90115,&quot;item_name&quot;:&quot;20% POPUSTA: \\u0160ampon i regenerator za aktivni rast kose&quot;,&quot;sku&quot;:90115,&quot;price&quot;:38.92,&quot;stocklevel&quot;:null,&quot;stockstatus&quot;:&quot;instock&quot;,&quot;google_business_vertical&quot;:&quot;retail&quot;,&quot;item_category&quot;:&quot;Kosa&quot;,&quot;id&quot;:90115,&quot;productlink&quot;:&quot;https:\\\/\\\/activeluxe-cosmetics.com\\\/hr\\\/proizvod\\\/20-popusta-sampon-i-balzam-za-aktivni-rast-kose\\\/&quot;,&quot;item_list_name&quot;:&quot;General Product List&quot;,&quot;index&quot;:11,&quot;product_type&quot;:&quot;variable&quot;,&quot;item_brand&quot;:&quot;&quot;}\"><\/span>\t<\/div>\n<\/div><div class=\"product-small col has-hover product type-product post-90635 status-publish last instock product_cat-serumi product_cat-trepavice has-post-thumbnail sale taxable shipping-taxable purchasable product-type-variable woovr-active woovr-show-price\">\n\t<div class=\"col-inner\">\n\t\n<div class=\"badge-container absolute left top z-1\">\n<div class=\"callout badge badge-square\"><div class=\"badge-inner secondary on-sale\"><span class=\"onsale\">Do - 36%<\/span><\/div><\/div>\n\n\n    <div class=\"callout badge badge-square\">\n        <div class=\"badge-inner secondary al-bestseller\">\n            <span class=\"bestseller\">Best seller<\/span>\n        <\/div>\n    <\/div>\n    <\/div>\n\t<div class=\"product-small box \">\n\t\t<div class=\"box-image\">\n\t\t\t<div class=\"image-fade_in_back\">\n\t\t\t\t<a href=\"https:\/\/activeluxe-cosmetics.com\/hr\/proizvod\/serum-za-rast-trepavica-6-mjesecni-tretman-besplatna-maskara-po-izboru\/\" aria-label=\"BESPLATNA maskara + serum za trepavice, 6-mjese\u010dni tretman\">\n\t\t\t\t\t<img loading=\"lazy\" decoding=\"async\" width=\"600\" height=\"780\" src=\"https:\/\/activeluxe-cosmetics.com\/hr\/wp-content\/uploads\/2024\/12\/51_BundleLashSerumMascara_v2-600x780.jpg\" class=\"attachment-woocommerce_thumbnail size-woocommerce_thumbnail\" alt=\"BESPLATNA maskara + serum za trepavice, 6-mjese\u010dni tretman\" \/><img loading=\"lazy\" decoding=\"async\" width=\"460\" height=\"575\" src=\"https:\/\/activeluxe-cosmetics.com\/hr\/wp-content\/uploads\/2024\/12\/Izdelek-brez-naslova-35-1-460x575-1.png\" class=\"show-on-hover absolute fill hide-for-small back-image\" alt=\"Active Luxe serum za rast trepavica\" \/>\t\t\t\t<\/a>\n\t\t\t<\/div>\n\t\t\t<div class=\"image-tools is-small top right show-on-hover\">\n\t\t\t\t\t\t\t<\/div>\n\t\t\t<div class=\"image-tools is-small hide-for-small bottom left show-on-hover\">\n\t\t\t\t\t\t\t<\/div>\n\t\t\t<div class=\"image-tools grid-tools text-center hide-for-small bottom hover-slide-in show-on-hover\">\n\t\t\t\t\t\t\t<\/div>\n\t\t\t\t\t<\/div>\n\n\t\t<div class=\"box-text box-text-products text-center grid-style-2\">\n\t\t\t<div class=\"title-wrapper\"><div class=\"star-rating star-rating--inline\" role=\"img\" aria-label=\"Ocijenjeno 5.00 od 5\"><span style=\"width:100%\">Ocijenjeno <strong class=\"rating\">5.00<\/strong> od 5<\/span><\/div><span class=\"review-count is-small op-7\">(5)<\/span><p class=\"name product-title woocommerce-loop-product__title\"><a href=\"https:\/\/activeluxe-cosmetics.com\/hr\/proizvod\/serum-za-rast-trepavica-6-mjesecni-tretman-besplatna-maskara-po-izboru\/\" class=\"woocommerce-LoopProduct-link woocommerce-loop-product__link\">BESPLATNA maskara + serum za trepavice, 6-mjese\u010dni tretman<\/a><\/p><\/div><div class=\"excerpt-wrapper\"><p class=\"p1\">Serum za rast trepavica za 6 mjeseci kori\u0161tenja (20% jeftinije) + GRATIS maskara po izboru.<\/p>\n<\/div><div class=\"price-wrapper\">\n\t<span class=\"price\"><del aria-hidden=\"true\"><span class=\"woocommerce-Price-amount amount\"><bdi>105,90&nbsp;<span class=\"woocommerce-Price-currencySymbol\" translate=\"no\">&euro;<\/span><\/bdi><\/span><\/del> <span class=\"screen-reader-text\">Izvorna cijena bila je: 105,90&nbsp;&euro;.<\/span><ins aria-hidden=\"true\"><span class=\"woocommerce-Price-amount amount\"><bdi>67,96&nbsp;<span class=\"woocommerce-Price-currencySymbol\" translate=\"no\">&euro;<\/span><\/bdi><\/span><\/ins><span class=\"screen-reader-text\">Trenutna cijena je: 67,96&nbsp;&euro;.<\/span><\/span>\n<\/div>\t\t<\/div>\n\t<\/div>\n\t<span class=\"gtm4wp_productdata\" style=\"display:none; visibility:hidden;\" data-gtm4wp_product_data=\"{&quot;internal_id&quot;:90635,&quot;item_id&quot;:90635,&quot;item_name&quot;:&quot;BESPLATNA maskara + serum za trepavice, 6-mjese\\u010dni tretman&quot;,&quot;sku&quot;:&quot;1300115&quot;,&quot;price&quot;:67.96,&quot;stocklevel&quot;:null,&quot;stockstatus&quot;:&quot;instock&quot;,&quot;google_business_vertical&quot;:&quot;retail&quot;,&quot;item_category&quot;:&quot;Trepavice&quot;,&quot;id&quot;:90635,&quot;productlink&quot;:&quot;https:\\\/\\\/activeluxe-cosmetics.com\\\/hr\\\/proizvod\\\/serum-za-rast-trepavica-6-mjesecni-tretman-besplatna-maskara-po-izboru\\\/&quot;,&quot;item_list_name&quot;:&quot;General Product List&quot;,&quot;index&quot;:12,&quot;product_type&quot;:&quot;variable&quot;,&quot;item_brand&quot;:&quot;&quot;}\"><\/span>\t<\/div>\n<\/div><\/div>\n\n\n<\/div><\/div><\/div>\n\n\t\t<\/div>\n\t\t\t\t\t<\/div>\n\n\t\n\n<\/div>\n<div class=\"row\"  id=\"row-967076306\">\n\n\n\t<div id=\"col-1444800303\" class=\"col small-12 large-12\"  >\n\t\t\t\t<div class=\"col-inner text-center\"  >\n\t\t\t\n\t\t\t\n\n<a href=\"https:\/\/activeluxe-cosmetics.com\/hr\/trgovina\/\" class=\"button primary al-button\"  >\n    <span>Svi proizvodi<\/span>\n  <i class=\"icon-angle-right\" aria-hidden=\"true\" ><\/i><\/a>\n\n\n\n\t\t<\/div>\n\t\t\t\t\t<\/div>\n\n\t\n\n\n<style>\n#row-967076306 > .col > .col-inner {\n  padding: 20px 0px 0px 0px;\n}\n@media (min-width:550px) {\n  #row-967076306 > .col > .col-inner {\n    padding: 40px 0px 90px 0px;\n  }\n}\n<\/style>\n<\/div>\n\n\t\t<\/div>\n\n\t\t\n<style>\n#section_1198807747 {\n  padding-top: 0px;\n  padding-bottom: 0px;\n}\n<\/style>\n\t<\/section>\n\t\n\t<section class=\"section al-full-width-section al-mw-1340-content hide-for-small\" id=\"section_2109173875\">\n\t\t<div class=\"bg section-bg fill bg-fill  bg-loaded\" >\n\n\t\t\t\n\t\t\t\n\t\t\t\n\n\t\t<\/div>\n\n\t\t\n\n\t\t<div class=\"section-content relative\">\n\t\t\t\n\n<div class=\"row align-middle\"  id=\"row-906092424\">\n\n\n\t<div id=\"col-1497664833\" class=\"col medium-4 small-12 large-4\"  >\n\t\t\t\t<div class=\"col-inner\"  >\n\t\t\t\n\t\t\t\n\n<div class=\"row row-collapse align-middle\"  id=\"row-1797955062\">\n\n\n\t<div id=\"col-247140394\" class=\"col medium-12 small-12 large-2\"  >\n\t\t\t\t<div class=\"col-inner text-center\"  >\n\t\t\t\n\t\t\t\n\n\t<div class=\"img has-hover al-img-auto x md-x lg-x y md-y lg-y\" id=\"image_720346793\">\n\t\t\t\t\t\t\t\t<div class=\"img-inner dark\" >\n\t\t\t<img loading=\"lazy\" decoding=\"async\" width=\"49\" height=\"46\" src=\"https:\/\/activeluxe-cosmetics.com\/hr\/wp-content\/uploads\/2024\/01\/DermaLuxe_Ikone_v01-18-3.svg\" class=\"attachment-original size-original\" alt=\"\" \/>\t\t\t\t\t\t\n\t\t\t\t\t<\/div>\n\t\t\t\t\t\t\t\t\n<style>\n#image_720346793 {\n  width: 100%;\n}\n<\/style>\n\t<\/div>\n\t\n\n\n\t\t<\/div>\n\t\t\t\t\t<\/div>\n\n\t\n\n\t<div id=\"col-1051108650\" class=\"col medium-12 small-12 large-10\"  >\n\t\t\t\t<div class=\"col-inner text-center\"  >\n\t\t\t\n\t\t\t\n\n\t<div id=\"text-4093012329\" class=\"text al-p-20\">\n\t\t\n\n<p><strong>Proizvedeno u EU.<\/strong><br>Vlastiti razvoj.<\/p>\n\t\t\n<style>\n#text-4093012329 {\n  text-align: left;\n}\n<\/style>\n\t<\/div>\n\t\n\n\t\t<\/div>\n\t\t\t\t\n<style>\n#col-1051108650 > .col-inner {\n  padding: 0px 0px 0px 20px;\n}\n<\/style>\n\t<\/div>\n\n\t\n\n<\/div>\n\n\t\t<\/div>\n\t\t\t\t\t<\/div>\n\n\t\n\n\t<div id=\"col-662278831\" class=\"col medium-4 small-12 large-4\"  >\n\t\t\t\t<div class=\"col-inner\"  >\n\t\t\t\n\t\t\t\n\n<div class=\"row row-collapse align-middle\"  id=\"row-1760545369\">\n\n\n\t<div id=\"col-977616919\" class=\"col medium-12 small-12 large-2\"  >\n\t\t\t\t<div class=\"col-inner text-center\"  >\n\t\t\t\n\t\t\t\n\n\t<div class=\"img has-hover al-img-auto x md-x lg-x y md-y lg-y\" id=\"image_1410957553\">\n\t\t\t\t\t\t\t\t<div class=\"img-inner dark\" >\n\t\t\t<img loading=\"lazy\" decoding=\"async\" width=\"67\" height=\"67\" src=\"https:\/\/activeluxe-cosmetics.com\/hr\/wp-content\/uploads\/2024\/01\/delivery-truck-1.svg\" class=\"attachment-original size-original\" alt=\"\" \/>\t\t\t\t\t\t\n\t\t\t\t\t<\/div>\n\t\t\t\t\t\t\t\t\n<style>\n#image_1410957553 {\n  width: 100%;\n}\n<\/style>\n\t<\/div>\n\t\n\n\n\t\t<\/div>\n\t\t\t\t\t<\/div>\n\n\t\n\n\t<div id=\"col-1561233334\" class=\"col medium-12 small-12 large-10\"  >\n\t\t\t\t<div class=\"col-inner text-center\"  >\n\t\t\t\n\t\t\t\n\n\t<div id=\"text-1855845443\" class=\"text al-p-20\">\n\t\t\n\n<p><strong>Besplatna dostava<\/strong> za <br \/>kupovinu iznad 59 \u20ac<\/p>\n\t\t\n<style>\n#text-1855845443 {\n  text-align: left;\n}\n<\/style>\n\t<\/div>\n\t\n\n\t\t<\/div>\n\t\t\t\t\n<style>\n#col-1561233334 > .col-inner {\n  padding: 0px 0px 0px 20px;\n}\n<\/style>\n\t<\/div>\n\n\t\n\n<\/div>\n\n\t\t<\/div>\n\t\t\t\t\t<\/div>\n\n\t\n\n\t<div id=\"col-1906879334\" class=\"col medium-4 small-12 large-4\"  >\n\t\t\t\t<div class=\"col-inner\"  >\n\t\t\t\n\t\t\t\n\n<div class=\"row row-collapse align-middle\"  id=\"row-620043148\">\n\n\n\t<div id=\"col-1036296512\" class=\"col medium-12 small-12 large-2\"  >\n\t\t\t\t<div class=\"col-inner text-center\"  >\n\t\t\t\n\t\t\t\n\n\t<div class=\"img has-hover al-img-auto x md-x lg-x y md-y lg-y\" id=\"image_720342041\">\n\t\t\t\t\t\t\t\t<div class=\"img-inner dark\" >\n\t\t\t<img loading=\"lazy\" decoding=\"async\" width=\"64\" height=\"64\" src=\"https:\/\/activeluxe-cosmetics.com\/hr\/wp-content\/uploads\/2024\/01\/delivery-status-1.svg\" class=\"attachment-original size-original\" alt=\"\" \/>\t\t\t\t\t\t\n\t\t\t\t\t<\/div>\n\t\t\t\t\t\t\t\t\n<style>\n#image_720342041 {\n  width: 100%;\n}\n<\/style>\n\t<\/div>\n\t\n\n\n\t\t<\/div>\n\t\t\t\t\t<\/div>\n\n\t\n\n\t<div id=\"col-159275129\" class=\"col medium-12 small-12 large-10\"  >\n\t\t\t\t<div class=\"col-inner\"  >\n\t\t\t\n\t\t\t\n\n\t<div id=\"text-572826458\" class=\"text al-p-20\">\n\t\t\n\n<p><strong>Mogu\u0107nost povrata<\/strong> <br>proizvoda unutar 30 dana<\/p>\n\t\t\n<style>\n#text-572826458 {\n  text-align: left;\n}\n<\/style>\n\t<\/div>\n\t\n\n\t\t<\/div>\n\t\t\t\t\n<style>\n#col-159275129 > .col-inner {\n  padding: 0px 0px 0px 20px;\n}\n<\/style>\n\t<\/div>\n\n\t\n\n<\/div>\n\n\t\t<\/div>\n\t\t\t\t\t<\/div>\n\n\t\n\n\n<style>\n#row-906092424 > .col > .col-inner {\n  padding: 70px 0px 70px 0px;\n}\n<\/style>\n<\/div>\n\n\t\t<\/div>\n\n\t\t\n<style>\n#section_2109173875 {\n  padding-top: 0px;\n  padding-bottom: 0px;\n  background-color: rgb(252, 250, 247);\n}\n<\/style>\n\t<\/section>\n\t\n\t<section class=\"section\" id=\"section_1639762279\">\n\t\t<div class=\"bg section-bg fill bg-fill  bg-loaded\" >\n\n\t\t\t\n\t\t\t\n\t\t\t\n\n\t\t<\/div>\n\n\t\t\n\n\t\t<div class=\"section-content relative\">\n\t\t\t\n\n<div class=\"row\"  id=\"row-824548974\">\n\n\n\t<div id=\"col-624003730\" class=\"col small-12 large-12\"  >\n\t\t\t\t<div class=\"col-inner\"  >\n\t\t\t\n\t\t\t\n\n\t<div id=\"text-210730810\" class=\"text al-h6-18\">\n\t\t\n\n<h6>NE PROPUSTI<\/h6>\n\t\t\n<style>\n#text-210730810 {\n  text-align: center;\n}\n<\/style>\n\t<\/div>\n\t\n\n\t\t<\/div>\n\t\t\t\t\t<\/div>\n\n\t\n\n\n<style>\n#row-824548974 > .col > .col-inner {\n  padding: 30px 0px 30px 0px;\n}\n@media (min-width:550px) {\n  #row-824548974 > .col > .col-inner {\n    padding: 100px 0px 40px 0px;\n  }\n}\n<\/style>\n<\/div>\n<div class=\"row al-hp-special-products\"  id=\"row-207646795\">\n\n\n\t<div id=\"col-1751408623\" class=\"col medium-12 small-12 large-6\"  >\n\t\t\t\t<div class=\"col-inner\"  >\n\t\t\t\n\t\t\t\n\n<div class=\"row row-collapse align-middle al-row-border\"  id=\"row-1868121354\">\n\n\n\t<div id=\"col-1685250443\" class=\"col medium-6 small-6 large-6\"  >\n\t\t\t\t<div class=\"col-inner\"  >\n\t\t\t\n\t\t\t\n\n\t<div class=\"img has-hover x md-x lg-x y md-y lg-y\" id=\"image_1298797422\">\n\t\t\t\t\t\t\t\t<div class=\"img-inner dark\" >\n\t\t\t<img loading=\"lazy\" decoding=\"async\" width=\"1080\" height=\"1350\" src=\"https:\/\/activeluxe-cosmetics.com\/hr\/wp-content\/uploads\/2026\/03\/led_face_mask_active_luxe.png\" class=\"attachment-original size-original\" alt=\"Active Luxe led maska za lice\" srcset=\"https:\/\/activeluxe-cosmetics.com\/hr\/wp-content\/uploads\/2026\/03\/led_face_mask_active_luxe.png 1080w, https:\/\/activeluxe-cosmetics.com\/hr\/wp-content\/uploads\/2026\/03\/led_face_mask_active_luxe-460x575.png 460w, https:\/\/activeluxe-cosmetics.com\/hr\/wp-content\/uploads\/2026\/03\/led_face_mask_active_luxe-819x1024.png 819w, https:\/\/activeluxe-cosmetics.com\/hr\/wp-content\/uploads\/2026\/03\/led_face_mask_active_luxe-768x960.png 768w, https:\/\/activeluxe-cosmetics.com\/hr\/wp-content\/uploads\/2026\/03\/led_face_mask_active_luxe-600x750.png 600w\" sizes=\"auto, (max-width: 1080px) 100vw, 1080px\" \/>\t\t\t\t\t\t\n\t\t\t\t\t<\/div>\n\t\t\t\t\t\t\t\t\n<style>\n#image_1298797422 {\n  width: 100%;\n}\n<\/style>\n\t<\/div>\n\t\n\n\n\t\t<\/div>\n\t\t\t\t\t<\/div>\n\n\t\n\n\t<div id=\"col-1841278584\" class=\"col medium-6 small-6 large-6\"  >\n\t\t\t\t<div class=\"col-inner\"  >\n\t\t\t\n\t\t\t\n\n<h1 class=\"product-title product_title entry-title\">SVJETLOSNA TERAPIJA ZA LICE<\/h1>\n\t<div id=\"text-3340164183\" class=\"text al-p-16\">\n\t\t\n\n<p>Premium LED maska za lice s 240 LED dioda za pomla\u0111ivanje, smanjenje bora i pobolj\u0161anje tena ko\u017ee.<\/p>\n\t\t\n<style>\n#text-3340164183 {\n  font-size: 2.5rem;\n  line-height: 1.75;\n}\n<\/style>\n\t<\/div>\n\t\n\t<div id=\"gap-1680169859\" class=\"gap-element clearfix al-gap-10\" style=\"display:block; height:auto;\">\n\t\t\n<style>\n#gap-1680169859 {\n  padding-top: 10px;\n}\n<\/style>\n\t<\/div>\n\t\n\n<a href=\"https:\/\/activeluxe-cosmetics.com\/hr\/proizvod\/led-light-therapy-maska-za-lice\/\" target=\"_blank\" class=\"button primary is-outline al-button\" rel=\"noopener\"  >\n    <span>SAZNAJ VI\u0160E<\/span>\n  <\/a>\n\n\n\n\t\t<\/div>\n\t\t\t\t\n<style>\n#col-1841278584 > .col-inner {\n  padding: 20px 15px 20px 15px;\n}\n<\/style>\n\t<\/div>\n\n\t\n\n<\/div>\n\n\t\t<\/div>\n\t\t\t\t\t<\/div>\n\n\t\n\n\t<div id=\"col-1092224676\" class=\"col medium-12 small-12 large-6\"  >\n\t\t\t\t<div class=\"col-inner\"  >\n\t\t\t\n\t\t\t\n\n<div class=\"row row-collapse align-middle al-row-border\"  id=\"row-1451475981\">\n\n\n\t<div id=\"col-2037173997\" class=\"col medium-6 small-6 large-6\"  >\n\t\t\t\t<div class=\"col-inner\"  >\n\t\t\t\n\t\t\t\n\n\t<div class=\"img has-hover x md-x lg-x y md-y lg-y\" id=\"image_486938248\">\n\t\t\t\t\t\t\t\t<div class=\"img-inner dark\" >\n\t\t\t<img loading=\"lazy\" decoding=\"async\" width=\"1080\" height=\"1350\" src=\"https:\/\/activeluxe-cosmetics.com\/hr\/wp-content\/uploads\/2026\/03\/lash_repair_active_luxe.png\" class=\"attachment-original size-original\" alt=\"Repair Lash serum Active Luxe\" srcset=\"https:\/\/activeluxe-cosmetics.com\/hr\/wp-content\/uploads\/2026\/03\/lash_repair_active_luxe.png 1080w, https:\/\/activeluxe-cosmetics.com\/hr\/wp-content\/uploads\/2026\/03\/lash_repair_active_luxe-460x575.png 460w, https:\/\/activeluxe-cosmetics.com\/hr\/wp-content\/uploads\/2026\/03\/lash_repair_active_luxe-819x1024.png 819w, https:\/\/activeluxe-cosmetics.com\/hr\/wp-content\/uploads\/2026\/03\/lash_repair_active_luxe-768x960.png 768w, https:\/\/activeluxe-cosmetics.com\/hr\/wp-content\/uploads\/2026\/03\/lash_repair_active_luxe-600x750.png 600w\" sizes=\"auto, (max-width: 1080px) 100vw, 1080px\" \/>\t\t\t\t\t\t\n\t\t\t\t\t<\/div>\n\t\t\t\t\t\t\t\t\n<style>\n#image_486938248 {\n  width: 100%;\n}\n<\/style>\n\t<\/div>\n\t\n\n\n\t\t<\/div>\n\t\t\t\t\t<\/div>\n\n\t\n\n\t<div id=\"col-815750612\" class=\"col medium-6 small-6 large-6\"  >\n\t\t\t\t<div class=\"col-inner\"  >\n\t\t\t\n\t\t\t\n\n<h1 class=\"product-title product_title entry-title\">NOVO! REPAIR LASH SERUM<\/h1>\n\t<div id=\"text-1237215022\" class=\"text al-p-16\">\n\t\t\n\n<div class=\"product-short-description\">Za ja\u010de i otpornije prirodne trepavice. Smanjuje lomljenje i ispadanje te poma\u017ee o\u010duvati njihov zdrav izgled.\u00a0<\/div>\n<p>\u00a0<\/p>\n\t\t\n<style>\n#text-1237215022 {\n  font-size: 2.5rem;\n  line-height: 1.2;\n}\n<\/style>\n\t<\/div>\n\t\n\t<div id=\"gap-1928011937\" class=\"gap-element clearfix al-gap-10\" style=\"display:block; height:auto;\">\n\t\t\n<style>\n#gap-1928011937 {\n  padding-top: 10px;\n}\n<\/style>\n\t<\/div>\n\t\n\n<a href=\"https:\/\/activeluxe-cosmetics.com\/hr\/proizvod\/repair-lash-serum\/\" target=\"_blank\" class=\"button primary is-outline al-button\" rel=\"noopener\"  >\n    <span>SAZNAJ VI\u0160E<\/span>\n  <\/a>\n\n\n\n\t\t<\/div>\n\t\t\t\t\n<style>\n#col-815750612 > .col-inner {\n  padding: 20px 15px 20px 15px;\n}\n<\/style>\n\t<\/div>\n\n\t\n\n<\/div>\n\n\t\t<\/div>\n\t\t\t\t\t<\/div>\n\n\t\n\n<\/div>\n\n\t\t<\/div>\n\n\t\t\n<style>\n#section_1639762279 {\n  padding-top: 0px;\n  padding-bottom: 0px;\n}\n<\/style>\n\t<\/section>\n\t\n\t<section class=\"section\" id=\"section_1205835232\">\n\t\t<div class=\"bg section-bg fill bg-fill  bg-loaded\" >\n\n\t\t\t\n\t\t\t\n\t\t\t\n\n\t\t<\/div>\n\n\t\t\n\n\t\t<div class=\"section-content relative\">\n\t\t\t\n\n<div class=\"row\"  id=\"row-1623287058\">\n\n\n\t<div id=\"col-630048619\" class=\"col small-12 large-12\"  >\n\t\t\t\t<div class=\"col-inner\"  >\n\t\t\t\n\t\t\t\n\n\t<div id=\"text-2572615983\" class=\"text al-p-18\">\n\t\t\n\n<p>ISTAKNUTO<\/p>\n\t\t\n<style>\n#text-2572615983 {\n  text-align: center;\n}\n@media (min-width:550px) {\n  #text-2572615983 {\n    text-align: left;\n  }\n}\n<\/style>\n\t<\/div>\n\t\n\t<div id=\"gap-1397160127\" class=\"gap-element clearfix al-gap-20\" style=\"display:block; height:auto;\">\n\t\t\n<style>\n#gap-1397160127 {\n  padding-top: 10px;\n}\n@media (min-width:550px) {\n  #gap-1397160127 {\n    padding-top: 20px;\n  }\n}\n<\/style>\n\t<\/div>\n\t\n\n\t<div id=\"text-2218963215\" class=\"text\">\n\t\t\n\n<h2>Proizvodi koji \u2028 <br>&nbsp; nas <strong>aktivno<\/strong> <br><strong>pokre\u0107u<\/strong><\/h2>\n\t\t\n<style>\n#text-2218963215 {\n  text-align: center;\n}\n@media (min-width:550px) {\n  #text-2218963215 {\n    text-align: left;\n  }\n}\n<\/style>\n\t<\/div>\n\t\n\n\t\t<\/div>\n\t\t\t\t\t<\/div>\n\n\t\n\n\n<style>\n#row-1623287058 > .col > .col-inner {\n  padding: 0px 0px 30px 0px;\n}\n@media (min-width:550px) {\n  #row-1623287058 > .col > .col-inner {\n    padding: 0px 0px 100px 0px;\n  }\n}\n<\/style>\n<\/div>\n\n\t\t<\/div>\n\n\t\t\n<style>\n#section_1205835232 {\n  padding-top: 0px;\n  padding-bottom: 0px;\n}\n<\/style>\n\t<\/section>\n\t\n\t<section class=\"section al-hp-4-products-section hide-for-small\" id=\"section_1451141831\">\n\t\t<div class=\"bg section-bg fill bg-fill  bg-loaded\" >\n\n\t\t\t\n\t\t\t\n\t\t\t\n\n\t\t<\/div>\n\n\t\t\n\n\t\t<div class=\"section-content relative\">\n\t\t\t\n\n<div class=\"row row-small\"  id=\"row-2109062259\">\n\n\n\t<div id=\"col-1034425317\" class=\"col medium-5 small-12 large-5\"  >\n\t\t\t\t<div class=\"col-inner\"  >\n\t\t\t\n\t\t\t\n\n\n  <div class=\"banner has-hover al-hp-4-products-banner-left-top\" id=\"banner-328478958\">\n          <div class=\"banner-inner fill\">\n        <div class=\"banner-bg fill\" >\n            <div class=\"bg fill bg-fill \"><\/div>\n                                    \n                    <\/div>\n\t\t\n        <div class=\"banner-layers container\">\n            <a class=\"fill\" href=\"https:\/\/activeluxe-cosmetics.com\/hr\/izdelek\/serum-za-prirodni-rast-obrva\/\" ><div class=\"fill banner-link\"><\/div><\/a>            \n\n   <div id=\"text-box-129767012\" class=\"text-box banner-layer x5 md-x5 lg-x5 y95 md-y95 lg-y95 res-text\">\n                                <div class=\"text-box-content text dark\">\n              \n              <div class=\"text-inner text-left\">\n                  \n\n<h5><a href=\"https:\/\/activeluxe-cosmetics.com\/hr\/izdelek\/serum-za-prirodni-rast-obrva\/\">Serum za prirodni <\/a><br \/><a href=\"https:\/\/activeluxe-cosmetics.com\/hr\/izdelek\/serum-za-prirodni-rast-obrva\/\">rast obrva<\/a><\/h5>\n\t<div id=\"text-474187664\" class=\"text al-p-18\">\n\t\t\n\n<p><a href=\"https:\/\/activeluxe-cosmetics.com\/hr\/izdelek\/serum-za-prirodni-rast-obrva\/\">Za dinami\u010dni i sna\u017eni izraz.<\/a><\/p>\n\t\t\t<\/div>\n\t\n\t<div id=\"gap-15498189\" class=\"gap-element clearfix al-gap-15\" style=\"display:block; height:auto;\">\n\t\t\n<style>\n#gap-15498189 {\n  padding-top: 15px;\n}\n<\/style>\n\t<\/div>\n\t\n\n<a href=\"https:\/\/activeluxe-cosmetics.com\/hr\/izdelek\/serum-za-prirodni-rast-obrva\/\" class=\"button primary is-outline al-button\"  >\n    <span>SAZNAJ VI\u0160E<\/span>\n  <\/a>\n\n\n\n              <\/div>\n           <\/div>\n                            \n<style>\n#text-box-129767012 {\n  width: 60%;\n}\n#text-box-129767012 .text-box-content {\n  font-size: 100%;\n}\n<\/style>\n    <\/div>\n \n\n        <\/div>\n      <\/div>\n\n            \n<style>\n#banner-328478958 {\n  padding-top: 530px;\n}\n#banner-328478958 .bg.bg-loaded {\n  background-image: url(https:\/\/activeluxe-cosmetics.com\/hr\/wp-content\/uploads\/2024\/01\/Rectangle-127-1.jpg);\n}\n<\/style>\n  <\/div>\n\n\n\t<div id=\"gap-2028177924\" class=\"gap-element clearfix\" style=\"display:block; height:auto;\">\n\t\t\n<style>\n#gap-2028177924 {\n  padding-top: 20px;\n}\n<\/style>\n\t<\/div>\n\t\n\n\n  <div class=\"banner has-hover al-hp-4-products-banner-left-bottom\" id=\"banner-719026487\">\n          <div class=\"banner-inner fill\">\n        <div class=\"banner-bg fill\" >\n            <div class=\"bg fill bg-fill \"><\/div>\n                                    \n                    <\/div>\n\t\t\n        <div class=\"banner-layers container\">\n            <a class=\"fill\" href=\"https:\/\/activeluxe-cosmetics.com\/hr\/kategorija-izdelka\/trepavice\/\" ><div class=\"fill banner-link\"><\/div><\/a>            \n\n   <div id=\"text-box-1405643871\" class=\"text-box banner-layer x5 md-x5 lg-x5 y95 md-y95 lg-y95 res-text\">\n                                <div class=\"text-box-content text dark\">\n              \n              <div class=\"text-inner text-left\">\n                  \n\n<h5><a href=\"https:\/\/activeluxe-cosmetics.com\/hr\/kategorija-izdelka\/trepavice\/\">Kremasta i <\/a><br \/><a href=\"https:\/\/activeluxe-cosmetics.com\/hr\/kategorija-izdelka\/trepavice\/\">mo\u0107na maskara<\/a><\/h5>\n<a href=\"https:\/\/activeluxe-cosmetics.com\/hr\/kategorija-izdelka\/trepavice\/\" class=\"button primary is-outline al-button\"  >\n    <span>SAZNAJ VI\u0160E<\/span>\n  <\/a>\n\n\n\n              <\/div>\n           <\/div>\n                            \n<style>\n#text-box-1405643871 {\n  width: 90%;\n}\n#text-box-1405643871 .text-box-content {\n  font-size: 100%;\n}\n<\/style>\n    <\/div>\n \n\n        <\/div>\n      <\/div>\n\n            \n<style>\n#banner-719026487 {\n  padding-top: 352px;\n}\n#banner-719026487 .bg.bg-loaded {\n  background-image: url(https:\/\/activeluxe-cosmetics.com\/hr\/wp-content\/uploads\/2024\/01\/Rectangle-128-1.jpg);\n}\n<\/style>\n  <\/div>\n\n\n\n\t\t<\/div>\n\t\t\t\t\t<\/div>\n\n\t\n\n\t<div id=\"col-2049911900\" class=\"col medium-7 small-12 large-7\"  >\n\t\t\t\t<div class=\"col-inner\"  >\n\t\t\t\n\t\t\t\n\n\n  <div class=\"banner has-hover al-hp-4-products-banner-right-top\" id=\"banner-319483440\">\n          <div class=\"banner-inner fill\">\n        <div class=\"banner-bg fill\" >\n            <div class=\"bg fill bg-fill \"><\/div>\n                                    \n                    <\/div>\n\t\t\n        <div class=\"banner-layers container\">\n            <a class=\"fill\" href=\"https:\/\/activeluxe-cosmetics.com\/hr\/izdelek\/serum-za-rast-trepavica\/\" ><div class=\"fill banner-link\"><\/div><\/a>            \n\n   <div id=\"text-box-1408444000\" class=\"text-box banner-layer x5 md-x5 lg-x5 y95 md-y95 lg-y95 res-text\">\n                                <div class=\"text-box-content text dark\">\n              \n              <div class=\"text-inner text-left\">\n                  \n\n<h5><a href=\"https:\/\/activeluxe-cosmetics.com\/hr\/izdelek\/serum-za-rast-trepavica\/\">Serum za\u2028<\/a><br \/><a href=\"https:\/\/activeluxe-cosmetics.com\/hr\/izdelek\/serum-za-rast-trepavica\/\">rast trepavica<\/a><\/h5>\n\t<div id=\"text-276202684\" class=\"text al-p-18\">\n\t\t\n\n<p><a href=\"https:\/\/activeluxe-cosmetics.com\/hr\/izdelek\/serum-za-rast-trepavica\/\">Za trepavice dokle pogled se\u017ee.<\/a><\/p>\n\t\t\t<\/div>\n\t\n\t<div id=\"gap-957960255\" class=\"gap-element clearfix al-gap-15\" style=\"display:block; height:auto;\">\n\t\t\n<style>\n#gap-957960255 {\n  padding-top: 15px;\n}\n<\/style>\n\t<\/div>\n\t\n\n<a href=\"https:\/\/activeluxe-cosmetics.com\/hr\/izdelek\/serum-za-rast-trepavica\/\" class=\"button primary is-outline al-button\"  >\n    <span>SAZNAJ VI\u0160E<\/span>\n  <\/a>\n\n\n\n              <\/div>\n           <\/div>\n                            \n<style>\n#text-box-1408444000 {\n  width: 60%;\n}\n#text-box-1408444000 .text-box-content {\n  font-size: 100%;\n}\n<\/style>\n    <\/div>\n \n\n        <\/div>\n      <\/div>\n\n            \n<style>\n#banner-319483440 {\n  padding-top: 495px;\n}\n#banner-319483440 .bg.bg-loaded {\n  background-image: url(https:\/\/activeluxe-cosmetics.com\/hr\/wp-content\/uploads\/2024\/01\/Rectangle-129-2.jpg);\n}\n<\/style>\n  <\/div>\n\n\n\t<div id=\"gap-1163543709\" class=\"gap-element clearfix\" style=\"display:block; height:auto;\">\n\t\t\n<style>\n#gap-1163543709 {\n  padding-top: 20px;\n}\n<\/style>\n\t<\/div>\n\t\n\n\n  <div class=\"banner has-hover al-hp-4-products-banner-right-bottom\" id=\"banner-980824221\">\n          <div class=\"banner-inner fill\">\n        <div class=\"banner-bg fill\" >\n            <div class=\"bg fill bg-fill \"><\/div>\n                                    \n                    <\/div>\n\t\t\n        <div class=\"banner-layers container\">\n            <a class=\"fill\" href=\"https:\/\/activeluxe-cosmetics.com\/hr\/kategorija-izdelka\/kosa\/\" ><div class=\"fill banner-link\"><\/div><\/a>            \n\n   <div id=\"text-box-788035126\" class=\"text-box banner-layer x5 md-x5 lg-x5 y95 md-y95 lg-y95 res-text\">\n                                <div class=\"text-box-content text dark\">\n              \n              <div class=\"text-inner text-left\">\n                  \n\n<h5><a href=\"https:\/\/activeluxe-cosmetics.com\/hr\/kategorija-izdelka\/kosa\/\">Njeguju\u0107i <\/a><br \/><a href=\"https:\/\/activeluxe-cosmetics.com\/hr\/kategorija-izdelka\/kosa\/\">tretmani za kosu<\/a><\/h5>\n\t<div id=\"text-1484775747\" class=\"text al-p-18\">\n\t\t\n\n<p><a href=\"https:\/\/activeluxe-cosmetics.com\/hr\/kategorija-izdelka\/kosa\/\">Za kosu koja ima svoj \u017eivot.<\/a><\/p>\n\t\t\t<\/div>\n\t\n\t<div id=\"gap-1177892974\" class=\"gap-element clearfix al-gap-15\" style=\"display:block; height:auto;\">\n\t\t\n<style>\n#gap-1177892974 {\n  padding-top: 15px;\n}\n<\/style>\n\t<\/div>\n\t\n\n<a href=\"https:\/\/activeluxe-cosmetics.com\/hr\/kategorija-izdelka\/kosa\/\" class=\"button primary is-outline al-button\"  >\n    <span>SAZNAJ VI\u0160E<\/span>\n  <\/a>\n\n\n\n              <\/div>\n           <\/div>\n                            \n<style>\n#text-box-788035126 {\n  width: 60%;\n}\n#text-box-788035126 .text-box-content {\n  font-size: 100%;\n}\n<\/style>\n    <\/div>\n \n\n        <\/div>\n      <\/div>\n\n            \n<style>\n#banner-980824221 {\n  padding-top: 483px;\n}\n#banner-980824221 .bg.bg-loaded {\n  background-image: url(https:\/\/activeluxe-cosmetics.com\/hr\/wp-content\/uploads\/2024\/01\/Rectangle-129-1-1.jpg);\n}\n<\/style>\n  <\/div>\n\n\n\n\t\t<\/div>\n\t\t\t\t\n<style>\n#col-2049911900 > .col-inner {\n  margin: -246px 0px 0px 0px;\n}\n<\/style>\n\t<\/div>\n\n\t\n\n<\/div>\n\n\t\t<\/div>\n\n\t\t\n<style>\n#section_1451141831 {\n  padding-top: 0px;\n  padding-bottom: 0px;\n}\n<\/style>\n\t<\/section>\n\t\n\t<section class=\"section al-hp-4-products-section show-for-small\" id=\"section_1874446279\">\n\t\t<div class=\"bg section-bg fill bg-fill  bg-loaded\" >\n\n\t\t\t\n\t\t\t\n\t\t\t\n\n\t\t<\/div>\n\n\t\t\n\n\t\t<div class=\"section-content relative\">\n\t\t\t\n\n<div class=\"row row-small\"  id=\"row-554712507\">\n\n\n\t<div id=\"col-113100423\" class=\"col medium-7 small-12 large-7\"  >\n\t\t\t\t<div class=\"col-inner\"  >\n\t\t\t\n\t\t\t\n\n\n  <div class=\"banner has-hover al-hp-4-products-banner-right-top\" id=\"banner-1192695741\">\n          <div class=\"banner-inner fill\">\n        <div class=\"banner-bg fill\" >\n            <div class=\"bg fill bg-fill \"><\/div>\n                                    \n                    <\/div>\n\t\t\n        <div class=\"banner-layers container\">\n            <a class=\"fill\" href=\"https:\/\/activeluxe-cosmetics.com\/hr\/izdelek\/serum-za-rast-trepavica\/\" ><div class=\"fill banner-link\"><\/div><\/a>            \n\n   <div id=\"text-box-1032111308\" class=\"text-box banner-layer x5 md-x5 lg-x5 y95 md-y95 lg-y95 res-text\">\n                                <div class=\"text-box-content text dark\">\n              \n              <div class=\"text-inner text-left\">\n                  \n\n<h5><a href=\"https:\/\/activeluxe-cosmetics.com\/hr\/izdelek\/serum-za-rast-trepavica\/\">Serum za\u2028<\/a><br \/><a href=\"https:\/\/activeluxe-cosmetics.com\/hr\/izdelek\/serum-za-rast-trepavica\/\">rast trepavica<\/a><\/h5>\n\t<div id=\"text-3507222826\" class=\"text al-p-18\">\n\t\t\n\n<p><a href=\"https:\/\/activeluxe-cosmetics.com\/hr\/izdelek\/serum-za-rast-trepavica\/\">Za trepavice dokle pogled se\u017ee.<\/a><\/p>\n\t\t\t<\/div>\n\t\n\t<div id=\"gap-862841327\" class=\"gap-element clearfix al-gap-15\" style=\"display:block; height:auto;\">\n\t\t\n<style>\n#gap-862841327 {\n  padding-top: 15px;\n}\n<\/style>\n\t<\/div>\n\t\n\n<a href=\"https:\/\/activeluxe-cosmetics.com\/hr\/izdelek\/serum-za-rast-trepavica\/\" class=\"button primary is-outline al-button\"  >\n    <span>SAZNAJ VI\u0160E<\/span>\n  <\/a>\n\n\n\n              <\/div>\n           <\/div>\n                            \n<style>\n#text-box-1032111308 {\n  width: 60%;\n}\n#text-box-1032111308 .text-box-content {\n  font-size: 100%;\n}\n<\/style>\n    <\/div>\n \n\n        <\/div>\n      <\/div>\n\n            \n<style>\n#banner-1192695741 {\n  padding-top: 385px;\n}\n#banner-1192695741 .bg.bg-loaded {\n  background-image: url(https:\/\/activeluxe-cosmetics.com\/hr\/wp-content\/uploads\/2024\/01\/Rectangle-129-2.jpg);\n}\n@media (min-width:550px) {\n  #banner-1192695741 {\n    padding-top: 495px;\n  }\n}\n<\/style>\n  <\/div>\n\n\n\n\t\t<\/div>\n\t\t\t\t\n<style>\n#col-113100423 > .col-inner {\n  margin: 0px 0px 0px 0px;\n}\n@media (min-width:550px) {\n  #col-113100423 > .col-inner {\n    margin: -246px 0px 0px 0px;\n  }\n}\n<\/style>\n\t<\/div>\n\n\t\n\n\t<div id=\"col-940080708\" class=\"col medium-5 small-6 large-5\"  >\n\t\t\t\t<div class=\"col-inner\"  >\n\t\t\t\n\t\t\t\n\n\n  <div class=\"banner has-hover al-hp-4-products-banner-left-top\" id=\"banner-1150919153\">\n          <div class=\"banner-inner fill\">\n        <div class=\"banner-bg fill\" >\n            <div class=\"bg fill bg-fill \"><\/div>\n                                    \n                    <\/div>\n\t\t\n        <div class=\"banner-layers container\">\n            <a class=\"fill\" href=\"https:\/\/activeluxe-cosmetics.com\/hr\/izdelek\/serum-za-prirodni-rast-obrva\/\" ><div class=\"fill banner-link\"><\/div><\/a>            \n\n   <div id=\"text-box-80766151\" class=\"text-box banner-layer x5 md-x5 lg-x5 y95 md-y95 lg-y95 res-text\">\n                                <div class=\"text-box-content text dark\">\n              \n              <div class=\"text-inner text-left\">\n                  \n\n<h5><a href=\"https:\/\/activeluxe-cosmetics.com\/hr\/izdelek\/serum-za-prirodni-rast-obrva\/\">Serum za prirodni<\/a> <br \/><a href=\"https:\/\/activeluxe-cosmetics.com\/hr\/izdelek\/serum-za-prirodni-rast-obrva\/\">rast obrva<\/a><\/h5>\n<a href=\"https:\/\/activeluxe-cosmetics.com\/hr\/izdelek\/serum-za-prirodni-rast-obrva\/\" class=\"button primary is-outline al-button\"  >\n    <span>SAZNAJ VI\u0160E<\/span>\n  <\/a>\n\n\n\n              <\/div>\n           <\/div>\n                            \n<style>\n#text-box-80766151 {\n  width: 90%;\n}\n#text-box-80766151 .text-box-content {\n  font-size: 100%;\n}\n@media (min-width:550px) {\n  #text-box-80766151 {\n    width: 60%;\n  }\n}\n<\/style>\n    <\/div>\n \n\n        <\/div>\n      <\/div>\n\n            \n<style>\n#banner-1150919153 {\n  padding-top: 278px;\n}\n#banner-1150919153 .bg.bg-loaded {\n  background-image: url(https:\/\/activeluxe-cosmetics.com\/hr\/wp-content\/uploads\/2024\/01\/Rectangle-127-1.jpg);\n}\n@media (min-width:550px) {\n  #banner-1150919153 {\n    padding-top: 530px;\n  }\n}\n<\/style>\n  <\/div>\n\n\n\n\t\t<\/div>\n\t\t\t\t\t<\/div>\n\n\t\n\n\t<div id=\"col-212550915\" class=\"col medium-5 small-6 large-5\"  >\n\t\t\t\t<div class=\"col-inner\"  >\n\t\t\t\n\t\t\t\n\n\n  <div class=\"banner has-hover al-hp-4-products-banner-left-bottom\" id=\"banner-1920207815\">\n          <div class=\"banner-inner fill\">\n        <div class=\"banner-bg fill\" >\n            <div class=\"bg fill bg-fill \"><\/div>\n                                    \n                    <\/div>\n\t\t\n        <div class=\"banner-layers container\">\n            <a class=\"fill\" href=\"https:\/\/activeluxe-cosmetics.com\/hr\/kategorija-izdelka\/trepavice\/\" ><div class=\"fill banner-link\"><\/div><\/a>            \n\n   <div id=\"text-box-1811926253\" class=\"text-box banner-layer x5 md-x5 lg-x5 y95 md-y95 lg-y95 res-text\">\n                                <div class=\"text-box-content text dark\">\n              \n              <div class=\"text-inner text-left\">\n                  \n\n<h5><a href=\"https:\/\/activeluxe-cosmetics.com\/hr\/kategorija-izdelka\/trepavice\/\">Kremasta i<\/a> <br \/><a href=\"https:\/\/activeluxe-cosmetics.com\/hr\/kategorija-izdelka\/trepavice\/\">mo\u0107na maskara<\/a><\/h5>\n<a href=\"https:\/\/activeluxe-cosmetics.com\/hr\/kategorija-izdelka\/trepavice\/\" class=\"button primary is-outline al-button\"  >\n    <span>SAZNAJ VI\u0160E<\/span>\n  <\/a>\n\n\n\n              <\/div>\n           <\/div>\n                            \n<style>\n#text-box-1811926253 {\n  width: 90%;\n}\n#text-box-1811926253 .text-box-content {\n  font-size: 100%;\n}\n<\/style>\n    <\/div>\n \n\n        <\/div>\n      <\/div>\n\n            \n<style>\n#banner-1920207815 {\n  padding-top: 278px;\n}\n#banner-1920207815 .bg.bg-loaded {\n  background-image: url(https:\/\/activeluxe-cosmetics.com\/hr\/wp-content\/uploads\/2024\/01\/Rectangle-128-1.jpg);\n}\n@media (min-width:550px) {\n  #banner-1920207815 {\n    padding-top: 352px;\n  }\n}\n<\/style>\n  <\/div>\n\n\n\n\t\t<\/div>\n\t\t\t\t\t<\/div>\n\n\t\n\n\t<div id=\"col-1759391030\" class=\"col medium-7 small-12 large-7\"  >\n\t\t\t\t<div class=\"col-inner\"  >\n\t\t\t\n\t\t\t\n\n\n  <div class=\"banner has-hover al-hp-4-products-banner-right-bottom\" id=\"banner-2083565624\">\n          <div class=\"banner-inner fill\">\n        <div class=\"banner-bg fill\" >\n            <div class=\"bg fill bg-fill \"><\/div>\n                                    \n                    <\/div>\n\t\t\n        <div class=\"banner-layers container\">\n            <a class=\"fill\" href=\"https:\/\/activeluxe-cosmetics.com\/hr\/kategorija-izdelka\/kosa\/\" ><div class=\"fill banner-link\"><\/div><\/a>            \n\n   <div id=\"text-box-1865863619\" class=\"text-box banner-layer x5 md-x5 lg-x5 y95 md-y95 lg-y95 res-text\">\n                                <div class=\"text-box-content text dark\">\n              \n              <div class=\"text-inner text-left\">\n                  \n\n<h5><a href=\"https:\/\/activeluxe-cosmetics.com\/hr\/kategorija-izdelka\/kosa\/\">Njeguju\u0107i<\/a> <br \/><a href=\"https:\/\/activeluxe-cosmetics.com\/hr\/kategorija-izdelka\/kosa\/\">tretmani za kosu<\/a><\/h5>\n\t<div id=\"text-3197736712\" class=\"text al-p-18\">\n\t\t\n\n<p><a href=\"https:\/\/activeluxe-cosmetics.com\/hr\/kategorija-izdelka\/kosa\/\">Za kosu koja ima svoj \u017eivot.<\/a><\/p>\n\t\t\t<\/div>\n\t\n\t<div id=\"gap-999702209\" class=\"gap-element clearfix al-gap-15\" style=\"display:block; height:auto;\">\n\t\t\n<style>\n#gap-999702209 {\n  padding-top: 15px;\n}\n<\/style>\n\t<\/div>\n\t\n\n<a href=\"https:\/\/activeluxe-cosmetics.com\/hr\/kategorija-izdelka\/kosa\/\" class=\"button primary is-outline al-button\"  >\n    <span>SAZNAJ VI\u0160E<\/span>\n  <\/a>\n\n\n\n              <\/div>\n           <\/div>\n                            \n<style>\n#text-box-1865863619 {\n  width: 60%;\n}\n#text-box-1865863619 .text-box-content {\n  font-size: 100%;\n}\n<\/style>\n    <\/div>\n \n\n        <\/div>\n      <\/div>\n\n            \n<style>\n#banner-2083565624 {\n  padding-top: 483px;\n}\n#banner-2083565624 .bg.bg-loaded {\n  background-image: url(https:\/\/activeluxe-cosmetics.com\/hr\/wp-content\/uploads\/2024\/01\/Rectangle-129-1-1.jpg);\n}\n<\/style>\n  <\/div>\n\n\n\n\t\t<\/div>\n\t\t\t\t\n<style>\n#col-1759391030 > .col-inner {\n  margin: 0px 0px 0px 0px;\n}\n@media (min-width:550px) {\n  #col-1759391030 > .col-inner {\n    margin: -246px 0px 0px 0px;\n  }\n}\n<\/style>\n\t<\/div>\n\n\t\n\n<\/div>\n\n\t\t<\/div>\n\n\t\t\n<style>\n#section_1874446279 {\n  padding-top: 0px;\n  padding-bottom: 0px;\n}\n<\/style>\n\t<\/section>\n\t\n\n\t<section class=\"section\" id=\"section_2117068361\">\n\t\t<div class=\"bg section-bg fill bg-fill  bg-loaded\" >\n\n\t\t\t\n\t\t\t\n\t\t\t\n\n\t\t<\/div>\n\n\t\t\n\n\t\t<div class=\"section-content relative\">\n\t\t\t\n\n<div class=\"row row-large\"  id=\"row-1242025085\">\n\n\n\t<div id=\"col-1638521223\" class=\"col medium-4 small-4 large-4\"  >\n\t\t\t\t<div class=\"col-inner text-center\"  >\n\t\t\t\n\t\t\t\n\n\t<div class=\"img has-hover al-img-60 x md-x lg-x y md-y lg-y\" id=\"image_9974998\">\n\t\t\t\t\t\t\t\t<div class=\"img-inner dark\" >\n\t\t\t<img loading=\"lazy\" decoding=\"async\" width=\"66\" height=\"66\" src=\"https:\/\/activeluxe-cosmetics.com\/hr\/wp-content\/uploads\/2024\/01\/image-81.svg\" class=\"attachment-original size-original\" alt=\"\" \/>\t\t\t\t\t\t\n\t\t\t\t\t<\/div>\n\t\t\t\t\t\t\t\t\n<style>\n#image_9974998 {\n  width: 100%;\n}\n<\/style>\n\t<\/div>\n\t\n\n\t<div id=\"gap-1334842969\" class=\"gap-element clearfix al-gap-20\" style=\"display:block; height:auto;\">\n\t\t\n<style>\n#gap-1334842969 {\n  padding-top: 0px;\n}\n@media (min-width:550px) {\n  #gap-1334842969 {\n    padding-top: 20px;\n  }\n}\n<\/style>\n\t<\/div>\n\t\n\n<h6>BEZ \u0160TETNIH SASTOJAKA<\/h6>\n\t<div id=\"gap-54606367\" class=\"gap-element clearfix al-gap-20\" style=\"display:block; height:auto;\">\n\t\t\n<style>\n#gap-54606367 {\n  padding-top: 20px;\n}\n<\/style>\n\t<\/div>\n\t\n\n\t<div id=\"text-187422007\" class=\"text al-p-16 hide-for-small\">\n\t\t\n\n<p>Na\u0161i proizvodi ne sadr\u017ee parabene, silikone, sinteti\u010dke boje, sastojke \u017eivotinjskog podrijetla, mineralna i palmina ulja.<\/p>\n\t\t\t<\/div>\n\t\n\n\t\t<\/div>\n\t\t\t\t\t<\/div>\n\n\t\n\n\t<div id=\"col-1933558741\" class=\"col medium-4 small-4 large-4\"  >\n\t\t\t\t<div class=\"col-inner text-center\"  >\n\t\t\t\n\t\t\t\n\n\t<div class=\"img has-hover al-img-60 x md-x lg-x y md-y lg-y\" id=\"image_1021349481\">\n\t\t\t\t\t\t\t\t<div class=\"img-inner dark\" >\n\t\t\t<img loading=\"lazy\" decoding=\"async\" width=\"59\" height=\"59\" src=\"https:\/\/activeluxe-cosmetics.com\/hr\/wp-content\/uploads\/2024\/01\/image-127.svg\" class=\"attachment-original size-original\" alt=\"\" \/>\t\t\t\t\t\t\n\t\t\t\t\t<\/div>\n\t\t\t\t\t\t\t\t\n<style>\n#image_1021349481 {\n  width: 100%;\n}\n<\/style>\n\t<\/div>\n\t\n\n\t<div id=\"gap-329222020\" class=\"gap-element clearfix al-gap-20\" style=\"display:block; height:auto;\">\n\t\t\n<style>\n#gap-329222020 {\n  padding-top: 0px;\n}\n@media (min-width:550px) {\n  #gap-329222020 {\n    padding-top: 20px;\n  }\n}\n<\/style>\n\t<\/div>\n\t\n\n<h6>Vlastita proizvodnja<\/h6>\n\t<div id=\"gap-228238366\" class=\"gap-element clearfix al-gap-20\" style=\"display:block; height:auto;\">\n\t\t\n<style>\n#gap-228238366 {\n  padding-top: 20px;\n}\n<\/style>\n\t<\/div>\n\t\n\n\t<div id=\"text-2612550140\" class=\"text al-p-16 hide-for-small\">\n\t\t\n\n<p>Pa\u017eljivo odlu\u010dujemo o svakom koraku i biramo samo najbolje sastojke i sigurne materijale.<\/p>\n\t\t\t<\/div>\n\t\n\n\t\t<\/div>\n\t\t\t\t\t<\/div>\n\n\t\n\n\t<div id=\"col-850711031\" class=\"col medium-4 small-4 large-4\"  >\n\t\t\t\t<div class=\"col-inner text-center\"  >\n\t\t\t\n\t\t\t\n\n\t<div class=\"img has-hover al-img-60 x md-x lg-x y md-y lg-y\" id=\"image_1782634596\">\n\t\t\t\t\t\t\t\t<div class=\"img-inner dark\" >\n\t\t\t<img loading=\"lazy\" decoding=\"async\" width=\"64\" height=\"64\" src=\"https:\/\/activeluxe-cosmetics.com\/hr\/wp-content\/uploads\/2024\/01\/image-83.svg\" class=\"attachment-original size-original\" alt=\"\" \/>\t\t\t\t\t\t\n\t\t\t\t\t<\/div>\n\t\t\t\t\t\t\t\t\n<style>\n#image_1782634596 {\n  width: 100%;\n}\n<\/style>\n\t<\/div>\n\t\n\n\t<div id=\"gap-783897957\" class=\"gap-element clearfix al-gap-20\" style=\"display:block; height:auto;\">\n\t\t\n<style>\n#gap-783897957 {\n  padding-top: 0px;\n}\n@media (min-width:550px) {\n  #gap-783897957 {\n    padding-top: 20px;\n  }\n}\n<\/style>\n\t<\/div>\n\t\n\n<h6>BriNEMO za ko\u017eu i okoli\u0161<\/h6>\n\t<div id=\"gap-891214262\" class=\"gap-element clearfix al-gap-20\" style=\"display:block; height:auto;\">\n\t\t\n<style>\n#gap-891214262 {\n  padding-top: 20px;\n}\n<\/style>\n\t<\/div>\n\t\n\n\t<div id=\"text-97297446\" class=\"text al-p-16 hide-for-small\">\n\t\t\n\n<p>U proizvodnji kozmetike koristimo se isklju\u010divo \u010distim tehnologijama s minimalnim utjecajem na okoli\u0161.<\/p>\n\t\t\t<\/div>\n\t\n\n\t\t<\/div>\n\t\t\t\t\t<\/div>\n\n\t\n\n\n<style>\n#row-1242025085 > .col > .col-inner {\n  padding: 50px 0px 30px 0px;\n}\n@media (min-width:550px) {\n  #row-1242025085 > .col > .col-inner {\n    padding: 100px 0px 100px 0px;\n  }\n}\n<\/style>\n<\/div>\n\n\t\t<\/div>\n\n\t\t\n<style>\n#section_2117068361 {\n  padding-top: 0px;\n  padding-bottom: 0px;\n}\n<\/style>\n\t<\/section>\n\t\n\n\t<section class=\"section\" id=\"section_1690242832\">\n\t\t<div class=\"bg section-bg fill bg-fill  bg-loaded\" >\n\n\t\t\t\n\t\t\t\n\t\t\t\n\n\t\t<\/div>\n\n\t\t\n\n\t\t<div class=\"section-content relative\">\n\t\t\t\n\n<div class=\"row\"  id=\"row-1352194806\">\n\n\n\t<div id=\"col-931588807\" class=\"col small-12 large-12\"  >\n\t\t\t\t<div class=\"col-inner text-center\"  >\n\t\t\t\n\t\t\t\n\n<h2>Active Luxe pri\u010de<\/h2>\n\t<div id=\"gap-1525765188\" class=\"gap-element clearfix al-gap-80\" style=\"display:block; height:auto;\">\n\t\t\n<style>\n#gap-1525765188 {\n  padding-top: 30px;\n}\n@media (min-width:550px) {\n  #gap-1525765188 {\n    padding-top: 80px;\n  }\n}\n<\/style>\n\t<\/div>\n\t\n\n\n\t\t<\/div>\n\t\t\t\t\t<\/div>\n\n\t\n\n\n<style>\n#row-1352194806 > .col > .col-inner {\n  padding: 50px 0px 0px 0px;\n}\n@media (min-width:550px) {\n  #row-1352194806 > .col > .col-inner {\n    padding: 80px 0px 0px 0px;\n  }\n}\n<\/style>\n<\/div>\n<div class=\"row\"  id=\"row-1557168760\">\n\n\n\t<div id=\"col-556763981\" class=\"col small-12 large-12\"  >\n\t\t\t\t<div class=\"col-inner text-center\"  >\n\t\t\t\n\t\t\t    <div class=\"al-3-latest-posts\">\n                <div class=\"al-3-latest-posts-post\">\n                <a href=\"https:\/\/activeluxe-cosmetics.com\/hr\/2026\/09\/02\/kako-pravilno-nanijeti-maskaru-za-duze-voluminoznije-i-definirane-trepavice\/\">\n                    <div class=\"al-3-latest-posts-post-img\">\n                        <img decoding=\"async\" src=\"https:\/\/activeluxe-cosmetics.com\/hr\/wp-content\/uploads\/2026\/09\/Blog-cover-photo-2.png\">\n                    <\/div>    \n                    <div class=\"al-3-latest-posts-post-meta\">\n                        <div class=\"al-3-latest-posts-post-meta-date\"><p>02. 09. 2026<\/p><\/div>\n                    <\/div>\n                    <div class=\"al-3-latest-posts-post-title\">\n                        Kako pravilno nanijeti maskaru za du\u017ee, voluminoznije i definirane trepavice?                    <\/div>\n                    <div class=\"al-3-latest-posts-post-excerpt al-p-18\">\n                        <p>Maskara je jedan od onih proizvoda za \u0161minkanje kod kojih ve\u0107 nekoliko pa\u017eljivih poteza mo\u017ee primjetno promijeniti izgled o\u010diju. Trepavice mogu izgledati du\u017ee, gu\u0161\u0107e i&#8230;<\/p>\n                    <\/div>\n                <\/a>\n            <\/div>\n                        <div class=\"al-3-latest-posts-post\">\n                <a href=\"https:\/\/activeluxe-cosmetics.com\/hr\/2026\/08\/18\/isusena-kosa-ljeti-kako-je-zastititi-od-sunca-morske-soli-i-klora\/\">\n                    <div class=\"al-3-latest-posts-post-img\">\n                        <img decoding=\"async\" src=\"https:\/\/activeluxe-cosmetics.com\/hr\/wp-content\/uploads\/2026\/08\/Blog-cover-photo-1.png\">\n                    <\/div>    \n                    <div class=\"al-3-latest-posts-post-meta\">\n                        <div class=\"al-3-latest-posts-post-meta-date\"><p>18. 08. 2026<\/p><\/div>\n                    <\/div>\n                    <div class=\"al-3-latest-posts-post-title\">\n                        Isu\u0161ena kosa ljeti \u2013 Kako je za\u0161tititi od sunca, morske soli i klora                    <\/div>\n                    <div class=\"al-3-latest-posts-post-excerpt al-p-18\">\n                        <p>Jedva \u010dekamo dane na pla\u017ei, skok u more ili opu\u0161tanje uz bazen. No, na\u0161oj je kosi u tom razdoblju potrebno ne\u0161to vi\u0161e njege. Ako ste&#8230;<\/p>\n                    <\/div>\n                <\/a>\n            <\/div>\n                        <div class=\"al-3-latest-posts-post\">\n                <a href=\"https:\/\/activeluxe-cosmetics.com\/hr\/2026\/08\/10\/summer-vibes-serum-za-rast-trepavica-kako-smo-ljeto-uhvatili-u-tirkiznu-bocicu\/\">\n                    <div class=\"al-3-latest-posts-post-img\">\n                        <img decoding=\"async\" src=\"https:\/\/activeluxe-cosmetics.com\/hr\/wp-content\/uploads\/2026\/08\/AL_SUMMER261401OlgaBrycht1-scaled.jpg\">\n                    <\/div>    \n                    <div class=\"al-3-latest-posts-post-meta\">\n                        <div class=\"al-3-latest-posts-post-meta-date\"><p>10. 08. 2026<\/p><\/div>\n                    <\/div>\n                    <div class=\"al-3-latest-posts-post-title\">\n                        Summer Vibes serum za rast trepavica: kako smo ljeto uhvatili u tirkiznu bo\u010dicu                    <\/div>\n                    <div class=\"al-3-latest-posts-post-excerpt al-p-18\">\n                        <p>Ljeto nije samo godi\u0161nje doba. To je osje\u0107aj prvih dana na moru, dugih ve\u010deri, slane kose i bezbri\u017enih jutarnjih rutina. Tada obi\u010dno pose\u017eemo za manje&#8230;<\/p>\n                    <\/div>\n                <\/a>\n            <\/div>\n             \n    <\/div>\n    \n\n\n\n\t\t<\/div>\n\t\t\t\t\t<\/div>\n\n\t\n\n\n<style>\n#row-1557168760 > .col > .col-inner {\n  padding: 0px 0px 40px 0px;\n}\n@media (min-width:550px) {\n  #row-1557168760 > .col > .col-inner {\n    padding: 0px 0px 80px 0px;\n  }\n}\n<\/style>\n<\/div>\n<div class=\"row\"  id=\"row-1617872850\">\n\n\n\t<div id=\"col-1775094620\" class=\"col small-12 large-12\"  >\n\t\t\t\t<div class=\"col-inner text-center\"  >\n\t\t\t\n\t\t\t\n\n<a href=\"\/blog\" class=\"button primary is-outline al-button\"  >\n    <span>Vidi sve pri\u010de<\/span>\n  <i class=\"icon-angle-right\" aria-hidden=\"true\" ><\/i><\/a>\n\n\n\n\t\t<\/div>\n\t\t\t\t\t<\/div>\n\n\t\n\n\n<style>\n#row-1617872850 > .col > .col-inner {\n  padding: 0px 0px 40px 0px;\n}\n@media (min-width:550px) {\n  #row-1617872850 > .col > .col-inner {\n    padding: 0px 0px 80px 0px;\n  }\n}\n<\/style>\n<\/div>\n\n\t\t<\/div>\n\n\t\t\n<style>\n#section_1690242832 {\n  padding-top: 0px;\n  padding-bottom: 0px;\n}\n<\/style>\n\t<\/section>\n\t\n\t<section class=\"section al-full-width-section al-mw-1340-content\" id=\"section_1018656816\">\n\t\t<div class=\"bg section-bg fill bg-fill  bg-loaded\" >\n\n\t\t\t\n\t\t\t\n\t\t\t\n\n\t\t<\/div>\n\n\t\t\n\n\t\t<div class=\"section-content relative\">\n\t\t\t\n\n<div class=\"row\"  id=\"row-911280504\">\n\n\n\t<div id=\"col-2048181293\" class=\"col small-12 large-12\"  >\n\t\t\t\t<div class=\"col-inner text-center\"  >\n\t\t\t\n\t\t\t\n\n\t<div id=\"text-459282964\" class=\"text al-p-18\">\n\t\t\n\n<p>ISKUSTVA KORISNIKA<\/p>\n\t\t\t<\/div>\n\t\n\t<div id=\"gap-1743042320\" class=\"gap-element clearfix al-gap-15\" style=\"display:block; height:auto;\">\n\t\t\n<style>\n#gap-1743042320 {\n  padding-top: 15px;\n}\n<\/style>\n\t<\/div>\n\t\n\n<h2><strong>\u0160to ka\u017eu<\/strong> na\u0161i kupci?<\/h2>\n\n\t\t<\/div>\n\t\t\t\t\t<\/div>\n\n\t\n\n\n<style>\n#row-911280504 > .col > .col-inner {\n  padding: 30px 0px 30px 0px;\n}\n@media (min-width:550px) {\n  #row-911280504 > .col > .col-inner {\n    padding: 75px 0px 60px 0px;\n  }\n}\n<\/style>\n<\/div>\n<div class=\"row\"  id=\"row-1798071801\">\n\n\n\t<div id=\"col-186975310\" class=\"col small-12 large-12\"  >\n\t\t\t\t<div class=\"col-inner\"  >\n\t\t\t\n\t\t\t\n\n<div id=\"al-testimonials-slider\"><div class=\"al-single-testimonial\"><div class=\"al-single-testimonial-text al-p-18\"><p>Nakon odmora od umjetnih trepavica trebalo mi je ne\u0161to za prirodni rast. U samo nekoliko dana primijetila sam razliku!<\/p><\/div><div class=\"al-single-testimonial-title al-p-18\"><p>- Jelena V.<\/p><\/div><\/div><div class=\"al-single-testimonial\"><div class=\"al-single-testimonial-text al-p-18\"><p>Jako sam zadovoljna serumom za rast trepavica. Du\u017ee su, deblje i kao da se same uvijaju. Koristim ga negdje od prosinca pro\u0161le godine i ne namjeravam prestati. Maskare su im isto dobre, ne lijepe se i ne grudaju.<\/p><\/div><div class=\"al-single-testimonial-title al-p-18\"><p>- Katja R.<\/p><\/div><\/div><div class=\"al-single-testimonial\"><div class=\"al-single-testimonial-text al-p-18\"><p>Active Luxe \u0161ampon protiv ispadanja kose koristim ve\u0107 neko vrijeme i vjerojatno je najbolji \u0161ampon kojeg sam ikad imala. Definitivno nije najjeftiniji kojeg sam probala, ali je najdjelotvorniji.<\/p><\/div><div class=\"al-single-testimonial-title al-p-18\"><p>- Lana<\/p><\/div><\/div><div class=\"al-single-testimonial\"><div class=\"al-single-testimonial-text al-p-18\"><p>Obrve su mi bila jadne i nikakve od pretjeranog \u010dupkanja. Po\u010dela sam koristiti Active Luxe serum za obrve na preporuku prijateljice. Rezultati? Bili su brzo vidljivi. U svakom slu\u010daju gu\u0161\u0107e obrve.<\/p><\/div><div class=\"al-single-testimonial-title al-p-18\"><p>- Sara P.<\/p><\/div><\/div><div class=\"al-single-testimonial\"><div class=\"al-single-testimonial-text al-p-18\"><p>Nikad nisam imala bolju maskaru! Unlimited Lash maskara apsolutno produ\u017euje, trepavice su mi nevjerojatne!  Koristim i WildLash podlogu i serum za rast trepavica isto tako. Ekstenzije mi vi\u0161e nikad ne\u0107e trebati!<\/p><\/div><div class=\"al-single-testimonial-title al-p-18\"><p>- Tatjana B.<\/p><\/div><\/div><div class=\"al-single-testimonial\"><div class=\"al-single-testimonial-text al-p-18\"><p>Odli\u010dan serum. Zapravo ful progusti trepavice. Ovo mi je jedna od boljih investicija.<\/p><\/div><div class=\"al-single-testimonial-title al-p-18\"><p>- Tatjana K.<\/p><\/div><\/div><\/div>\n\n\t\t<\/div>\n\t\t\t\t\t<\/div>\n\n\t\n\n\n<style>\n#row-1798071801 > .col > .col-inner {\n  padding: 0px 0px 60px 0px;\n}\n@media (min-width:550px) {\n  #row-1798071801 > .col > .col-inner {\n    padding: 0px 0px 115px 0px;\n  }\n}\n<\/style>\n<\/div>\n\n\t\t<\/div>\n\n\t\t\n<style>\n#section_1018656816 {\n  padding-top: 30px;\n  padding-bottom: 30px;\n  background-color: rgb(252, 250, 247);\n}\n<\/style>\n\t<\/section>\n\t\n\t<section class=\"section\" id=\"section_1630595489\">\n\t\t<div class=\"bg section-bg fill bg-fill  bg-loaded\" >\n\n\t\t\t\n\t\t\t\n\t\t\t\n\n\t\t<\/div>\n\n\t\t\n\n\t\t<div class=\"section-content relative\">\n\t\t\t\n\n<div class=\"row align-bottom\"  id=\"row-1870807371\">\n\n\n\t<div id=\"col-1337788642\" class=\"col medium-6 small-12 large-6\"  >\n\t\t\t\t<div class=\"col-inner\"  >\n\t\t\t\n\t\t\t\n\n\t<div id=\"text-3065366025\" class=\"text\">\n\t\t\n\n<h3><strong>Prati nas<\/strong> na\u2028 <br>&nbsp; dru\u0161tvenim mre\u017eama<\/h3>\n\t\t\n<style>\n#text-3065366025 {\n  text-align: center;\n}\n@media (min-width:550px) {\n  #text-3065366025 {\n    text-align: left;\n  }\n}\n<\/style>\n\t<\/div>\n\t\n\n\t\t<\/div>\n\t\t\t\t\t<\/div>\n\n\t\n\n\t<div id=\"col-1140124113\" class=\"col medium-6 small-12 large-6\"  >\n\t\t\t\t<div class=\"col-inner text-right\"  >\n\t\t\t\n\t\t\t\n\n\t<div id=\"text-3265818172\" class=\"text al-p-22\">\n\t\t\n\n<p><em><strong><a href=\"https:\/\/www.instagram.com\/active_luxe_cosmetics_hr\/\" target=\"_blank\" rel=\"noopener\"> @active_luxe_cosmetics_hr<\/a><\/strong><\/em><\/p>\n\t\t\n<style>\n#text-3265818172 {\n  text-align: center;\n}\n@media (min-width:550px) {\n  #text-3265818172 {\n    text-align: right;\n  }\n}\n<\/style>\n\t<\/div>\n\t\n\n\t\t<\/div>\n\t\t\t\t\t<\/div>\n\n\t\n\n\n<style>\n#row-1870807371 > .col > .col-inner {\n  padding: 30px 0px 0px 0px;\n}\n@media (min-width:550px) {\n  #row-1870807371 > .col > .col-inner {\n    padding: 80px 0px 0px 0px;\n  }\n}\n<\/style>\n<\/div>\n<div class=\"row al-hp-follow-us-images\"  id=\"row-997487332\">\n\n\n\t<div id=\"col-1305471721\" class=\"col medium-3 small-12 large-3\"  >\n\t\t\t\t<div class=\"col-inner\"  >\n\t\t\t\n\t\t\t\n\n\t<div class=\"img has-hover x md-x lg-x y md-y lg-y\" id=\"image_953859843\">\n\t\t\t\t\t\t\t\t<div class=\"img-inner dark\" >\n\t\t\t<img loading=\"lazy\" decoding=\"async\" width=\"300\" height=\"300\" src=\"https:\/\/activeluxe-cosmetics.com\/hr\/wp-content\/uploads\/2025\/02\/Izdelek-brez-naslova-4.png\" class=\"attachment-original size-original\" alt=\"\" srcset=\"https:\/\/activeluxe-cosmetics.com\/hr\/wp-content\/uploads\/2025\/02\/Izdelek-brez-naslova-4.png 300w, https:\/\/activeluxe-cosmetics.com\/hr\/wp-content\/uploads\/2025\/02\/Izdelek-brez-naslova-4-150x150.png 150w, https:\/\/activeluxe-cosmetics.com\/hr\/wp-content\/uploads\/2025\/02\/Izdelek-brez-naslova-4-100x100.png 100w\" sizes=\"auto, (max-width: 300px) 100vw, 300px\" \/>\t\t\t\t\t\t\n\t\t\t\t\t<\/div>\n\t\t\t\t\t\t\t\t\n<style>\n#image_953859843 {\n  width: 100%;\n}\n<\/style>\n\t<\/div>\n\t\n\n\n\t\t<\/div>\n\t\t\t\t\t<\/div>\n\n\t\n\n\t<div id=\"col-1089837662\" class=\"col medium-3 small-12 large-3\"  >\n\t\t\t\t<div class=\"col-inner\"  >\n\t\t\t\n\t\t\t\n\n\t<div class=\"img has-hover x md-x lg-x y md-y lg-y\" id=\"image_882086161\">\n\t\t\t\t\t\t\t\t<div class=\"img-inner dark\" >\n\t\t\t<img loading=\"lazy\" decoding=\"async\" width=\"300\" height=\"300\" src=\"https:\/\/activeluxe-cosmetics.com\/hr\/wp-content\/uploads\/2025\/02\/Izdelek-brez-naslova.png\" class=\"attachment-original size-original\" alt=\"\" srcset=\"https:\/\/activeluxe-cosmetics.com\/hr\/wp-content\/uploads\/2025\/02\/Izdelek-brez-naslova.png 300w, https:\/\/activeluxe-cosmetics.com\/hr\/wp-content\/uploads\/2025\/02\/Izdelek-brez-naslova-150x150.png 150w, https:\/\/activeluxe-cosmetics.com\/hr\/wp-content\/uploads\/2025\/02\/Izdelek-brez-naslova-100x100.png 100w\" sizes=\"auto, (max-width: 300px) 100vw, 300px\" \/>\t\t\t\t\t\t\n\t\t\t\t\t<\/div>\n\t\t\t\t\t\t\t\t\n<style>\n#image_882086161 {\n  width: 100%;\n}\n<\/style>\n\t<\/div>\n\t\n\n\n\t\t<\/div>\n\t\t\t\t\t<\/div>\n\n\t\n\n\t<div id=\"col-1984214466\" class=\"col medium-3 small-12 large-3\"  >\n\t\t\t\t<div class=\"col-inner\"  >\n\t\t\t\n\t\t\t\n\n\t<div class=\"img has-hover x md-x lg-x y md-y lg-y\" id=\"image_288295548\">\n\t\t\t\t\t\t\t\t<div class=\"img-inner dark\" >\n\t\t\t<img loading=\"lazy\" decoding=\"async\" width=\"300\" height=\"300\" src=\"https:\/\/activeluxe-cosmetics.com\/hr\/wp-content\/uploads\/2025\/02\/Izdelek-brez-naslova-1.png\" class=\"attachment-original size-original\" alt=\"\" srcset=\"https:\/\/activeluxe-cosmetics.com\/hr\/wp-content\/uploads\/2025\/02\/Izdelek-brez-naslova-1.png 300w, https:\/\/activeluxe-cosmetics.com\/hr\/wp-content\/uploads\/2025\/02\/Izdelek-brez-naslova-1-150x150.png 150w, https:\/\/activeluxe-cosmetics.com\/hr\/wp-content\/uploads\/2025\/02\/Izdelek-brez-naslova-1-100x100.png 100w\" sizes=\"auto, (max-width: 300px) 100vw, 300px\" \/>\t\t\t\t\t\t\n\t\t\t\t\t<\/div>\n\t\t\t\t\t\t\t\t\n<style>\n#image_288295548 {\n  width: 100%;\n}\n<\/style>\n\t<\/div>\n\t\n\n\n\t\t<\/div>\n\t\t\t\t\t<\/div>\n\n\t\n\n\t<div id=\"col-1725308865\" class=\"col medium-3 small-12 large-3\"  >\n\t\t\t\t<div class=\"col-inner\"  >\n\t\t\t\n\t\t\t\n\n\t<div class=\"img has-hover x md-x lg-x y md-y lg-y\" id=\"image_1639055677\">\n\t\t\t\t\t\t\t\t<div class=\"img-inner dark\" >\n\t\t\t<img loading=\"lazy\" decoding=\"async\" width=\"300\" height=\"300\" src=\"https:\/\/activeluxe-cosmetics.com\/hr\/wp-content\/uploads\/2025\/02\/Izdelek-brez-naslova-5.png\" class=\"attachment-original size-original\" alt=\"\" srcset=\"https:\/\/activeluxe-cosmetics.com\/hr\/wp-content\/uploads\/2025\/02\/Izdelek-brez-naslova-5.png 300w, https:\/\/activeluxe-cosmetics.com\/hr\/wp-content\/uploads\/2025\/02\/Izdelek-brez-naslova-5-150x150.png 150w, https:\/\/activeluxe-cosmetics.com\/hr\/wp-content\/uploads\/2025\/02\/Izdelek-brez-naslova-5-100x100.png 100w\" sizes=\"auto, (max-width: 300px) 100vw, 300px\" \/>\t\t\t\t\t\t\n\t\t\t\t\t<\/div>\n\t\t\t\t\t\t\t\t\n<style>\n#image_1639055677 {\n  width: 100%;\n}\n<\/style>\n\t<\/div>\n\t\n\n\n\t\t<\/div>\n\t\t\t\t\t<\/div>\n\n\t\n\n<\/div>\n<div class=\"row al-hp-follow-us-images\"  id=\"row-2098905155\">\n\n\n\t<div id=\"col-1853275636\" class=\"col medium-3 small-12 large-3\"  >\n\t\t\t\t<div class=\"col-inner\"  >\n\t\t\t\n\t\t\t\n\n\n\t\t<\/div>\n\t\t\t\t\t<\/div>\n\n\t\n\n\t<div id=\"col-1299958291\" class=\"col medium-3 small-12 large-3\"  >\n\t\t\t\t<div class=\"col-inner\"  >\n\t\t\t\n\t\t\t\n\n\t<div class=\"img has-hover x md-x lg-x y md-y lg-y\" id=\"image_549481570\">\n\t\t\t\t\t\t\t\t<div class=\"img-inner dark\" >\n\t\t\t<img loading=\"lazy\" decoding=\"async\" width=\"1772\" height=\"1772\" src=\"https:\/\/activeluxe-cosmetics.com\/hr\/wp-content\/uploads\/2026\/07\/pecatic-EBA-2026-ziri-2-1.png\" class=\"attachment-original size-original\" alt=\"\" srcset=\"https:\/\/activeluxe-cosmetics.com\/hr\/wp-content\/uploads\/2026\/07\/pecatic-EBA-2026-ziri-2-1.png 1772w, https:\/\/activeluxe-cosmetics.com\/hr\/wp-content\/uploads\/2026\/07\/pecatic-EBA-2026-ziri-2-1-460x460.png 460w, https:\/\/activeluxe-cosmetics.com\/hr\/wp-content\/uploads\/2026\/07\/pecatic-EBA-2026-ziri-2-1-1024x1024.png 1024w, https:\/\/activeluxe-cosmetics.com\/hr\/wp-content\/uploads\/2026\/07\/pecatic-EBA-2026-ziri-2-1-150x150.png 150w, https:\/\/activeluxe-cosmetics.com\/hr\/wp-content\/uploads\/2026\/07\/pecatic-EBA-2026-ziri-2-1-768x768.png 768w, https:\/\/activeluxe-cosmetics.com\/hr\/wp-content\/uploads\/2026\/07\/pecatic-EBA-2026-ziri-2-1-1536x1536.png 1536w, https:\/\/activeluxe-cosmetics.com\/hr\/wp-content\/uploads\/2026\/07\/pecatic-EBA-2026-ziri-2-1-600x600.png 600w, https:\/\/activeluxe-cosmetics.com\/hr\/wp-content\/uploads\/2026\/07\/pecatic-EBA-2026-ziri-2-1-100x100.png 100w\" sizes=\"auto, (max-width: 1772px) 100vw, 1772px\" \/>\t\t\t\t\t\t\n\t\t\t\t\t<\/div>\n\t\t\t\t\t\t\t\t\n<style>\n#image_549481570 {\n  width: 100%;\n}\n<\/style>\n\t<\/div>\n\t\n\n\n\t\t<\/div>\n\t\t\t\t\t<\/div>\n\n\t\n\n\t<div id=\"col-1944935031\" class=\"col medium-3 small-12 large-3\"  >\n\t\t\t\t<div class=\"col-inner\"  >\n\t\t\t\n\t\t\t\n\n\t<div class=\"img has-hover x md-x lg-x y md-y lg-y\" id=\"image_599029610\">\n\t\t\t\t\t\t\t\t<div class=\"img-inner dark\" >\n\t\t\t<img loading=\"lazy\" decoding=\"async\" width=\"1772\" height=\"1772\" src=\"https:\/\/activeluxe-cosmetics.com\/hr\/wp-content\/uploads\/2026\/07\/pecatic-EBA-2026-citatelj-3-1.png\" class=\"attachment-original size-original\" alt=\"\" srcset=\"https:\/\/activeluxe-cosmetics.com\/hr\/wp-content\/uploads\/2026\/07\/pecatic-EBA-2026-citatelj-3-1.png 1772w, https:\/\/activeluxe-cosmetics.com\/hr\/wp-content\/uploads\/2026\/07\/pecatic-EBA-2026-citatelj-3-1-460x460.png 460w, https:\/\/activeluxe-cosmetics.com\/hr\/wp-content\/uploads\/2026\/07\/pecatic-EBA-2026-citatelj-3-1-1024x1024.png 1024w, https:\/\/activeluxe-cosmetics.com\/hr\/wp-content\/uploads\/2026\/07\/pecatic-EBA-2026-citatelj-3-1-150x150.png 150w, https:\/\/activeluxe-cosmetics.com\/hr\/wp-content\/uploads\/2026\/07\/pecatic-EBA-2026-citatelj-3-1-768x768.png 768w, https:\/\/activeluxe-cosmetics.com\/hr\/wp-content\/uploads\/2026\/07\/pecatic-EBA-2026-citatelj-3-1-1536x1536.png 1536w, https:\/\/activeluxe-cosmetics.com\/hr\/wp-content\/uploads\/2026\/07\/pecatic-EBA-2026-citatelj-3-1-600x600.png 600w, https:\/\/activeluxe-cosmetics.com\/hr\/wp-content\/uploads\/2026\/07\/pecatic-EBA-2026-citatelj-3-1-100x100.png 100w\" sizes=\"auto, (max-width: 1772px) 100vw, 1772px\" \/>\t\t\t\t\t\t\n\t\t\t\t\t<\/div>\n\t\t\t\t\t\t\t\t\n<style>\n#image_599029610 {\n  width: 100%;\n}\n<\/style>\n\t<\/div>\n\t\n\n\n\t\t<\/div>\n\t\t\t\t\t<\/div>\n\n\t\n\n\t<div id=\"col-609033508\" class=\"col medium-3 small-12 large-3\"  >\n\t\t\t\t<div class=\"col-inner\"  >\n\t\t\t\n\t\t\t\n\n\n\t\t<\/div>\n\t\t\t\t\t<\/div>\n\n\t\n\n<\/div>\n\n\t\t<\/div>\n\n\t\t\n<style>\n#section_1630595489 {\n  padding-top: 0px;\n  padding-bottom: 0px;\n}\n<\/style>\n\t<\/section>\n\t\n\n","protected":false},"excerpt":{"rendered":"","protected":false},"author":6,"featured_media":0,"parent":0,"menu_order":0,"comment_status":"closed","ping_status":"closed","template":"","meta":{"footnotes":""},"class_list":["post-14","page","type-page","status-publish","hentry"],"acf":[],"yoast_head":"<!-- This site is optimized with the Yoast SEO plugin v26.5 - https:\/\/yoast.com\/wordpress\/plugins\/seo\/ -->\n<title>Active Luxe Cosmetics - zajedno u rastu i njezi!<\/title>\n<meta name=\"description\" content=\"Na ovim stranicama prona\u0107i \u0107e\u0161 dobro poznate proizvode za rast i njegu trepavica, obrva, kose i lica. Prirodni sastojci, klini\u010dki testirani proizvod\" \/>\n<meta name=\"robots\" content=\"index, follow, max-snippet:-1, max-image-preview:large, max-video-preview:-1\" \/>\n<link rel=\"canonical\" href=\"https:\/\/activeluxe-cosmetics.com\/hr\/\" \/>\n<meta property=\"og:locale\" content=\"hr_HR\" \/>\n<meta property=\"og:type\" content=\"article\" \/>\n<meta property=\"og:title\" content=\"Active Luxe Cosmetics - zajedno u rastu i njezi!\" \/>\n<meta property=\"og:description\" content=\"Na ovim stranicama prona\u0107i \u0107e\u0161 dobro poznate proizvode za rast i njegu trepavica, obrva, kose i lica. Prirodni sastojci, klini\u010dki testirani proizvod\" \/>\n<meta property=\"og:url\" content=\"https:\/\/activeluxe-cosmetics.com\/hr\/\" \/>\n<meta property=\"og:site_name\" content=\"Active Luxe Cosmetics\" \/>\n<meta property=\"article:modified_time\" content=\"2026-09-01T08:41:37+00:00\" \/>\n<meta name=\"twitter:card\" content=\"summary_large_image\" \/>\n<meta name=\"twitter:label1\" content=\"Procijenjeno vrijeme \u010ditanja\" \/>\n\t<meta name=\"twitter:data1\" content=\"8 minuta\" \/>\n<script type=\"application\/ld+json\" class=\"yoast-schema-graph\">{\"@context\":\"https:\/\/schema.org\",\"@graph\":[{\"@type\":\"WebPage\",\"@id\":\"https:\/\/activeluxe-cosmetics.com\/hr\/\",\"url\":\"https:\/\/activeluxe-cosmetics.com\/hr\/\",\"name\":\"Active Luxe Cosmetics - zajedno u rastu i njezi!\",\"isPartOf\":{\"@id\":\"https:\/\/activeluxe-cosmetics.com\/hr\/#website\"},\"datePublished\":\"2024-01-08T10:10:57+00:00\",\"dateModified\":\"2026-09-01T08:41:37+00:00\",\"description\":\"Na ovim stranicama prona\u0107i \u0107e\u0161 dobro poznate proizvode za rast i njegu trepavica, obrva, kose i lica. Prirodni sastojci, klini\u010dki testirani proizvod\",\"breadcrumb\":{\"@id\":\"https:\/\/activeluxe-cosmetics.com\/hr\/#breadcrumb\"},\"inLanguage\":\"hr\",\"potentialAction\":[{\"@type\":\"ReadAction\",\"target\":[\"https:\/\/activeluxe-cosmetics.com\/hr\/\"]}]},{\"@type\":\"BreadcrumbList\",\"@id\":\"https:\/\/activeluxe-cosmetics.com\/hr\/#breadcrumb\",\"itemListElement\":[{\"@type\":\"ListItem\",\"position\":1,\"name\":\"Naslovnica\",\"item\":\"https:\/\/activeluxe-cosmetics.com\/hr\/\"},{\"@type\":\"ListItem\",\"position\":2,\"name\":\"Naslovnica\"}]},{\"@type\":\"WebSite\",\"@id\":\"https:\/\/activeluxe-cosmetics.com\/hr\/#website\",\"url\":\"https:\/\/activeluxe-cosmetics.com\/hr\/\",\"name\":\"Active Luxe Cosmetics\",\"description\":\"\",\"potentialAction\":[{\"@type\":\"SearchAction\",\"target\":{\"@type\":\"EntryPoint\",\"urlTemplate\":\"https:\/\/activeluxe-cosmetics.com\/hr\/?s={search_term_string}\"},\"query-input\":{\"@type\":\"PropertyValueSpecification\",\"valueRequired\":true,\"valueName\":\"search_term_string\"}}],\"inLanguage\":\"hr\"}]}<\/script>\n<!-- \/ Yoast SEO plugin. -->","yoast_head_json":{"title":"Active Luxe Cosmetics - zajedno u rastu i njezi!","description":"Na ovim stranicama prona\u0107i \u0107e\u0161 dobro poznate proizvode za rast i njegu trepavica, obrva, kose i lica. Prirodni sastojci, klini\u010dki testirani proizvod","robots":{"index":"index","follow":"follow","max-snippet":"max-snippet:-1","max-image-preview":"max-image-preview:large","max-video-preview":"max-video-preview:-1"},"canonical":"https:\/\/activeluxe-cosmetics.com\/hr\/","og_locale":"hr_HR","og_type":"article","og_title":"Active Luxe Cosmetics - zajedno u rastu i njezi!","og_description":"Na ovim stranicama prona\u0107i \u0107e\u0161 dobro poznate proizvode za rast i njegu trepavica, obrva, kose i lica. Prirodni sastojci, klini\u010dki testirani proizvod","og_url":"https:\/\/activeluxe-cosmetics.com\/hr\/","og_site_name":"Active Luxe Cosmetics","article_modified_time":"2026-09-01T08:41:37+00:00","twitter_card":"summary_large_image","twitter_misc":{"Procijenjeno vrijeme \u010ditanja":"8 minuta"},"schema":{"@context":"https:\/\/schema.org","@graph":[{"@type":"WebPage","@id":"https:\/\/activeluxe-cosmetics.com\/hr\/","url":"https:\/\/activeluxe-cosmetics.com\/hr\/","name":"Active Luxe Cosmetics - zajedno u rastu i njezi!","isPartOf":{"@id":"https:\/\/activeluxe-cosmetics.com\/hr\/#website"},"datePublished":"2024-01-08T10:10:57+00:00","dateModified":"2026-09-01T08:41:37+00:00","description":"Na ovim stranicama prona\u0107i \u0107e\u0161 dobro poznate proizvode za rast i njegu trepavica, obrva, kose i lica. Prirodni sastojci, klini\u010dki testirani proizvod","breadcrumb":{"@id":"https:\/\/activeluxe-cosmetics.com\/hr\/#breadcrumb"},"inLanguage":"hr","potentialAction":[{"@type":"ReadAction","target":["https:\/\/activeluxe-cosmetics.com\/hr\/"]}]},{"@type":"BreadcrumbList","@id":"https:\/\/activeluxe-cosmetics.com\/hr\/#breadcrumb","itemListElement":[{"@type":"ListItem","position":1,"name":"Naslovnica","item":"https:\/\/activeluxe-cosmetics.com\/hr\/"},{"@type":"ListItem","position":2,"name":"Naslovnica"}]},{"@type":"WebSite","@id":"https:\/\/activeluxe-cosmetics.com\/hr\/#website","url":"https:\/\/activeluxe-cosmetics.com\/hr\/","name":"Active Luxe Cosmetics","description":"","potentialAction":[{"@type":"SearchAction","target":{"@type":"EntryPoint","urlTemplate":"https:\/\/activeluxe-cosmetics.com\/hr\/?s={search_term_string}"},"query-input":{"@type":"PropertyValueSpecification","valueRequired":true,"valueName":"search_term_string"}}],"inLanguage":"hr"}]}},"_links":{"self":[{"href":"https:\/\/activeluxe-cosmetics.com\/hr\/wp-json\/wp\/v2\/pages\/14","targetHints":{"allow":["GET"]}}],"collection":[{"href":"https:\/\/activeluxe-cosmetics.com\/hr\/wp-json\/wp\/v2\/pages"}],"about":[{"href":"https:\/\/activeluxe-cosmetics.com\/hr\/wp-json\/wp\/v2\/types\/page"}],"author":[{"embeddable":true,"href":"https:\/\/activeluxe-cosmetics.com\/hr\/wp-json\/wp\/v2\/users\/6"}],"replies":[{"embeddable":true,"href":"https:\/\/activeluxe-cosmetics.com\/hr\/wp-json\/wp\/v2\/comments?post=14"}],"version-history":[{"count":411,"href":"https:\/\/activeluxe-cosmetics.com\/hr\/wp-json\/wp\/v2\/pages\/14\/revisions"}],"predecessor-version":[{"id":105812,"href":"https:\/\/activeluxe-cosmetics.com\/hr\/wp-json\/wp\/v2\/pages\/14\/revisions\/105812"}],"wp:attachment":[{"href":"https:\/\/activeluxe-cosmetics.com\/hr\/wp-json\/wp\/v2\/media?parent=14"}],"curies":[{"name":"wp","href":"https:\/\/api.w.org\/{rel}","templated":true}]}}